{"id":30862,"date":"2021-07-11T13:29:48","date_gmt":"2021-07-11T11:29:48","guid":{"rendered":"https:\/\/www.placeforstrays.de\/?post_type=project&#038;p=30862"},"modified":"2021-07-15T12:42:55","modified_gmt":"2021-07-15T10:42:55","slug":"ben","status":"publish","type":"project","link":"https:\/\/www.placeforstrays.de\/en\/our-proteges\/ben\/","title":{"rendered":"Ben"},"content":{"rendered":"<style type=\"text\/css\"><\/style><h3>Geschichte<\/h3>\n<div class=\"_2cuy _3dgx _2vxa\">\n<div class=\"_2cuy _3dgx _2vxa\">\n<div class=\"_2cuy _3dgx _2vxa\">\n<div class=\"_2cuy _3dgx _2vxa\">\n<div class=\"_2cuy _3dgx _2vxa\">\n<div class=\"text_exposed_show\">\n<div class=\"_2cuy _3dgx _2vxa\">\n<div class=\"_2cuy _3dgx _2vxa\">\n<div class=\"_2cuy _3dgx _2vxa\">\n<div class=\"_2cuy _3dgx _2vxa\">\n<div class=\"_2cuy _3dgx _2vxa\">\n<div class=\"bi6gxh9e\"><span class=\"d2edcug0 hpfvmrgz qv66sw1b c1et5uql oi732d6d ik7dh3pa ht8s03o8 jq4qci2q a3bd9o3v knj5qynh oo9gr5id\">Wieder einmal erhielten wir einen Hilferuf von einer bekannten Tiersch\u00fctzerin, die in der N\u00e4he eines Zigeunercamps einen<\/span><span class=\"d2edcug0 hpfvmrgz qv66sw1b c1et5uql oi732d6d ik7dh3pa ht8s03o8 jq4qci2q a3bd9o3v knj5qynh oo9gr5id\"> von einem Auto angefahren Welpen gefunden hatte, der wohl zwei Tage lang am Stra\u00dfenrand lag! Seine Retterin brachte ihn direkt in eine Tierklinik in Faro, in der er notoperiert werden musste. Seine Organe hatten sich bei dem Unfall verschoben und es entstand ein Bruch in seiner Bauchwand (Hernie). Wenn das nicht schon genug gewesen w\u00e4re, sprang bei dem Unfall auch noch sein Hinterbein aus dem H\u00fcftgelenk. Durch die Operation konnten die Tier\u00e4rzte seine Organe wieder an die richtige Stelle setzen, das ausgekugelte Bein kann jedoch erst eine Woche sp\u00e4ter operiert werden.<\/span><\/div>\n<div class=\"bi6gxh9e\"><span class=\"d2edcug0 hpfvmrgz qv66sw1b c1et5uql oi732d6d ik7dh3pa ht8s03o8 jq4qci2q a3bd9o3v knj5qynh oo9gr5id\">Nach der ersten erfolgreichen Operation konnte der kleine Kerl bei uns im PLACE for STRAYS einziehen, und darf sich nun erstmal erholen und zu neuen Kr\u00e4ften kommen. <\/span>Elena wird nun f\u00fcr die n\u00e4chsten Wochen zur\u00fcck in den PLACE for STRAYS umziehen, damit sie rund um die Uhr f\u00fcr unsere beiden neuen Welpen da sein kann, denn auch Paul wurde aus dem Zigeunercamp gerettet &#8211; hierzu k\u00f6nnt ihr mehr auf Paul&#8217;s Profil erfahren.<\/div>\n<div class=\"bi6gxh9e\"><span class=\"d2edcug0 hpfvmrgz qv66sw1b c1et5uql oi732d6d ik7dh3pa ht8s03o8 jq4qci2q a3bd9o3v knj5qynh oo9gr5id\"> Wir hoffen, dass unser Neuank\u00f6mmling auch die zweite Operation problemlos \u00fcbersteht und alles schnell wieder verheilt, damit auch er schon bald sein noch so junges Leben ohne Schmerzen genie\u00dfen kann, und wie die anderen Welpen unbeschwert herumtollen darf.<\/span><\/div>\n<\/div>\n<h3>Charakter<\/h3>\n<p>\u00dcber Ben&#8217;s Charakter k\u00f6nnen wir aktuell noch nicht viel sagen, er ist ja gerade erst bei uns eingezogen. Wir bitten euch hier um etwas Geduld.<\/p>\n<\/div>\n<\/div>\n<\/div>\n<\/div>\n<\/div>\n<\/div>\n<\/div>\n<\/div>\n<\/div>\n<\/div>\n<div id='gallery-1' class='gallery galleryid-30862 gallery-columns-2 gallery-size-thumbnail'><figure class='gallery-item'>\n\t\t\t<div class='gallery-icon portrait'>\n\t\t\t\t<a href='https:\/\/www.placeforstrays.de\/en\/c2bc84bd-25fa-4962-b786-e120f2453ffb-2\/'><img width=\"150\" height=\"150\" src=\"https:\/\/www.placeforstrays.de\/wp-content\/uploads\/2021\/07\/C2BC84BD-25FA-4962-B786-E120F2453FFB-150x150.jpeg\" class=\"attachment-thumbnail size-thumbnail\" alt=\"\" srcset=\"https:\/\/www.placeforstrays.de\/wp-content\/uploads\/2021\/07\/C2BC84BD-25FA-4962-B786-E120F2453FFB-150x150.jpeg 150w, https:\/\/www.placeforstrays.de\/wp-content\/uploads\/2021\/07\/C2BC84BD-25FA-4962-B786-E120F2453FFB-55x55.jpeg 55w, https:\/\/www.placeforstrays.de\/wp-content\/uploads\/2021\/07\/C2BC84BD-25FA-4962-B786-E120F2453FFB-250x250.jpeg 250w\" sizes=\"(max-width: 150px) 100vw, 150px\" \/><\/a>\n\t\t\t<\/div><\/figure><figure class='gallery-item'>\n\t\t\t<div class='gallery-icon portrait'>\n\t\t\t\t<a href='https:\/\/www.placeforstrays.de\/en\/f253a3e7-0794-4cb4-9da7-68cf350278fc_1_201_a-2\/'><img width=\"150\" height=\"150\" src=\"https:\/\/www.placeforstrays.de\/wp-content\/uploads\/2021\/07\/F253A3E7-0794-4CB4-9DA7-68CF350278FC_1_201_a-150x150.jpeg\" class=\"attachment-thumbnail size-thumbnail\" alt=\"\" srcset=\"https:\/\/www.placeforstrays.de\/wp-content\/uploads\/2021\/07\/F253A3E7-0794-4CB4-9DA7-68CF350278FC_1_201_a-150x150.jpeg 150w, https:\/\/www.placeforstrays.de\/wp-content\/uploads\/2021\/07\/F253A3E7-0794-4CB4-9DA7-68CF350278FC_1_201_a-55x55.jpeg 55w, https:\/\/www.placeforstrays.de\/wp-content\/uploads\/2021\/07\/F253A3E7-0794-4CB4-9DA7-68CF350278FC_1_201_a-250x250.jpeg 250w\" sizes=\"(max-width: 150px) 100vw, 150px\" \/><\/a>\n\t\t\t<\/div><\/figure><figure class='gallery-item'>\n\t\t\t<div class='gallery-icon portrait'>\n\t\t\t\t<a href='https:\/\/www.placeforstrays.de\/en\/c897413e-f732-4641-9e91-45e387aad6d4-2\/'><img width=\"150\" height=\"150\" src=\"https:\/\/www.placeforstrays.de\/wp-content\/uploads\/2021\/07\/C897413E-F732-4641-9E91-45E387AAD6D4-150x150.jpeg\" class=\"attachment-thumbnail size-thumbnail\" alt=\"\" srcset=\"https:\/\/www.placeforstrays.de\/wp-content\/uploads\/2021\/07\/C897413E-F732-4641-9E91-45E387AAD6D4-150x150.jpeg 150w, https:\/\/www.placeforstrays.de\/wp-content\/uploads\/2021\/07\/C897413E-F732-4641-9E91-45E387AAD6D4-55x55.jpeg 55w, https:\/\/www.placeforstrays.de\/wp-content\/uploads\/2021\/07\/C897413E-F732-4641-9E91-45E387AAD6D4-250x250.jpeg 250w\" sizes=\"(max-width: 150px) 100vw, 150px\" \/><\/a>\n\t\t\t<\/div><\/figure><figure class='gallery-item'>\n\t\t\t<div class='gallery-icon portrait'>\n\t\t\t\t<a href='https:\/\/www.placeforstrays.de\/en\/5ae12d14-bda4-4c11-850d-ac475b672332-2\/'><img width=\"150\" height=\"150\" src=\"https:\/\/www.placeforstrays.de\/wp-content\/uploads\/2021\/07\/5AE12D14-BDA4-4C11-850D-AC475B672332-150x150.jpeg\" class=\"attachment-thumbnail size-thumbnail\" alt=\"\" srcset=\"https:\/\/www.placeforstrays.de\/wp-content\/uploads\/2021\/07\/5AE12D14-BDA4-4C11-850D-AC475B672332-150x150.jpeg 150w, https:\/\/www.placeforstrays.de\/wp-content\/uploads\/2021\/07\/5AE12D14-BDA4-4C11-850D-AC475B672332-55x55.jpeg 55w, https:\/\/www.placeforstrays.de\/wp-content\/uploads\/2021\/07\/5AE12D14-BDA4-4C11-850D-AC475B672332-250x250.jpeg 250w\" sizes=\"(max-width: 150px) 100vw, 150px\" \/><\/a>\n\t\t\t<\/div><\/figure><figure class='gallery-item'>\n\t\t\t<div class='gallery-icon portrait'>\n\t\t\t\t<a href='https:\/\/www.placeforstrays.de\/en\/0ec0bff2-8600-43b1-be77-c2355a9d0db6-2\/'><img width=\"150\" height=\"150\" src=\"https:\/\/www.placeforstrays.de\/wp-content\/uploads\/2021\/07\/0EC0BFF2-8600-43B1-BE77-C2355A9D0DB6-150x150.jpeg\" class=\"attachment-thumbnail size-thumbnail\" alt=\"\" srcset=\"https:\/\/www.placeforstrays.de\/wp-content\/uploads\/2021\/07\/0EC0BFF2-8600-43B1-BE77-C2355A9D0DB6-150x150.jpeg 150w, https:\/\/www.placeforstrays.de\/wp-content\/uploads\/2021\/07\/0EC0BFF2-8600-43B1-BE77-C2355A9D0DB6-55x55.jpeg 55w, https:\/\/www.placeforstrays.de\/wp-content\/uploads\/2021\/07\/0EC0BFF2-8600-43B1-BE77-C2355A9D0DB6-250x250.jpeg 250w\" sizes=\"(max-width: 150px) 100vw, 150px\" \/><\/a>\n\t\t\t<\/div><\/figure>\n\t\t<\/div>\n\n","protected":false},"excerpt":{"rendered":"<p>Geschichte Wieder einmal erhielten wir einen Hilferuf von einer bekannten Tiersch\u00fctzerin, die in der N\u00e4he eines Zigeunercamps einen von einem Auto angefahren Welpen gefunden hatte, der wohl zwei Tage lang am Stra\u00dfenrand lag! Seine Retterin brachte ihn direkt in eine Tierklinik in Faro, in der er notoperiert werden musste. Seine Organe hatten sich bei dem&#8230;<\/p>\n","protected":false},"author":9,"featured_media":30881,"menu_order":0,"comment_status":"closed","ping_status":"open","template":"","format":"standard","meta":[],"pj-categs":[14,17,43],"pj-tags":[],"yoast_head":"<!-- This site is optimized with the Yoast SEO plugin v19.13 - https:\/\/yoast.com\/wordpress\/plugins\/seo\/ -->\n<title>Ben sucht ein Zuhause - PLACE for STRAYS Albufeira<\/title>\n<meta name=\"description\" content=\"Ben wurde von einem Auto angefahren und lag 2 Tage im Stra\u00dfenrand, bevor er gerettet, operiert und von uns aufgenommen wurde.\" \/>\n<meta name=\"robots\" content=\"index, follow, max-snippet:-1, max-image-preview:large, max-video-preview:-1\" \/>\n<link rel=\"canonical\" href=\"https:\/\/www.placeforstrays.de\/en\/our-proteges\/ben\/\" \/>\n<meta property=\"og:locale\" content=\"en_US\" \/>\n<meta property=\"og:type\" content=\"article\" \/>\n<meta property=\"og:title\" content=\"Ben sucht ein Zuhause - PLACE for STRAYS Albufeira\" \/>\n<meta property=\"og:description\" content=\"Ben wurde von einem Auto angefahren und lag 2 Tage im Stra\u00dfenrand, bevor er gerettet, operiert und von uns aufgenommen wurde.\" \/>\n<meta property=\"og:url\" content=\"https:\/\/www.placeforstrays.de\/en\/our-proteges\/ben\/\" \/>\n<meta property=\"og:site_name\" content=\"PLACE for STRAYS Albufeira\" \/>\n<meta property=\"article:publisher\" content=\"https:\/\/www.facebook.com\/groups\/1963615917246890\/\" \/>\n<meta property=\"article:modified_time\" content=\"2021-07-15T10:42:55+00:00\" \/>\n<meta property=\"og:image\" content=\"https:\/\/www.placeforstrays.de\/wp-content\/uploads\/2021\/07\/FE80779A-9042-40E5-8925-DBC53234122A_1_201_a.jpeg\" \/>\n\t<meta property=\"og:image:width\" content=\"851\" \/>\n\t<meta property=\"og:image:height\" content=\"744\" \/>\n\t<meta property=\"og:image:type\" content=\"image\/jpeg\" \/>\n<meta name=\"twitter:card\" content=\"summary_large_image\" \/>\n<meta name=\"twitter:label1\" content=\"Est. reading time\" \/>\n\t<meta name=\"twitter:data1\" content=\"2 minutes\" \/>\n<script type=\"application\/ld+json\" class=\"yoast-schema-graph\">{\"@context\":\"https:\/\/schema.org\",\"@graph\":[{\"@type\":\"WebPage\",\"@id\":\"https:\/\/www.placeforstrays.de\/en\/our-proteges\/ben\/\",\"url\":\"https:\/\/www.placeforstrays.de\/en\/our-proteges\/ben\/\",\"name\":\"Ben sucht ein Zuhause - PLACE for STRAYS Albufeira\",\"isPartOf\":{\"@id\":\"https:\/\/www.placeforstrays.de\/en\/#website\"},\"datePublished\":\"2021-07-11T11:29:48+00:00\",\"dateModified\":\"2021-07-15T10:42:55+00:00\",\"description\":\"Ben wurde von einem Auto angefahren und lag 2 Tage im Stra\u00dfenrand, bevor er gerettet, operiert und von uns aufgenommen wurde.\",\"breadcrumb\":{\"@id\":\"https:\/\/www.placeforstrays.de\/en\/our-proteges\/ben\/#breadcrumb\"},\"inLanguage\":\"en-US\",\"potentialAction\":[{\"@type\":\"ReadAction\",\"target\":[\"https:\/\/www.placeforstrays.de\/en\/our-proteges\/ben\/\"]}]},{\"@type\":\"BreadcrumbList\",\"@id\":\"https:\/\/www.placeforstrays.de\/en\/our-proteges\/ben\/#breadcrumb\",\"itemListElement\":[{\"@type\":\"ListItem\",\"position\":1,\"name\":\"Startseite\",\"item\":\"https:\/\/www.placeforstrays.de\/en\/\"},{\"@type\":\"ListItem\",\"position\":2,\"name\":\"Projects\",\"item\":\"https:\/\/www.placeforstrays.de\/en\/our-proteges\/\"},{\"@type\":\"ListItem\",\"position\":3,\"name\":\"Ben\"}]},{\"@type\":\"WebSite\",\"@id\":\"https:\/\/www.placeforstrays.de\/en\/#website\",\"url\":\"https:\/\/www.placeforstrays.de\/en\/\",\"name\":\"PLACE for STRAYS Albufeira\",\"description\":\"Tierschutz\",\"publisher\":{\"@id\":\"https:\/\/www.placeforstrays.de\/en\/#organization\"},\"potentialAction\":[{\"@type\":\"SearchAction\",\"target\":{\"@type\":\"EntryPoint\",\"urlTemplate\":\"https:\/\/www.placeforstrays.de\/en\/?s={search_term_string}\"},\"query-input\":\"required name=search_term_string\"}],\"inLanguage\":\"en-US\"},{\"@type\":\"Organization\",\"@id\":\"https:\/\/www.placeforstrays.de\/en\/#organization\",\"name\":\"PLACE for STRAYS\",\"url\":\"https:\/\/www.placeforstrays.de\/en\/\",\"logo\":{\"@type\":\"ImageObject\",\"inLanguage\":\"en-US\",\"@id\":\"https:\/\/www.placeforstrays.de\/en\/#\/schema\/logo\/image\/\",\"url\":\"https:\/\/www.placeforstrays.de\/wp-content\/uploads\/2019\/07\/Logo-mit-Hintergrund-Kopie.jpg\",\"contentUrl\":\"https:\/\/www.placeforstrays.de\/wp-content\/uploads\/2019\/07\/Logo-mit-Hintergrund-Kopie.jpg\",\"width\":277,\"height\":291,\"caption\":\"PLACE for STRAYS\"},\"image\":{\"@id\":\"https:\/\/www.placeforstrays.de\/en\/#\/schema\/logo\/image\/\"},\"sameAs\":[\"https:\/\/www.instagram.com\/placeforstraysalbufeira\/\",\"https:\/\/www.facebook.com\/groups\/1963615917246890\/\"]}]}<\/script>\n<!-- \/ Yoast SEO plugin. -->","yoast_head_json":{"title":"Ben sucht ein Zuhause - PLACE for STRAYS Albufeira","description":"Ben wurde von einem Auto angefahren und lag 2 Tage im Stra\u00dfenrand, bevor er gerettet, operiert und von uns aufgenommen wurde.","robots":{"index":"index","follow":"follow","max-snippet":"max-snippet:-1","max-image-preview":"max-image-preview:large","max-video-preview":"max-video-preview:-1"},"canonical":"https:\/\/www.placeforstrays.de\/en\/our-proteges\/ben\/","og_locale":"en_US","og_type":"article","og_title":"Ben sucht ein Zuhause - PLACE for STRAYS Albufeira","og_description":"Ben wurde von einem Auto angefahren und lag 2 Tage im Stra\u00dfenrand, bevor er gerettet, operiert und von uns aufgenommen wurde.","og_url":"https:\/\/www.placeforstrays.de\/en\/our-proteges\/ben\/","og_site_name":"PLACE for STRAYS Albufeira","article_publisher":"https:\/\/www.facebook.com\/groups\/1963615917246890\/","article_modified_time":"2021-07-15T10:42:55+00:00","og_image":[{"width":851,"height":744,"url":"https:\/\/www.placeforstrays.de\/wp-content\/uploads\/2021\/07\/FE80779A-9042-40E5-8925-DBC53234122A_1_201_a.jpeg","type":"image\/jpeg"}],"twitter_card":"summary_large_image","twitter_misc":{"Est. reading time":"2 minutes"},"schema":{"@context":"https:\/\/schema.org","@graph":[{"@type":"WebPage","@id":"https:\/\/www.placeforstrays.de\/en\/our-proteges\/ben\/","url":"https:\/\/www.placeforstrays.de\/en\/our-proteges\/ben\/","name":"Ben sucht ein Zuhause - PLACE for STRAYS Albufeira","isPartOf":{"@id":"https:\/\/www.placeforstrays.de\/en\/#website"},"datePublished":"2021-07-11T11:29:48+00:00","dateModified":"2021-07-15T10:42:55+00:00","description":"Ben wurde von einem Auto angefahren und lag 2 Tage im Stra\u00dfenrand, bevor er gerettet, operiert und von uns aufgenommen wurde.","breadcrumb":{"@id":"https:\/\/www.placeforstrays.de\/en\/our-proteges\/ben\/#breadcrumb"},"inLanguage":"en-US","potentialAction":[{"@type":"ReadAction","target":["https:\/\/www.placeforstrays.de\/en\/our-proteges\/ben\/"]}]},{"@type":"BreadcrumbList","@id":"https:\/\/www.placeforstrays.de\/en\/our-proteges\/ben\/#breadcrumb","itemListElement":[{"@type":"ListItem","position":1,"name":"Startseite","item":"https:\/\/www.placeforstrays.de\/en\/"},{"@type":"ListItem","position":2,"name":"Projects","item":"https:\/\/www.placeforstrays.de\/en\/our-proteges\/"},{"@type":"ListItem","position":3,"name":"Ben"}]},{"@type":"WebSite","@id":"https:\/\/www.placeforstrays.de\/en\/#website","url":"https:\/\/www.placeforstrays.de\/en\/","name":"PLACE for STRAYS Albufeira","description":"Tierschutz","publisher":{"@id":"https:\/\/www.placeforstrays.de\/en\/#organization"},"potentialAction":[{"@type":"SearchAction","target":{"@type":"EntryPoint","urlTemplate":"https:\/\/www.placeforstrays.de\/en\/?s={search_term_string}"},"query-input":"required name=search_term_string"}],"inLanguage":"en-US"},{"@type":"Organization","@id":"https:\/\/www.placeforstrays.de\/en\/#organization","name":"PLACE for STRAYS","url":"https:\/\/www.placeforstrays.de\/en\/","logo":{"@type":"ImageObject","inLanguage":"en-US","@id":"https:\/\/www.placeforstrays.de\/en\/#\/schema\/logo\/image\/","url":"https:\/\/www.placeforstrays.de\/wp-content\/uploads\/2019\/07\/Logo-mit-Hintergrund-Kopie.jpg","contentUrl":"https:\/\/www.placeforstrays.de\/wp-content\/uploads\/2019\/07\/Logo-mit-Hintergrund-Kopie.jpg","width":277,"height":291,"caption":"PLACE for STRAYS"},"image":{"@id":"https:\/\/www.placeforstrays.de\/en\/#\/schema\/logo\/image\/"},"sameAs":["https:\/\/www.instagram.com\/placeforstraysalbufeira\/","https:\/\/www.facebook.com\/groups\/1963615917246890\/"]}]}},"_links":{"self":[{"href":"https:\/\/www.placeforstrays.de\/en\/wp-json\/wp\/v2\/project\/30862"}],"collection":[{"href":"https:\/\/www.placeforstrays.de\/en\/wp-json\/wp\/v2\/project"}],"about":[{"href":"https:\/\/www.placeforstrays.de\/en\/wp-json\/wp\/v2\/types\/project"}],"author":[{"embeddable":true,"href":"https:\/\/www.placeforstrays.de\/en\/wp-json\/wp\/v2\/users\/9"}],"replies":[{"embeddable":true,"href":"https:\/\/www.placeforstrays.de\/en\/wp-json\/wp\/v2\/comments?post=30862"}],"version-history":[{"count":0,"href":"https:\/\/www.placeforstrays.de\/en\/wp-json\/wp\/v2\/project\/30862\/revisions"}],"wp:featuredmedia":[{"embeddable":true,"href":"https:\/\/www.placeforstrays.de\/en\/wp-json\/wp\/v2\/media\/30881"}],"wp:attachment":[{"href":"https:\/\/www.placeforstrays.de\/en\/wp-json\/wp\/v2\/media?parent=30862"}],"wp:term":[{"taxonomy":"pj-categs","embeddable":true,"href":"https:\/\/www.placeforstrays.de\/en\/wp-json\/wp\/v2\/pj-categs?post=30862"},{"taxonomy":"pj-tags","embeddable":true,"href":"https:\/\/www.placeforstrays.de\/en\/wp-json\/wp\/v2\/pj-tags?post=30862"}],"curies":[{"name":"wp","href":"https:\/\/api.w.org\/{rel}","templated":true}]}}