{"id":31023,"date":"2021-07-15T13:15:55","date_gmt":"2021-07-15T11:15:55","guid":{"rendered":"https:\/\/www.placeforstrays.de\/?post_type=project&#038;p=31023"},"modified":"2021-09-02T11:49:04","modified_gmt":"2021-09-02T09:49:04","slug":"pearl","status":"publish","type":"project","link":"https:\/\/www.placeforstrays.de\/en\/our-proteges\/pearl\/","title":{"rendered":"Pearl"},"content":{"rendered":"<style type=\"text\/css\"><\/style><h3>Geschichte<\/h3>\n<div class=\"_2cuy _3dgx _2vxa\">\n<div class=\"_2cuy _3dgx _2vxa\">\n<div class=\"_2cuy _3dgx _2vxa\">\n<div class=\"_2cuy _3dgx _2vxa\">\n<div class=\"_2cuy _3dgx _2vxa\">\n<div class=\"text_exposed_show\">\n<div class=\"_2cuy _3dgx _2vxa\">\n<div class=\"_2cuy _3dgx _2vxa\">\n<div class=\"_2cuy _3dgx _2vxa\">\n<div class=\"_2cuy _3dgx _2vxa\">\n<div class=\"_2cuy _3dgx _2vxa\">\n<p class=\"bi6gxh9e\">Nur wenige Stunden, nachdem unser kleiner Ben gestorben war, lief unserer Helferin Aline und ihrer Tochter, wie vom Schicksal gesandt, eine streunende, verletzte, junge H\u00fcndin \u00fcber den Weg. Das kleine Hundem\u00e4dchen hatte viele kleine Wunden an ihrem K\u00f6rper und v\u00f6llig verdrecktes Fell. Nach der ersten tier\u00e4rztlichen Untersuchung und einem ordentlichen Bad sah die kleine Maus auch schon gleich viel besser aus! Das Hundem\u00e4dchen erhielt einen wundersch\u00f6nen Namen von ihren Retterinnen: Im Inneren einer sandigen Muschel verbirgt\u00a0sich eine wundersch\u00f6ne Perle &#8211; und genau so konnten wir unter dem dreckigen Fell des grauen Welpen-M\u00e4dchens eine wundersch\u00f6ne, wei\u00dfe H\u00fcndin finden. Deshalb wurde sie PEARL getauft.<\/p>\n<p>Nachdem wir Pearl aufgep\u00e4ppelt hatten, fand sie schnell ihr gro\u00dfes Gl\u00fcck. Unser Teammitglied Lena verliebte sich so sehr in die kleine Fellnase, dass sie sich ein Leben ohne sie nicht mehr vorstellen konnte und sie kurzerhand adoptierte.<\/p>\n<div class=\"_2cuy _3dgx _2vxa\">\n<h3><\/h3>\n<\/div>\n<\/div>\n<p>&nbsp;<\/p>\n<\/div>\n<\/div>\n<\/div>\n<\/div>\n<\/div>\n<\/div>\n<\/div>\n<\/div>\n<\/div>\n<\/div>\n<div id='gallery-1' class='gallery galleryid-31023 gallery-columns-2 gallery-size-thumbnail'><figure class='gallery-item'>\n\t\t\t<div class='gallery-icon portrait'>\n\t\t\t\t<a href='https:\/\/www.placeforstrays.de\/en\/2defe6a4-0e39-4868-bd04-37a6d34149d4-2\/'><img width=\"150\" height=\"150\" src=\"https:\/\/www.placeforstrays.de\/wp-content\/uploads\/2021\/07\/2DEFE6A4-0E39-4868-BD04-37A6D34149D4-150x150.jpeg\" class=\"attachment-thumbnail size-thumbnail\" alt=\"\" srcset=\"https:\/\/www.placeforstrays.de\/wp-content\/uploads\/2021\/07\/2DEFE6A4-0E39-4868-BD04-37A6D34149D4-150x150.jpeg 150w, https:\/\/www.placeforstrays.de\/wp-content\/uploads\/2021\/07\/2DEFE6A4-0E39-4868-BD04-37A6D34149D4-55x55.jpeg 55w, https:\/\/www.placeforstrays.de\/wp-content\/uploads\/2021\/07\/2DEFE6A4-0E39-4868-BD04-37A6D34149D4-250x250.jpeg 250w\" sizes=\"(max-width: 150px) 100vw, 150px\" \/><\/a>\n\t\t\t<\/div><\/figure><figure class='gallery-item'>\n\t\t\t<div class='gallery-icon portrait'>\n\t\t\t\t<a href='https:\/\/www.placeforstrays.de\/en\/0a056dd0-eb2c-4605-84a2-9ca3bcda0d17-2\/'><img width=\"150\" height=\"150\" src=\"https:\/\/www.placeforstrays.de\/wp-content\/uploads\/2021\/07\/0A056DD0-EB2C-4605-84A2-9CA3BCDA0D17-150x150.jpeg\" class=\"attachment-thumbnail size-thumbnail\" alt=\"\" srcset=\"https:\/\/www.placeforstrays.de\/wp-content\/uploads\/2021\/07\/0A056DD0-EB2C-4605-84A2-9CA3BCDA0D17-150x150.jpeg 150w, https:\/\/www.placeforstrays.de\/wp-content\/uploads\/2021\/07\/0A056DD0-EB2C-4605-84A2-9CA3BCDA0D17-55x55.jpeg 55w, https:\/\/www.placeforstrays.de\/wp-content\/uploads\/2021\/07\/0A056DD0-EB2C-4605-84A2-9CA3BCDA0D17-250x250.jpeg 250w\" sizes=\"(max-width: 150px) 100vw, 150px\" \/><\/a>\n\t\t\t<\/div><\/figure><figure class='gallery-item'>\n\t\t\t<div class='gallery-icon portrait'>\n\t\t\t\t<a href='https:\/\/www.placeforstrays.de\/en\/c030517b-578c-4ecb-bfc0-67dee50a16b2-2\/'><img width=\"150\" height=\"150\" src=\"https:\/\/www.placeforstrays.de\/wp-content\/uploads\/2021\/07\/C030517B-578C-4ECB-BFC0-67DEE50A16B2-150x150.jpeg\" class=\"attachment-thumbnail size-thumbnail\" alt=\"\" srcset=\"https:\/\/www.placeforstrays.de\/wp-content\/uploads\/2021\/07\/C030517B-578C-4ECB-BFC0-67DEE50A16B2-150x150.jpeg 150w, https:\/\/www.placeforstrays.de\/wp-content\/uploads\/2021\/07\/C030517B-578C-4ECB-BFC0-67DEE50A16B2-55x55.jpeg 55w, https:\/\/www.placeforstrays.de\/wp-content\/uploads\/2021\/07\/C030517B-578C-4ECB-BFC0-67DEE50A16B2-250x250.jpeg 250w\" sizes=\"(max-width: 150px) 100vw, 150px\" \/><\/a>\n\t\t\t<\/div><\/figure><figure class='gallery-item'>\n\t\t\t<div class='gallery-icon landscape'>\n\t\t\t\t<a href='https:\/\/www.placeforstrays.de\/en\/9dcafce7-ae25-4911-829b-7f2b38473966-2\/'><img width=\"150\" height=\"150\" src=\"https:\/\/www.placeforstrays.de\/wp-content\/uploads\/2021\/07\/9DCAFCE7-AE25-4911-829B-7F2B38473966-150x150.jpeg\" class=\"attachment-thumbnail size-thumbnail\" alt=\"\" srcset=\"https:\/\/www.placeforstrays.de\/wp-content\/uploads\/2021\/07\/9DCAFCE7-AE25-4911-829B-7F2B38473966-150x150.jpeg 150w, https:\/\/www.placeforstrays.de\/wp-content\/uploads\/2021\/07\/9DCAFCE7-AE25-4911-829B-7F2B38473966-55x55.jpeg 55w, https:\/\/www.placeforstrays.de\/wp-content\/uploads\/2021\/07\/9DCAFCE7-AE25-4911-829B-7F2B38473966-250x250.jpeg 250w\" sizes=\"(max-width: 150px) 100vw, 150px\" \/><\/a>\n\t\t\t<\/div><\/figure><figure class='gallery-item'>\n\t\t\t<div class='gallery-icon portrait'>\n\t\t\t\t<a href='https:\/\/www.placeforstrays.de\/en\/62b9fc1b-8ab6-43e5-b094-c3b5e661987a-2\/'><img width=\"150\" height=\"150\" src=\"https:\/\/www.placeforstrays.de\/wp-content\/uploads\/2021\/07\/62B9FC1B-8AB6-43E5-B094-C3B5E661987A-150x150.jpeg\" class=\"attachment-thumbnail size-thumbnail\" alt=\"\" srcset=\"https:\/\/www.placeforstrays.de\/wp-content\/uploads\/2021\/07\/62B9FC1B-8AB6-43E5-B094-C3B5E661987A-150x150.jpeg 150w, https:\/\/www.placeforstrays.de\/wp-content\/uploads\/2021\/07\/62B9FC1B-8AB6-43E5-B094-C3B5E661987A-55x55.jpeg 55w, https:\/\/www.placeforstrays.de\/wp-content\/uploads\/2021\/07\/62B9FC1B-8AB6-43E5-B094-C3B5E661987A-250x250.jpeg 250w\" sizes=\"(max-width: 150px) 100vw, 150px\" \/><\/a>\n\t\t\t<\/div><\/figure><figure class='gallery-item'>\n\t\t\t<div class='gallery-icon portrait'>\n\t\t\t\t<a href='https:\/\/www.placeforstrays.de\/en\/5210ad31-f18a-4579-bfc9-628ad8fca164-2\/'><img width=\"150\" height=\"150\" src=\"https:\/\/www.placeforstrays.de\/wp-content\/uploads\/2021\/07\/5210AD31-F18A-4579-BFC9-628AD8FCA164-150x150.jpeg\" class=\"attachment-thumbnail size-thumbnail\" alt=\"\" srcset=\"https:\/\/www.placeforstrays.de\/wp-content\/uploads\/2021\/07\/5210AD31-F18A-4579-BFC9-628AD8FCA164-150x150.jpeg 150w, https:\/\/www.placeforstrays.de\/wp-content\/uploads\/2021\/07\/5210AD31-F18A-4579-BFC9-628AD8FCA164-55x55.jpeg 55w, https:\/\/www.placeforstrays.de\/wp-content\/uploads\/2021\/07\/5210AD31-F18A-4579-BFC9-628AD8FCA164-250x250.jpeg 250w\" sizes=\"(max-width: 150px) 100vw, 150px\" \/><\/a>\n\t\t\t<\/div><\/figure><figure class='gallery-item'>\n\t\t\t<div class='gallery-icon portrait'>\n\t\t\t\t<a href='https:\/\/www.placeforstrays.de\/en\/69e049c5-0986-4c8b-99f7-9b8dca5c8b99-2\/'><img width=\"150\" height=\"150\" src=\"https:\/\/www.placeforstrays.de\/wp-content\/uploads\/2021\/07\/69E049C5-0986-4C8B-99F7-9B8DCA5C8B99-150x150.jpeg\" class=\"attachment-thumbnail size-thumbnail\" alt=\"\" srcset=\"https:\/\/www.placeforstrays.de\/wp-content\/uploads\/2021\/07\/69E049C5-0986-4C8B-99F7-9B8DCA5C8B99-150x150.jpeg 150w, https:\/\/www.placeforstrays.de\/wp-content\/uploads\/2021\/07\/69E049C5-0986-4C8B-99F7-9B8DCA5C8B99-55x55.jpeg 55w, https:\/\/www.placeforstrays.de\/wp-content\/uploads\/2021\/07\/69E049C5-0986-4C8B-99F7-9B8DCA5C8B99-250x250.jpeg 250w\" sizes=\"(max-width: 150px) 100vw, 150px\" \/><\/a>\n\t\t\t<\/div><\/figure><figure class='gallery-item'>\n\t\t\t<div class='gallery-icon portrait'>\n\t\t\t\t<a href='https:\/\/www.placeforstrays.de\/en\/e135d7a3-a683-4b0e-bb55-a9ce325c59a2-2\/'><img width=\"150\" height=\"150\" src=\"https:\/\/www.placeforstrays.de\/wp-content\/uploads\/2021\/07\/E135D7A3-A683-4B0E-BB55-A9CE325C59A2-150x150.jpeg\" class=\"attachment-thumbnail size-thumbnail\" alt=\"\" srcset=\"https:\/\/www.placeforstrays.de\/wp-content\/uploads\/2021\/07\/E135D7A3-A683-4B0E-BB55-A9CE325C59A2-150x150.jpeg 150w, https:\/\/www.placeforstrays.de\/wp-content\/uploads\/2021\/07\/E135D7A3-A683-4B0E-BB55-A9CE325C59A2-55x55.jpeg 55w, https:\/\/www.placeforstrays.de\/wp-content\/uploads\/2021\/07\/E135D7A3-A683-4B0E-BB55-A9CE325C59A2-250x250.jpeg 250w\" sizes=\"(max-width: 150px) 100vw, 150px\" \/><\/a>\n\t\t\t<\/div><\/figure><figure class='gallery-item'>\n\t\t\t<div class='gallery-icon portrait'>\n\t\t\t\t<a href='https:\/\/www.placeforstrays.de\/en\/29c8a180-32ca-4bb5-853b-7161120cd1c4-2\/'><img width=\"150\" height=\"150\" src=\"https:\/\/www.placeforstrays.de\/wp-content\/uploads\/2021\/07\/29C8A180-32CA-4BB5-853B-7161120CD1C4-150x150.jpeg\" class=\"attachment-thumbnail size-thumbnail\" alt=\"\" srcset=\"https:\/\/www.placeforstrays.de\/wp-content\/uploads\/2021\/07\/29C8A180-32CA-4BB5-853B-7161120CD1C4-150x150.jpeg 150w, https:\/\/www.placeforstrays.de\/wp-content\/uploads\/2021\/07\/29C8A180-32CA-4BB5-853B-7161120CD1C4-55x55.jpeg 55w, https:\/\/www.placeforstrays.de\/wp-content\/uploads\/2021\/07\/29C8A180-32CA-4BB5-853B-7161120CD1C4-250x250.jpeg 250w\" sizes=\"(max-width: 150px) 100vw, 150px\" \/><\/a>\n\t\t\t<\/div><\/figure><figure class='gallery-item'>\n\t\t\t<div class='gallery-icon portrait'>\n\t\t\t\t<a href='https:\/\/www.placeforstrays.de\/en\/29760c30-670d-44b4-aa90-ebf3c368adc6-2\/'><img width=\"150\" height=\"150\" src=\"https:\/\/www.placeforstrays.de\/wp-content\/uploads\/2021\/07\/29760C30-670D-44B4-AA90-EBF3C368ADC6-150x150.jpeg\" class=\"attachment-thumbnail size-thumbnail\" alt=\"\" srcset=\"https:\/\/www.placeforstrays.de\/wp-content\/uploads\/2021\/07\/29760C30-670D-44B4-AA90-EBF3C368ADC6-150x150.jpeg 150w, https:\/\/www.placeforstrays.de\/wp-content\/uploads\/2021\/07\/29760C30-670D-44B4-AA90-EBF3C368ADC6-55x55.jpeg 55w, https:\/\/www.placeforstrays.de\/wp-content\/uploads\/2021\/07\/29760C30-670D-44B4-AA90-EBF3C368ADC6-250x250.jpeg 250w\" sizes=\"(max-width: 150px) 100vw, 150px\" \/><\/a>\n\t\t\t<\/div><\/figure><figure class='gallery-item'>\n\t\t\t<div class='gallery-icon portrait'>\n\t\t\t\t<a href='https:\/\/www.placeforstrays.de\/en\/b1e03bb5-d81d-4ed5-9b52-2614ba019362-2\/'><img width=\"150\" height=\"150\" src=\"https:\/\/www.placeforstrays.de\/wp-content\/uploads\/2021\/07\/B1E03BB5-D81D-4ED5-9B52-2614BA019362-150x150.jpeg\" class=\"attachment-thumbnail size-thumbnail\" alt=\"\" srcset=\"https:\/\/www.placeforstrays.de\/wp-content\/uploads\/2021\/07\/B1E03BB5-D81D-4ED5-9B52-2614BA019362-150x150.jpeg 150w, https:\/\/www.placeforstrays.de\/wp-content\/uploads\/2021\/07\/B1E03BB5-D81D-4ED5-9B52-2614BA019362-55x55.jpeg 55w, https:\/\/www.placeforstrays.de\/wp-content\/uploads\/2021\/07\/B1E03BB5-D81D-4ED5-9B52-2614BA019362-250x250.jpeg 250w\" sizes=\"(max-width: 150px) 100vw, 150px\" \/><\/a>\n\t\t\t<\/div><\/figure><figure class='gallery-item'>\n\t\t\t<div class='gallery-icon portrait'>\n\t\t\t\t<a href='https:\/\/www.placeforstrays.de\/en\/1476355d-cd9d-4789-a9a7-52ad6b5b4c9e-2\/'><img width=\"150\" height=\"150\" src=\"https:\/\/www.placeforstrays.de\/wp-content\/uploads\/2021\/07\/1476355d-cd9d-4789-a9a7-52ad6b5b4c9e-150x150.jpg\" class=\"attachment-thumbnail size-thumbnail\" alt=\"\" srcset=\"https:\/\/www.placeforstrays.de\/wp-content\/uploads\/2021\/07\/1476355d-cd9d-4789-a9a7-52ad6b5b4c9e-150x150.jpg 150w, https:\/\/www.placeforstrays.de\/wp-content\/uploads\/2021\/07\/1476355d-cd9d-4789-a9a7-52ad6b5b4c9e-55x55.jpg 55w, https:\/\/www.placeforstrays.de\/wp-content\/uploads\/2021\/07\/1476355d-cd9d-4789-a9a7-52ad6b5b4c9e-250x250.jpg 250w\" sizes=\"(max-width: 150px) 100vw, 150px\" \/><\/a>\n\t\t\t<\/div><\/figure><figure class='gallery-item'>\n\t\t\t<div class='gallery-icon portrait'>\n\t\t\t\t<a href='https:\/\/www.placeforstrays.de\/en\/9e94c572-5009-4f56-8870-932ffa27a359-2\/'><img width=\"150\" height=\"150\" src=\"https:\/\/www.placeforstrays.de\/wp-content\/uploads\/2021\/07\/9e94c572-5009-4f56-8870-932ffa27a359-150x150.jpg\" class=\"attachment-thumbnail size-thumbnail\" alt=\"\" srcset=\"https:\/\/www.placeforstrays.de\/wp-content\/uploads\/2021\/07\/9e94c572-5009-4f56-8870-932ffa27a359-150x150.jpg 150w, https:\/\/www.placeforstrays.de\/wp-content\/uploads\/2021\/07\/9e94c572-5009-4f56-8870-932ffa27a359-55x55.jpg 55w, https:\/\/www.placeforstrays.de\/wp-content\/uploads\/2021\/07\/9e94c572-5009-4f56-8870-932ffa27a359-250x250.jpg 250w\" sizes=\"(max-width: 150px) 100vw, 150px\" \/><\/a>\n\t\t\t<\/div><\/figure>\n\t\t<\/div>\n\n","protected":false},"excerpt":{"rendered":"<p>Geschichte Nur wenige Stunden, nachdem unser kleiner Ben gestorben war, lief unserer Helferin Aline und ihrer Tochter, wie vom Schicksal gesandt, eine streunende, verletzte, junge H\u00fcndin \u00fcber den Weg. Das kleine Hundem\u00e4dchen hatte viele kleine Wunden an ihrem K\u00f6rper und v\u00f6llig verdrecktes Fell. Nach der ersten tier\u00e4rztlichen Untersuchung und einem ordentlichen Bad sah die kleine&#8230;<\/p>\n","protected":false},"author":9,"featured_media":31709,"menu_order":0,"comment_status":"closed","ping_status":"open","template":"","format":"standard","meta":[],"pj-categs":[14,16,37],"pj-tags":[],"yoast_head":"<!-- This site is optimized with the Yoast SEO plugin v19.13 - https:\/\/yoast.com\/wordpress\/plugins\/seo\/ -->\n<title>Pearl fand ein liebevolles Zuhause - PLACE for STRAYS Albufeira<\/title>\n<meta name=\"description\" content=\"Verletzt und verdreckt lasen wir die kleine Pearl von der Stra\u00dfe auf. Nachdem wir sie aufgep\u00e4ppelt hatten, fand sie schnell ihr Zuhause.\" \/>\n<meta name=\"robots\" content=\"index, follow, max-snippet:-1, max-image-preview:large, max-video-preview:-1\" \/>\n<link rel=\"canonical\" href=\"https:\/\/www.placeforstrays.de\/en\/our-proteges\/pearl\/\" \/>\n<meta property=\"og:locale\" content=\"en_US\" \/>\n<meta property=\"og:type\" content=\"article\" \/>\n<meta property=\"og:title\" content=\"Pearl fand ein liebevolles Zuhause - PLACE for STRAYS Albufeira\" \/>\n<meta property=\"og:description\" content=\"Verletzt und verdreckt lasen wir die kleine Pearl von der Stra\u00dfe auf. Nachdem wir sie aufgep\u00e4ppelt hatten, fand sie schnell ihr Zuhause.\" \/>\n<meta property=\"og:url\" content=\"https:\/\/www.placeforstrays.de\/en\/our-proteges\/pearl\/\" \/>\n<meta property=\"og:site_name\" content=\"PLACE for STRAYS Albufeira\" \/>\n<meta property=\"article:publisher\" content=\"https:\/\/www.facebook.com\/groups\/1963615917246890\/\" \/>\n<meta property=\"article:modified_time\" content=\"2021-09-02T09:49:04+00:00\" \/>\n<meta property=\"og:image\" content=\"https:\/\/www.placeforstrays.de\/wp-content\/uploads\/2021\/07\/9e94c572-5009-4f56-8870-932ffa27a359-e1630574881391.jpg\" \/>\n\t<meta property=\"og:image:width\" content=\"900\" \/>\n\t<meta property=\"og:image:height\" content=\"1200\" \/>\n\t<meta property=\"og:image:type\" content=\"image\/jpeg\" \/>\n<meta name=\"twitter:card\" content=\"summary_large_image\" \/>\n<meta name=\"twitter:label1\" content=\"Est. reading time\" \/>\n\t<meta name=\"twitter:data1\" content=\"1 minute\" \/>\n<script type=\"application\/ld+json\" class=\"yoast-schema-graph\">{\"@context\":\"https:\/\/schema.org\",\"@graph\":[{\"@type\":\"WebPage\",\"@id\":\"https:\/\/www.placeforstrays.de\/en\/our-proteges\/pearl\/\",\"url\":\"https:\/\/www.placeforstrays.de\/en\/our-proteges\/pearl\/\",\"name\":\"Pearl fand ein liebevolles Zuhause - PLACE for STRAYS Albufeira\",\"isPartOf\":{\"@id\":\"https:\/\/www.placeforstrays.de\/en\/#website\"},\"datePublished\":\"2021-07-15T11:15:55+00:00\",\"dateModified\":\"2021-09-02T09:49:04+00:00\",\"description\":\"Verletzt und verdreckt lasen wir die kleine Pearl von der Stra\u00dfe auf. Nachdem wir sie aufgep\u00e4ppelt hatten, fand sie schnell ihr Zuhause.\",\"breadcrumb\":{\"@id\":\"https:\/\/www.placeforstrays.de\/en\/our-proteges\/pearl\/#breadcrumb\"},\"inLanguage\":\"en-US\",\"potentialAction\":[{\"@type\":\"ReadAction\",\"target\":[\"https:\/\/www.placeforstrays.de\/en\/our-proteges\/pearl\/\"]}]},{\"@type\":\"BreadcrumbList\",\"@id\":\"https:\/\/www.placeforstrays.de\/en\/our-proteges\/pearl\/#breadcrumb\",\"itemListElement\":[{\"@type\":\"ListItem\",\"position\":1,\"name\":\"Startseite\",\"item\":\"https:\/\/www.placeforstrays.de\/en\/\"},{\"@type\":\"ListItem\",\"position\":2,\"name\":\"Projects\",\"item\":\"https:\/\/www.placeforstrays.de\/en\/our-proteges\/\"},{\"@type\":\"ListItem\",\"position\":3,\"name\":\"Pearl\"}]},{\"@type\":\"WebSite\",\"@id\":\"https:\/\/www.placeforstrays.de\/en\/#website\",\"url\":\"https:\/\/www.placeforstrays.de\/en\/\",\"name\":\"PLACE for STRAYS Albufeira\",\"description\":\"Tierschutz\",\"publisher\":{\"@id\":\"https:\/\/www.placeforstrays.de\/en\/#organization\"},\"potentialAction\":[{\"@type\":\"SearchAction\",\"target\":{\"@type\":\"EntryPoint\",\"urlTemplate\":\"https:\/\/www.placeforstrays.de\/en\/?s={search_term_string}\"},\"query-input\":\"required name=search_term_string\"}],\"inLanguage\":\"en-US\"},{\"@type\":\"Organization\",\"@id\":\"https:\/\/www.placeforstrays.de\/en\/#organization\",\"name\":\"PLACE for STRAYS\",\"url\":\"https:\/\/www.placeforstrays.de\/en\/\",\"logo\":{\"@type\":\"ImageObject\",\"inLanguage\":\"en-US\",\"@id\":\"https:\/\/www.placeforstrays.de\/en\/#\/schema\/logo\/image\/\",\"url\":\"https:\/\/www.placeforstrays.de\/wp-content\/uploads\/2019\/07\/Logo-mit-Hintergrund-Kopie.jpg\",\"contentUrl\":\"https:\/\/www.placeforstrays.de\/wp-content\/uploads\/2019\/07\/Logo-mit-Hintergrund-Kopie.jpg\",\"width\":277,\"height\":291,\"caption\":\"PLACE for STRAYS\"},\"image\":{\"@id\":\"https:\/\/www.placeforstrays.de\/en\/#\/schema\/logo\/image\/\"},\"sameAs\":[\"https:\/\/www.instagram.com\/placeforstraysalbufeira\/\",\"https:\/\/www.facebook.com\/groups\/1963615917246890\/\"]}]}<\/script>\n<!-- \/ Yoast SEO plugin. -->","yoast_head_json":{"title":"Pearl fand ein liebevolles Zuhause - PLACE for STRAYS Albufeira","description":"Verletzt und verdreckt lasen wir die kleine Pearl von der Stra\u00dfe auf. Nachdem wir sie aufgep\u00e4ppelt hatten, fand sie schnell ihr Zuhause.","robots":{"index":"index","follow":"follow","max-snippet":"max-snippet:-1","max-image-preview":"max-image-preview:large","max-video-preview":"max-video-preview:-1"},"canonical":"https:\/\/www.placeforstrays.de\/en\/our-proteges\/pearl\/","og_locale":"en_US","og_type":"article","og_title":"Pearl fand ein liebevolles Zuhause - PLACE for STRAYS Albufeira","og_description":"Verletzt und verdreckt lasen wir die kleine Pearl von der Stra\u00dfe auf. Nachdem wir sie aufgep\u00e4ppelt hatten, fand sie schnell ihr Zuhause.","og_url":"https:\/\/www.placeforstrays.de\/en\/our-proteges\/pearl\/","og_site_name":"PLACE for STRAYS Albufeira","article_publisher":"https:\/\/www.facebook.com\/groups\/1963615917246890\/","article_modified_time":"2021-09-02T09:49:04+00:00","og_image":[{"width":900,"height":1200,"url":"https:\/\/www.placeforstrays.de\/wp-content\/uploads\/2021\/07\/9e94c572-5009-4f56-8870-932ffa27a359-e1630574881391.jpg","type":"image\/jpeg"}],"twitter_card":"summary_large_image","twitter_misc":{"Est. reading time":"1 minute"},"schema":{"@context":"https:\/\/schema.org","@graph":[{"@type":"WebPage","@id":"https:\/\/www.placeforstrays.de\/en\/our-proteges\/pearl\/","url":"https:\/\/www.placeforstrays.de\/en\/our-proteges\/pearl\/","name":"Pearl fand ein liebevolles Zuhause - PLACE for STRAYS Albufeira","isPartOf":{"@id":"https:\/\/www.placeforstrays.de\/en\/#website"},"datePublished":"2021-07-15T11:15:55+00:00","dateModified":"2021-09-02T09:49:04+00:00","description":"Verletzt und verdreckt lasen wir die kleine Pearl von der Stra\u00dfe auf. Nachdem wir sie aufgep\u00e4ppelt hatten, fand sie schnell ihr Zuhause.","breadcrumb":{"@id":"https:\/\/www.placeforstrays.de\/en\/our-proteges\/pearl\/#breadcrumb"},"inLanguage":"en-US","potentialAction":[{"@type":"ReadAction","target":["https:\/\/www.placeforstrays.de\/en\/our-proteges\/pearl\/"]}]},{"@type":"BreadcrumbList","@id":"https:\/\/www.placeforstrays.de\/en\/our-proteges\/pearl\/#breadcrumb","itemListElement":[{"@type":"ListItem","position":1,"name":"Startseite","item":"https:\/\/www.placeforstrays.de\/en\/"},{"@type":"ListItem","position":2,"name":"Projects","item":"https:\/\/www.placeforstrays.de\/en\/our-proteges\/"},{"@type":"ListItem","position":3,"name":"Pearl"}]},{"@type":"WebSite","@id":"https:\/\/www.placeforstrays.de\/en\/#website","url":"https:\/\/www.placeforstrays.de\/en\/","name":"PLACE for STRAYS Albufeira","description":"Tierschutz","publisher":{"@id":"https:\/\/www.placeforstrays.de\/en\/#organization"},"potentialAction":[{"@type":"SearchAction","target":{"@type":"EntryPoint","urlTemplate":"https:\/\/www.placeforstrays.de\/en\/?s={search_term_string}"},"query-input":"required name=search_term_string"}],"inLanguage":"en-US"},{"@type":"Organization","@id":"https:\/\/www.placeforstrays.de\/en\/#organization","name":"PLACE for STRAYS","url":"https:\/\/www.placeforstrays.de\/en\/","logo":{"@type":"ImageObject","inLanguage":"en-US","@id":"https:\/\/www.placeforstrays.de\/en\/#\/schema\/logo\/image\/","url":"https:\/\/www.placeforstrays.de\/wp-content\/uploads\/2019\/07\/Logo-mit-Hintergrund-Kopie.jpg","contentUrl":"https:\/\/www.placeforstrays.de\/wp-content\/uploads\/2019\/07\/Logo-mit-Hintergrund-Kopie.jpg","width":277,"height":291,"caption":"PLACE for STRAYS"},"image":{"@id":"https:\/\/www.placeforstrays.de\/en\/#\/schema\/logo\/image\/"},"sameAs":["https:\/\/www.instagram.com\/placeforstraysalbufeira\/","https:\/\/www.facebook.com\/groups\/1963615917246890\/"]}]}},"_links":{"self":[{"href":"https:\/\/www.placeforstrays.de\/en\/wp-json\/wp\/v2\/project\/31023"}],"collection":[{"href":"https:\/\/www.placeforstrays.de\/en\/wp-json\/wp\/v2\/project"}],"about":[{"href":"https:\/\/www.placeforstrays.de\/en\/wp-json\/wp\/v2\/types\/project"}],"author":[{"embeddable":true,"href":"https:\/\/www.placeforstrays.de\/en\/wp-json\/wp\/v2\/users\/9"}],"replies":[{"embeddable":true,"href":"https:\/\/www.placeforstrays.de\/en\/wp-json\/wp\/v2\/comments?post=31023"}],"version-history":[{"count":0,"href":"https:\/\/www.placeforstrays.de\/en\/wp-json\/wp\/v2\/project\/31023\/revisions"}],"wp:featuredmedia":[{"embeddable":true,"href":"https:\/\/www.placeforstrays.de\/en\/wp-json\/wp\/v2\/media\/31709"}],"wp:attachment":[{"href":"https:\/\/www.placeforstrays.de\/en\/wp-json\/wp\/v2\/media?parent=31023"}],"wp:term":[{"taxonomy":"pj-categs","embeddable":true,"href":"https:\/\/www.placeforstrays.de\/en\/wp-json\/wp\/v2\/pj-categs?post=31023"},{"taxonomy":"pj-tags","embeddable":true,"href":"https:\/\/www.placeforstrays.de\/en\/wp-json\/wp\/v2\/pj-tags?post=31023"}],"curies":[{"name":"wp","href":"https:\/\/api.w.org\/{rel}","templated":true}]}}