{"id":32143,"date":"2021-09-24T16:30:45","date_gmt":"2021-09-24T14:30:45","guid":{"rendered":"https:\/\/www.placeforstrays.de\/?post_type=project&#038;p=32143"},"modified":"2022-01-16T15:51:42","modified_gmt":"2022-01-16T14:51:42","slug":"toni","status":"publish","type":"project","link":"https:\/\/www.placeforstrays.de\/en\/our-proteges\/toni\/","title":{"rendered":"Toni"},"content":{"rendered":"<style type=\"text\/css\"><\/style><h3>Geschichte<\/h3>\n<div class=\"_2cuy _3dgx _2vxa\">\n<div class=\"_2cuy _3dgx _2vxa\">\n<div class=\"_2cuy _3dgx _2vxa\">\n<div class=\"_2cuy _3dgx _2vxa\">\n<div class=\"_2cuy _3dgx _2vxa\">\n<div class=\"text_exposed_show\">\n<div class=\"_2cuy _3dgx _2vxa\">\n<div class=\"_2cuy _3dgx _2vxa\">\n<div class=\"_2cuy _3dgx _2vxa\">\n<div class=\"_2cuy _3dgx _2vxa\">\n<div class=\"_2cuy _3dgx _2vxa\">\n<p class=\"p1\">Toni wurde von einer befreundeten Tiersch\u00fctzerin entdeckt und zu uns von Place for Strays gebracht. Als er vor zwei Monaten zu uns kam, war er ziemlich d\u00fcnn und hatte viele kahle Stellen in seinem Fell. Dank der gro\u00dfartigen F\u00fcrsorge unserer Helfer vor Ort, die ihn regelm\u00e4\u00dfig badeten, hat sich unser liebenswerter Toni super gut erholt und sein Fell gl\u00e4nzt mittlerweile richtig. Da wundert es uns nicht, dass sich die Besucher der PfS regelm\u00e4\u00dfig in den h\u00fcbschen Kerl verlieben &#8211; unser Toni ist einfach ein echter Hingucker!<\/p>\n<\/div>\n<h3>Charakter<\/h3>\n<p class=\"p1\">Toni hat sich auf dem Place for Strays bereits super eingelebt und in das Rudel integriert. Er ist ein selbstbewusster sowie lebhafter Junge, der gerne spielt und Quatsch macht. Gleichzeitig ist er aber auch sehr aufmerksam und gelehrig. Er geht bereits sehr gut an der Leine und hat auch seine erste Begegnung mit dem Stra\u00dfenverkehr super gemeistert.<\/p>\n<p class=\"p1\">Toni spielt auch liebend gerne mit B\u00e4llen und kann schon ziemlich gut apportieren. Wenn im Shelter nicht gerade viele andere spannende Dinge passieren, die unseren kleinen Kerl ablenken k\u00f6nnten, bringt er die B\u00e4lle schon sehr zielsicher zur\u00fcck.<\/p>\n<p class=\"p1\">Nun sucht unser s\u00fc\u00dfer Toni nur noch den richtigen Menschen, mit dem er ganz viel Ball spielen und gemeinsam durchs Leben gehen kann.<\/p>\n<\/div>\n<\/div>\n<\/div>\n<\/div>\n<\/div>\n<\/div>\n<\/div>\n<\/div>\n<\/div>\n<\/div>\n<div id='gallery-1' class='gallery galleryid-32143 gallery-columns-2 gallery-size-thumbnail'><figure class='gallery-item'>\n\t\t\t<div class='gallery-icon portrait'>\n\t\t\t\t<a href='https:\/\/www.placeforstrays.de\/en\/f7231f4a-8073-4f10-b73d-2afd3239f319-2\/'><img width=\"150\" height=\"150\" src=\"https:\/\/www.placeforstrays.de\/wp-content\/uploads\/2021\/09\/f7231f4a-8073-4f10-b73d-2afd3239f319-150x150.jpg\" class=\"attachment-thumbnail size-thumbnail\" alt=\"\" srcset=\"https:\/\/www.placeforstrays.de\/wp-content\/uploads\/2021\/09\/f7231f4a-8073-4f10-b73d-2afd3239f319-150x150.jpg 150w, https:\/\/www.placeforstrays.de\/wp-content\/uploads\/2021\/09\/f7231f4a-8073-4f10-b73d-2afd3239f319-55x55.jpg 55w, https:\/\/www.placeforstrays.de\/wp-content\/uploads\/2021\/09\/f7231f4a-8073-4f10-b73d-2afd3239f319-250x250.jpg 250w\" sizes=\"(max-width: 150px) 100vw, 150px\" \/><\/a>\n\t\t\t<\/div><\/figure><figure class='gallery-item'>\n\t\t\t<div class='gallery-icon landscape'>\n\t\t\t\t<a href='https:\/\/www.placeforstrays.de\/en\/8d25df00-1a2c-4f91-a23c-c4224187e3e5-2\/'><img width=\"150\" height=\"150\" src=\"https:\/\/www.placeforstrays.de\/wp-content\/uploads\/2021\/09\/8d25df00-1a2c-4f91-a23c-c4224187e3e5-150x150.jpg\" class=\"attachment-thumbnail size-thumbnail\" alt=\"\" srcset=\"https:\/\/www.placeforstrays.de\/wp-content\/uploads\/2021\/09\/8d25df00-1a2c-4f91-a23c-c4224187e3e5-150x150.jpg 150w, https:\/\/www.placeforstrays.de\/wp-content\/uploads\/2021\/09\/8d25df00-1a2c-4f91-a23c-c4224187e3e5-55x55.jpg 55w, https:\/\/www.placeforstrays.de\/wp-content\/uploads\/2021\/09\/8d25df00-1a2c-4f91-a23c-c4224187e3e5-250x250.jpg 250w\" sizes=\"(max-width: 150px) 100vw, 150px\" \/><\/a>\n\t\t\t<\/div><\/figure><figure class='gallery-item'>\n\t\t\t<div class='gallery-icon portrait'>\n\t\t\t\t<a href='https:\/\/www.placeforstrays.de\/en\/89411164-b51e-496a-8fc0-5e056ace89d5-2\/'><img width=\"150\" height=\"150\" src=\"https:\/\/www.placeforstrays.de\/wp-content\/uploads\/2021\/09\/89411164-b51e-496a-8fc0-5e056ace89d5-150x150.jpg\" class=\"attachment-thumbnail size-thumbnail\" alt=\"\" srcset=\"https:\/\/www.placeforstrays.de\/wp-content\/uploads\/2021\/09\/89411164-b51e-496a-8fc0-5e056ace89d5-150x150.jpg 150w, https:\/\/www.placeforstrays.de\/wp-content\/uploads\/2021\/09\/89411164-b51e-496a-8fc0-5e056ace89d5-55x55.jpg 55w, https:\/\/www.placeforstrays.de\/wp-content\/uploads\/2021\/09\/89411164-b51e-496a-8fc0-5e056ace89d5-250x250.jpg 250w\" sizes=\"(max-width: 150px) 100vw, 150px\" \/><\/a>\n\t\t\t<\/div><\/figure><figure class='gallery-item'>\n\t\t\t<div class='gallery-icon portrait'>\n\t\t\t\t<a href='https:\/\/www.placeforstrays.de\/en\/4bd111bd-4895-4076-82aa-ad5207ce2adb-2\/'><img width=\"150\" height=\"150\" src=\"https:\/\/www.placeforstrays.de\/wp-content\/uploads\/2021\/09\/4bd111bd-4895-4076-82aa-ad5207ce2adb-150x150.jpg\" class=\"attachment-thumbnail size-thumbnail\" alt=\"\" srcset=\"https:\/\/www.placeforstrays.de\/wp-content\/uploads\/2021\/09\/4bd111bd-4895-4076-82aa-ad5207ce2adb-150x150.jpg 150w, https:\/\/www.placeforstrays.de\/wp-content\/uploads\/2021\/09\/4bd111bd-4895-4076-82aa-ad5207ce2adb-55x55.jpg 55w, https:\/\/www.placeforstrays.de\/wp-content\/uploads\/2021\/09\/4bd111bd-4895-4076-82aa-ad5207ce2adb-250x250.jpg 250w\" sizes=\"(max-width: 150px) 100vw, 150px\" \/><\/a>\n\t\t\t<\/div><\/figure><figure class='gallery-item'>\n\t\t\t<div class='gallery-icon portrait'>\n\t\t\t\t<a href='https:\/\/www.placeforstrays.de\/en\/82abffb0-fe6b-478a-958f-2153a9514a6c-2\/'><img width=\"150\" height=\"150\" src=\"https:\/\/www.placeforstrays.de\/wp-content\/uploads\/2021\/09\/82abffb0-fe6b-478a-958f-2153a9514a6c-150x150.jpg\" class=\"attachment-thumbnail size-thumbnail\" alt=\"\" srcset=\"https:\/\/www.placeforstrays.de\/wp-content\/uploads\/2021\/09\/82abffb0-fe6b-478a-958f-2153a9514a6c-150x150.jpg 150w, https:\/\/www.placeforstrays.de\/wp-content\/uploads\/2021\/09\/82abffb0-fe6b-478a-958f-2153a9514a6c-55x55.jpg 55w, https:\/\/www.placeforstrays.de\/wp-content\/uploads\/2021\/09\/82abffb0-fe6b-478a-958f-2153a9514a6c-250x250.jpg 250w\" sizes=\"(max-width: 150px) 100vw, 150px\" \/><\/a>\n\t\t\t<\/div><\/figure><figure class='gallery-item'>\n\t\t\t<div class='gallery-icon portrait'>\n\t\t\t\t<a href='https:\/\/www.placeforstrays.de\/en\/e5c99866-1866-4cc0-b084-4df50192e738-2\/'><img width=\"150\" height=\"150\" src=\"https:\/\/www.placeforstrays.de\/wp-content\/uploads\/2021\/09\/e5c99866-1866-4cc0-b084-4df50192e738-150x150.jpg\" class=\"attachment-thumbnail size-thumbnail\" alt=\"\" srcset=\"https:\/\/www.placeforstrays.de\/wp-content\/uploads\/2021\/09\/e5c99866-1866-4cc0-b084-4df50192e738-150x150.jpg 150w, https:\/\/www.placeforstrays.de\/wp-content\/uploads\/2021\/09\/e5c99866-1866-4cc0-b084-4df50192e738-55x55.jpg 55w, https:\/\/www.placeforstrays.de\/wp-content\/uploads\/2021\/09\/e5c99866-1866-4cc0-b084-4df50192e738-250x250.jpg 250w\" sizes=\"(max-width: 150px) 100vw, 150px\" \/><\/a>\n\t\t\t<\/div><\/figure><figure class='gallery-item'>\n\t\t\t<div class='gallery-icon portrait'>\n\t\t\t\t<a href='https:\/\/www.placeforstrays.de\/en\/c6df2ea6-db2f-4c8f-9b26-70a8b86d30ac-2\/'><img width=\"150\" height=\"150\" src=\"https:\/\/www.placeforstrays.de\/wp-content\/uploads\/2021\/09\/c6df2ea6-db2f-4c8f-9b26-70a8b86d30ac-150x150.jpg\" class=\"attachment-thumbnail size-thumbnail\" alt=\"\" srcset=\"https:\/\/www.placeforstrays.de\/wp-content\/uploads\/2021\/09\/c6df2ea6-db2f-4c8f-9b26-70a8b86d30ac-150x150.jpg 150w, https:\/\/www.placeforstrays.de\/wp-content\/uploads\/2021\/09\/c6df2ea6-db2f-4c8f-9b26-70a8b86d30ac-55x55.jpg 55w, https:\/\/www.placeforstrays.de\/wp-content\/uploads\/2021\/09\/c6df2ea6-db2f-4c8f-9b26-70a8b86d30ac-250x250.jpg 250w\" sizes=\"(max-width: 150px) 100vw, 150px\" \/><\/a>\n\t\t\t<\/div><\/figure><figure class='gallery-item'>\n\t\t\t<div class='gallery-icon portrait'>\n\t\t\t\t<a href='https:\/\/www.placeforstrays.de\/en\/ece6522c-bf6c-44a7-9641-a5f3554f0345-2\/'><img width=\"150\" height=\"150\" src=\"https:\/\/www.placeforstrays.de\/wp-content\/uploads\/2021\/09\/ece6522c-bf6c-44a7-9641-a5f3554f0345-150x150.jpg\" class=\"attachment-thumbnail size-thumbnail\" alt=\"\" srcset=\"https:\/\/www.placeforstrays.de\/wp-content\/uploads\/2021\/09\/ece6522c-bf6c-44a7-9641-a5f3554f0345-150x150.jpg 150w, https:\/\/www.placeforstrays.de\/wp-content\/uploads\/2021\/09\/ece6522c-bf6c-44a7-9641-a5f3554f0345-55x55.jpg 55w, https:\/\/www.placeforstrays.de\/wp-content\/uploads\/2021\/09\/ece6522c-bf6c-44a7-9641-a5f3554f0345-250x250.jpg 250w\" sizes=\"(max-width: 150px) 100vw, 150px\" \/><\/a>\n\t\t\t<\/div><\/figure><figure class='gallery-item'>\n\t\t\t<div class='gallery-icon landscape'>\n\t\t\t\t<a href='https:\/\/www.placeforstrays.de\/en\/63b528c6-eaca-4389-a1cb-770cf8dcb400-2\/'><img width=\"150\" height=\"150\" src=\"https:\/\/www.placeforstrays.de\/wp-content\/uploads\/2021\/09\/63b528c6-eaca-4389-a1cb-770cf8dcb400-150x150.jpg\" class=\"attachment-thumbnail size-thumbnail\" alt=\"\" srcset=\"https:\/\/www.placeforstrays.de\/wp-content\/uploads\/2021\/09\/63b528c6-eaca-4389-a1cb-770cf8dcb400-150x150.jpg 150w, https:\/\/www.placeforstrays.de\/wp-content\/uploads\/2021\/09\/63b528c6-eaca-4389-a1cb-770cf8dcb400-55x55.jpg 55w, https:\/\/www.placeforstrays.de\/wp-content\/uploads\/2021\/09\/63b528c6-eaca-4389-a1cb-770cf8dcb400-250x250.jpg 250w\" sizes=\"(max-width: 150px) 100vw, 150px\" \/><\/a>\n\t\t\t<\/div><\/figure><figure class='gallery-item'>\n\t\t\t<div class='gallery-icon landscape'>\n\t\t\t\t<a href='https:\/\/www.placeforstrays.de\/en\/4a30645e-7ee4-4322-a459-64002f8ea131-2\/'><img width=\"150\" height=\"150\" src=\"https:\/\/www.placeforstrays.de\/wp-content\/uploads\/2021\/09\/4a30645e-7ee4-4322-a459-64002f8ea131-150x150.jpg\" class=\"attachment-thumbnail size-thumbnail\" alt=\"\" srcset=\"https:\/\/www.placeforstrays.de\/wp-content\/uploads\/2021\/09\/4a30645e-7ee4-4322-a459-64002f8ea131-150x150.jpg 150w, https:\/\/www.placeforstrays.de\/wp-content\/uploads\/2021\/09\/4a30645e-7ee4-4322-a459-64002f8ea131-55x55.jpg 55w, https:\/\/www.placeforstrays.de\/wp-content\/uploads\/2021\/09\/4a30645e-7ee4-4322-a459-64002f8ea131-250x250.jpg 250w\" sizes=\"(max-width: 150px) 100vw, 150px\" \/><\/a>\n\t\t\t<\/div><\/figure><figure class='gallery-item'>\n\t\t\t<div class='gallery-icon portrait'>\n\t\t\t\t<a href='https:\/\/www.placeforstrays.de\/en\/36bac8e3-b14b-4ad3-8662-271515befba5-2\/'><img width=\"150\" height=\"150\" src=\"https:\/\/www.placeforstrays.de\/wp-content\/uploads\/2021\/09\/36bac8e3-b14b-4ad3-8662-271515befba5-150x150.jpg\" class=\"attachment-thumbnail size-thumbnail\" alt=\"\" srcset=\"https:\/\/www.placeforstrays.de\/wp-content\/uploads\/2021\/09\/36bac8e3-b14b-4ad3-8662-271515befba5-150x150.jpg 150w, https:\/\/www.placeforstrays.de\/wp-content\/uploads\/2021\/09\/36bac8e3-b14b-4ad3-8662-271515befba5-55x55.jpg 55w, https:\/\/www.placeforstrays.de\/wp-content\/uploads\/2021\/09\/36bac8e3-b14b-4ad3-8662-271515befba5-250x250.jpg 250w\" sizes=\"(max-width: 150px) 100vw, 150px\" \/><\/a>\n\t\t\t<\/div><\/figure><figure class='gallery-item'>\n\t\t\t<div class='gallery-icon portrait'>\n\t\t\t\t<a href='https:\/\/www.placeforstrays.de\/en\/a6cd9365-5156-4762-9dd8-ded28ab35ccf-2\/'><img width=\"150\" height=\"150\" src=\"https:\/\/www.placeforstrays.de\/wp-content\/uploads\/2021\/09\/a6cd9365-5156-4762-9dd8-ded28ab35ccf-150x150.jpg\" class=\"attachment-thumbnail size-thumbnail\" alt=\"\" srcset=\"https:\/\/www.placeforstrays.de\/wp-content\/uploads\/2021\/09\/a6cd9365-5156-4762-9dd8-ded28ab35ccf-150x150.jpg 150w, https:\/\/www.placeforstrays.de\/wp-content\/uploads\/2021\/09\/a6cd9365-5156-4762-9dd8-ded28ab35ccf-55x55.jpg 55w, https:\/\/www.placeforstrays.de\/wp-content\/uploads\/2021\/09\/a6cd9365-5156-4762-9dd8-ded28ab35ccf-250x250.jpg 250w\" sizes=\"(max-width: 150px) 100vw, 150px\" \/><\/a>\n\t\t\t<\/div><\/figure><figure class='gallery-item'>\n\t\t\t<div class='gallery-icon portrait'>\n\t\t\t\t<a href='https:\/\/www.placeforstrays.de\/en\/32f92642-89c4-4d50-8990-31c9a62a3973-2\/'><img width=\"150\" height=\"150\" src=\"https:\/\/www.placeforstrays.de\/wp-content\/uploads\/2021\/09\/32f92642-89c4-4d50-8990-31c9a62a3973-150x150.jpg\" class=\"attachment-thumbnail size-thumbnail\" alt=\"\" srcset=\"https:\/\/www.placeforstrays.de\/wp-content\/uploads\/2021\/09\/32f92642-89c4-4d50-8990-31c9a62a3973-150x150.jpg 150w, https:\/\/www.placeforstrays.de\/wp-content\/uploads\/2021\/09\/32f92642-89c4-4d50-8990-31c9a62a3973-55x55.jpg 55w, https:\/\/www.placeforstrays.de\/wp-content\/uploads\/2021\/09\/32f92642-89c4-4d50-8990-31c9a62a3973-250x250.jpg 250w\" sizes=\"(max-width: 150px) 100vw, 150px\" \/><\/a>\n\t\t\t<\/div><\/figure><figure class='gallery-item'>\n\t\t\t<div class='gallery-icon portrait'>\n\t\t\t\t<a href='https:\/\/www.placeforstrays.de\/en\/f5f570dc-0158-4af9-8bdf-b3585a61f734-2\/'><img width=\"150\" height=\"150\" src=\"https:\/\/www.placeforstrays.de\/wp-content\/uploads\/2021\/09\/f5f570dc-0158-4af9-8bdf-b3585a61f734-150x150.jpg\" class=\"attachment-thumbnail size-thumbnail\" alt=\"\" srcset=\"https:\/\/www.placeforstrays.de\/wp-content\/uploads\/2021\/09\/f5f570dc-0158-4af9-8bdf-b3585a61f734-150x150.jpg 150w, https:\/\/www.placeforstrays.de\/wp-content\/uploads\/2021\/09\/f5f570dc-0158-4af9-8bdf-b3585a61f734-55x55.jpg 55w, https:\/\/www.placeforstrays.de\/wp-content\/uploads\/2021\/09\/f5f570dc-0158-4af9-8bdf-b3585a61f734-250x250.jpg 250w\" sizes=\"(max-width: 150px) 100vw, 150px\" \/><\/a>\n\t\t\t<\/div><\/figure><figure class='gallery-item'>\n\t\t\t<div class='gallery-icon portrait'>\n\t\t\t\t<a href='https:\/\/www.placeforstrays.de\/en\/f50ebd78-8f83-4355-bae8-bdc15e8407ff-2\/'><img width=\"150\" height=\"150\" src=\"https:\/\/www.placeforstrays.de\/wp-content\/uploads\/2021\/09\/f50ebd78-8f83-4355-bae8-bdc15e8407ff-150x150.jpg\" class=\"attachment-thumbnail size-thumbnail\" alt=\"\" srcset=\"https:\/\/www.placeforstrays.de\/wp-content\/uploads\/2021\/09\/f50ebd78-8f83-4355-bae8-bdc15e8407ff-150x150.jpg 150w, https:\/\/www.placeforstrays.de\/wp-content\/uploads\/2021\/09\/f50ebd78-8f83-4355-bae8-bdc15e8407ff-55x55.jpg 55w, https:\/\/www.placeforstrays.de\/wp-content\/uploads\/2021\/09\/f50ebd78-8f83-4355-bae8-bdc15e8407ff-250x250.jpg 250w\" sizes=\"(max-width: 150px) 100vw, 150px\" \/><\/a>\n\t\t\t<\/div><\/figure>\n\t\t<\/div>\n\n","protected":false},"excerpt":{"rendered":"<p>Geschichte Toni wurde von einer befreundeten Tiersch\u00fctzerin entdeckt und zu uns von Place for Strays gebracht. Als er vor zwei Monaten zu uns kam, war er ziemlich d\u00fcnn und hatte viele kahle Stellen in seinem Fell. Dank der gro\u00dfartigen F\u00fcrsorge unserer Helfer vor Ort, die ihn regelm\u00e4\u00dfig badeten, hat sich unser liebenswerter Toni super gut&#8230;<\/p>\n","protected":false},"author":9,"featured_media":34601,"menu_order":0,"comment_status":"closed","ping_status":"open","template":"","format":"standard","meta":[],"pj-categs":[14,17,37],"pj-tags":[],"yoast_head":"<!-- This site is optimized with the Yoast SEO plugin v19.13 - https:\/\/yoast.com\/wordpress\/plugins\/seo\/ -->\n<title>Toni fand ein liebevolles Zuhause - PLACE for STRAYS Albufeira<\/title>\n<meta name=\"description\" content=\"Toni wurde alleine und pflegebed\u00fcrftig eingesammelt. Er durfte in den PLACE for STRAYS einziehen und fand sein F\u00fcr-Immer-Zuhause.\" \/>\n<meta name=\"robots\" content=\"index, follow, max-snippet:-1, max-image-preview:large, max-video-preview:-1\" \/>\n<link rel=\"canonical\" href=\"https:\/\/www.placeforstrays.de\/en\/our-proteges\/toni\/\" \/>\n<meta property=\"og:locale\" content=\"en_US\" \/>\n<meta property=\"og:type\" content=\"article\" \/>\n<meta property=\"og:title\" content=\"Toni fand ein liebevolles Zuhause - PLACE for STRAYS Albufeira\" \/>\n<meta property=\"og:description\" content=\"Toni wurde alleine und pflegebed\u00fcrftig eingesammelt. Er durfte in den PLACE for STRAYS einziehen und fand sein F\u00fcr-Immer-Zuhause.\" \/>\n<meta property=\"og:url\" content=\"https:\/\/www.placeforstrays.de\/en\/our-proteges\/toni\/\" \/>\n<meta property=\"og:site_name\" content=\"PLACE for STRAYS Albufeira\" \/>\n<meta property=\"article:publisher\" content=\"https:\/\/www.facebook.com\/groups\/1963615917246890\/\" \/>\n<meta property=\"article:modified_time\" content=\"2022-01-16T14:51:42+00:00\" \/>\n<meta property=\"og:image\" content=\"https:\/\/www.placeforstrays.de\/wp-content\/uploads\/2021\/09\/9d9ef0a5-e67e-455b-84bb-61f0402f58e3-e1642344667714.jpg\" \/>\n\t<meta property=\"og:image:width\" content=\"900\" \/>\n\t<meta property=\"og:image:height\" content=\"1200\" \/>\n\t<meta property=\"og:image:type\" content=\"image\/jpeg\" \/>\n<meta name=\"twitter:card\" content=\"summary_large_image\" \/>\n<meta name=\"twitter:label1\" content=\"Est. reading time\" \/>\n\t<meta name=\"twitter:data1\" content=\"1 minute\" \/>\n<script type=\"application\/ld+json\" class=\"yoast-schema-graph\">{\"@context\":\"https:\/\/schema.org\",\"@graph\":[{\"@type\":\"WebPage\",\"@id\":\"https:\/\/www.placeforstrays.de\/en\/our-proteges\/toni\/\",\"url\":\"https:\/\/www.placeforstrays.de\/en\/our-proteges\/toni\/\",\"name\":\"Toni fand ein liebevolles Zuhause - PLACE for STRAYS Albufeira\",\"isPartOf\":{\"@id\":\"https:\/\/www.placeforstrays.de\/en\/#website\"},\"datePublished\":\"2021-09-24T14:30:45+00:00\",\"dateModified\":\"2022-01-16T14:51:42+00:00\",\"description\":\"Toni wurde alleine und pflegebed\u00fcrftig eingesammelt. Er durfte in den PLACE for STRAYS einziehen und fand sein F\u00fcr-Immer-Zuhause.\",\"breadcrumb\":{\"@id\":\"https:\/\/www.placeforstrays.de\/en\/our-proteges\/toni\/#breadcrumb\"},\"inLanguage\":\"en-US\",\"potentialAction\":[{\"@type\":\"ReadAction\",\"target\":[\"https:\/\/www.placeforstrays.de\/en\/our-proteges\/toni\/\"]}]},{\"@type\":\"BreadcrumbList\",\"@id\":\"https:\/\/www.placeforstrays.de\/en\/our-proteges\/toni\/#breadcrumb\",\"itemListElement\":[{\"@type\":\"ListItem\",\"position\":1,\"name\":\"Startseite\",\"item\":\"https:\/\/www.placeforstrays.de\/en\/\"},{\"@type\":\"ListItem\",\"position\":2,\"name\":\"Projects\",\"item\":\"https:\/\/www.placeforstrays.de\/en\/our-proteges\/\"},{\"@type\":\"ListItem\",\"position\":3,\"name\":\"Toni\"}]},{\"@type\":\"WebSite\",\"@id\":\"https:\/\/www.placeforstrays.de\/en\/#website\",\"url\":\"https:\/\/www.placeforstrays.de\/en\/\",\"name\":\"PLACE for STRAYS Albufeira\",\"description\":\"Tierschutz\",\"publisher\":{\"@id\":\"https:\/\/www.placeforstrays.de\/en\/#organization\"},\"potentialAction\":[{\"@type\":\"SearchAction\",\"target\":{\"@type\":\"EntryPoint\",\"urlTemplate\":\"https:\/\/www.placeforstrays.de\/en\/?s={search_term_string}\"},\"query-input\":\"required name=search_term_string\"}],\"inLanguage\":\"en-US\"},{\"@type\":\"Organization\",\"@id\":\"https:\/\/www.placeforstrays.de\/en\/#organization\",\"name\":\"PLACE for STRAYS\",\"url\":\"https:\/\/www.placeforstrays.de\/en\/\",\"logo\":{\"@type\":\"ImageObject\",\"inLanguage\":\"en-US\",\"@id\":\"https:\/\/www.placeforstrays.de\/en\/#\/schema\/logo\/image\/\",\"url\":\"https:\/\/www.placeforstrays.de\/wp-content\/uploads\/2019\/07\/Logo-mit-Hintergrund-Kopie.jpg\",\"contentUrl\":\"https:\/\/www.placeforstrays.de\/wp-content\/uploads\/2019\/07\/Logo-mit-Hintergrund-Kopie.jpg\",\"width\":277,\"height\":291,\"caption\":\"PLACE for STRAYS\"},\"image\":{\"@id\":\"https:\/\/www.placeforstrays.de\/en\/#\/schema\/logo\/image\/\"},\"sameAs\":[\"https:\/\/www.instagram.com\/placeforstraysalbufeira\/\",\"https:\/\/www.facebook.com\/groups\/1963615917246890\/\"]}]}<\/script>\n<!-- \/ Yoast SEO plugin. -->","yoast_head_json":{"title":"Toni fand ein liebevolles Zuhause - PLACE for STRAYS Albufeira","description":"Toni wurde alleine und pflegebed\u00fcrftig eingesammelt. Er durfte in den PLACE for STRAYS einziehen und fand sein F\u00fcr-Immer-Zuhause.","robots":{"index":"index","follow":"follow","max-snippet":"max-snippet:-1","max-image-preview":"max-image-preview:large","max-video-preview":"max-video-preview:-1"},"canonical":"https:\/\/www.placeforstrays.de\/en\/our-proteges\/toni\/","og_locale":"en_US","og_type":"article","og_title":"Toni fand ein liebevolles Zuhause - PLACE for STRAYS Albufeira","og_description":"Toni wurde alleine und pflegebed\u00fcrftig eingesammelt. Er durfte in den PLACE for STRAYS einziehen und fand sein F\u00fcr-Immer-Zuhause.","og_url":"https:\/\/www.placeforstrays.de\/en\/our-proteges\/toni\/","og_site_name":"PLACE for STRAYS Albufeira","article_publisher":"https:\/\/www.facebook.com\/groups\/1963615917246890\/","article_modified_time":"2022-01-16T14:51:42+00:00","og_image":[{"width":900,"height":1200,"url":"https:\/\/www.placeforstrays.de\/wp-content\/uploads\/2021\/09\/9d9ef0a5-e67e-455b-84bb-61f0402f58e3-e1642344667714.jpg","type":"image\/jpeg"}],"twitter_card":"summary_large_image","twitter_misc":{"Est. reading time":"1 minute"},"schema":{"@context":"https:\/\/schema.org","@graph":[{"@type":"WebPage","@id":"https:\/\/www.placeforstrays.de\/en\/our-proteges\/toni\/","url":"https:\/\/www.placeforstrays.de\/en\/our-proteges\/toni\/","name":"Toni fand ein liebevolles Zuhause - PLACE for STRAYS Albufeira","isPartOf":{"@id":"https:\/\/www.placeforstrays.de\/en\/#website"},"datePublished":"2021-09-24T14:30:45+00:00","dateModified":"2022-01-16T14:51:42+00:00","description":"Toni wurde alleine und pflegebed\u00fcrftig eingesammelt. Er durfte in den PLACE for STRAYS einziehen und fand sein F\u00fcr-Immer-Zuhause.","breadcrumb":{"@id":"https:\/\/www.placeforstrays.de\/en\/our-proteges\/toni\/#breadcrumb"},"inLanguage":"en-US","potentialAction":[{"@type":"ReadAction","target":["https:\/\/www.placeforstrays.de\/en\/our-proteges\/toni\/"]}]},{"@type":"BreadcrumbList","@id":"https:\/\/www.placeforstrays.de\/en\/our-proteges\/toni\/#breadcrumb","itemListElement":[{"@type":"ListItem","position":1,"name":"Startseite","item":"https:\/\/www.placeforstrays.de\/en\/"},{"@type":"ListItem","position":2,"name":"Projects","item":"https:\/\/www.placeforstrays.de\/en\/our-proteges\/"},{"@type":"ListItem","position":3,"name":"Toni"}]},{"@type":"WebSite","@id":"https:\/\/www.placeforstrays.de\/en\/#website","url":"https:\/\/www.placeforstrays.de\/en\/","name":"PLACE for STRAYS Albufeira","description":"Tierschutz","publisher":{"@id":"https:\/\/www.placeforstrays.de\/en\/#organization"},"potentialAction":[{"@type":"SearchAction","target":{"@type":"EntryPoint","urlTemplate":"https:\/\/www.placeforstrays.de\/en\/?s={search_term_string}"},"query-input":"required name=search_term_string"}],"inLanguage":"en-US"},{"@type":"Organization","@id":"https:\/\/www.placeforstrays.de\/en\/#organization","name":"PLACE for STRAYS","url":"https:\/\/www.placeforstrays.de\/en\/","logo":{"@type":"ImageObject","inLanguage":"en-US","@id":"https:\/\/www.placeforstrays.de\/en\/#\/schema\/logo\/image\/","url":"https:\/\/www.placeforstrays.de\/wp-content\/uploads\/2019\/07\/Logo-mit-Hintergrund-Kopie.jpg","contentUrl":"https:\/\/www.placeforstrays.de\/wp-content\/uploads\/2019\/07\/Logo-mit-Hintergrund-Kopie.jpg","width":277,"height":291,"caption":"PLACE for STRAYS"},"image":{"@id":"https:\/\/www.placeforstrays.de\/en\/#\/schema\/logo\/image\/"},"sameAs":["https:\/\/www.instagram.com\/placeforstraysalbufeira\/","https:\/\/www.facebook.com\/groups\/1963615917246890\/"]}]}},"_links":{"self":[{"href":"https:\/\/www.placeforstrays.de\/en\/wp-json\/wp\/v2\/project\/32143"}],"collection":[{"href":"https:\/\/www.placeforstrays.de\/en\/wp-json\/wp\/v2\/project"}],"about":[{"href":"https:\/\/www.placeforstrays.de\/en\/wp-json\/wp\/v2\/types\/project"}],"author":[{"embeddable":true,"href":"https:\/\/www.placeforstrays.de\/en\/wp-json\/wp\/v2\/users\/9"}],"replies":[{"embeddable":true,"href":"https:\/\/www.placeforstrays.de\/en\/wp-json\/wp\/v2\/comments?post=32143"}],"version-history":[{"count":0,"href":"https:\/\/www.placeforstrays.de\/en\/wp-json\/wp\/v2\/project\/32143\/revisions"}],"wp:featuredmedia":[{"embeddable":true,"href":"https:\/\/www.placeforstrays.de\/en\/wp-json\/wp\/v2\/media\/34601"}],"wp:attachment":[{"href":"https:\/\/www.placeforstrays.de\/en\/wp-json\/wp\/v2\/media?parent=32143"}],"wp:term":[{"taxonomy":"pj-categs","embeddable":true,"href":"https:\/\/www.placeforstrays.de\/en\/wp-json\/wp\/v2\/pj-categs?post=32143"},{"taxonomy":"pj-tags","embeddable":true,"href":"https:\/\/www.placeforstrays.de\/en\/wp-json\/wp\/v2\/pj-tags?post=32143"}],"curies":[{"name":"wp","href":"https:\/\/api.w.org\/{rel}","templated":true}]}}