{"id":32205,"date":"2021-09-28T10:38:35","date_gmt":"2021-09-28T08:38:35","guid":{"rendered":"https:\/\/www.placeforstrays.de\/?post_type=project&#038;p=32205"},"modified":"2022-03-19T11:41:24","modified_gmt":"2022-03-19T10:41:24","slug":"tejo","status":"publish","type":"project","link":"https:\/\/www.placeforstrays.de\/en\/our-proteges\/tejo\/","title":{"rendered":"Tejo"},"content":{"rendered":"<style type=\"text\/css\"><\/style><h3>Geschichte<\/h3>\n<div class=\"_2cuy _3dgx _2vxa\">\n<div class=\"_2cuy _3dgx _2vxa\">\n<div class=\"_2cuy _3dgx _2vxa\">\n<div class=\"_2cuy _3dgx _2vxa\">\n<div class=\"_2cuy _3dgx _2vxa\">\n<div class=\"text_exposed_show\">\n<div class=\"_2cuy _3dgx _2vxa\">\n<div class=\"_2cuy _3dgx _2vxa\">\n<div class=\"_2cuy _3dgx _2vxa\">\n<div class=\"_2cuy _3dgx _2vxa\">\n<div class=\"_2cuy _3dgx _2vxa\">\n<p>Als wir <a href=\"https:\/\/www.placeforstrays.de\/our-proteges\/ginny\/\">Ginny<\/a>\u00a0Anfang August bei uns aufnahmen, wussten wir noch nicht, dass sie unseren Shelter nicht alleine bereichern w\u00fcrde. Gro\u00df war dementsprechend die \u00dcberraschung, als wir bei einem sp\u00e4teren Ultraschall feststellen konnten, dass sie bereits tr\u00e4chtig war. Ende August war es dann soweit, und Ginnys drei kleine Welpen erblickten das Licht der Welt. Einer der entz\u00fcckenden Fellnasen ist Tejo. Die Kleinen und ihre Mama waren putzmunter, und entwickelten sich von Tag zu Tag pr\u00e4chtig. Inzwischen ist Tejo bereit f\u00fcr die Vermittlung. Er lebt aktuell auf einer Pflegestelle in Deutschland und kann dort nach Absprache besucht werden.<\/p>\n<\/div>\n<h3>Charakter<\/h3>\n<p>Tejo ist sehr aufgeschlossen und abenteuerlustig, er ist neugierig und auch mutig bei seinen Erkundungstouren. Bevor er sich in ein neues Abenteuer st\u00fcrzt, beobachtet er als erstes kurz die Situation, bis er sich sicher f\u00fchlt, ist dann aber bei allem dabei. Insgesamt ist er einfach nur freundlich, verspielt und \u00a0wachsam. Im Vergleich zu seinen Geschwistern ist er aktuell noch am wenigsten verkuschelt, mag es aber sehr mit seinen Menschen zu spielen und auf ihnen rumzutoben. Er hat, typisch Podenco, einen starken Jagdtrieb, den man mit dem richtigen Training aber sicher in geordnete Bahnen lenken kann.<\/p>\n<div id='gallery-1' class='gallery galleryid-32205 gallery-columns-2 gallery-size-thumbnail'><figure class='gallery-item'>\n\t\t\t<div class='gallery-icon portrait'>\n\t\t\t\t<a href='https:\/\/www.placeforstrays.de\/en\/tejo-22-2\/'><img width=\"150\" height=\"150\" src=\"https:\/\/www.placeforstrays.de\/wp-content\/uploads\/2021\/09\/Tejo-22-150x150.jpg\" class=\"attachment-thumbnail size-thumbnail\" alt=\"\" srcset=\"https:\/\/www.placeforstrays.de\/wp-content\/uploads\/2021\/09\/Tejo-22-150x150.jpg 150w, https:\/\/www.placeforstrays.de\/wp-content\/uploads\/2021\/09\/Tejo-22-55x55.jpg 55w, https:\/\/www.placeforstrays.de\/wp-content\/uploads\/2021\/09\/Tejo-22-250x250.jpg 250w\" sizes=\"(max-width: 150px) 100vw, 150px\" \/><\/a>\n\t\t\t<\/div><\/figure><figure class='gallery-item'>\n\t\t\t<div class='gallery-icon portrait'>\n\t\t\t\t<a href='https:\/\/www.placeforstrays.de\/en\/tejo-21-2\/'><img width=\"150\" height=\"150\" src=\"https:\/\/www.placeforstrays.de\/wp-content\/uploads\/2021\/09\/Tejo-21-150x150.jpg\" class=\"attachment-thumbnail size-thumbnail\" alt=\"\" srcset=\"https:\/\/www.placeforstrays.de\/wp-content\/uploads\/2021\/09\/Tejo-21-150x150.jpg 150w, https:\/\/www.placeforstrays.de\/wp-content\/uploads\/2021\/09\/Tejo-21-55x55.jpg 55w, https:\/\/www.placeforstrays.de\/wp-content\/uploads\/2021\/09\/Tejo-21-250x250.jpg 250w\" sizes=\"(max-width: 150px) 100vw, 150px\" \/><\/a>\n\t\t\t<\/div><\/figure><figure class='gallery-item'>\n\t\t\t<div class='gallery-icon portrait'>\n\t\t\t\t<a href='https:\/\/www.placeforstrays.de\/en\/tejo-20-2\/'><img width=\"150\" height=\"150\" src=\"https:\/\/www.placeforstrays.de\/wp-content\/uploads\/2021\/09\/Tejo-20-150x150.jpg\" class=\"attachment-thumbnail size-thumbnail\" alt=\"\" srcset=\"https:\/\/www.placeforstrays.de\/wp-content\/uploads\/2021\/09\/Tejo-20-150x150.jpg 150w, https:\/\/www.placeforstrays.de\/wp-content\/uploads\/2021\/09\/Tejo-20-55x55.jpg 55w, https:\/\/www.placeforstrays.de\/wp-content\/uploads\/2021\/09\/Tejo-20-250x250.jpg 250w\" sizes=\"(max-width: 150px) 100vw, 150px\" \/><\/a>\n\t\t\t<\/div><\/figure><figure class='gallery-item'>\n\t\t\t<div class='gallery-icon portrait'>\n\t\t\t\t<a href='https:\/\/www.placeforstrays.de\/en\/tejo-19-2\/'><img width=\"150\" height=\"150\" src=\"https:\/\/www.placeforstrays.de\/wp-content\/uploads\/2021\/09\/Tejo-19-150x150.jpg\" class=\"attachment-thumbnail size-thumbnail\" alt=\"\" srcset=\"https:\/\/www.placeforstrays.de\/wp-content\/uploads\/2021\/09\/Tejo-19-150x150.jpg 150w, https:\/\/www.placeforstrays.de\/wp-content\/uploads\/2021\/09\/Tejo-19-55x55.jpg 55w, https:\/\/www.placeforstrays.de\/wp-content\/uploads\/2021\/09\/Tejo-19-250x250.jpg 250w\" sizes=\"(max-width: 150px) 100vw, 150px\" \/><\/a>\n\t\t\t<\/div><\/figure><figure class='gallery-item'>\n\t\t\t<div class='gallery-icon portrait'>\n\t\t\t\t<a href='https:\/\/www.placeforstrays.de\/en\/tejo-18-2\/'><img width=\"150\" height=\"150\" src=\"https:\/\/www.placeforstrays.de\/wp-content\/uploads\/2021\/09\/Tejo-18-150x150.jpg\" class=\"attachment-thumbnail size-thumbnail\" alt=\"\" srcset=\"https:\/\/www.placeforstrays.de\/wp-content\/uploads\/2021\/09\/Tejo-18-150x150.jpg 150w, https:\/\/www.placeforstrays.de\/wp-content\/uploads\/2021\/09\/Tejo-18-55x55.jpg 55w, https:\/\/www.placeforstrays.de\/wp-content\/uploads\/2021\/09\/Tejo-18-250x250.jpg 250w\" sizes=\"(max-width: 150px) 100vw, 150px\" \/><\/a>\n\t\t\t<\/div><\/figure><figure class='gallery-item'>\n\t\t\t<div class='gallery-icon landscape'>\n\t\t\t\t<a href='https:\/\/www.placeforstrays.de\/en\/tejo-16-2\/'><img width=\"150\" height=\"150\" src=\"https:\/\/www.placeforstrays.de\/wp-content\/uploads\/2021\/09\/Tejo-16-150x150.jpg\" class=\"attachment-thumbnail size-thumbnail\" alt=\"\" srcset=\"https:\/\/www.placeforstrays.de\/wp-content\/uploads\/2021\/09\/Tejo-16-150x150.jpg 150w, https:\/\/www.placeforstrays.de\/wp-content\/uploads\/2021\/09\/Tejo-16-55x55.jpg 55w, https:\/\/www.placeforstrays.de\/wp-content\/uploads\/2021\/09\/Tejo-16-250x250.jpg 250w\" sizes=\"(max-width: 150px) 100vw, 150px\" \/><\/a>\n\t\t\t<\/div><\/figure><figure class='gallery-item'>\n\t\t\t<div class='gallery-icon landscape'>\n\t\t\t\t<a href='https:\/\/www.placeforstrays.de\/en\/carla-11-2\/'><img width=\"150\" height=\"150\" src=\"https:\/\/www.placeforstrays.de\/wp-content\/uploads\/2021\/09\/Carla-11-150x150.jpg\" class=\"attachment-thumbnail size-thumbnail\" alt=\"\" srcset=\"https:\/\/www.placeforstrays.de\/wp-content\/uploads\/2021\/09\/Carla-11-150x150.jpg 150w, https:\/\/www.placeforstrays.de\/wp-content\/uploads\/2021\/09\/Carla-11-55x55.jpg 55w, https:\/\/www.placeforstrays.de\/wp-content\/uploads\/2021\/09\/Carla-11-250x250.jpg 250w\" sizes=\"(max-width: 150px) 100vw, 150px\" \/><\/a>\n\t\t\t<\/div><\/figure><figure class='gallery-item'>\n\t\t\t<div class='gallery-icon portrait'>\n\t\t\t\t<a href='https:\/\/www.placeforstrays.de\/en\/tejo-14-2\/'><img width=\"150\" height=\"150\" src=\"https:\/\/www.placeforstrays.de\/wp-content\/uploads\/2021\/09\/Tejo-14-150x150.jpg\" class=\"attachment-thumbnail size-thumbnail\" alt=\"\" srcset=\"https:\/\/www.placeforstrays.de\/wp-content\/uploads\/2021\/09\/Tejo-14-150x150.jpg 150w, https:\/\/www.placeforstrays.de\/wp-content\/uploads\/2021\/09\/Tejo-14-55x55.jpg 55w, https:\/\/www.placeforstrays.de\/wp-content\/uploads\/2021\/09\/Tejo-14-250x250.jpg 250w\" sizes=\"(max-width: 150px) 100vw, 150px\" \/><\/a>\n\t\t\t<\/div><\/figure><figure class='gallery-item'>\n\t\t\t<div class='gallery-icon portrait'>\n\t\t\t\t<a href='https:\/\/www.placeforstrays.de\/en\/tejo-15-2\/'><img width=\"150\" height=\"150\" src=\"https:\/\/www.placeforstrays.de\/wp-content\/uploads\/2021\/09\/Tejo-15-150x150.jpg\" class=\"attachment-thumbnail size-thumbnail\" alt=\"\" srcset=\"https:\/\/www.placeforstrays.de\/wp-content\/uploads\/2021\/09\/Tejo-15-150x150.jpg 150w, https:\/\/www.placeforstrays.de\/wp-content\/uploads\/2021\/09\/Tejo-15-55x55.jpg 55w, https:\/\/www.placeforstrays.de\/wp-content\/uploads\/2021\/09\/Tejo-15-250x250.jpg 250w\" sizes=\"(max-width: 150px) 100vw, 150px\" \/><\/a>\n\t\t\t<\/div><\/figure><figure class='gallery-item'>\n\t\t\t<div class='gallery-icon landscape'>\n\t\t\t\t<a href='https:\/\/www.placeforstrays.de\/en\/tejo-13-2\/'><img width=\"150\" height=\"150\" src=\"https:\/\/www.placeforstrays.de\/wp-content\/uploads\/2021\/09\/Tejo-13-150x150.jpg\" class=\"attachment-thumbnail size-thumbnail\" alt=\"\" srcset=\"https:\/\/www.placeforstrays.de\/wp-content\/uploads\/2021\/09\/Tejo-13-150x150.jpg 150w, https:\/\/www.placeforstrays.de\/wp-content\/uploads\/2021\/09\/Tejo-13-55x55.jpg 55w, https:\/\/www.placeforstrays.de\/wp-content\/uploads\/2021\/09\/Tejo-13-250x250.jpg 250w\" sizes=\"(max-width: 150px) 100vw, 150px\" \/><\/a>\n\t\t\t<\/div><\/figure><figure class='gallery-item'>\n\t\t\t<div class='gallery-icon landscape'>\n\t\t\t\t<a href='https:\/\/www.placeforstrays.de\/en\/tejo-11-2\/'><img width=\"150\" height=\"150\" src=\"https:\/\/www.placeforstrays.de\/wp-content\/uploads\/2021\/09\/Tejo-11-150x150.jpg\" class=\"attachment-thumbnail size-thumbnail\" alt=\"\" srcset=\"https:\/\/www.placeforstrays.de\/wp-content\/uploads\/2021\/09\/Tejo-11-150x150.jpg 150w, https:\/\/www.placeforstrays.de\/wp-content\/uploads\/2021\/09\/Tejo-11-55x55.jpg 55w, https:\/\/www.placeforstrays.de\/wp-content\/uploads\/2021\/09\/Tejo-11-250x250.jpg 250w\" sizes=\"(max-width: 150px) 100vw, 150px\" \/><\/a>\n\t\t\t<\/div><\/figure><figure class='gallery-item'>\n\t\t\t<div class='gallery-icon landscape'>\n\t\t\t\t<a href='https:\/\/www.placeforstrays.de\/en\/tejo-10-2\/'><img width=\"150\" height=\"150\" src=\"https:\/\/www.placeforstrays.de\/wp-content\/uploads\/2021\/09\/Tejo-10-150x150.jpg\" class=\"attachment-thumbnail size-thumbnail\" alt=\"\" srcset=\"https:\/\/www.placeforstrays.de\/wp-content\/uploads\/2021\/09\/Tejo-10-150x150.jpg 150w, https:\/\/www.placeforstrays.de\/wp-content\/uploads\/2021\/09\/Tejo-10-55x55.jpg 55w, https:\/\/www.placeforstrays.de\/wp-content\/uploads\/2021\/09\/Tejo-10-250x250.jpg 250w\" sizes=\"(max-width: 150px) 100vw, 150px\" \/><\/a>\n\t\t\t<\/div><\/figure><figure class='gallery-item'>\n\t\t\t<div class='gallery-icon landscape'>\n\t\t\t\t<a href='https:\/\/www.placeforstrays.de\/en\/tejo-9-2\/'><img width=\"150\" height=\"150\" src=\"https:\/\/www.placeforstrays.de\/wp-content\/uploads\/2021\/09\/Tejo-9-150x150.jpg\" class=\"attachment-thumbnail size-thumbnail\" alt=\"\" srcset=\"https:\/\/www.placeforstrays.de\/wp-content\/uploads\/2021\/09\/Tejo-9-150x150.jpg 150w, https:\/\/www.placeforstrays.de\/wp-content\/uploads\/2021\/09\/Tejo-9-55x55.jpg 55w, https:\/\/www.placeforstrays.de\/wp-content\/uploads\/2021\/09\/Tejo-9-250x250.jpg 250w\" sizes=\"(max-width: 150px) 100vw, 150px\" \/><\/a>\n\t\t\t<\/div><\/figure><figure class='gallery-item'>\n\t\t\t<div class='gallery-icon landscape'>\n\t\t\t\t<a href='https:\/\/www.placeforstrays.de\/en\/tejo-8-2\/'><img width=\"150\" height=\"150\" src=\"https:\/\/www.placeforstrays.de\/wp-content\/uploads\/2021\/09\/Tejo-8-150x150.jpg\" class=\"attachment-thumbnail size-thumbnail\" alt=\"\" srcset=\"https:\/\/www.placeforstrays.de\/wp-content\/uploads\/2021\/09\/Tejo-8-150x150.jpg 150w, https:\/\/www.placeforstrays.de\/wp-content\/uploads\/2021\/09\/Tejo-8-55x55.jpg 55w, https:\/\/www.placeforstrays.de\/wp-content\/uploads\/2021\/09\/Tejo-8-250x250.jpg 250w\" sizes=\"(max-width: 150px) 100vw, 150px\" \/><\/a>\n\t\t\t<\/div><\/figure><figure class='gallery-item'>\n\t\t\t<div class='gallery-icon portrait'>\n\t\t\t\t<a href='https:\/\/www.placeforstrays.de\/en\/tejo-7-2\/'><img width=\"150\" height=\"150\" src=\"https:\/\/www.placeforstrays.de\/wp-content\/uploads\/2021\/09\/Tejo-7-150x150.jpg\" class=\"attachment-thumbnail size-thumbnail\" alt=\"\" srcset=\"https:\/\/www.placeforstrays.de\/wp-content\/uploads\/2021\/09\/Tejo-7-150x150.jpg 150w, https:\/\/www.placeforstrays.de\/wp-content\/uploads\/2021\/09\/Tejo-7-55x55.jpg 55w, https:\/\/www.placeforstrays.de\/wp-content\/uploads\/2021\/09\/Tejo-7-250x250.jpg 250w\" sizes=\"(max-width: 150px) 100vw, 150px\" \/><\/a>\n\t\t\t<\/div><\/figure><figure class='gallery-item'>\n\t\t\t<div class='gallery-icon portrait'>\n\t\t\t\t<a href='https:\/\/www.placeforstrays.de\/en\/tejo-6-2\/'><img width=\"150\" height=\"150\" src=\"https:\/\/www.placeforstrays.de\/wp-content\/uploads\/2021\/09\/Tejo-6-150x150.jpg\" class=\"attachment-thumbnail size-thumbnail\" alt=\"\" srcset=\"https:\/\/www.placeforstrays.de\/wp-content\/uploads\/2021\/09\/Tejo-6-150x150.jpg 150w, https:\/\/www.placeforstrays.de\/wp-content\/uploads\/2021\/09\/Tejo-6-55x55.jpg 55w, https:\/\/www.placeforstrays.de\/wp-content\/uploads\/2021\/09\/Tejo-6-250x250.jpg 250w\" sizes=\"(max-width: 150px) 100vw, 150px\" \/><\/a>\n\t\t\t<\/div><\/figure><figure class='gallery-item'>\n\t\t\t<div class='gallery-icon portrait'>\n\t\t\t\t<a href='https:\/\/www.placeforstrays.de\/en\/tejo-5-2\/'><img width=\"150\" height=\"150\" src=\"https:\/\/www.placeforstrays.de\/wp-content\/uploads\/2021\/09\/Tejo-5-150x150.jpg\" class=\"attachment-thumbnail size-thumbnail\" alt=\"\" srcset=\"https:\/\/www.placeforstrays.de\/wp-content\/uploads\/2021\/09\/Tejo-5-150x150.jpg 150w, https:\/\/www.placeforstrays.de\/wp-content\/uploads\/2021\/09\/Tejo-5-55x55.jpg 55w, https:\/\/www.placeforstrays.de\/wp-content\/uploads\/2021\/09\/Tejo-5-250x250.jpg 250w\" sizes=\"(max-width: 150px) 100vw, 150px\" \/><\/a>\n\t\t\t<\/div><\/figure><figure class='gallery-item'>\n\t\t\t<div class='gallery-icon portrait'>\n\t\t\t\t<a href='https:\/\/www.placeforstrays.de\/en\/tejo-4-2\/'><img width=\"150\" height=\"150\" src=\"https:\/\/www.placeforstrays.de\/wp-content\/uploads\/2021\/09\/Tejo-4-150x150.jpg\" class=\"attachment-thumbnail size-thumbnail\" alt=\"\" srcset=\"https:\/\/www.placeforstrays.de\/wp-content\/uploads\/2021\/09\/Tejo-4-150x150.jpg 150w, https:\/\/www.placeforstrays.de\/wp-content\/uploads\/2021\/09\/Tejo-4-55x55.jpg 55w, https:\/\/www.placeforstrays.de\/wp-content\/uploads\/2021\/09\/Tejo-4-250x250.jpg 250w\" sizes=\"(max-width: 150px) 100vw, 150px\" \/><\/a>\n\t\t\t<\/div><\/figure><figure class='gallery-item'>\n\t\t\t<div class='gallery-icon portrait'>\n\t\t\t\t<a href='https:\/\/www.placeforstrays.de\/en\/tejo-3-2\/'><img width=\"150\" height=\"150\" src=\"https:\/\/www.placeforstrays.de\/wp-content\/uploads\/2021\/09\/Tejo-3-150x150.jpg\" class=\"attachment-thumbnail size-thumbnail\" alt=\"\" srcset=\"https:\/\/www.placeforstrays.de\/wp-content\/uploads\/2021\/09\/Tejo-3-150x150.jpg 150w, https:\/\/www.placeforstrays.de\/wp-content\/uploads\/2021\/09\/Tejo-3-55x55.jpg 55w, https:\/\/www.placeforstrays.de\/wp-content\/uploads\/2021\/09\/Tejo-3-250x250.jpg 250w\" sizes=\"(max-width: 150px) 100vw, 150px\" \/><\/a>\n\t\t\t<\/div><\/figure><figure class='gallery-item'>\n\t\t\t<div class='gallery-icon portrait'>\n\t\t\t\t<a href='https:\/\/www.placeforstrays.de\/en\/tejo-2-2\/'><img width=\"150\" height=\"150\" src=\"https:\/\/www.placeforstrays.de\/wp-content\/uploads\/2021\/09\/Tejo-2-150x150.jpg\" class=\"attachment-thumbnail size-thumbnail\" alt=\"\" srcset=\"https:\/\/www.placeforstrays.de\/wp-content\/uploads\/2021\/09\/Tejo-2-150x150.jpg 150w, https:\/\/www.placeforstrays.de\/wp-content\/uploads\/2021\/09\/Tejo-2-55x55.jpg 55w, https:\/\/www.placeforstrays.de\/wp-content\/uploads\/2021\/09\/Tejo-2-250x250.jpg 250w\" sizes=\"(max-width: 150px) 100vw, 150px\" \/><\/a>\n\t\t\t<\/div><\/figure><figure class='gallery-item'>\n\t\t\t<div class='gallery-icon portrait'>\n\t\t\t\t<a href='https:\/\/www.placeforstrays.de\/en\/tejo-1-2\/'><img width=\"150\" height=\"150\" src=\"https:\/\/www.placeforstrays.de\/wp-content\/uploads\/2021\/09\/Tejo-1-150x150.jpg\" class=\"attachment-thumbnail size-thumbnail\" alt=\"\" srcset=\"https:\/\/www.placeforstrays.de\/wp-content\/uploads\/2021\/09\/Tejo-1-150x150.jpg 150w, https:\/\/www.placeforstrays.de\/wp-content\/uploads\/2021\/09\/Tejo-1-55x55.jpg 55w, https:\/\/www.placeforstrays.de\/wp-content\/uploads\/2021\/09\/Tejo-1-250x250.jpg 250w\" sizes=\"(max-width: 150px) 100vw, 150px\" \/><\/a>\n\t\t\t<\/div><\/figure>\n\t\t<\/div>\n\n<\/div>\n<\/div>\n<\/div>\n<\/div>\n<\/div>\n<\/div>\n<\/div>\n<\/div>\n<\/div>\n<\/div>\n","protected":false},"excerpt":{"rendered":"<p>Geschichte Als wir Ginny\u00a0Anfang August bei uns aufnahmen, wussten wir noch nicht, dass sie unseren Shelter nicht alleine bereichern w\u00fcrde. Gro\u00df war dementsprechend die \u00dcberraschung, als wir bei einem sp\u00e4teren Ultraschall feststellen konnten, dass sie bereits tr\u00e4chtig war. Ende August war es dann soweit, und Ginnys drei kleine Welpen erblickten das Licht der Welt. Einer&#8230;<\/p>\n","protected":false},"author":9,"featured_media":35750,"menu_order":0,"comment_status":"closed","ping_status":"open","template":"","format":"standard","meta":[],"pj-categs":[14,17,37],"pj-tags":[],"yoast_head":"<!-- This site is optimized with the Yoast SEO plugin v19.13 - https:\/\/yoast.com\/wordpress\/plugins\/seo\/ -->\n<title>Tejo hat ein Zuhause gefunden - PLACE for STRAYS Albufeira<\/title>\n<meta name=\"description\" content=\"Tejo ist einer von Ginnys Welpen, die im PLACE for STRAYS geboren wurden. Er sucht von Deutschland aus ein Zuhause.\" \/>\n<meta name=\"robots\" content=\"index, follow, max-snippet:-1, max-image-preview:large, max-video-preview:-1\" \/>\n<link rel=\"canonical\" href=\"https:\/\/www.placeforstrays.de\/en\/our-proteges\/tejo\/\" \/>\n<meta property=\"og:locale\" content=\"en_US\" \/>\n<meta property=\"og:type\" content=\"article\" \/>\n<meta property=\"og:title\" content=\"Tejo hat ein Zuhause gefunden - PLACE for STRAYS Albufeira\" \/>\n<meta property=\"og:description\" content=\"Tejo ist einer von Ginnys Welpen, die im PLACE for STRAYS geboren wurden. Er sucht von Deutschland aus ein Zuhause.\" \/>\n<meta property=\"og:url\" content=\"https:\/\/www.placeforstrays.de\/en\/our-proteges\/tejo\/\" \/>\n<meta property=\"og:site_name\" content=\"PLACE for STRAYS Albufeira\" \/>\n<meta property=\"article:publisher\" content=\"https:\/\/www.facebook.com\/groups\/1963615917246890\/\" \/>\n<meta property=\"article:modified_time\" content=\"2022-03-19T10:41:24+00:00\" \/>\n<meta property=\"og:image\" content=\"https:\/\/www.placeforstrays.de\/wp-content\/uploads\/2021\/09\/Tejo-Titel-6.jpg\" \/>\n\t<meta property=\"og:image:width\" content=\"726\" \/>\n\t<meta property=\"og:image:height\" content=\"689\" \/>\n\t<meta property=\"og:image:type\" content=\"image\/jpeg\" \/>\n<meta name=\"twitter:card\" content=\"summary_large_image\" \/>\n<meta name=\"twitter:label1\" content=\"Est. reading time\" \/>\n\t<meta name=\"twitter:data1\" content=\"2 minutes\" \/>\n<script type=\"application\/ld+json\" class=\"yoast-schema-graph\">{\"@context\":\"https:\/\/schema.org\",\"@graph\":[{\"@type\":\"WebPage\",\"@id\":\"https:\/\/www.placeforstrays.de\/en\/our-proteges\/tejo\/\",\"url\":\"https:\/\/www.placeforstrays.de\/en\/our-proteges\/tejo\/\",\"name\":\"Tejo hat ein Zuhause gefunden - PLACE for STRAYS Albufeira\",\"isPartOf\":{\"@id\":\"https:\/\/www.placeforstrays.de\/en\/#website\"},\"datePublished\":\"2021-09-28T08:38:35+00:00\",\"dateModified\":\"2022-03-19T10:41:24+00:00\",\"description\":\"Tejo ist einer von Ginnys Welpen, die im PLACE for STRAYS geboren wurden. Er sucht von Deutschland aus ein Zuhause.\",\"breadcrumb\":{\"@id\":\"https:\/\/www.placeforstrays.de\/en\/our-proteges\/tejo\/#breadcrumb\"},\"inLanguage\":\"en-US\",\"potentialAction\":[{\"@type\":\"ReadAction\",\"target\":[\"https:\/\/www.placeforstrays.de\/en\/our-proteges\/tejo\/\"]}]},{\"@type\":\"BreadcrumbList\",\"@id\":\"https:\/\/www.placeforstrays.de\/en\/our-proteges\/tejo\/#breadcrumb\",\"itemListElement\":[{\"@type\":\"ListItem\",\"position\":1,\"name\":\"Startseite\",\"item\":\"https:\/\/www.placeforstrays.de\/en\/\"},{\"@type\":\"ListItem\",\"position\":2,\"name\":\"Projects\",\"item\":\"https:\/\/www.placeforstrays.de\/en\/our-proteges\/\"},{\"@type\":\"ListItem\",\"position\":3,\"name\":\"Tejo\"}]},{\"@type\":\"WebSite\",\"@id\":\"https:\/\/www.placeforstrays.de\/en\/#website\",\"url\":\"https:\/\/www.placeforstrays.de\/en\/\",\"name\":\"PLACE for STRAYS Albufeira\",\"description\":\"Tierschutz\",\"publisher\":{\"@id\":\"https:\/\/www.placeforstrays.de\/en\/#organization\"},\"potentialAction\":[{\"@type\":\"SearchAction\",\"target\":{\"@type\":\"EntryPoint\",\"urlTemplate\":\"https:\/\/www.placeforstrays.de\/en\/?s={search_term_string}\"},\"query-input\":\"required name=search_term_string\"}],\"inLanguage\":\"en-US\"},{\"@type\":\"Organization\",\"@id\":\"https:\/\/www.placeforstrays.de\/en\/#organization\",\"name\":\"PLACE for STRAYS\",\"url\":\"https:\/\/www.placeforstrays.de\/en\/\",\"logo\":{\"@type\":\"ImageObject\",\"inLanguage\":\"en-US\",\"@id\":\"https:\/\/www.placeforstrays.de\/en\/#\/schema\/logo\/image\/\",\"url\":\"https:\/\/www.placeforstrays.de\/wp-content\/uploads\/2019\/07\/Logo-mit-Hintergrund-Kopie.jpg\",\"contentUrl\":\"https:\/\/www.placeforstrays.de\/wp-content\/uploads\/2019\/07\/Logo-mit-Hintergrund-Kopie.jpg\",\"width\":277,\"height\":291,\"caption\":\"PLACE for STRAYS\"},\"image\":{\"@id\":\"https:\/\/www.placeforstrays.de\/en\/#\/schema\/logo\/image\/\"},\"sameAs\":[\"https:\/\/www.instagram.com\/placeforstraysalbufeira\/\",\"https:\/\/www.facebook.com\/groups\/1963615917246890\/\"]}]}<\/script>\n<!-- \/ Yoast SEO plugin. -->","yoast_head_json":{"title":"Tejo hat ein Zuhause gefunden - PLACE for STRAYS Albufeira","description":"Tejo ist einer von Ginnys Welpen, die im PLACE for STRAYS geboren wurden. Er sucht von Deutschland aus ein Zuhause.","robots":{"index":"index","follow":"follow","max-snippet":"max-snippet:-1","max-image-preview":"max-image-preview:large","max-video-preview":"max-video-preview:-1"},"canonical":"https:\/\/www.placeforstrays.de\/en\/our-proteges\/tejo\/","og_locale":"en_US","og_type":"article","og_title":"Tejo hat ein Zuhause gefunden - PLACE for STRAYS Albufeira","og_description":"Tejo ist einer von Ginnys Welpen, die im PLACE for STRAYS geboren wurden. Er sucht von Deutschland aus ein Zuhause.","og_url":"https:\/\/www.placeforstrays.de\/en\/our-proteges\/tejo\/","og_site_name":"PLACE for STRAYS Albufeira","article_publisher":"https:\/\/www.facebook.com\/groups\/1963615917246890\/","article_modified_time":"2022-03-19T10:41:24+00:00","og_image":[{"width":726,"height":689,"url":"https:\/\/www.placeforstrays.de\/wp-content\/uploads\/2021\/09\/Tejo-Titel-6.jpg","type":"image\/jpeg"}],"twitter_card":"summary_large_image","twitter_misc":{"Est. reading time":"2 minutes"},"schema":{"@context":"https:\/\/schema.org","@graph":[{"@type":"WebPage","@id":"https:\/\/www.placeforstrays.de\/en\/our-proteges\/tejo\/","url":"https:\/\/www.placeforstrays.de\/en\/our-proteges\/tejo\/","name":"Tejo hat ein Zuhause gefunden - PLACE for STRAYS Albufeira","isPartOf":{"@id":"https:\/\/www.placeforstrays.de\/en\/#website"},"datePublished":"2021-09-28T08:38:35+00:00","dateModified":"2022-03-19T10:41:24+00:00","description":"Tejo ist einer von Ginnys Welpen, die im PLACE for STRAYS geboren wurden. Er sucht von Deutschland aus ein Zuhause.","breadcrumb":{"@id":"https:\/\/www.placeforstrays.de\/en\/our-proteges\/tejo\/#breadcrumb"},"inLanguage":"en-US","potentialAction":[{"@type":"ReadAction","target":["https:\/\/www.placeforstrays.de\/en\/our-proteges\/tejo\/"]}]},{"@type":"BreadcrumbList","@id":"https:\/\/www.placeforstrays.de\/en\/our-proteges\/tejo\/#breadcrumb","itemListElement":[{"@type":"ListItem","position":1,"name":"Startseite","item":"https:\/\/www.placeforstrays.de\/en\/"},{"@type":"ListItem","position":2,"name":"Projects","item":"https:\/\/www.placeforstrays.de\/en\/our-proteges\/"},{"@type":"ListItem","position":3,"name":"Tejo"}]},{"@type":"WebSite","@id":"https:\/\/www.placeforstrays.de\/en\/#website","url":"https:\/\/www.placeforstrays.de\/en\/","name":"PLACE for STRAYS Albufeira","description":"Tierschutz","publisher":{"@id":"https:\/\/www.placeforstrays.de\/en\/#organization"},"potentialAction":[{"@type":"SearchAction","target":{"@type":"EntryPoint","urlTemplate":"https:\/\/www.placeforstrays.de\/en\/?s={search_term_string}"},"query-input":"required name=search_term_string"}],"inLanguage":"en-US"},{"@type":"Organization","@id":"https:\/\/www.placeforstrays.de\/en\/#organization","name":"PLACE for STRAYS","url":"https:\/\/www.placeforstrays.de\/en\/","logo":{"@type":"ImageObject","inLanguage":"en-US","@id":"https:\/\/www.placeforstrays.de\/en\/#\/schema\/logo\/image\/","url":"https:\/\/www.placeforstrays.de\/wp-content\/uploads\/2019\/07\/Logo-mit-Hintergrund-Kopie.jpg","contentUrl":"https:\/\/www.placeforstrays.de\/wp-content\/uploads\/2019\/07\/Logo-mit-Hintergrund-Kopie.jpg","width":277,"height":291,"caption":"PLACE for STRAYS"},"image":{"@id":"https:\/\/www.placeforstrays.de\/en\/#\/schema\/logo\/image\/"},"sameAs":["https:\/\/www.instagram.com\/placeforstraysalbufeira\/","https:\/\/www.facebook.com\/groups\/1963615917246890\/"]}]}},"_links":{"self":[{"href":"https:\/\/www.placeforstrays.de\/en\/wp-json\/wp\/v2\/project\/32205"}],"collection":[{"href":"https:\/\/www.placeforstrays.de\/en\/wp-json\/wp\/v2\/project"}],"about":[{"href":"https:\/\/www.placeforstrays.de\/en\/wp-json\/wp\/v2\/types\/project"}],"author":[{"embeddable":true,"href":"https:\/\/www.placeforstrays.de\/en\/wp-json\/wp\/v2\/users\/9"}],"replies":[{"embeddable":true,"href":"https:\/\/www.placeforstrays.de\/en\/wp-json\/wp\/v2\/comments?post=32205"}],"version-history":[{"count":0,"href":"https:\/\/www.placeforstrays.de\/en\/wp-json\/wp\/v2\/project\/32205\/revisions"}],"wp:featuredmedia":[{"embeddable":true,"href":"https:\/\/www.placeforstrays.de\/en\/wp-json\/wp\/v2\/media\/35750"}],"wp:attachment":[{"href":"https:\/\/www.placeforstrays.de\/en\/wp-json\/wp\/v2\/media?parent=32205"}],"wp:term":[{"taxonomy":"pj-categs","embeddable":true,"href":"https:\/\/www.placeforstrays.de\/en\/wp-json\/wp\/v2\/pj-categs?post=32205"},{"taxonomy":"pj-tags","embeddable":true,"href":"https:\/\/www.placeforstrays.de\/en\/wp-json\/wp\/v2\/pj-tags?post=32205"}],"curies":[{"name":"wp","href":"https:\/\/api.w.org\/{rel}","templated":true}]}}