{"id":32212,"date":"2021-09-28T10:58:01","date_gmt":"2021-09-28T08:58:01","guid":{"rendered":"https:\/\/www.placeforstrays.de\/?post_type=project&#038;p=32212"},"modified":"2022-01-11T16:29:51","modified_gmt":"2022-01-11T15:29:51","slug":"carla","status":"publish","type":"project","link":"https:\/\/www.placeforstrays.de\/en\/our-proteges\/carla\/","title":{"rendered":"Carla"},"content":{"rendered":"<style type=\"text\/css\"><\/style><h3>Geschichte<\/h3>\n<div class=\"_2cuy _3dgx _2vxa\">\n<div class=\"_2cuy _3dgx _2vxa\">\n<div class=\"_2cuy _3dgx _2vxa\">\n<div class=\"_2cuy _3dgx _2vxa\">\n<div class=\"_2cuy _3dgx _2vxa\">\n<div class=\"text_exposed_show\">\n<div class=\"_2cuy _3dgx _2vxa\">\n<div class=\"_2cuy _3dgx _2vxa\">\n<div class=\"_2cuy _3dgx _2vxa\">\n<div class=\"_2cuy _3dgx _2vxa\">\n<div class=\"_2cuy _3dgx _2vxa\">\n<p>Als wir <a href=\"https:\/\/www.placeforstrays.de\/our-proteges\/ginny\/\">Ginny<\/a> (bereits vermittelt) Anfang August bei uns aufnahmen, wussten wir noch nicht, dass sie unseren Shelter nicht alleine bereichern w\u00fcrde. Gro\u00df war dementsprechend die \u00dcberraschung, als wir bei einem sp\u00e4teren Ultraschall feststellen konnten, dass sie bereits tr\u00e4chtig war.<\/p>\n<p>Ende August war es dann soweit, und Ginnys 3 kleine Welpen erblickten das Licht der Welt. Eine der entz\u00fcckenden Fellnasen ist Carla.\u00a0Die Kleinen und ihre Mama sind putzmunter, und entwickeln sich von Tag zu Tag pr\u00e4chtig. Ab Mitte Dezember w\u00e4re Carla ausreisebereit.<\/p>\n<\/div>\n<h3>Charakter<\/h3>\n<p>Carla ist von ihren Geschwistern die ruhigste und zur\u00fcckhaltendste, aber mindestens genauso smart. Sie hat eher ein zartes und ruhiges Wesen. Das hei\u00dft nat\u00fcrlich nicht, dass sie ihre Geschwister nicht gerne mal in die Schranken weist, wenn es ihr zu bunt wird. Insgesamt schl\u00e4ft sie mehr als die anderen beiden oder beobachtet das Geschehen aus einer ruhigen Ecke. Manchmal kommt sie einfach und legt sich zum schlafen auf den Scho\u00df. Auch wenn sie Ruhe mag, ist sie genauso dabei, wenn es darum geht etwas Neues zu erkunden. Sie ist wenig schreckhaft und begr\u00fc\u00dft neue Menschen ebenso gern wie neue Hunde.<\/p>\n<div id='gallery-1' class='gallery galleryid-32212 gallery-columns-2 gallery-size-thumbnail'><figure class='gallery-item'>\n\t\t\t<div class='gallery-icon portrait'>\n\t\t\t\t<a href='https:\/\/www.placeforstrays.de\/en\/carla-13-2\/'><img width=\"150\" height=\"150\" src=\"https:\/\/www.placeforstrays.de\/wp-content\/uploads\/2021\/09\/Carla-13-150x150.jpg\" class=\"attachment-thumbnail size-thumbnail\" alt=\"\" srcset=\"https:\/\/www.placeforstrays.de\/wp-content\/uploads\/2021\/09\/Carla-13-150x150.jpg 150w, https:\/\/www.placeforstrays.de\/wp-content\/uploads\/2021\/09\/Carla-13-55x55.jpg 55w, https:\/\/www.placeforstrays.de\/wp-content\/uploads\/2021\/09\/Carla-13-250x250.jpg 250w\" sizes=\"(max-width: 150px) 100vw, 150px\" \/><\/a>\n\t\t\t<\/div><\/figure><figure class='gallery-item'>\n\t\t\t<div class='gallery-icon landscape'>\n\t\t\t\t<a href='https:\/\/www.placeforstrays.de\/en\/carla-12-2\/'><img width=\"150\" height=\"150\" src=\"https:\/\/www.placeforstrays.de\/wp-content\/uploads\/2021\/09\/Carla-12-150x150.jpg\" class=\"attachment-thumbnail size-thumbnail\" alt=\"\" srcset=\"https:\/\/www.placeforstrays.de\/wp-content\/uploads\/2021\/09\/Carla-12-150x150.jpg 150w, https:\/\/www.placeforstrays.de\/wp-content\/uploads\/2021\/09\/Carla-12-55x55.jpg 55w, https:\/\/www.placeforstrays.de\/wp-content\/uploads\/2021\/09\/Carla-12-250x250.jpg 250w\" sizes=\"(max-width: 150px) 100vw, 150px\" \/><\/a>\n\t\t\t<\/div><\/figure><figure class='gallery-item'>\n\t\t\t<div class='gallery-icon landscape'>\n\t\t\t\t<a href='https:\/\/www.placeforstrays.de\/en\/carla-11-2\/'><img width=\"150\" height=\"150\" src=\"https:\/\/www.placeforstrays.de\/wp-content\/uploads\/2021\/09\/Carla-11-150x150.jpg\" class=\"attachment-thumbnail size-thumbnail\" alt=\"\" srcset=\"https:\/\/www.placeforstrays.de\/wp-content\/uploads\/2021\/09\/Carla-11-150x150.jpg 150w, https:\/\/www.placeforstrays.de\/wp-content\/uploads\/2021\/09\/Carla-11-55x55.jpg 55w, https:\/\/www.placeforstrays.de\/wp-content\/uploads\/2021\/09\/Carla-11-250x250.jpg 250w\" sizes=\"(max-width: 150px) 100vw, 150px\" \/><\/a>\n\t\t\t<\/div><\/figure><figure class='gallery-item'>\n\t\t\t<div class='gallery-icon landscape'>\n\t\t\t\t<a href='https:\/\/www.placeforstrays.de\/en\/carla-10-2\/'><img width=\"150\" height=\"150\" src=\"https:\/\/www.placeforstrays.de\/wp-content\/uploads\/2021\/09\/Carla-10-150x150.jpg\" class=\"attachment-thumbnail size-thumbnail\" alt=\"\" srcset=\"https:\/\/www.placeforstrays.de\/wp-content\/uploads\/2021\/09\/Carla-10-150x150.jpg 150w, https:\/\/www.placeforstrays.de\/wp-content\/uploads\/2021\/09\/Carla-10-55x55.jpg 55w, https:\/\/www.placeforstrays.de\/wp-content\/uploads\/2021\/09\/Carla-10-250x250.jpg 250w\" sizes=\"(max-width: 150px) 100vw, 150px\" \/><\/a>\n\t\t\t<\/div><\/figure><figure class='gallery-item'>\n\t\t\t<div class='gallery-icon portrait'>\n\t\t\t\t<a href='https:\/\/www.placeforstrays.de\/en\/carla-9-2\/'><img width=\"150\" height=\"150\" src=\"https:\/\/www.placeforstrays.de\/wp-content\/uploads\/2021\/09\/Carla-9-150x150.jpg\" class=\"attachment-thumbnail size-thumbnail\" alt=\"\" srcset=\"https:\/\/www.placeforstrays.de\/wp-content\/uploads\/2021\/09\/Carla-9-150x150.jpg 150w, https:\/\/www.placeforstrays.de\/wp-content\/uploads\/2021\/09\/Carla-9-55x55.jpg 55w, https:\/\/www.placeforstrays.de\/wp-content\/uploads\/2021\/09\/Carla-9-250x250.jpg 250w\" sizes=\"(max-width: 150px) 100vw, 150px\" \/><\/a>\n\t\t\t<\/div><\/figure><figure class='gallery-item'>\n\t\t\t<div class='gallery-icon portrait'>\n\t\t\t\t<a href='https:\/\/www.placeforstrays.de\/en\/carla-8-2\/'><img width=\"150\" height=\"150\" src=\"https:\/\/www.placeforstrays.de\/wp-content\/uploads\/2021\/09\/Carla-8-150x150.jpg\" class=\"attachment-thumbnail size-thumbnail\" alt=\"\" srcset=\"https:\/\/www.placeforstrays.de\/wp-content\/uploads\/2021\/09\/Carla-8-150x150.jpg 150w, https:\/\/www.placeforstrays.de\/wp-content\/uploads\/2021\/09\/Carla-8-55x55.jpg 55w, https:\/\/www.placeforstrays.de\/wp-content\/uploads\/2021\/09\/Carla-8-250x250.jpg 250w\" sizes=\"(max-width: 150px) 100vw, 150px\" \/><\/a>\n\t\t\t<\/div><\/figure><figure class='gallery-item'>\n\t\t\t<div class='gallery-icon landscape'>\n\t\t\t\t<a href='https:\/\/www.placeforstrays.de\/en\/carla-7-2\/'><img width=\"150\" height=\"150\" src=\"https:\/\/www.placeforstrays.de\/wp-content\/uploads\/2021\/09\/Carla-7-150x150.jpg\" class=\"attachment-thumbnail size-thumbnail\" alt=\"\" srcset=\"https:\/\/www.placeforstrays.de\/wp-content\/uploads\/2021\/09\/Carla-7-150x150.jpg 150w, https:\/\/www.placeforstrays.de\/wp-content\/uploads\/2021\/09\/Carla-7-55x55.jpg 55w, https:\/\/www.placeforstrays.de\/wp-content\/uploads\/2021\/09\/Carla-7-250x250.jpg 250w\" sizes=\"(max-width: 150px) 100vw, 150px\" \/><\/a>\n\t\t\t<\/div><\/figure><figure class='gallery-item'>\n\t\t\t<div class='gallery-icon portrait'>\n\t\t\t\t<a href='https:\/\/www.placeforstrays.de\/en\/carla-6-2\/'><img width=\"150\" height=\"150\" src=\"https:\/\/www.placeforstrays.de\/wp-content\/uploads\/2021\/09\/Carla-6-150x150.jpg\" class=\"attachment-thumbnail size-thumbnail\" alt=\"\" srcset=\"https:\/\/www.placeforstrays.de\/wp-content\/uploads\/2021\/09\/Carla-6-150x150.jpg 150w, https:\/\/www.placeforstrays.de\/wp-content\/uploads\/2021\/09\/Carla-6-55x55.jpg 55w, https:\/\/www.placeforstrays.de\/wp-content\/uploads\/2021\/09\/Carla-6-250x250.jpg 250w\" sizes=\"(max-width: 150px) 100vw, 150px\" \/><\/a>\n\t\t\t<\/div><\/figure><figure class='gallery-item'>\n\t\t\t<div class='gallery-icon portrait'>\n\t\t\t\t<a href='https:\/\/www.placeforstrays.de\/en\/carla-5-2\/'><img width=\"150\" height=\"150\" src=\"https:\/\/www.placeforstrays.de\/wp-content\/uploads\/2021\/09\/Carla-5-150x150.jpg\" class=\"attachment-thumbnail size-thumbnail\" alt=\"\" srcset=\"https:\/\/www.placeforstrays.de\/wp-content\/uploads\/2021\/09\/Carla-5-150x150.jpg 150w, https:\/\/www.placeforstrays.de\/wp-content\/uploads\/2021\/09\/Carla-5-55x55.jpg 55w, https:\/\/www.placeforstrays.de\/wp-content\/uploads\/2021\/09\/Carla-5-250x250.jpg 250w\" sizes=\"(max-width: 150px) 100vw, 150px\" \/><\/a>\n\t\t\t<\/div><\/figure><figure class='gallery-item'>\n\t\t\t<div class='gallery-icon portrait'>\n\t\t\t\t<a href='https:\/\/www.placeforstrays.de\/en\/carla-4-2\/'><img width=\"150\" height=\"150\" src=\"https:\/\/www.placeforstrays.de\/wp-content\/uploads\/2021\/09\/Carla-4-150x150.jpg\" class=\"attachment-thumbnail size-thumbnail\" alt=\"\" srcset=\"https:\/\/www.placeforstrays.de\/wp-content\/uploads\/2021\/09\/Carla-4-150x150.jpg 150w, https:\/\/www.placeforstrays.de\/wp-content\/uploads\/2021\/09\/Carla-4-55x55.jpg 55w, https:\/\/www.placeforstrays.de\/wp-content\/uploads\/2021\/09\/Carla-4-250x250.jpg 250w\" sizes=\"(max-width: 150px) 100vw, 150px\" \/><\/a>\n\t\t\t<\/div><\/figure><figure class='gallery-item'>\n\t\t\t<div class='gallery-icon portrait'>\n\t\t\t\t<a href='https:\/\/www.placeforstrays.de\/en\/carla-3-2\/'><img width=\"150\" height=\"150\" src=\"https:\/\/www.placeforstrays.de\/wp-content\/uploads\/2021\/09\/Carla-3-150x150.jpg\" class=\"attachment-thumbnail size-thumbnail\" alt=\"\" srcset=\"https:\/\/www.placeforstrays.de\/wp-content\/uploads\/2021\/09\/Carla-3-150x150.jpg 150w, https:\/\/www.placeforstrays.de\/wp-content\/uploads\/2021\/09\/Carla-3-55x55.jpg 55w, https:\/\/www.placeforstrays.de\/wp-content\/uploads\/2021\/09\/Carla-3-250x250.jpg 250w\" sizes=\"(max-width: 150px) 100vw, 150px\" \/><\/a>\n\t\t\t<\/div><\/figure><figure class='gallery-item'>\n\t\t\t<div class='gallery-icon portrait'>\n\t\t\t\t<a href='https:\/\/www.placeforstrays.de\/en\/carla-2-2\/'><img width=\"150\" height=\"150\" src=\"https:\/\/www.placeforstrays.de\/wp-content\/uploads\/2021\/09\/Carla-2-150x150.jpg\" class=\"attachment-thumbnail size-thumbnail\" alt=\"\" srcset=\"https:\/\/www.placeforstrays.de\/wp-content\/uploads\/2021\/09\/Carla-2-150x150.jpg 150w, https:\/\/www.placeforstrays.de\/wp-content\/uploads\/2021\/09\/Carla-2-55x55.jpg 55w, https:\/\/www.placeforstrays.de\/wp-content\/uploads\/2021\/09\/Carla-2-250x250.jpg 250w\" sizes=\"(max-width: 150px) 100vw, 150px\" \/><\/a>\n\t\t\t<\/div><\/figure><figure class='gallery-item'>\n\t\t\t<div class='gallery-icon portrait'>\n\t\t\t\t<a href='https:\/\/www.placeforstrays.de\/en\/carla-1-2\/'><img width=\"150\" height=\"150\" src=\"https:\/\/www.placeforstrays.de\/wp-content\/uploads\/2021\/09\/Carla-1-150x150.jpg\" class=\"attachment-thumbnail size-thumbnail\" alt=\"\" srcset=\"https:\/\/www.placeforstrays.de\/wp-content\/uploads\/2021\/09\/Carla-1-150x150.jpg 150w, https:\/\/www.placeforstrays.de\/wp-content\/uploads\/2021\/09\/Carla-1-55x55.jpg 55w, https:\/\/www.placeforstrays.de\/wp-content\/uploads\/2021\/09\/Carla-1-250x250.jpg 250w\" sizes=\"(max-width: 150px) 100vw, 150px\" \/><\/a>\n\t\t\t<\/div><\/figure>\n\t\t<\/div>\n\n<\/div>\n<\/div>\n<\/div>\n<\/div>\n<\/div>\n<\/div>\n<\/div>\n<\/div>\n<\/div>\n<\/div>\n","protected":false},"excerpt":{"rendered":"<p>Geschichte Als wir Ginny (bereits vermittelt) Anfang August bei uns aufnahmen, wussten wir noch nicht, dass sie unseren Shelter nicht alleine bereichern w\u00fcrde. Gro\u00df war dementsprechend die \u00dcberraschung, als wir bei einem sp\u00e4teren Ultraschall feststellen konnten, dass sie bereits tr\u00e4chtig war. Ende August war es dann soweit, und Ginnys 3 kleine Welpen erblickten das Licht&#8230;<\/p>\n","protected":false},"author":9,"featured_media":34585,"menu_order":0,"comment_status":"closed","ping_status":"open","template":"","format":"standard","meta":[],"pj-categs":[14,16,37],"pj-tags":[],"yoast_head":"<!-- This site is optimized with the Yoast SEO plugin v19.13 - https:\/\/yoast.com\/wordpress\/plugins\/seo\/ -->\n<title>Carla hat ein liebevolles Zuhause gefunden - PLACE for STRAYS Albufeira<\/title>\n<meta name=\"description\" content=\"Carla ist eine von Ginnys Welpen, die im PLACE for STRAYS geboren wurden. Sie hat nun ihr Zuhause in Deutschland gefunden.\" \/>\n<meta name=\"robots\" content=\"index, follow, max-snippet:-1, max-image-preview:large, max-video-preview:-1\" \/>\n<link rel=\"canonical\" href=\"https:\/\/www.placeforstrays.de\/en\/our-proteges\/carla\/\" \/>\n<meta property=\"og:locale\" content=\"en_US\" \/>\n<meta property=\"og:type\" content=\"article\" \/>\n<meta property=\"og:title\" content=\"Carla hat ein liebevolles Zuhause gefunden - PLACE for STRAYS Albufeira\" \/>\n<meta property=\"og:description\" content=\"Carla ist eine von Ginnys Welpen, die im PLACE for STRAYS geboren wurden. Sie hat nun ihr Zuhause in Deutschland gefunden.\" \/>\n<meta property=\"og:url\" content=\"https:\/\/www.placeforstrays.de\/en\/our-proteges\/carla\/\" \/>\n<meta property=\"og:site_name\" content=\"PLACE for STRAYS Albufeira\" \/>\n<meta property=\"article:publisher\" content=\"https:\/\/www.facebook.com\/groups\/1963615917246890\/\" \/>\n<meta property=\"article:modified_time\" content=\"2022-01-11T15:29:51+00:00\" \/>\n<meta property=\"og:image\" content=\"https:\/\/www.placeforstrays.de\/wp-content\/uploads\/2021\/09\/Carla-Titel-neu.jpeg\" \/>\n\t<meta property=\"og:image:width\" content=\"515\" \/>\n\t<meta property=\"og:image:height\" content=\"446\" \/>\n\t<meta property=\"og:image:type\" content=\"image\/jpeg\" \/>\n<meta name=\"twitter:card\" content=\"summary_large_image\" \/>\n<meta name=\"twitter:label1\" content=\"Est. reading time\" \/>\n\t<meta name=\"twitter:data1\" content=\"1 minute\" \/>\n<script type=\"application\/ld+json\" class=\"yoast-schema-graph\">{\"@context\":\"https:\/\/schema.org\",\"@graph\":[{\"@type\":\"WebPage\",\"@id\":\"https:\/\/www.placeforstrays.de\/en\/our-proteges\/carla\/\",\"url\":\"https:\/\/www.placeforstrays.de\/en\/our-proteges\/carla\/\",\"name\":\"Carla hat ein liebevolles Zuhause gefunden - PLACE for STRAYS Albufeira\",\"isPartOf\":{\"@id\":\"https:\/\/www.placeforstrays.de\/en\/#website\"},\"datePublished\":\"2021-09-28T08:58:01+00:00\",\"dateModified\":\"2022-01-11T15:29:51+00:00\",\"description\":\"Carla ist eine von Ginnys Welpen, die im PLACE for STRAYS geboren wurden. Sie hat nun ihr Zuhause in Deutschland gefunden.\",\"breadcrumb\":{\"@id\":\"https:\/\/www.placeforstrays.de\/en\/our-proteges\/carla\/#breadcrumb\"},\"inLanguage\":\"en-US\",\"potentialAction\":[{\"@type\":\"ReadAction\",\"target\":[\"https:\/\/www.placeforstrays.de\/en\/our-proteges\/carla\/\"]}]},{\"@type\":\"BreadcrumbList\",\"@id\":\"https:\/\/www.placeforstrays.de\/en\/our-proteges\/carla\/#breadcrumb\",\"itemListElement\":[{\"@type\":\"ListItem\",\"position\":1,\"name\":\"Startseite\",\"item\":\"https:\/\/www.placeforstrays.de\/en\/\"},{\"@type\":\"ListItem\",\"position\":2,\"name\":\"Projects\",\"item\":\"https:\/\/www.placeforstrays.de\/en\/our-proteges\/\"},{\"@type\":\"ListItem\",\"position\":3,\"name\":\"Carla\"}]},{\"@type\":\"WebSite\",\"@id\":\"https:\/\/www.placeforstrays.de\/en\/#website\",\"url\":\"https:\/\/www.placeforstrays.de\/en\/\",\"name\":\"PLACE for STRAYS Albufeira\",\"description\":\"Tierschutz\",\"publisher\":{\"@id\":\"https:\/\/www.placeforstrays.de\/en\/#organization\"},\"potentialAction\":[{\"@type\":\"SearchAction\",\"target\":{\"@type\":\"EntryPoint\",\"urlTemplate\":\"https:\/\/www.placeforstrays.de\/en\/?s={search_term_string}\"},\"query-input\":\"required name=search_term_string\"}],\"inLanguage\":\"en-US\"},{\"@type\":\"Organization\",\"@id\":\"https:\/\/www.placeforstrays.de\/en\/#organization\",\"name\":\"PLACE for STRAYS\",\"url\":\"https:\/\/www.placeforstrays.de\/en\/\",\"logo\":{\"@type\":\"ImageObject\",\"inLanguage\":\"en-US\",\"@id\":\"https:\/\/www.placeforstrays.de\/en\/#\/schema\/logo\/image\/\",\"url\":\"https:\/\/www.placeforstrays.de\/wp-content\/uploads\/2019\/07\/Logo-mit-Hintergrund-Kopie.jpg\",\"contentUrl\":\"https:\/\/www.placeforstrays.de\/wp-content\/uploads\/2019\/07\/Logo-mit-Hintergrund-Kopie.jpg\",\"width\":277,\"height\":291,\"caption\":\"PLACE for STRAYS\"},\"image\":{\"@id\":\"https:\/\/www.placeforstrays.de\/en\/#\/schema\/logo\/image\/\"},\"sameAs\":[\"https:\/\/www.instagram.com\/placeforstraysalbufeira\/\",\"https:\/\/www.facebook.com\/groups\/1963615917246890\/\"]}]}<\/script>\n<!-- \/ Yoast SEO plugin. -->","yoast_head_json":{"title":"Carla hat ein liebevolles Zuhause gefunden - PLACE for STRAYS Albufeira","description":"Carla ist eine von Ginnys Welpen, die im PLACE for STRAYS geboren wurden. Sie hat nun ihr Zuhause in Deutschland gefunden.","robots":{"index":"index","follow":"follow","max-snippet":"max-snippet:-1","max-image-preview":"max-image-preview:large","max-video-preview":"max-video-preview:-1"},"canonical":"https:\/\/www.placeforstrays.de\/en\/our-proteges\/carla\/","og_locale":"en_US","og_type":"article","og_title":"Carla hat ein liebevolles Zuhause gefunden - PLACE for STRAYS Albufeira","og_description":"Carla ist eine von Ginnys Welpen, die im PLACE for STRAYS geboren wurden. Sie hat nun ihr Zuhause in Deutschland gefunden.","og_url":"https:\/\/www.placeforstrays.de\/en\/our-proteges\/carla\/","og_site_name":"PLACE for STRAYS Albufeira","article_publisher":"https:\/\/www.facebook.com\/groups\/1963615917246890\/","article_modified_time":"2022-01-11T15:29:51+00:00","og_image":[{"width":515,"height":446,"url":"https:\/\/www.placeforstrays.de\/wp-content\/uploads\/2021\/09\/Carla-Titel-neu.jpeg","type":"image\/jpeg"}],"twitter_card":"summary_large_image","twitter_misc":{"Est. reading time":"1 minute"},"schema":{"@context":"https:\/\/schema.org","@graph":[{"@type":"WebPage","@id":"https:\/\/www.placeforstrays.de\/en\/our-proteges\/carla\/","url":"https:\/\/www.placeforstrays.de\/en\/our-proteges\/carla\/","name":"Carla hat ein liebevolles Zuhause gefunden - PLACE for STRAYS Albufeira","isPartOf":{"@id":"https:\/\/www.placeforstrays.de\/en\/#website"},"datePublished":"2021-09-28T08:58:01+00:00","dateModified":"2022-01-11T15:29:51+00:00","description":"Carla ist eine von Ginnys Welpen, die im PLACE for STRAYS geboren wurden. Sie hat nun ihr Zuhause in Deutschland gefunden.","breadcrumb":{"@id":"https:\/\/www.placeforstrays.de\/en\/our-proteges\/carla\/#breadcrumb"},"inLanguage":"en-US","potentialAction":[{"@type":"ReadAction","target":["https:\/\/www.placeforstrays.de\/en\/our-proteges\/carla\/"]}]},{"@type":"BreadcrumbList","@id":"https:\/\/www.placeforstrays.de\/en\/our-proteges\/carla\/#breadcrumb","itemListElement":[{"@type":"ListItem","position":1,"name":"Startseite","item":"https:\/\/www.placeforstrays.de\/en\/"},{"@type":"ListItem","position":2,"name":"Projects","item":"https:\/\/www.placeforstrays.de\/en\/our-proteges\/"},{"@type":"ListItem","position":3,"name":"Carla"}]},{"@type":"WebSite","@id":"https:\/\/www.placeforstrays.de\/en\/#website","url":"https:\/\/www.placeforstrays.de\/en\/","name":"PLACE for STRAYS Albufeira","description":"Tierschutz","publisher":{"@id":"https:\/\/www.placeforstrays.de\/en\/#organization"},"potentialAction":[{"@type":"SearchAction","target":{"@type":"EntryPoint","urlTemplate":"https:\/\/www.placeforstrays.de\/en\/?s={search_term_string}"},"query-input":"required name=search_term_string"}],"inLanguage":"en-US"},{"@type":"Organization","@id":"https:\/\/www.placeforstrays.de\/en\/#organization","name":"PLACE for STRAYS","url":"https:\/\/www.placeforstrays.de\/en\/","logo":{"@type":"ImageObject","inLanguage":"en-US","@id":"https:\/\/www.placeforstrays.de\/en\/#\/schema\/logo\/image\/","url":"https:\/\/www.placeforstrays.de\/wp-content\/uploads\/2019\/07\/Logo-mit-Hintergrund-Kopie.jpg","contentUrl":"https:\/\/www.placeforstrays.de\/wp-content\/uploads\/2019\/07\/Logo-mit-Hintergrund-Kopie.jpg","width":277,"height":291,"caption":"PLACE for STRAYS"},"image":{"@id":"https:\/\/www.placeforstrays.de\/en\/#\/schema\/logo\/image\/"},"sameAs":["https:\/\/www.instagram.com\/placeforstraysalbufeira\/","https:\/\/www.facebook.com\/groups\/1963615917246890\/"]}]}},"_links":{"self":[{"href":"https:\/\/www.placeforstrays.de\/en\/wp-json\/wp\/v2\/project\/32212"}],"collection":[{"href":"https:\/\/www.placeforstrays.de\/en\/wp-json\/wp\/v2\/project"}],"about":[{"href":"https:\/\/www.placeforstrays.de\/en\/wp-json\/wp\/v2\/types\/project"}],"author":[{"embeddable":true,"href":"https:\/\/www.placeforstrays.de\/en\/wp-json\/wp\/v2\/users\/9"}],"replies":[{"embeddable":true,"href":"https:\/\/www.placeforstrays.de\/en\/wp-json\/wp\/v2\/comments?post=32212"}],"version-history":[{"count":0,"href":"https:\/\/www.placeforstrays.de\/en\/wp-json\/wp\/v2\/project\/32212\/revisions"}],"wp:featuredmedia":[{"embeddable":true,"href":"https:\/\/www.placeforstrays.de\/en\/wp-json\/wp\/v2\/media\/34585"}],"wp:attachment":[{"href":"https:\/\/www.placeforstrays.de\/en\/wp-json\/wp\/v2\/media?parent=32212"}],"wp:term":[{"taxonomy":"pj-categs","embeddable":true,"href":"https:\/\/www.placeforstrays.de\/en\/wp-json\/wp\/v2\/pj-categs?post=32212"},{"taxonomy":"pj-tags","embeddable":true,"href":"https:\/\/www.placeforstrays.de\/en\/wp-json\/wp\/v2\/pj-tags?post=32212"}],"curies":[{"name":"wp","href":"https:\/\/api.w.org\/{rel}","templated":true}]}}