{"id":32604,"date":"2021-10-12T11:39:23","date_gmt":"2021-10-12T09:39:23","guid":{"rendered":"https:\/\/www.placeforstrays.de\/?post_type=project&#038;p=32604"},"modified":"2022-01-17T18:39:10","modified_gmt":"2022-01-17T17:39:10","slug":"maja","status":"publish","type":"project","link":"https:\/\/www.placeforstrays.de\/en\/our-proteges\/maja\/","title":{"rendered":"Maja"},"content":{"rendered":"<style type=\"text\/css\"><\/style><h3>Geschichte<\/h3>\n<div class=\"_2cuy _3dgx _2vxa\">\n<div class=\"_2cuy _3dgx _2vxa\">\n<div class=\"_2cuy _3dgx _2vxa\">\n<div class=\"_2cuy _3dgx _2vxa\">\n<div class=\"_2cuy _3dgx _2vxa\">\n<div class=\"text_exposed_show\">\n<div class=\"_2cuy _3dgx _2vxa\">\n<div class=\"_2cuy _3dgx _2vxa\">\n<div class=\"_2cuy _3dgx _2vxa\">\n<div class=\"_2cuy _3dgx _2vxa\">\n<div class=\"_2cuy _3dgx _2vxa\">\n<p class=\"p2\">Wieder einmal konnten wir zwei verwaiste Welpen bei uns aufnehmen. Wir wurden auf die beiden durch eine befreundete Tiersch\u00fctzerin aufmerksam, die uns um Unterst\u00fctzung gebeten hatte. Die beiden waren bereits eine Woche in einer Tierklinik, um vorsorglich gegen den verbreiteten Parvo-Virus behandelt zu werden. Nach der routinem\u00e4\u00dfigen Quarant\u00e4ne in der Roten Kreuz-Station zogen sie zu Ginnys Welpen, wo sie liebevoll aufgenommen wurden und sich hervorragend mit den anderen kleinen Fellnasen verstehen. Nun lernen sie kontinuierlich auch die erwachsenen Hunde unseres Rudels kennen.<\/p>\n<\/div>\n<h3><\/h3>\n<h3>Charakter<\/h3>\n<p class=\"p1\">Die s\u00fc\u00dfe Maja ist eine sanfte, ausgeglichene Fellnase und im Gegensatz zu ihrem Bruder ein wenig zur\u00fcckhaltender. Sie muss nicht immer mitten im Get\u00fcmmel sein und besch\u00e4ftigt sich auch gerne mal Zeit alleine oder schlummert eine Runde. Trotzdem kann auch diese kleine Maus gerne mal Quatsch machen und hat viel Spa\u00df beim Spielen mit den anderen Welpen. Unsere Maja liebt das Kuscheln und Schmusen genauso sehr wie ihr Bruder und w\u00fcnscht sich daher auch ein Zuhause mit viel Menschenbezug.<\/p>\n<p>&nbsp;<\/p>\n<div id='gallery-1' class='gallery galleryid-32604 gallery-columns-2 gallery-size-thumbnail'><figure class='gallery-item'>\n\t\t\t<div class='gallery-icon portrait'>\n\t\t\t\t<a href='https:\/\/www.placeforstrays.de\/en\/10ab1561-8968-411e-a182-9ff6f842ea27-2\/'><img width=\"150\" height=\"150\" src=\"https:\/\/www.placeforstrays.de\/wp-content\/uploads\/2021\/10\/10ab1561-8968-411e-a182-9ff6f842ea27-150x150.jpg\" class=\"attachment-thumbnail size-thumbnail\" alt=\"\" srcset=\"https:\/\/www.placeforstrays.de\/wp-content\/uploads\/2021\/10\/10ab1561-8968-411e-a182-9ff6f842ea27-150x150.jpg 150w, https:\/\/www.placeforstrays.de\/wp-content\/uploads\/2021\/10\/10ab1561-8968-411e-a182-9ff6f842ea27-55x55.jpg 55w, https:\/\/www.placeforstrays.de\/wp-content\/uploads\/2021\/10\/10ab1561-8968-411e-a182-9ff6f842ea27-250x250.jpg 250w\" sizes=\"(max-width: 150px) 100vw, 150px\" \/><\/a>\n\t\t\t<\/div><\/figure><figure class='gallery-item'>\n\t\t\t<div class='gallery-icon portrait'>\n\t\t\t\t<a href='https:\/\/www.placeforstrays.de\/en\/7f4cb5a1-84fb-4992-854a-0394d3caaae7-2\/'><img width=\"150\" height=\"150\" src=\"https:\/\/www.placeforstrays.de\/wp-content\/uploads\/2021\/10\/7f4cb5a1-84fb-4992-854a-0394d3caaae7-150x150.jpg\" class=\"attachment-thumbnail size-thumbnail\" alt=\"\" srcset=\"https:\/\/www.placeforstrays.de\/wp-content\/uploads\/2021\/10\/7f4cb5a1-84fb-4992-854a-0394d3caaae7-150x150.jpg 150w, https:\/\/www.placeforstrays.de\/wp-content\/uploads\/2021\/10\/7f4cb5a1-84fb-4992-854a-0394d3caaae7-55x55.jpg 55w, https:\/\/www.placeforstrays.de\/wp-content\/uploads\/2021\/10\/7f4cb5a1-84fb-4992-854a-0394d3caaae7-250x250.jpg 250w\" sizes=\"(max-width: 150px) 100vw, 150px\" \/><\/a>\n\t\t\t<\/div><\/figure><figure class='gallery-item'>\n\t\t\t<div class='gallery-icon portrait'>\n\t\t\t\t<a href='https:\/\/www.placeforstrays.de\/en\/986a2b54-7d6f-48d0-92db-dd44f93d7d80-2\/'><img width=\"150\" height=\"150\" src=\"https:\/\/www.placeforstrays.de\/wp-content\/uploads\/2021\/10\/986a2b54-7d6f-48d0-92db-dd44f93d7d80-150x150.jpg\" class=\"attachment-thumbnail size-thumbnail\" alt=\"\" srcset=\"https:\/\/www.placeforstrays.de\/wp-content\/uploads\/2021\/10\/986a2b54-7d6f-48d0-92db-dd44f93d7d80-150x150.jpg 150w, https:\/\/www.placeforstrays.de\/wp-content\/uploads\/2021\/10\/986a2b54-7d6f-48d0-92db-dd44f93d7d80-55x55.jpg 55w, https:\/\/www.placeforstrays.de\/wp-content\/uploads\/2021\/10\/986a2b54-7d6f-48d0-92db-dd44f93d7d80-250x250.jpg 250w\" sizes=\"(max-width: 150px) 100vw, 150px\" \/><\/a>\n\t\t\t<\/div><\/figure><figure class='gallery-item'>\n\t\t\t<div class='gallery-icon portrait'>\n\t\t\t\t<a href='https:\/\/www.placeforstrays.de\/en\/693c884d-7eef-493e-b6e8-c00483020cfb-2\/'><img width=\"150\" height=\"150\" src=\"https:\/\/www.placeforstrays.de\/wp-content\/uploads\/2021\/10\/693c884d-7eef-493e-b6e8-c00483020cfb-150x150.jpg\" class=\"attachment-thumbnail size-thumbnail\" alt=\"\" srcset=\"https:\/\/www.placeforstrays.de\/wp-content\/uploads\/2021\/10\/693c884d-7eef-493e-b6e8-c00483020cfb-150x150.jpg 150w, https:\/\/www.placeforstrays.de\/wp-content\/uploads\/2021\/10\/693c884d-7eef-493e-b6e8-c00483020cfb-55x55.jpg 55w, https:\/\/www.placeforstrays.de\/wp-content\/uploads\/2021\/10\/693c884d-7eef-493e-b6e8-c00483020cfb-250x250.jpg 250w\" sizes=\"(max-width: 150px) 100vw, 150px\" \/><\/a>\n\t\t\t<\/div><\/figure><figure class='gallery-item'>\n\t\t\t<div class='gallery-icon portrait'>\n\t\t\t\t<a href='https:\/\/www.placeforstrays.de\/en\/6b2974aa-6b86-4744-b285-152f5aab0d79-2\/'><img width=\"150\" height=\"150\" src=\"https:\/\/www.placeforstrays.de\/wp-content\/uploads\/2021\/10\/6b2974aa-6b86-4744-b285-152f5aab0d79-150x150.jpg\" class=\"attachment-thumbnail size-thumbnail\" alt=\"\" srcset=\"https:\/\/www.placeforstrays.de\/wp-content\/uploads\/2021\/10\/6b2974aa-6b86-4744-b285-152f5aab0d79-150x150.jpg 150w, https:\/\/www.placeforstrays.de\/wp-content\/uploads\/2021\/10\/6b2974aa-6b86-4744-b285-152f5aab0d79-55x55.jpg 55w, https:\/\/www.placeforstrays.de\/wp-content\/uploads\/2021\/10\/6b2974aa-6b86-4744-b285-152f5aab0d79-250x250.jpg 250w\" sizes=\"(max-width: 150px) 100vw, 150px\" \/><\/a>\n\t\t\t<\/div><\/figure><figure class='gallery-item'>\n\t\t\t<div class='gallery-icon landscape'>\n\t\t\t\t<a href='https:\/\/www.placeforstrays.de\/en\/80e73222-9a99-44c7-a319-25aadf1ebb16-2\/'><img width=\"150\" height=\"150\" src=\"https:\/\/www.placeforstrays.de\/wp-content\/uploads\/2021\/10\/80e73222-9a99-44c7-a319-25aadf1ebb16-150x150.jpg\" class=\"attachment-thumbnail size-thumbnail\" alt=\"\" srcset=\"https:\/\/www.placeforstrays.de\/wp-content\/uploads\/2021\/10\/80e73222-9a99-44c7-a319-25aadf1ebb16-150x150.jpg 150w, https:\/\/www.placeforstrays.de\/wp-content\/uploads\/2021\/10\/80e73222-9a99-44c7-a319-25aadf1ebb16-55x55.jpg 55w, https:\/\/www.placeforstrays.de\/wp-content\/uploads\/2021\/10\/80e73222-9a99-44c7-a319-25aadf1ebb16-250x250.jpg 250w\" sizes=\"(max-width: 150px) 100vw, 150px\" \/><\/a>\n\t\t\t<\/div><\/figure><figure class='gallery-item'>\n\t\t\t<div class='gallery-icon portrait'>\n\t\t\t\t<a href='https:\/\/www.placeforstrays.de\/en\/c42545c2-cfb8-41cc-98e6-d2c739d7d715-2\/'><img width=\"150\" height=\"150\" src=\"https:\/\/www.placeforstrays.de\/wp-content\/uploads\/2021\/10\/c42545c2-cfb8-41cc-98e6-d2c739d7d715-150x150.jpg\" class=\"attachment-thumbnail size-thumbnail\" alt=\"\" srcset=\"https:\/\/www.placeforstrays.de\/wp-content\/uploads\/2021\/10\/c42545c2-cfb8-41cc-98e6-d2c739d7d715-150x150.jpg 150w, https:\/\/www.placeforstrays.de\/wp-content\/uploads\/2021\/10\/c42545c2-cfb8-41cc-98e6-d2c739d7d715-55x55.jpg 55w, https:\/\/www.placeforstrays.de\/wp-content\/uploads\/2021\/10\/c42545c2-cfb8-41cc-98e6-d2c739d7d715-250x250.jpg 250w\" sizes=\"(max-width: 150px) 100vw, 150px\" \/><\/a>\n\t\t\t<\/div><\/figure><figure class='gallery-item'>\n\t\t\t<div class='gallery-icon portrait'>\n\t\t\t\t<a href='https:\/\/www.placeforstrays.de\/en\/4e6332f9-8fbd-43cd-9b9a-1c15a2785c65-2\/'><img width=\"150\" height=\"150\" src=\"https:\/\/www.placeforstrays.de\/wp-content\/uploads\/2021\/10\/4e6332f9-8fbd-43cd-9b9a-1c15a2785c65-150x150.jpg\" class=\"attachment-thumbnail size-thumbnail\" alt=\"\" srcset=\"https:\/\/www.placeforstrays.de\/wp-content\/uploads\/2021\/10\/4e6332f9-8fbd-43cd-9b9a-1c15a2785c65-150x150.jpg 150w, https:\/\/www.placeforstrays.de\/wp-content\/uploads\/2021\/10\/4e6332f9-8fbd-43cd-9b9a-1c15a2785c65-55x55.jpg 55w, https:\/\/www.placeforstrays.de\/wp-content\/uploads\/2021\/10\/4e6332f9-8fbd-43cd-9b9a-1c15a2785c65-250x250.jpg 250w\" sizes=\"(max-width: 150px) 100vw, 150px\" \/><\/a>\n\t\t\t<\/div><\/figure><figure class='gallery-item'>\n\t\t\t<div class='gallery-icon portrait'>\n\t\t\t\t<a href='https:\/\/www.placeforstrays.de\/en\/753481b9-ba97-4bd0-ab0f-3de7ca85a8cd-2\/'><img width=\"150\" height=\"150\" src=\"https:\/\/www.placeforstrays.de\/wp-content\/uploads\/2021\/10\/753481b9-ba97-4bd0-ab0f-3de7ca85a8cd-150x150.jpg\" class=\"attachment-thumbnail size-thumbnail\" alt=\"\" srcset=\"https:\/\/www.placeforstrays.de\/wp-content\/uploads\/2021\/10\/753481b9-ba97-4bd0-ab0f-3de7ca85a8cd-150x150.jpg 150w, https:\/\/www.placeforstrays.de\/wp-content\/uploads\/2021\/10\/753481b9-ba97-4bd0-ab0f-3de7ca85a8cd-55x55.jpg 55w, https:\/\/www.placeforstrays.de\/wp-content\/uploads\/2021\/10\/753481b9-ba97-4bd0-ab0f-3de7ca85a8cd-250x250.jpg 250w\" sizes=\"(max-width: 150px) 100vw, 150px\" \/><\/a>\n\t\t\t<\/div><\/figure><figure class='gallery-item'>\n\t\t\t<div class='gallery-icon landscape'>\n\t\t\t\t<a href='https:\/\/www.placeforstrays.de\/en\/cebea673-bc91-4fce-99b0-efefe21b7da9-2\/'><img width=\"150\" height=\"150\" src=\"https:\/\/www.placeforstrays.de\/wp-content\/uploads\/2021\/10\/cebea673-bc91-4fce-99b0-efefe21b7da9-150x150.jpg\" class=\"attachment-thumbnail size-thumbnail\" alt=\"\" srcset=\"https:\/\/www.placeforstrays.de\/wp-content\/uploads\/2021\/10\/cebea673-bc91-4fce-99b0-efefe21b7da9-150x150.jpg 150w, https:\/\/www.placeforstrays.de\/wp-content\/uploads\/2021\/10\/cebea673-bc91-4fce-99b0-efefe21b7da9-55x55.jpg 55w, https:\/\/www.placeforstrays.de\/wp-content\/uploads\/2021\/10\/cebea673-bc91-4fce-99b0-efefe21b7da9-250x250.jpg 250w\" sizes=\"(max-width: 150px) 100vw, 150px\" \/><\/a>\n\t\t\t<\/div><\/figure><figure class='gallery-item'>\n\t\t\t<div class='gallery-icon portrait'>\n\t\t\t\t<a href='https:\/\/www.placeforstrays.de\/en\/f70b8169-1a9f-4a9d-b1e1-0f081871b1ff-2\/'><img width=\"150\" height=\"150\" src=\"https:\/\/www.placeforstrays.de\/wp-content\/uploads\/2021\/10\/f70b8169-1a9f-4a9d-b1e1-0f081871b1ff-150x150.jpg\" class=\"attachment-thumbnail size-thumbnail\" alt=\"\" srcset=\"https:\/\/www.placeforstrays.de\/wp-content\/uploads\/2021\/10\/f70b8169-1a9f-4a9d-b1e1-0f081871b1ff-150x150.jpg 150w, https:\/\/www.placeforstrays.de\/wp-content\/uploads\/2021\/10\/f70b8169-1a9f-4a9d-b1e1-0f081871b1ff-55x55.jpg 55w, https:\/\/www.placeforstrays.de\/wp-content\/uploads\/2021\/10\/f70b8169-1a9f-4a9d-b1e1-0f081871b1ff-250x250.jpg 250w\" sizes=\"(max-width: 150px) 100vw, 150px\" \/><\/a>\n\t\t\t<\/div><\/figure><figure class='gallery-item'>\n\t\t\t<div class='gallery-icon portrait'>\n\t\t\t\t<a href='https:\/\/www.placeforstrays.de\/en\/d7bea18d-3aa0-409e-a084-162ba92e9868-2\/'><img width=\"150\" height=\"150\" src=\"https:\/\/www.placeforstrays.de\/wp-content\/uploads\/2021\/10\/d7bea18d-3aa0-409e-a084-162ba92e9868-150x150.jpg\" class=\"attachment-thumbnail size-thumbnail\" alt=\"\" srcset=\"https:\/\/www.placeforstrays.de\/wp-content\/uploads\/2021\/10\/d7bea18d-3aa0-409e-a084-162ba92e9868-150x150.jpg 150w, https:\/\/www.placeforstrays.de\/wp-content\/uploads\/2021\/10\/d7bea18d-3aa0-409e-a084-162ba92e9868-55x55.jpg 55w, https:\/\/www.placeforstrays.de\/wp-content\/uploads\/2021\/10\/d7bea18d-3aa0-409e-a084-162ba92e9868-250x250.jpg 250w\" sizes=\"(max-width: 150px) 100vw, 150px\" \/><\/a>\n\t\t\t<\/div><\/figure><figure class='gallery-item'>\n\t\t\t<div class='gallery-icon portrait'>\n\t\t\t\t<a href='https:\/\/www.placeforstrays.de\/en\/7cbfdcfb-2792-43cf-967b-a6b92e7caecc-2\/'><img width=\"150\" height=\"150\" src=\"https:\/\/www.placeforstrays.de\/wp-content\/uploads\/2021\/10\/7cbfdcfb-2792-43cf-967b-a6b92e7caecc-150x150.jpg\" class=\"attachment-thumbnail size-thumbnail\" alt=\"\" srcset=\"https:\/\/www.placeforstrays.de\/wp-content\/uploads\/2021\/10\/7cbfdcfb-2792-43cf-967b-a6b92e7caecc-150x150.jpg 150w, https:\/\/www.placeforstrays.de\/wp-content\/uploads\/2021\/10\/7cbfdcfb-2792-43cf-967b-a6b92e7caecc-55x55.jpg 55w, https:\/\/www.placeforstrays.de\/wp-content\/uploads\/2021\/10\/7cbfdcfb-2792-43cf-967b-a6b92e7caecc-250x250.jpg 250w\" sizes=\"(max-width: 150px) 100vw, 150px\" \/><\/a>\n\t\t\t<\/div><\/figure><figure class='gallery-item'>\n\t\t\t<div class='gallery-icon portrait'>\n\t\t\t\t<a href='https:\/\/www.placeforstrays.de\/en\/6d2f4f84-ba54-4c7e-b203-6bf7ab669deb-2\/'><img width=\"150\" height=\"150\" src=\"https:\/\/www.placeforstrays.de\/wp-content\/uploads\/2021\/10\/6d2f4f84-ba54-4c7e-b203-6bf7ab669deb-150x150.jpg\" class=\"attachment-thumbnail size-thumbnail\" alt=\"\" srcset=\"https:\/\/www.placeforstrays.de\/wp-content\/uploads\/2021\/10\/6d2f4f84-ba54-4c7e-b203-6bf7ab669deb-150x150.jpg 150w, https:\/\/www.placeforstrays.de\/wp-content\/uploads\/2021\/10\/6d2f4f84-ba54-4c7e-b203-6bf7ab669deb-55x55.jpg 55w, https:\/\/www.placeforstrays.de\/wp-content\/uploads\/2021\/10\/6d2f4f84-ba54-4c7e-b203-6bf7ab669deb-250x250.jpg 250w\" sizes=\"(max-width: 150px) 100vw, 150px\" \/><\/a>\n\t\t\t<\/div><\/figure>\n\t\t<\/div>\n\n<\/div>\n<\/div>\n<\/div>\n<\/div>\n<\/div>\n<\/div>\n<\/div>\n<\/div>\n<\/div>\n<\/div>\n","protected":false},"excerpt":{"rendered":"<p>Geschichte Wieder einmal konnten wir zwei verwaiste Welpen bei uns aufnehmen. Wir wurden auf die beiden durch eine befreundete Tiersch\u00fctzerin aufmerksam, die uns um Unterst\u00fctzung gebeten hatte. Die beiden waren bereits eine Woche in einer Tierklinik, um vorsorglich gegen den verbreiteten Parvo-Virus behandelt zu werden. Nach der routinem\u00e4\u00dfigen Quarant\u00e4ne in der Roten Kreuz-Station zogen sie&#8230;<\/p>\n","protected":false},"author":9,"featured_media":34612,"menu_order":0,"comment_status":"closed","ping_status":"open","template":"","format":"standard","meta":[],"pj-categs":[14,16,37],"pj-tags":[],"yoast_head":"<!-- This site is optimized with the Yoast SEO plugin v19.13 - https:\/\/yoast.com\/wordpress\/plugins\/seo\/ -->\n<title>Maja fand ein liebevolles Zuhause - PLACE for STRAYS Albufeira<\/title>\n<meta name=\"description\" content=\"Die verwaisten Welpen Puck und Maja wurden von einer Tiersch\u00fctzerin eingesammelt. Nun durfte sie bei ihrer Familie einziehen.\" \/>\n<meta name=\"robots\" content=\"index, follow, max-snippet:-1, max-image-preview:large, max-video-preview:-1\" \/>\n<link rel=\"canonical\" href=\"https:\/\/www.placeforstrays.de\/en\/our-proteges\/maja\/\" \/>\n<meta property=\"og:locale\" content=\"en_US\" \/>\n<meta property=\"og:type\" content=\"article\" \/>\n<meta property=\"og:title\" content=\"Maja fand ein liebevolles Zuhause - PLACE for STRAYS Albufeira\" \/>\n<meta property=\"og:description\" content=\"Die verwaisten Welpen Puck und Maja wurden von einer Tiersch\u00fctzerin eingesammelt. Nun durfte sie bei ihrer Familie einziehen.\" \/>\n<meta property=\"og:url\" content=\"https:\/\/www.placeforstrays.de\/en\/our-proteges\/maja\/\" \/>\n<meta property=\"og:site_name\" content=\"PLACE for STRAYS Albufeira\" \/>\n<meta property=\"article:publisher\" content=\"https:\/\/www.facebook.com\/groups\/1963615917246890\/\" \/>\n<meta property=\"article:modified_time\" content=\"2022-01-17T17:39:10+00:00\" \/>\n<meta property=\"og:image\" content=\"https:\/\/www.placeforstrays.de\/wp-content\/uploads\/2021\/10\/bd34e28d-af48-4c00-bcbd-3dd1e789878a-e1642441135445.jpg\" \/>\n\t<meta property=\"og:image:width\" content=\"900\" \/>\n\t<meta property=\"og:image:height\" content=\"1600\" \/>\n\t<meta property=\"og:image:type\" content=\"image\/jpeg\" \/>\n<meta name=\"twitter:card\" content=\"summary_large_image\" \/>\n<meta name=\"twitter:label1\" content=\"Est. reading time\" \/>\n\t<meta name=\"twitter:data1\" content=\"1 minute\" \/>\n<script type=\"application\/ld+json\" class=\"yoast-schema-graph\">{\"@context\":\"https:\/\/schema.org\",\"@graph\":[{\"@type\":\"WebPage\",\"@id\":\"https:\/\/www.placeforstrays.de\/en\/our-proteges\/maja\/\",\"url\":\"https:\/\/www.placeforstrays.de\/en\/our-proteges\/maja\/\",\"name\":\"Maja fand ein liebevolles Zuhause - PLACE for STRAYS Albufeira\",\"isPartOf\":{\"@id\":\"https:\/\/www.placeforstrays.de\/en\/#website\"},\"datePublished\":\"2021-10-12T09:39:23+00:00\",\"dateModified\":\"2022-01-17T17:39:10+00:00\",\"description\":\"Die verwaisten Welpen Puck und Maja wurden von einer Tiersch\u00fctzerin eingesammelt. Nun durfte sie bei ihrer Familie einziehen.\",\"breadcrumb\":{\"@id\":\"https:\/\/www.placeforstrays.de\/en\/our-proteges\/maja\/#breadcrumb\"},\"inLanguage\":\"en-US\",\"potentialAction\":[{\"@type\":\"ReadAction\",\"target\":[\"https:\/\/www.placeforstrays.de\/en\/our-proteges\/maja\/\"]}]},{\"@type\":\"BreadcrumbList\",\"@id\":\"https:\/\/www.placeforstrays.de\/en\/our-proteges\/maja\/#breadcrumb\",\"itemListElement\":[{\"@type\":\"ListItem\",\"position\":1,\"name\":\"Startseite\",\"item\":\"https:\/\/www.placeforstrays.de\/en\/\"},{\"@type\":\"ListItem\",\"position\":2,\"name\":\"Projects\",\"item\":\"https:\/\/www.placeforstrays.de\/en\/our-proteges\/\"},{\"@type\":\"ListItem\",\"position\":3,\"name\":\"Maja\"}]},{\"@type\":\"WebSite\",\"@id\":\"https:\/\/www.placeforstrays.de\/en\/#website\",\"url\":\"https:\/\/www.placeforstrays.de\/en\/\",\"name\":\"PLACE for STRAYS Albufeira\",\"description\":\"Tierschutz\",\"publisher\":{\"@id\":\"https:\/\/www.placeforstrays.de\/en\/#organization\"},\"potentialAction\":[{\"@type\":\"SearchAction\",\"target\":{\"@type\":\"EntryPoint\",\"urlTemplate\":\"https:\/\/www.placeforstrays.de\/en\/?s={search_term_string}\"},\"query-input\":\"required name=search_term_string\"}],\"inLanguage\":\"en-US\"},{\"@type\":\"Organization\",\"@id\":\"https:\/\/www.placeforstrays.de\/en\/#organization\",\"name\":\"PLACE for STRAYS\",\"url\":\"https:\/\/www.placeforstrays.de\/en\/\",\"logo\":{\"@type\":\"ImageObject\",\"inLanguage\":\"en-US\",\"@id\":\"https:\/\/www.placeforstrays.de\/en\/#\/schema\/logo\/image\/\",\"url\":\"https:\/\/www.placeforstrays.de\/wp-content\/uploads\/2019\/07\/Logo-mit-Hintergrund-Kopie.jpg\",\"contentUrl\":\"https:\/\/www.placeforstrays.de\/wp-content\/uploads\/2019\/07\/Logo-mit-Hintergrund-Kopie.jpg\",\"width\":277,\"height\":291,\"caption\":\"PLACE for STRAYS\"},\"image\":{\"@id\":\"https:\/\/www.placeforstrays.de\/en\/#\/schema\/logo\/image\/\"},\"sameAs\":[\"https:\/\/www.instagram.com\/placeforstraysalbufeira\/\",\"https:\/\/www.facebook.com\/groups\/1963615917246890\/\"]}]}<\/script>\n<!-- \/ Yoast SEO plugin. -->","yoast_head_json":{"title":"Maja fand ein liebevolles Zuhause - PLACE for STRAYS Albufeira","description":"Die verwaisten Welpen Puck und Maja wurden von einer Tiersch\u00fctzerin eingesammelt. Nun durfte sie bei ihrer Familie einziehen.","robots":{"index":"index","follow":"follow","max-snippet":"max-snippet:-1","max-image-preview":"max-image-preview:large","max-video-preview":"max-video-preview:-1"},"canonical":"https:\/\/www.placeforstrays.de\/en\/our-proteges\/maja\/","og_locale":"en_US","og_type":"article","og_title":"Maja fand ein liebevolles Zuhause - PLACE for STRAYS Albufeira","og_description":"Die verwaisten Welpen Puck und Maja wurden von einer Tiersch\u00fctzerin eingesammelt. Nun durfte sie bei ihrer Familie einziehen.","og_url":"https:\/\/www.placeforstrays.de\/en\/our-proteges\/maja\/","og_site_name":"PLACE for STRAYS Albufeira","article_publisher":"https:\/\/www.facebook.com\/groups\/1963615917246890\/","article_modified_time":"2022-01-17T17:39:10+00:00","og_image":[{"width":900,"height":1600,"url":"https:\/\/www.placeforstrays.de\/wp-content\/uploads\/2021\/10\/bd34e28d-af48-4c00-bcbd-3dd1e789878a-e1642441135445.jpg","type":"image\/jpeg"}],"twitter_card":"summary_large_image","twitter_misc":{"Est. reading time":"1 minute"},"schema":{"@context":"https:\/\/schema.org","@graph":[{"@type":"WebPage","@id":"https:\/\/www.placeforstrays.de\/en\/our-proteges\/maja\/","url":"https:\/\/www.placeforstrays.de\/en\/our-proteges\/maja\/","name":"Maja fand ein liebevolles Zuhause - PLACE for STRAYS Albufeira","isPartOf":{"@id":"https:\/\/www.placeforstrays.de\/en\/#website"},"datePublished":"2021-10-12T09:39:23+00:00","dateModified":"2022-01-17T17:39:10+00:00","description":"Die verwaisten Welpen Puck und Maja wurden von einer Tiersch\u00fctzerin eingesammelt. Nun durfte sie bei ihrer Familie einziehen.","breadcrumb":{"@id":"https:\/\/www.placeforstrays.de\/en\/our-proteges\/maja\/#breadcrumb"},"inLanguage":"en-US","potentialAction":[{"@type":"ReadAction","target":["https:\/\/www.placeforstrays.de\/en\/our-proteges\/maja\/"]}]},{"@type":"BreadcrumbList","@id":"https:\/\/www.placeforstrays.de\/en\/our-proteges\/maja\/#breadcrumb","itemListElement":[{"@type":"ListItem","position":1,"name":"Startseite","item":"https:\/\/www.placeforstrays.de\/en\/"},{"@type":"ListItem","position":2,"name":"Projects","item":"https:\/\/www.placeforstrays.de\/en\/our-proteges\/"},{"@type":"ListItem","position":3,"name":"Maja"}]},{"@type":"WebSite","@id":"https:\/\/www.placeforstrays.de\/en\/#website","url":"https:\/\/www.placeforstrays.de\/en\/","name":"PLACE for STRAYS Albufeira","description":"Tierschutz","publisher":{"@id":"https:\/\/www.placeforstrays.de\/en\/#organization"},"potentialAction":[{"@type":"SearchAction","target":{"@type":"EntryPoint","urlTemplate":"https:\/\/www.placeforstrays.de\/en\/?s={search_term_string}"},"query-input":"required name=search_term_string"}],"inLanguage":"en-US"},{"@type":"Organization","@id":"https:\/\/www.placeforstrays.de\/en\/#organization","name":"PLACE for STRAYS","url":"https:\/\/www.placeforstrays.de\/en\/","logo":{"@type":"ImageObject","inLanguage":"en-US","@id":"https:\/\/www.placeforstrays.de\/en\/#\/schema\/logo\/image\/","url":"https:\/\/www.placeforstrays.de\/wp-content\/uploads\/2019\/07\/Logo-mit-Hintergrund-Kopie.jpg","contentUrl":"https:\/\/www.placeforstrays.de\/wp-content\/uploads\/2019\/07\/Logo-mit-Hintergrund-Kopie.jpg","width":277,"height":291,"caption":"PLACE for STRAYS"},"image":{"@id":"https:\/\/www.placeforstrays.de\/en\/#\/schema\/logo\/image\/"},"sameAs":["https:\/\/www.instagram.com\/placeforstraysalbufeira\/","https:\/\/www.facebook.com\/groups\/1963615917246890\/"]}]}},"_links":{"self":[{"href":"https:\/\/www.placeforstrays.de\/en\/wp-json\/wp\/v2\/project\/32604"}],"collection":[{"href":"https:\/\/www.placeforstrays.de\/en\/wp-json\/wp\/v2\/project"}],"about":[{"href":"https:\/\/www.placeforstrays.de\/en\/wp-json\/wp\/v2\/types\/project"}],"author":[{"embeddable":true,"href":"https:\/\/www.placeforstrays.de\/en\/wp-json\/wp\/v2\/users\/9"}],"replies":[{"embeddable":true,"href":"https:\/\/www.placeforstrays.de\/en\/wp-json\/wp\/v2\/comments?post=32604"}],"version-history":[{"count":0,"href":"https:\/\/www.placeforstrays.de\/en\/wp-json\/wp\/v2\/project\/32604\/revisions"}],"wp:featuredmedia":[{"embeddable":true,"href":"https:\/\/www.placeforstrays.de\/en\/wp-json\/wp\/v2\/media\/34612"}],"wp:attachment":[{"href":"https:\/\/www.placeforstrays.de\/en\/wp-json\/wp\/v2\/media?parent=32604"}],"wp:term":[{"taxonomy":"pj-categs","embeddable":true,"href":"https:\/\/www.placeforstrays.de\/en\/wp-json\/wp\/v2\/pj-categs?post=32604"},{"taxonomy":"pj-tags","embeddable":true,"href":"https:\/\/www.placeforstrays.de\/en\/wp-json\/wp\/v2\/pj-tags?post=32604"}],"curies":[{"name":"wp","href":"https:\/\/api.w.org\/{rel}","templated":true}]}}