{"id":35798,"date":"2022-03-20T15:47:00","date_gmt":"2022-03-20T14:47:00","guid":{"rendered":"https:\/\/www.placeforstrays.de\/?post_type=project&#038;p=35798"},"modified":"2022-10-30T11:15:29","modified_gmt":"2022-10-30T10:15:29","slug":"james","status":"publish","type":"project","link":"https:\/\/www.placeforstrays.de\/en\/our-proteges\/james\/","title":{"rendered":"James"},"content":{"rendered":"<style type=\"text\/css\"><\/style><h3>Geschichte<\/h3>\n<div class=\"bi6gxh9e\">Gerade noch rechtzeitig konnte <a href=\"https:\/\/www.placeforstrays.de\/our-proteges\/grace\/\" target=\"_blank\" rel=\"noopener\">Grace<\/a> von der Stra\u00dfe eingefangen werden, bevor sie vier Tage nach ihrem Einzug in den PLACE for STRAYS 9 wundersch\u00f6ne Welpen zur Welt brachte, 4 M\u00e4dels und 5 Buben. Graces kleine Welpen sind bereits putzmunter und erkunden schon flei\u00dfig unsere Welpenstube, in die sie bereits umziehen durften.\u00a0Einer der Welpen ist James.<\/div>\n<p>&nbsp;<\/p>\n<h3>Charakter<\/h3>\n<div class=\"bi6gxh9e\">Bitte wendet euch an unser Vermittlungsteam f\u00fcr mehr Informationen zu James&#8217; Charakter.<\/div>\n<div><\/div>\n<p>&nbsp;<\/p>\n<div>\n<div id='gallery-1' class='gallery galleryid-35798 gallery-columns-2 gallery-size-thumbnail'><figure class='gallery-item'>\n\t\t\t<div class='gallery-icon landscape'>\n\t\t\t\t<a href='https:\/\/www.placeforstrays.de\/en\/james-titel-6-2\/'><img width=\"150\" height=\"150\" src=\"https:\/\/www.placeforstrays.de\/wp-content\/uploads\/2022\/03\/James-Titel-6-150x150.jpg\" class=\"attachment-thumbnail size-thumbnail\" alt=\"\" srcset=\"https:\/\/www.placeforstrays.de\/wp-content\/uploads\/2022\/03\/James-Titel-6-150x150.jpg 150w, https:\/\/www.placeforstrays.de\/wp-content\/uploads\/2022\/03\/James-Titel-6-55x55.jpg 55w, https:\/\/www.placeforstrays.de\/wp-content\/uploads\/2022\/03\/James-Titel-6-250x250.jpg 250w\" sizes=\"(max-width: 150px) 100vw, 150px\" \/><\/a>\n\t\t\t<\/div><\/figure><figure class='gallery-item'>\n\t\t\t<div class='gallery-icon portrait'>\n\t\t\t\t<a href='https:\/\/www.placeforstrays.de\/en\/james-20-2\/'><img width=\"150\" height=\"150\" src=\"https:\/\/www.placeforstrays.de\/wp-content\/uploads\/2022\/03\/James-20-150x150.jpg\" class=\"attachment-thumbnail size-thumbnail\" alt=\"\" srcset=\"https:\/\/www.placeforstrays.de\/wp-content\/uploads\/2022\/03\/James-20-150x150.jpg 150w, https:\/\/www.placeforstrays.de\/wp-content\/uploads\/2022\/03\/James-20-55x55.jpg 55w, https:\/\/www.placeforstrays.de\/wp-content\/uploads\/2022\/03\/James-20-250x250.jpg 250w\" sizes=\"(max-width: 150px) 100vw, 150px\" \/><\/a>\n\t\t\t<\/div><\/figure><figure class='gallery-item'>\n\t\t\t<div class='gallery-icon portrait'>\n\t\t\t\t<a href='https:\/\/www.placeforstrays.de\/en\/james-17-2\/'><img width=\"150\" height=\"150\" src=\"https:\/\/www.placeforstrays.de\/wp-content\/uploads\/2022\/03\/James-17-150x150.jpg\" class=\"attachment-thumbnail size-thumbnail\" alt=\"\" srcset=\"https:\/\/www.placeforstrays.de\/wp-content\/uploads\/2022\/03\/James-17-150x150.jpg 150w, https:\/\/www.placeforstrays.de\/wp-content\/uploads\/2022\/03\/James-17-55x55.jpg 55w, https:\/\/www.placeforstrays.de\/wp-content\/uploads\/2022\/03\/James-17-250x250.jpg 250w\" sizes=\"(max-width: 150px) 100vw, 150px\" \/><\/a>\n\t\t\t<\/div><\/figure><figure class='gallery-item'>\n\t\t\t<div class='gallery-icon landscape'>\n\t\t\t\t<a href='https:\/\/www.placeforstrays.de\/en\/james-18-2\/'><img width=\"150\" height=\"150\" src=\"https:\/\/www.placeforstrays.de\/wp-content\/uploads\/2022\/03\/James-18-150x150.jpg\" class=\"attachment-thumbnail size-thumbnail\" alt=\"\" srcset=\"https:\/\/www.placeforstrays.de\/wp-content\/uploads\/2022\/03\/James-18-150x150.jpg 150w, https:\/\/www.placeforstrays.de\/wp-content\/uploads\/2022\/03\/James-18-55x55.jpg 55w, https:\/\/www.placeforstrays.de\/wp-content\/uploads\/2022\/03\/James-18-250x250.jpg 250w\" sizes=\"(max-width: 150px) 100vw, 150px\" \/><\/a>\n\t\t\t<\/div><\/figure><figure class='gallery-item'>\n\t\t\t<div class='gallery-icon landscape'>\n\t\t\t\t<a href='https:\/\/www.placeforstrays.de\/en\/james-19-2\/'><img width=\"150\" height=\"150\" src=\"https:\/\/www.placeforstrays.de\/wp-content\/uploads\/2022\/03\/James-19-150x150.jpg\" class=\"attachment-thumbnail size-thumbnail\" alt=\"\" srcset=\"https:\/\/www.placeforstrays.de\/wp-content\/uploads\/2022\/03\/James-19-150x150.jpg 150w, https:\/\/www.placeforstrays.de\/wp-content\/uploads\/2022\/03\/James-19-55x55.jpg 55w, https:\/\/www.placeforstrays.de\/wp-content\/uploads\/2022\/03\/James-19-250x250.jpg 250w\" sizes=\"(max-width: 150px) 100vw, 150px\" \/><\/a>\n\t\t\t<\/div><\/figure><figure class='gallery-item'>\n\t\t\t<div class='gallery-icon portrait'>\n\t\t\t\t<a href='https:\/\/www.placeforstrays.de\/en\/james-16-2\/'><img width=\"150\" height=\"150\" src=\"https:\/\/www.placeforstrays.de\/wp-content\/uploads\/2022\/03\/James-16-150x150.jpg\" class=\"attachment-thumbnail size-thumbnail\" alt=\"\" srcset=\"https:\/\/www.placeforstrays.de\/wp-content\/uploads\/2022\/03\/James-16-150x150.jpg 150w, https:\/\/www.placeforstrays.de\/wp-content\/uploads\/2022\/03\/James-16-55x55.jpg 55w, https:\/\/www.placeforstrays.de\/wp-content\/uploads\/2022\/03\/James-16-250x250.jpg 250w\" sizes=\"(max-width: 150px) 100vw, 150px\" \/><\/a>\n\t\t\t<\/div><\/figure><figure class='gallery-item'>\n\t\t\t<div class='gallery-icon portrait'>\n\t\t\t\t<a href='https:\/\/www.placeforstrays.de\/en\/james-15-2\/'><img width=\"150\" height=\"150\" src=\"https:\/\/www.placeforstrays.de\/wp-content\/uploads\/2022\/03\/James-15-150x150.jpg\" class=\"attachment-thumbnail size-thumbnail\" alt=\"\" srcset=\"https:\/\/www.placeforstrays.de\/wp-content\/uploads\/2022\/03\/James-15-150x150.jpg 150w, https:\/\/www.placeforstrays.de\/wp-content\/uploads\/2022\/03\/James-15-55x55.jpg 55w, https:\/\/www.placeforstrays.de\/wp-content\/uploads\/2022\/03\/James-15-250x250.jpg 250w\" sizes=\"(max-width: 150px) 100vw, 150px\" \/><\/a>\n\t\t\t<\/div><\/figure><figure class='gallery-item'>\n\t\t\t<div class='gallery-icon portrait'>\n\t\t\t\t<a href='https:\/\/www.placeforstrays.de\/en\/james-14-2\/'><img width=\"150\" height=\"150\" src=\"https:\/\/www.placeforstrays.de\/wp-content\/uploads\/2022\/03\/James-14-150x150.jpg\" class=\"attachment-thumbnail size-thumbnail\" alt=\"\" srcset=\"https:\/\/www.placeforstrays.de\/wp-content\/uploads\/2022\/03\/James-14-150x150.jpg 150w, https:\/\/www.placeforstrays.de\/wp-content\/uploads\/2022\/03\/James-14-55x55.jpg 55w, https:\/\/www.placeforstrays.de\/wp-content\/uploads\/2022\/03\/James-14-250x250.jpg 250w\" sizes=\"(max-width: 150px) 100vw, 150px\" \/><\/a>\n\t\t\t<\/div><\/figure><figure class='gallery-item'>\n\t\t\t<div class='gallery-icon portrait'>\n\t\t\t\t<a href='https:\/\/www.placeforstrays.de\/en\/james-13-2\/'><img width=\"150\" height=\"150\" src=\"https:\/\/www.placeforstrays.de\/wp-content\/uploads\/2022\/03\/James-13-150x150.jpg\" class=\"attachment-thumbnail size-thumbnail\" alt=\"\" srcset=\"https:\/\/www.placeforstrays.de\/wp-content\/uploads\/2022\/03\/James-13-150x150.jpg 150w, https:\/\/www.placeforstrays.de\/wp-content\/uploads\/2022\/03\/James-13-55x55.jpg 55w, https:\/\/www.placeforstrays.de\/wp-content\/uploads\/2022\/03\/James-13-250x250.jpg 250w\" sizes=\"(max-width: 150px) 100vw, 150px\" \/><\/a>\n\t\t\t<\/div><\/figure><figure class='gallery-item'>\n\t\t\t<div class='gallery-icon portrait'>\n\t\t\t\t<a href='https:\/\/www.placeforstrays.de\/en\/james-10-2\/'><img width=\"150\" height=\"150\" src=\"https:\/\/www.placeforstrays.de\/wp-content\/uploads\/2022\/03\/James-10-150x150.jpg\" class=\"attachment-thumbnail size-thumbnail\" alt=\"\" srcset=\"https:\/\/www.placeforstrays.de\/wp-content\/uploads\/2022\/03\/James-10-150x150.jpg 150w, https:\/\/www.placeforstrays.de\/wp-content\/uploads\/2022\/03\/James-10-55x55.jpg 55w, https:\/\/www.placeforstrays.de\/wp-content\/uploads\/2022\/03\/James-10-250x250.jpg 250w\" sizes=\"(max-width: 150px) 100vw, 150px\" \/><\/a>\n\t\t\t<\/div><\/figure><figure class='gallery-item'>\n\t\t\t<div class='gallery-icon portrait'>\n\t\t\t\t<a href='https:\/\/www.placeforstrays.de\/en\/james-11-2\/'><img width=\"150\" height=\"150\" src=\"https:\/\/www.placeforstrays.de\/wp-content\/uploads\/2022\/03\/James-11-150x150.jpg\" class=\"attachment-thumbnail size-thumbnail\" alt=\"\" srcset=\"https:\/\/www.placeforstrays.de\/wp-content\/uploads\/2022\/03\/James-11-150x150.jpg 150w, https:\/\/www.placeforstrays.de\/wp-content\/uploads\/2022\/03\/James-11-55x55.jpg 55w, https:\/\/www.placeforstrays.de\/wp-content\/uploads\/2022\/03\/James-11-250x250.jpg 250w\" sizes=\"(max-width: 150px) 100vw, 150px\" \/><\/a>\n\t\t\t<\/div><\/figure><figure class='gallery-item'>\n\t\t\t<div class='gallery-icon portrait'>\n\t\t\t\t<a href='https:\/\/www.placeforstrays.de\/en\/james-9-2\/'><img width=\"150\" height=\"150\" src=\"https:\/\/www.placeforstrays.de\/wp-content\/uploads\/2022\/03\/James-9-150x150.jpg\" class=\"attachment-thumbnail size-thumbnail\" alt=\"\" srcset=\"https:\/\/www.placeforstrays.de\/wp-content\/uploads\/2022\/03\/James-9-150x150.jpg 150w, https:\/\/www.placeforstrays.de\/wp-content\/uploads\/2022\/03\/James-9-55x55.jpg 55w, https:\/\/www.placeforstrays.de\/wp-content\/uploads\/2022\/03\/James-9-250x250.jpg 250w\" sizes=\"(max-width: 150px) 100vw, 150px\" \/><\/a>\n\t\t\t<\/div><\/figure><figure class='gallery-item'>\n\t\t\t<div class='gallery-icon landscape'>\n\t\t\t\t<a href='https:\/\/www.placeforstrays.de\/en\/james-7-2\/'><img width=\"150\" height=\"150\" src=\"https:\/\/www.placeforstrays.de\/wp-content\/uploads\/2022\/03\/James-7-150x150.jpg\" class=\"attachment-thumbnail size-thumbnail\" alt=\"\" srcset=\"https:\/\/www.placeforstrays.de\/wp-content\/uploads\/2022\/03\/James-7-150x150.jpg 150w, https:\/\/www.placeforstrays.de\/wp-content\/uploads\/2022\/03\/James-7-55x55.jpg 55w, https:\/\/www.placeforstrays.de\/wp-content\/uploads\/2022\/03\/James-7-250x250.jpg 250w\" sizes=\"(max-width: 150px) 100vw, 150px\" \/><\/a>\n\t\t\t<\/div><\/figure><figure class='gallery-item'>\n\t\t\t<div class='gallery-icon portrait'>\n\t\t\t\t<a href='https:\/\/www.placeforstrays.de\/en\/james-6-2\/'><img width=\"150\" height=\"150\" src=\"https:\/\/www.placeforstrays.de\/wp-content\/uploads\/2022\/03\/James-6-150x150.jpg\" class=\"attachment-thumbnail size-thumbnail\" alt=\"\" srcset=\"https:\/\/www.placeforstrays.de\/wp-content\/uploads\/2022\/03\/James-6-150x150.jpg 150w, https:\/\/www.placeforstrays.de\/wp-content\/uploads\/2022\/03\/James-6-55x55.jpg 55w, https:\/\/www.placeforstrays.de\/wp-content\/uploads\/2022\/03\/James-6-250x250.jpg 250w\" sizes=\"(max-width: 150px) 100vw, 150px\" \/><\/a>\n\t\t\t<\/div><\/figure><figure class='gallery-item'>\n\t\t\t<div class='gallery-icon portrait'>\n\t\t\t\t<a href='https:\/\/www.placeforstrays.de\/en\/james-5-2\/'><img width=\"150\" height=\"150\" src=\"https:\/\/www.placeforstrays.de\/wp-content\/uploads\/2022\/03\/James-5-150x150.jpg\" class=\"attachment-thumbnail size-thumbnail\" alt=\"\" srcset=\"https:\/\/www.placeforstrays.de\/wp-content\/uploads\/2022\/03\/James-5-150x150.jpg 150w, https:\/\/www.placeforstrays.de\/wp-content\/uploads\/2022\/03\/James-5-55x55.jpg 55w, https:\/\/www.placeforstrays.de\/wp-content\/uploads\/2022\/03\/James-5-250x250.jpg 250w\" sizes=\"(max-width: 150px) 100vw, 150px\" \/><\/a>\n\t\t\t<\/div><\/figure><figure class='gallery-item'>\n\t\t\t<div class='gallery-icon portrait'>\n\t\t\t\t<a href='https:\/\/www.placeforstrays.de\/en\/james-4-2\/'><img width=\"150\" height=\"150\" src=\"https:\/\/www.placeforstrays.de\/wp-content\/uploads\/2022\/03\/James-4-150x150.jpg\" class=\"attachment-thumbnail size-thumbnail\" alt=\"\" srcset=\"https:\/\/www.placeforstrays.de\/wp-content\/uploads\/2022\/03\/James-4-150x150.jpg 150w, https:\/\/www.placeforstrays.de\/wp-content\/uploads\/2022\/03\/James-4-55x55.jpg 55w, https:\/\/www.placeforstrays.de\/wp-content\/uploads\/2022\/03\/James-4-250x250.jpg 250w\" sizes=\"(max-width: 150px) 100vw, 150px\" \/><\/a>\n\t\t\t<\/div><\/figure><figure class='gallery-item'>\n\t\t\t<div class='gallery-icon portrait'>\n\t\t\t\t<a href='https:\/\/www.placeforstrays.de\/en\/james-3-2\/'><img width=\"150\" height=\"150\" src=\"https:\/\/www.placeforstrays.de\/wp-content\/uploads\/2022\/03\/James-3-150x150.jpg\" class=\"attachment-thumbnail size-thumbnail\" alt=\"\" srcset=\"https:\/\/www.placeforstrays.de\/wp-content\/uploads\/2022\/03\/James-3-150x150.jpg 150w, https:\/\/www.placeforstrays.de\/wp-content\/uploads\/2022\/03\/James-3-55x55.jpg 55w, https:\/\/www.placeforstrays.de\/wp-content\/uploads\/2022\/03\/James-3-250x250.jpg 250w\" sizes=\"(max-width: 150px) 100vw, 150px\" \/><\/a>\n\t\t\t<\/div><\/figure><figure class='gallery-item'>\n\t\t\t<div class='gallery-icon portrait'>\n\t\t\t\t<a href='https:\/\/www.placeforstrays.de\/en\/james-2-2\/'><img width=\"150\" height=\"150\" src=\"https:\/\/www.placeforstrays.de\/wp-content\/uploads\/2022\/03\/James-2-150x150.jpg\" class=\"attachment-thumbnail size-thumbnail\" alt=\"\" srcset=\"https:\/\/www.placeforstrays.de\/wp-content\/uploads\/2022\/03\/James-2-150x150.jpg 150w, https:\/\/www.placeforstrays.de\/wp-content\/uploads\/2022\/03\/James-2-55x55.jpg 55w, https:\/\/www.placeforstrays.de\/wp-content\/uploads\/2022\/03\/James-2-250x250.jpg 250w\" sizes=\"(max-width: 150px) 100vw, 150px\" \/><\/a>\n\t\t\t<\/div><\/figure><figure class='gallery-item'>\n\t\t\t<div class='gallery-icon portrait'>\n\t\t\t\t<a href='https:\/\/www.placeforstrays.de\/en\/james-1-2\/'><img width=\"150\" height=\"150\" src=\"https:\/\/www.placeforstrays.de\/wp-content\/uploads\/2022\/03\/James-1-150x150.jpg\" class=\"attachment-thumbnail size-thumbnail\" alt=\"\" srcset=\"https:\/\/www.placeforstrays.de\/wp-content\/uploads\/2022\/03\/James-1-150x150.jpg 150w, https:\/\/www.placeforstrays.de\/wp-content\/uploads\/2022\/03\/James-1-55x55.jpg 55w, https:\/\/www.placeforstrays.de\/wp-content\/uploads\/2022\/03\/James-1-250x250.jpg 250w\" sizes=\"(max-width: 150px) 100vw, 150px\" \/><\/a>\n\t\t\t<\/div><\/figure><figure class='gallery-item'>\n\t\t\t<div class='gallery-icon landscape'>\n\t\t\t\t<a href='https:\/\/www.placeforstrays.de\/en\/whatsapp-image-2022-02-28-at-08-02-47-2\/'><img width=\"150\" height=\"150\" src=\"https:\/\/www.placeforstrays.de\/wp-content\/uploads\/2022\/03\/WhatsApp-Image-2022-02-28-at-08.02.47-150x150.jpeg\" class=\"attachment-thumbnail size-thumbnail\" alt=\"\" srcset=\"https:\/\/www.placeforstrays.de\/wp-content\/uploads\/2022\/03\/WhatsApp-Image-2022-02-28-at-08.02.47-150x150.jpeg 150w, https:\/\/www.placeforstrays.de\/wp-content\/uploads\/2022\/03\/WhatsApp-Image-2022-02-28-at-08.02.47-55x55.jpeg 55w, https:\/\/www.placeforstrays.de\/wp-content\/uploads\/2022\/03\/WhatsApp-Image-2022-02-28-at-08.02.47-250x250.jpeg 250w\" sizes=\"(max-width: 150px) 100vw, 150px\" \/><\/a>\n\t\t\t<\/div><\/figure><figure class='gallery-item'>\n\t\t\t<div class='gallery-icon landscape'>\n\t\t\t\t<a href='https:\/\/www.placeforstrays.de\/en\/whatsapp-image-2022-02-13-at-16-26-19-2\/'><img width=\"150\" height=\"150\" src=\"https:\/\/www.placeforstrays.de\/wp-content\/uploads\/2022\/03\/WhatsApp-Image-2022-02-13-at-16.26.19-150x150.jpeg\" class=\"attachment-thumbnail size-thumbnail\" alt=\"\" srcset=\"https:\/\/www.placeforstrays.de\/wp-content\/uploads\/2022\/03\/WhatsApp-Image-2022-02-13-at-16.26.19-150x150.jpeg 150w, https:\/\/www.placeforstrays.de\/wp-content\/uploads\/2022\/03\/WhatsApp-Image-2022-02-13-at-16.26.19-55x55.jpeg 55w, https:\/\/www.placeforstrays.de\/wp-content\/uploads\/2022\/03\/WhatsApp-Image-2022-02-13-at-16.26.19-250x250.jpeg 250w\" sizes=\"(max-width: 150px) 100vw, 150px\" \/><\/a>\n\t\t\t<\/div><\/figure>\n\t\t<\/div>\n\n<\/div>\n","protected":false},"excerpt":{"rendered":"<p>Geschichte Gerade noch rechtzeitig konnte Grace von der Stra\u00dfe eingefangen werden, bevor sie vier Tage nach ihrem Einzug in den PLACE for STRAYS 9 wundersch\u00f6ne Welpen zur Welt brachte, 4 M\u00e4dels und 5 Buben. Graces kleine Welpen sind bereits putzmunter und erkunden schon flei\u00dfig unsere Welpenstube, in die sie bereits umziehen durften.\u00a0Einer der Welpen ist&#8230;<\/p>\n","protected":false},"author":9,"featured_media":39380,"menu_order":0,"comment_status":"closed","ping_status":"open","template":"","format":"standard","meta":[],"pj-categs":[14,17,37],"pj-tags":[],"yoast_head":"<!-- This site is optimized with the Yoast SEO plugin v19.13 - https:\/\/yoast.com\/wordpress\/plugins\/seo\/ -->\n<title>James sucht ein liebevolles Zuhause - PLACE for STRAYS Albufeira<\/title>\n<meta name=\"description\" content=\"James kam Mitte Februar in der Sicherheit des PLACE for STRAYS zur Welt und darf jetzt unbek\u00fcmmert die Welt erkunden.\" \/>\n<meta name=\"robots\" content=\"index, follow, max-snippet:-1, max-image-preview:large, max-video-preview:-1\" \/>\n<link rel=\"canonical\" href=\"https:\/\/www.placeforstrays.de\/en\/our-proteges\/james\/\" \/>\n<meta property=\"og:locale\" content=\"en_US\" \/>\n<meta property=\"og:type\" content=\"article\" \/>\n<meta property=\"og:title\" content=\"James sucht ein liebevolles Zuhause - PLACE for STRAYS Albufeira\" \/>\n<meta property=\"og:description\" content=\"James kam Mitte Februar in der Sicherheit des PLACE for STRAYS zur Welt und darf jetzt unbek\u00fcmmert die Welt erkunden.\" \/>\n<meta property=\"og:url\" content=\"https:\/\/www.placeforstrays.de\/en\/our-proteges\/james\/\" \/>\n<meta property=\"og:site_name\" content=\"PLACE for STRAYS Albufeira\" \/>\n<meta property=\"article:publisher\" content=\"https:\/\/www.facebook.com\/groups\/1963615917246890\/\" \/>\n<meta property=\"article:modified_time\" content=\"2022-10-30T10:15:29+00:00\" \/>\n<meta property=\"og:image\" content=\"https:\/\/www.placeforstrays.de\/wp-content\/uploads\/2022\/03\/James-Titel-6-e1667124610198.jpg\" \/>\n\t<meta property=\"og:image:width\" content=\"900\" \/>\n\t<meta property=\"og:image:height\" content=\"627\" \/>\n\t<meta property=\"og:image:type\" content=\"image\/jpeg\" \/>\n<meta name=\"twitter:card\" content=\"summary_large_image\" \/>\n<meta name=\"twitter:label1\" content=\"Est. reading time\" \/>\n\t<meta name=\"twitter:data1\" content=\"1 minute\" \/>\n<script type=\"application\/ld+json\" class=\"yoast-schema-graph\">{\"@context\":\"https:\/\/schema.org\",\"@graph\":[{\"@type\":\"WebPage\",\"@id\":\"https:\/\/www.placeforstrays.de\/en\/our-proteges\/james\/\",\"url\":\"https:\/\/www.placeforstrays.de\/en\/our-proteges\/james\/\",\"name\":\"James sucht ein liebevolles Zuhause - PLACE for STRAYS Albufeira\",\"isPartOf\":{\"@id\":\"https:\/\/www.placeforstrays.de\/en\/#website\"},\"datePublished\":\"2022-03-20T14:47:00+00:00\",\"dateModified\":\"2022-10-30T10:15:29+00:00\",\"description\":\"James kam Mitte Februar in der Sicherheit des PLACE for STRAYS zur Welt und darf jetzt unbek\u00fcmmert die Welt erkunden.\",\"breadcrumb\":{\"@id\":\"https:\/\/www.placeforstrays.de\/en\/our-proteges\/james\/#breadcrumb\"},\"inLanguage\":\"en-US\",\"potentialAction\":[{\"@type\":\"ReadAction\",\"target\":[\"https:\/\/www.placeforstrays.de\/en\/our-proteges\/james\/\"]}]},{\"@type\":\"BreadcrumbList\",\"@id\":\"https:\/\/www.placeforstrays.de\/en\/our-proteges\/james\/#breadcrumb\",\"itemListElement\":[{\"@type\":\"ListItem\",\"position\":1,\"name\":\"Startseite\",\"item\":\"https:\/\/www.placeforstrays.de\/en\/\"},{\"@type\":\"ListItem\",\"position\":2,\"name\":\"Projects\",\"item\":\"https:\/\/www.placeforstrays.de\/en\/our-proteges\/\"},{\"@type\":\"ListItem\",\"position\":3,\"name\":\"James\"}]},{\"@type\":\"WebSite\",\"@id\":\"https:\/\/www.placeforstrays.de\/en\/#website\",\"url\":\"https:\/\/www.placeforstrays.de\/en\/\",\"name\":\"PLACE for STRAYS Albufeira\",\"description\":\"Tierschutz\",\"publisher\":{\"@id\":\"https:\/\/www.placeforstrays.de\/en\/#organization\"},\"potentialAction\":[{\"@type\":\"SearchAction\",\"target\":{\"@type\":\"EntryPoint\",\"urlTemplate\":\"https:\/\/www.placeforstrays.de\/en\/?s={search_term_string}\"},\"query-input\":\"required name=search_term_string\"}],\"inLanguage\":\"en-US\"},{\"@type\":\"Organization\",\"@id\":\"https:\/\/www.placeforstrays.de\/en\/#organization\",\"name\":\"PLACE for STRAYS\",\"url\":\"https:\/\/www.placeforstrays.de\/en\/\",\"logo\":{\"@type\":\"ImageObject\",\"inLanguage\":\"en-US\",\"@id\":\"https:\/\/www.placeforstrays.de\/en\/#\/schema\/logo\/image\/\",\"url\":\"https:\/\/www.placeforstrays.de\/wp-content\/uploads\/2019\/07\/Logo-mit-Hintergrund-Kopie.jpg\",\"contentUrl\":\"https:\/\/www.placeforstrays.de\/wp-content\/uploads\/2019\/07\/Logo-mit-Hintergrund-Kopie.jpg\",\"width\":277,\"height\":291,\"caption\":\"PLACE for STRAYS\"},\"image\":{\"@id\":\"https:\/\/www.placeforstrays.de\/en\/#\/schema\/logo\/image\/\"},\"sameAs\":[\"https:\/\/www.instagram.com\/placeforstraysalbufeira\/\",\"https:\/\/www.facebook.com\/groups\/1963615917246890\/\"]}]}<\/script>\n<!-- \/ Yoast SEO plugin. -->","yoast_head_json":{"title":"James sucht ein liebevolles Zuhause - PLACE for STRAYS Albufeira","description":"James kam Mitte Februar in der Sicherheit des PLACE for STRAYS zur Welt und darf jetzt unbek\u00fcmmert die Welt erkunden.","robots":{"index":"index","follow":"follow","max-snippet":"max-snippet:-1","max-image-preview":"max-image-preview:large","max-video-preview":"max-video-preview:-1"},"canonical":"https:\/\/www.placeforstrays.de\/en\/our-proteges\/james\/","og_locale":"en_US","og_type":"article","og_title":"James sucht ein liebevolles Zuhause - PLACE for STRAYS Albufeira","og_description":"James kam Mitte Februar in der Sicherheit des PLACE for STRAYS zur Welt und darf jetzt unbek\u00fcmmert die Welt erkunden.","og_url":"https:\/\/www.placeforstrays.de\/en\/our-proteges\/james\/","og_site_name":"PLACE for STRAYS Albufeira","article_publisher":"https:\/\/www.facebook.com\/groups\/1963615917246890\/","article_modified_time":"2022-10-30T10:15:29+00:00","og_image":[{"width":900,"height":627,"url":"https:\/\/www.placeforstrays.de\/wp-content\/uploads\/2022\/03\/James-Titel-6-e1667124610198.jpg","type":"image\/jpeg"}],"twitter_card":"summary_large_image","twitter_misc":{"Est. reading time":"1 minute"},"schema":{"@context":"https:\/\/schema.org","@graph":[{"@type":"WebPage","@id":"https:\/\/www.placeforstrays.de\/en\/our-proteges\/james\/","url":"https:\/\/www.placeforstrays.de\/en\/our-proteges\/james\/","name":"James sucht ein liebevolles Zuhause - PLACE for STRAYS Albufeira","isPartOf":{"@id":"https:\/\/www.placeforstrays.de\/en\/#website"},"datePublished":"2022-03-20T14:47:00+00:00","dateModified":"2022-10-30T10:15:29+00:00","description":"James kam Mitte Februar in der Sicherheit des PLACE for STRAYS zur Welt und darf jetzt unbek\u00fcmmert die Welt erkunden.","breadcrumb":{"@id":"https:\/\/www.placeforstrays.de\/en\/our-proteges\/james\/#breadcrumb"},"inLanguage":"en-US","potentialAction":[{"@type":"ReadAction","target":["https:\/\/www.placeforstrays.de\/en\/our-proteges\/james\/"]}]},{"@type":"BreadcrumbList","@id":"https:\/\/www.placeforstrays.de\/en\/our-proteges\/james\/#breadcrumb","itemListElement":[{"@type":"ListItem","position":1,"name":"Startseite","item":"https:\/\/www.placeforstrays.de\/en\/"},{"@type":"ListItem","position":2,"name":"Projects","item":"https:\/\/www.placeforstrays.de\/en\/our-proteges\/"},{"@type":"ListItem","position":3,"name":"James"}]},{"@type":"WebSite","@id":"https:\/\/www.placeforstrays.de\/en\/#website","url":"https:\/\/www.placeforstrays.de\/en\/","name":"PLACE for STRAYS Albufeira","description":"Tierschutz","publisher":{"@id":"https:\/\/www.placeforstrays.de\/en\/#organization"},"potentialAction":[{"@type":"SearchAction","target":{"@type":"EntryPoint","urlTemplate":"https:\/\/www.placeforstrays.de\/en\/?s={search_term_string}"},"query-input":"required name=search_term_string"}],"inLanguage":"en-US"},{"@type":"Organization","@id":"https:\/\/www.placeforstrays.de\/en\/#organization","name":"PLACE for STRAYS","url":"https:\/\/www.placeforstrays.de\/en\/","logo":{"@type":"ImageObject","inLanguage":"en-US","@id":"https:\/\/www.placeforstrays.de\/en\/#\/schema\/logo\/image\/","url":"https:\/\/www.placeforstrays.de\/wp-content\/uploads\/2019\/07\/Logo-mit-Hintergrund-Kopie.jpg","contentUrl":"https:\/\/www.placeforstrays.de\/wp-content\/uploads\/2019\/07\/Logo-mit-Hintergrund-Kopie.jpg","width":277,"height":291,"caption":"PLACE for STRAYS"},"image":{"@id":"https:\/\/www.placeforstrays.de\/en\/#\/schema\/logo\/image\/"},"sameAs":["https:\/\/www.instagram.com\/placeforstraysalbufeira\/","https:\/\/www.facebook.com\/groups\/1963615917246890\/"]}]}},"_links":{"self":[{"href":"https:\/\/www.placeforstrays.de\/en\/wp-json\/wp\/v2\/project\/35798"}],"collection":[{"href":"https:\/\/www.placeforstrays.de\/en\/wp-json\/wp\/v2\/project"}],"about":[{"href":"https:\/\/www.placeforstrays.de\/en\/wp-json\/wp\/v2\/types\/project"}],"author":[{"embeddable":true,"href":"https:\/\/www.placeforstrays.de\/en\/wp-json\/wp\/v2\/users\/9"}],"replies":[{"embeddable":true,"href":"https:\/\/www.placeforstrays.de\/en\/wp-json\/wp\/v2\/comments?post=35798"}],"version-history":[{"count":3,"href":"https:\/\/www.placeforstrays.de\/en\/wp-json\/wp\/v2\/project\/35798\/revisions"}],"predecessor-version":[{"id":39383,"href":"https:\/\/www.placeforstrays.de\/en\/wp-json\/wp\/v2\/project\/35798\/revisions\/39383"}],"wp:featuredmedia":[{"embeddable":true,"href":"https:\/\/www.placeforstrays.de\/en\/wp-json\/wp\/v2\/media\/39380"}],"wp:attachment":[{"href":"https:\/\/www.placeforstrays.de\/en\/wp-json\/wp\/v2\/media?parent=35798"}],"wp:term":[{"taxonomy":"pj-categs","embeddable":true,"href":"https:\/\/www.placeforstrays.de\/en\/wp-json\/wp\/v2\/pj-categs?post=35798"},{"taxonomy":"pj-tags","embeddable":true,"href":"https:\/\/www.placeforstrays.de\/en\/wp-json\/wp\/v2\/pj-tags?post=35798"}],"curies":[{"name":"wp","href":"https:\/\/api.w.org\/{rel}","templated":true}]}}