{"id":36003,"date":"2022-04-03T10:21:30","date_gmt":"2022-04-03T08:21:30","guid":{"rendered":"https:\/\/www.placeforstrays.de\/?post_type=project&#038;p=36003"},"modified":"2022-05-20T22:11:06","modified_gmt":"2022-05-20T20:11:06","slug":"baileys","status":"publish","type":"project","link":"https:\/\/www.placeforstrays.de\/en\/our-proteges\/baileys\/","title":{"rendered":"Baileys"},"content":{"rendered":"<style type=\"text\/css\"><\/style><h3>Geschichte<\/h3>\n<div class=\"bi6gxh9e\">\n<p>Drei entz\u00fcckende Welpenm\u00e4dchen <a href=\"https:\/\/www.placeforstrays.de\/our-proteges\/malika\/\" target=\"_blank\" rel=\"noopener\">Malika<\/a>, <a href=\"https:\/\/www.placeforstrays.de\/our-proteges\/millie\/\" target=\"_blank\" rel=\"noopener\">Millie<\/a> und Baileys sind bei uns eingezogen, nachdem sie als einzige aus ihrem Wurf kein Zuhause gefunden haben. Die h\u00fcbschen M\u00e4use geh\u00f6ren zu einer H\u00fcndin aus unserer Kastrationskampagne, sind etwa 3,5 Monate alt und verzaubern uns schon jetzt.<\/p>\n<\/div>\n<p>&nbsp;<\/p>\n<h3>Charakter<\/h3>\n<div class=\"bi6gxh9e\">\u00dcber Baileys&#8217; Charakter k\u00f6nnen wir im Moment noch nicht so viel sagen, sie ist ja gerade erst bei uns eingezogen. Wir werden euch hier weiter auf dem Laufenden halten.<\/div>\n<div><\/div>\n<p>&nbsp;<\/p>\n<div>\n<div id='gallery-1' class='gallery galleryid-36003 gallery-columns-2 gallery-size-thumbnail'><figure class='gallery-item'>\n\t\t\t<div class='gallery-icon portrait'>\n\t\t\t\t<a href='https:\/\/www.placeforstrays.de\/en\/baileys-6-2\/'><img width=\"150\" height=\"150\" src=\"https:\/\/www.placeforstrays.de\/wp-content\/uploads\/2022\/04\/Baileys-6-150x150.jpg\" class=\"attachment-thumbnail size-thumbnail\" alt=\"\" srcset=\"https:\/\/www.placeforstrays.de\/wp-content\/uploads\/2022\/04\/Baileys-6-150x150.jpg 150w, https:\/\/www.placeforstrays.de\/wp-content\/uploads\/2022\/04\/Baileys-6-55x55.jpg 55w, https:\/\/www.placeforstrays.de\/wp-content\/uploads\/2022\/04\/Baileys-6-250x250.jpg 250w\" sizes=\"(max-width: 150px) 100vw, 150px\" \/><\/a>\n\t\t\t<\/div><\/figure><figure class='gallery-item'>\n\t\t\t<div class='gallery-icon portrait'>\n\t\t\t\t<a href='https:\/\/www.placeforstrays.de\/en\/baileys-5-2\/'><img width=\"150\" height=\"150\" src=\"https:\/\/www.placeforstrays.de\/wp-content\/uploads\/2022\/04\/Baileys-5-150x150.jpg\" class=\"attachment-thumbnail size-thumbnail\" alt=\"\" srcset=\"https:\/\/www.placeforstrays.de\/wp-content\/uploads\/2022\/04\/Baileys-5-150x150.jpg 150w, https:\/\/www.placeforstrays.de\/wp-content\/uploads\/2022\/04\/Baileys-5-55x55.jpg 55w, https:\/\/www.placeforstrays.de\/wp-content\/uploads\/2022\/04\/Baileys-5-250x250.jpg 250w\" sizes=\"(max-width: 150px) 100vw, 150px\" \/><\/a>\n\t\t\t<\/div><\/figure><figure class='gallery-item'>\n\t\t\t<div class='gallery-icon portrait'>\n\t\t\t\t<a href='https:\/\/www.placeforstrays.de\/en\/baileys-2-2\/'><img width=\"150\" height=\"150\" src=\"https:\/\/www.placeforstrays.de\/wp-content\/uploads\/2022\/04\/Baileys-2-150x150.jpg\" class=\"attachment-thumbnail size-thumbnail\" alt=\"\" srcset=\"https:\/\/www.placeforstrays.de\/wp-content\/uploads\/2022\/04\/Baileys-2-150x150.jpg 150w, https:\/\/www.placeforstrays.de\/wp-content\/uploads\/2022\/04\/Baileys-2-55x55.jpg 55w, https:\/\/www.placeforstrays.de\/wp-content\/uploads\/2022\/04\/Baileys-2-250x250.jpg 250w\" sizes=\"(max-width: 150px) 100vw, 150px\" \/><\/a>\n\t\t\t<\/div><\/figure><figure class='gallery-item'>\n\t\t\t<div class='gallery-icon portrait'>\n\t\t\t\t<a href='https:\/\/www.placeforstrays.de\/en\/baileys-1-2\/'><img width=\"150\" height=\"150\" src=\"https:\/\/www.placeforstrays.de\/wp-content\/uploads\/2022\/04\/Baileys-1-150x150.jpg\" class=\"attachment-thumbnail size-thumbnail\" alt=\"\" srcset=\"https:\/\/www.placeforstrays.de\/wp-content\/uploads\/2022\/04\/Baileys-1-150x150.jpg 150w, https:\/\/www.placeforstrays.de\/wp-content\/uploads\/2022\/04\/Baileys-1-55x55.jpg 55w, https:\/\/www.placeforstrays.de\/wp-content\/uploads\/2022\/04\/Baileys-1-250x250.jpg 250w\" sizes=\"(max-width: 150px) 100vw, 150px\" \/><\/a>\n\t\t\t<\/div><\/figure><figure class='gallery-item'>\n\t\t\t<div class='gallery-icon portrait'>\n\t\t\t\t<a href='https:\/\/www.placeforstrays.de\/en\/baileys-3-2\/'><img width=\"150\" height=\"150\" src=\"https:\/\/www.placeforstrays.de\/wp-content\/uploads\/2022\/04\/Baileys-3-150x150.jpg\" class=\"attachment-thumbnail size-thumbnail\" alt=\"\" srcset=\"https:\/\/www.placeforstrays.de\/wp-content\/uploads\/2022\/04\/Baileys-3-150x150.jpg 150w, https:\/\/www.placeforstrays.de\/wp-content\/uploads\/2022\/04\/Baileys-3-55x55.jpg 55w, https:\/\/www.placeforstrays.de\/wp-content\/uploads\/2022\/04\/Baileys-3-250x250.jpg 250w\" sizes=\"(max-width: 150px) 100vw, 150px\" \/><\/a>\n\t\t\t<\/div><\/figure><figure class='gallery-item'>\n\t\t\t<div class='gallery-icon portrait'>\n\t\t\t\t<a href='https:\/\/www.placeforstrays.de\/en\/baileys-4-2\/'><img width=\"150\" height=\"150\" src=\"https:\/\/www.placeforstrays.de\/wp-content\/uploads\/2022\/04\/Baileys-4-150x150.jpg\" class=\"attachment-thumbnail size-thumbnail\" alt=\"\" srcset=\"https:\/\/www.placeforstrays.de\/wp-content\/uploads\/2022\/04\/Baileys-4-150x150.jpg 150w, https:\/\/www.placeforstrays.de\/wp-content\/uploads\/2022\/04\/Baileys-4-55x55.jpg 55w, https:\/\/www.placeforstrays.de\/wp-content\/uploads\/2022\/04\/Baileys-4-250x250.jpg 250w\" sizes=\"(max-width: 150px) 100vw, 150px\" \/><\/a>\n\t\t\t<\/div><\/figure>\n\t\t<\/div>\n\n<\/div>\n","protected":false},"excerpt":{"rendered":"<p>Geschichte Drei entz\u00fcckende Welpenm\u00e4dchen Malika, Millie und Baileys sind bei uns eingezogen, nachdem sie als einzige aus ihrem Wurf kein Zuhause gefunden haben. Die h\u00fcbschen M\u00e4use geh\u00f6ren zu einer H\u00fcndin aus unserer Kastrationskampagne, sind etwa 3,5 Monate alt und verzaubern uns schon jetzt. &nbsp; Charakter \u00dcber Baileys&#8217; Charakter k\u00f6nnen wir im Moment noch nicht so&#8230;<\/p>\n","protected":false},"author":9,"featured_media":36840,"menu_order":0,"comment_status":"closed","ping_status":"open","template":"","format":"standard","meta":[],"pj-categs":[14,16,37],"pj-tags":[],"yoast_head":"<!-- This site is optimized with the Yoast SEO plugin v19.13 - https:\/\/yoast.com\/wordpress\/plugins\/seo\/ -->\n<title>Baileys hat ein Zuhause gefunden - PLACE for STRAYS Albufeira<\/title>\n<meta name=\"description\" content=\"Baileys blieb in einem Wurf \u00fcbrig und durfte in den PLACE for STRAYS einziehen. Jetzt ist sie auf der Suche nach ihrem Zuhause.\" \/>\n<meta name=\"robots\" content=\"index, follow, max-snippet:-1, max-image-preview:large, max-video-preview:-1\" \/>\n<link rel=\"canonical\" href=\"https:\/\/www.placeforstrays.de\/en\/our-proteges\/baileys\/\" \/>\n<meta property=\"og:locale\" content=\"en_US\" \/>\n<meta property=\"og:type\" content=\"article\" \/>\n<meta property=\"og:title\" content=\"Baileys hat ein Zuhause gefunden - PLACE for STRAYS Albufeira\" \/>\n<meta property=\"og:description\" content=\"Baileys blieb in einem Wurf \u00fcbrig und durfte in den PLACE for STRAYS einziehen. Jetzt ist sie auf der Suche nach ihrem Zuhause.\" \/>\n<meta property=\"og:url\" content=\"https:\/\/www.placeforstrays.de\/en\/our-proteges\/baileys\/\" \/>\n<meta property=\"og:site_name\" content=\"PLACE for STRAYS Albufeira\" \/>\n<meta property=\"article:publisher\" content=\"https:\/\/www.facebook.com\/groups\/1963615917246890\/\" \/>\n<meta property=\"article:modified_time\" content=\"2022-05-20T20:11:06+00:00\" \/>\n<meta property=\"og:image\" content=\"https:\/\/www.placeforstrays.de\/wp-content\/uploads\/2022\/04\/Baileys-Titel-2.jpg\" \/>\n\t<meta property=\"og:image:width\" content=\"620\" \/>\n\t<meta property=\"og:image:height\" content=\"622\" \/>\n\t<meta property=\"og:image:type\" content=\"image\/jpeg\" \/>\n<meta name=\"twitter:card\" content=\"summary_large_image\" \/>\n<meta name=\"twitter:label1\" content=\"Est. reading time\" \/>\n\t<meta name=\"twitter:data1\" content=\"1 minute\" \/>\n<script type=\"application\/ld+json\" class=\"yoast-schema-graph\">{\"@context\":\"https:\/\/schema.org\",\"@graph\":[{\"@type\":\"WebPage\",\"@id\":\"https:\/\/www.placeforstrays.de\/en\/our-proteges\/baileys\/\",\"url\":\"https:\/\/www.placeforstrays.de\/en\/our-proteges\/baileys\/\",\"name\":\"Baileys hat ein Zuhause gefunden - PLACE for STRAYS Albufeira\",\"isPartOf\":{\"@id\":\"https:\/\/www.placeforstrays.de\/en\/#website\"},\"datePublished\":\"2022-04-03T08:21:30+00:00\",\"dateModified\":\"2022-05-20T20:11:06+00:00\",\"description\":\"Baileys blieb in einem Wurf \u00fcbrig und durfte in den PLACE for STRAYS einziehen. Jetzt ist sie auf der Suche nach ihrem Zuhause.\",\"breadcrumb\":{\"@id\":\"https:\/\/www.placeforstrays.de\/en\/our-proteges\/baileys\/#breadcrumb\"},\"inLanguage\":\"en-US\",\"potentialAction\":[{\"@type\":\"ReadAction\",\"target\":[\"https:\/\/www.placeforstrays.de\/en\/our-proteges\/baileys\/\"]}]},{\"@type\":\"BreadcrumbList\",\"@id\":\"https:\/\/www.placeforstrays.de\/en\/our-proteges\/baileys\/#breadcrumb\",\"itemListElement\":[{\"@type\":\"ListItem\",\"position\":1,\"name\":\"Startseite\",\"item\":\"https:\/\/www.placeforstrays.de\/en\/\"},{\"@type\":\"ListItem\",\"position\":2,\"name\":\"Projects\",\"item\":\"https:\/\/www.placeforstrays.de\/en\/our-proteges\/\"},{\"@type\":\"ListItem\",\"position\":3,\"name\":\"Baileys\"}]},{\"@type\":\"WebSite\",\"@id\":\"https:\/\/www.placeforstrays.de\/en\/#website\",\"url\":\"https:\/\/www.placeforstrays.de\/en\/\",\"name\":\"PLACE for STRAYS Albufeira\",\"description\":\"Tierschutz\",\"publisher\":{\"@id\":\"https:\/\/www.placeforstrays.de\/en\/#organization\"},\"potentialAction\":[{\"@type\":\"SearchAction\",\"target\":{\"@type\":\"EntryPoint\",\"urlTemplate\":\"https:\/\/www.placeforstrays.de\/en\/?s={search_term_string}\"},\"query-input\":\"required name=search_term_string\"}],\"inLanguage\":\"en-US\"},{\"@type\":\"Organization\",\"@id\":\"https:\/\/www.placeforstrays.de\/en\/#organization\",\"name\":\"PLACE for STRAYS\",\"url\":\"https:\/\/www.placeforstrays.de\/en\/\",\"logo\":{\"@type\":\"ImageObject\",\"inLanguage\":\"en-US\",\"@id\":\"https:\/\/www.placeforstrays.de\/en\/#\/schema\/logo\/image\/\",\"url\":\"https:\/\/www.placeforstrays.de\/wp-content\/uploads\/2019\/07\/Logo-mit-Hintergrund-Kopie.jpg\",\"contentUrl\":\"https:\/\/www.placeforstrays.de\/wp-content\/uploads\/2019\/07\/Logo-mit-Hintergrund-Kopie.jpg\",\"width\":277,\"height\":291,\"caption\":\"PLACE for STRAYS\"},\"image\":{\"@id\":\"https:\/\/www.placeforstrays.de\/en\/#\/schema\/logo\/image\/\"},\"sameAs\":[\"https:\/\/www.instagram.com\/placeforstraysalbufeira\/\",\"https:\/\/www.facebook.com\/groups\/1963615917246890\/\"]}]}<\/script>\n<!-- \/ Yoast SEO plugin. -->","yoast_head_json":{"title":"Baileys hat ein Zuhause gefunden - PLACE for STRAYS Albufeira","description":"Baileys blieb in einem Wurf \u00fcbrig und durfte in den PLACE for STRAYS einziehen. Jetzt ist sie auf der Suche nach ihrem Zuhause.","robots":{"index":"index","follow":"follow","max-snippet":"max-snippet:-1","max-image-preview":"max-image-preview:large","max-video-preview":"max-video-preview:-1"},"canonical":"https:\/\/www.placeforstrays.de\/en\/our-proteges\/baileys\/","og_locale":"en_US","og_type":"article","og_title":"Baileys hat ein Zuhause gefunden - PLACE for STRAYS Albufeira","og_description":"Baileys blieb in einem Wurf \u00fcbrig und durfte in den PLACE for STRAYS einziehen. Jetzt ist sie auf der Suche nach ihrem Zuhause.","og_url":"https:\/\/www.placeforstrays.de\/en\/our-proteges\/baileys\/","og_site_name":"PLACE for STRAYS Albufeira","article_publisher":"https:\/\/www.facebook.com\/groups\/1963615917246890\/","article_modified_time":"2022-05-20T20:11:06+00:00","og_image":[{"width":620,"height":622,"url":"https:\/\/www.placeforstrays.de\/wp-content\/uploads\/2022\/04\/Baileys-Titel-2.jpg","type":"image\/jpeg"}],"twitter_card":"summary_large_image","twitter_misc":{"Est. reading time":"1 minute"},"schema":{"@context":"https:\/\/schema.org","@graph":[{"@type":"WebPage","@id":"https:\/\/www.placeforstrays.de\/en\/our-proteges\/baileys\/","url":"https:\/\/www.placeforstrays.de\/en\/our-proteges\/baileys\/","name":"Baileys hat ein Zuhause gefunden - PLACE for STRAYS Albufeira","isPartOf":{"@id":"https:\/\/www.placeforstrays.de\/en\/#website"},"datePublished":"2022-04-03T08:21:30+00:00","dateModified":"2022-05-20T20:11:06+00:00","description":"Baileys blieb in einem Wurf \u00fcbrig und durfte in den PLACE for STRAYS einziehen. Jetzt ist sie auf der Suche nach ihrem Zuhause.","breadcrumb":{"@id":"https:\/\/www.placeforstrays.de\/en\/our-proteges\/baileys\/#breadcrumb"},"inLanguage":"en-US","potentialAction":[{"@type":"ReadAction","target":["https:\/\/www.placeforstrays.de\/en\/our-proteges\/baileys\/"]}]},{"@type":"BreadcrumbList","@id":"https:\/\/www.placeforstrays.de\/en\/our-proteges\/baileys\/#breadcrumb","itemListElement":[{"@type":"ListItem","position":1,"name":"Startseite","item":"https:\/\/www.placeforstrays.de\/en\/"},{"@type":"ListItem","position":2,"name":"Projects","item":"https:\/\/www.placeforstrays.de\/en\/our-proteges\/"},{"@type":"ListItem","position":3,"name":"Baileys"}]},{"@type":"WebSite","@id":"https:\/\/www.placeforstrays.de\/en\/#website","url":"https:\/\/www.placeforstrays.de\/en\/","name":"PLACE for STRAYS Albufeira","description":"Tierschutz","publisher":{"@id":"https:\/\/www.placeforstrays.de\/en\/#organization"},"potentialAction":[{"@type":"SearchAction","target":{"@type":"EntryPoint","urlTemplate":"https:\/\/www.placeforstrays.de\/en\/?s={search_term_string}"},"query-input":"required name=search_term_string"}],"inLanguage":"en-US"},{"@type":"Organization","@id":"https:\/\/www.placeforstrays.de\/en\/#organization","name":"PLACE for STRAYS","url":"https:\/\/www.placeforstrays.de\/en\/","logo":{"@type":"ImageObject","inLanguage":"en-US","@id":"https:\/\/www.placeforstrays.de\/en\/#\/schema\/logo\/image\/","url":"https:\/\/www.placeforstrays.de\/wp-content\/uploads\/2019\/07\/Logo-mit-Hintergrund-Kopie.jpg","contentUrl":"https:\/\/www.placeforstrays.de\/wp-content\/uploads\/2019\/07\/Logo-mit-Hintergrund-Kopie.jpg","width":277,"height":291,"caption":"PLACE for STRAYS"},"image":{"@id":"https:\/\/www.placeforstrays.de\/en\/#\/schema\/logo\/image\/"},"sameAs":["https:\/\/www.instagram.com\/placeforstraysalbufeira\/","https:\/\/www.facebook.com\/groups\/1963615917246890\/"]}]}},"_links":{"self":[{"href":"https:\/\/www.placeforstrays.de\/en\/wp-json\/wp\/v2\/project\/36003"}],"collection":[{"href":"https:\/\/www.placeforstrays.de\/en\/wp-json\/wp\/v2\/project"}],"about":[{"href":"https:\/\/www.placeforstrays.de\/en\/wp-json\/wp\/v2\/types\/project"}],"author":[{"embeddable":true,"href":"https:\/\/www.placeforstrays.de\/en\/wp-json\/wp\/v2\/users\/9"}],"replies":[{"embeddable":true,"href":"https:\/\/www.placeforstrays.de\/en\/wp-json\/wp\/v2\/comments?post=36003"}],"version-history":[{"count":0,"href":"https:\/\/www.placeforstrays.de\/en\/wp-json\/wp\/v2\/project\/36003\/revisions"}],"wp:featuredmedia":[{"embeddable":true,"href":"https:\/\/www.placeforstrays.de\/en\/wp-json\/wp\/v2\/media\/36840"}],"wp:attachment":[{"href":"https:\/\/www.placeforstrays.de\/en\/wp-json\/wp\/v2\/media?parent=36003"}],"wp:term":[{"taxonomy":"pj-categs","embeddable":true,"href":"https:\/\/www.placeforstrays.de\/en\/wp-json\/wp\/v2\/pj-categs?post=36003"},{"taxonomy":"pj-tags","embeddable":true,"href":"https:\/\/www.placeforstrays.de\/en\/wp-json\/wp\/v2\/pj-tags?post=36003"}],"curies":[{"name":"wp","href":"https:\/\/api.w.org\/{rel}","templated":true}]}}