{"id":36446,"date":"2022-04-27T11:32:21","date_gmt":"2022-04-27T09:32:21","guid":{"rendered":"https:\/\/www.placeforstrays.de\/?post_type=project&#038;p=36446"},"modified":"2022-05-17T19:17:19","modified_gmt":"2022-05-17T17:17:19","slug":"alma-2","status":"publish","type":"project","link":"https:\/\/www.placeforstrays.de\/en\/our-proteges\/alma-2\/","title":{"rendered":"Alma"},"content":{"rendered":"<style type=\"text\/css\"><\/style><h3>Geschichte<\/h3>\n<div class=\"bi6gxh9e\">\n<p>Die kleine Alma wurde von Freunden des Shelters ganz allein und v\u00f6llig ver\u00e4ngstigt auf der Stra\u00dfe gefunden. Leider konnten sie das Welpenm\u00e4dchen nicht bei sich aufnehmen, und so brachten sie Alma in den Place for Strays.<\/p>\n<\/div>\n<p>&nbsp;<\/p>\n<h3>Charakter<\/h3>\n<div class=\"bi6gxh9e\">\u00dcber Alma&#8217;s Charakter k\u00f6nnen wir im Moment noch nicht viel sagen, sie ist ja gerade erst bei uns eingezogen. Wir werden euch hier weiter auf dem Laufenden halten.<\/div>\n<div>\n<div id='gallery-1' class='gallery galleryid-36446 gallery-columns-2 gallery-size-thumbnail'><figure class='gallery-item'>\n\t\t\t<div class='gallery-icon landscape'>\n\t\t\t\t<a href='https:\/\/www.placeforstrays.de\/en\/cbade415-ab67-4469-b8c7-aa534170dd90-2\/'><img width=\"150\" height=\"150\" src=\"https:\/\/www.placeforstrays.de\/wp-content\/uploads\/2022\/04\/cbade415-ab67-4469-b8c7-aa534170dd90-150x150.jpg\" class=\"attachment-thumbnail size-thumbnail\" alt=\"\" srcset=\"https:\/\/www.placeforstrays.de\/wp-content\/uploads\/2022\/04\/cbade415-ab67-4469-b8c7-aa534170dd90-150x150.jpg 150w, https:\/\/www.placeforstrays.de\/wp-content\/uploads\/2022\/04\/cbade415-ab67-4469-b8c7-aa534170dd90-55x55.jpg 55w, https:\/\/www.placeforstrays.de\/wp-content\/uploads\/2022\/04\/cbade415-ab67-4469-b8c7-aa534170dd90-250x250.jpg 250w\" sizes=\"(max-width: 150px) 100vw, 150px\" \/><\/a>\n\t\t\t<\/div><\/figure><figure class='gallery-item'>\n\t\t\t<div class='gallery-icon portrait'>\n\t\t\t\t<a href='https:\/\/www.placeforstrays.de\/en\/f7caafef-a839-4a32-ad11-636946c407cb-2\/'><img width=\"150\" height=\"150\" src=\"https:\/\/www.placeforstrays.de\/wp-content\/uploads\/2022\/04\/f7caafef-a839-4a32-ad11-636946c407cb-150x150.jpg\" class=\"attachment-thumbnail size-thumbnail\" alt=\"\" srcset=\"https:\/\/www.placeforstrays.de\/wp-content\/uploads\/2022\/04\/f7caafef-a839-4a32-ad11-636946c407cb-150x150.jpg 150w, https:\/\/www.placeforstrays.de\/wp-content\/uploads\/2022\/04\/f7caafef-a839-4a32-ad11-636946c407cb-55x55.jpg 55w, https:\/\/www.placeforstrays.de\/wp-content\/uploads\/2022\/04\/f7caafef-a839-4a32-ad11-636946c407cb-250x250.jpg 250w\" sizes=\"(max-width: 150px) 100vw, 150px\" \/><\/a>\n\t\t\t<\/div><\/figure><figure class='gallery-item'>\n\t\t\t<div class='gallery-icon landscape'>\n\t\t\t\t<a href='https:\/\/www.placeforstrays.de\/en\/e146ce8f-4ef7-4f50-a7ce-b0c2baececee-2\/'><img width=\"150\" height=\"150\" src=\"https:\/\/www.placeforstrays.de\/wp-content\/uploads\/2022\/04\/e146ce8f-4ef7-4f50-a7ce-b0c2baececee-150x150.jpg\" class=\"attachment-thumbnail size-thumbnail\" alt=\"\" srcset=\"https:\/\/www.placeforstrays.de\/wp-content\/uploads\/2022\/04\/e146ce8f-4ef7-4f50-a7ce-b0c2baececee-150x150.jpg 150w, https:\/\/www.placeforstrays.de\/wp-content\/uploads\/2022\/04\/e146ce8f-4ef7-4f50-a7ce-b0c2baececee-55x55.jpg 55w, https:\/\/www.placeforstrays.de\/wp-content\/uploads\/2022\/04\/e146ce8f-4ef7-4f50-a7ce-b0c2baececee-250x250.jpg 250w\" sizes=\"(max-width: 150px) 100vw, 150px\" \/><\/a>\n\t\t\t<\/div><\/figure><figure class='gallery-item'>\n\t\t\t<div class='gallery-icon portrait'>\n\t\t\t\t<a href='https:\/\/www.placeforstrays.de\/en\/aec31c3c-389c-465e-97b8-dcf8ae0c1966-2\/'><img width=\"150\" height=\"150\" src=\"https:\/\/www.placeforstrays.de\/wp-content\/uploads\/2022\/04\/aec31c3c-389c-465e-97b8-dcf8ae0c1966-150x150.jpg\" class=\"attachment-thumbnail size-thumbnail\" alt=\"\" srcset=\"https:\/\/www.placeforstrays.de\/wp-content\/uploads\/2022\/04\/aec31c3c-389c-465e-97b8-dcf8ae0c1966-150x150.jpg 150w, https:\/\/www.placeforstrays.de\/wp-content\/uploads\/2022\/04\/aec31c3c-389c-465e-97b8-dcf8ae0c1966-55x55.jpg 55w, https:\/\/www.placeforstrays.de\/wp-content\/uploads\/2022\/04\/aec31c3c-389c-465e-97b8-dcf8ae0c1966-250x250.jpg 250w\" sizes=\"(max-width: 150px) 100vw, 150px\" \/><\/a>\n\t\t\t<\/div><\/figure>\n\t\t<\/div>\n\n<\/div>\n","protected":false},"excerpt":{"rendered":"<p>Geschichte Die kleine Alma wurde von Freunden des Shelters ganz allein und v\u00f6llig ver\u00e4ngstigt auf der Stra\u00dfe gefunden. Leider konnten sie das Welpenm\u00e4dchen nicht bei sich aufnehmen, und so brachten sie Alma in den Place for Strays. &nbsp; Charakter \u00dcber Alma&#8217;s Charakter k\u00f6nnen wir im Moment noch nicht viel sagen, sie ist ja gerade erst&#8230;<\/p>\n","protected":false},"author":9,"featured_media":36822,"menu_order":0,"comment_status":"closed","ping_status":"open","template":"","format":"standard","meta":[],"pj-categs":[14,16,37],"pj-tags":[],"yoast_head":"<!-- This site is optimized with the Yoast SEO plugin v19.13 - https:\/\/yoast.com\/wordpress\/plugins\/seo\/ -->\n<title>Alma fand ein liebevolles Zuhause - PLACE for STRAYS Albufeira<\/title>\n<meta name=\"description\" content=\"Alma wurde ganz alleine auf der Stra\u00dfe gefunden und durfte in den PLACE for STRAYS einziehen. Nun hat sie in ihrer Familie gefunden\" \/>\n<meta name=\"robots\" content=\"index, follow, max-snippet:-1, max-image-preview:large, max-video-preview:-1\" \/>\n<link rel=\"canonical\" href=\"https:\/\/www.placeforstrays.de\/en\/our-proteges\/alma-2\/\" \/>\n<meta property=\"og:locale\" content=\"en_US\" \/>\n<meta property=\"og:type\" content=\"article\" \/>\n<meta property=\"og:title\" content=\"Alma fand ein liebevolles Zuhause - PLACE for STRAYS Albufeira\" \/>\n<meta property=\"og:description\" content=\"Alma wurde ganz alleine auf der Stra\u00dfe gefunden und durfte in den PLACE for STRAYS einziehen. Nun hat sie in ihrer Familie gefunden\" \/>\n<meta property=\"og:url\" content=\"https:\/\/www.placeforstrays.de\/en\/our-proteges\/alma-2\/\" \/>\n<meta property=\"og:site_name\" content=\"PLACE for STRAYS Albufeira\" \/>\n<meta property=\"article:publisher\" content=\"https:\/\/www.facebook.com\/groups\/1963615917246890\/\" \/>\n<meta property=\"article:modified_time\" content=\"2022-05-17T17:17:19+00:00\" \/>\n<meta property=\"og:image\" content=\"https:\/\/www.placeforstrays.de\/wp-content\/uploads\/2022\/04\/25dd63f0-be59-40ae-afc1-cec5d0b1749b.jpg\" \/>\n\t<meta property=\"og:image:width\" content=\"768\" \/>\n\t<meta property=\"og:image:height\" content=\"1024\" \/>\n\t<meta property=\"og:image:type\" content=\"image\/jpeg\" \/>\n<meta name=\"twitter:card\" content=\"summary_large_image\" \/>\n<script type=\"application\/ld+json\" class=\"yoast-schema-graph\">{\"@context\":\"https:\/\/schema.org\",\"@graph\":[{\"@type\":\"WebPage\",\"@id\":\"https:\/\/www.placeforstrays.de\/en\/our-proteges\/alma-2\/\",\"url\":\"https:\/\/www.placeforstrays.de\/en\/our-proteges\/alma-2\/\",\"name\":\"Alma fand ein liebevolles Zuhause - PLACE for STRAYS Albufeira\",\"isPartOf\":{\"@id\":\"https:\/\/www.placeforstrays.de\/en\/#website\"},\"datePublished\":\"2022-04-27T09:32:21+00:00\",\"dateModified\":\"2022-05-17T17:17:19+00:00\",\"description\":\"Alma wurde ganz alleine auf der Stra\u00dfe gefunden und durfte in den PLACE for STRAYS einziehen. Nun hat sie in ihrer Familie gefunden\",\"breadcrumb\":{\"@id\":\"https:\/\/www.placeforstrays.de\/en\/our-proteges\/alma-2\/#breadcrumb\"},\"inLanguage\":\"en-US\",\"potentialAction\":[{\"@type\":\"ReadAction\",\"target\":[\"https:\/\/www.placeforstrays.de\/en\/our-proteges\/alma-2\/\"]}]},{\"@type\":\"BreadcrumbList\",\"@id\":\"https:\/\/www.placeforstrays.de\/en\/our-proteges\/alma-2\/#breadcrumb\",\"itemListElement\":[{\"@type\":\"ListItem\",\"position\":1,\"name\":\"Startseite\",\"item\":\"https:\/\/www.placeforstrays.de\/en\/\"},{\"@type\":\"ListItem\",\"position\":2,\"name\":\"Projects\",\"item\":\"https:\/\/www.placeforstrays.de\/en\/our-proteges\/\"},{\"@type\":\"ListItem\",\"position\":3,\"name\":\"Alma\"}]},{\"@type\":\"WebSite\",\"@id\":\"https:\/\/www.placeforstrays.de\/en\/#website\",\"url\":\"https:\/\/www.placeforstrays.de\/en\/\",\"name\":\"PLACE for STRAYS Albufeira\",\"description\":\"Tierschutz\",\"publisher\":{\"@id\":\"https:\/\/www.placeforstrays.de\/en\/#organization\"},\"potentialAction\":[{\"@type\":\"SearchAction\",\"target\":{\"@type\":\"EntryPoint\",\"urlTemplate\":\"https:\/\/www.placeforstrays.de\/en\/?s={search_term_string}\"},\"query-input\":\"required name=search_term_string\"}],\"inLanguage\":\"en-US\"},{\"@type\":\"Organization\",\"@id\":\"https:\/\/www.placeforstrays.de\/en\/#organization\",\"name\":\"PLACE for STRAYS\",\"url\":\"https:\/\/www.placeforstrays.de\/en\/\",\"logo\":{\"@type\":\"ImageObject\",\"inLanguage\":\"en-US\",\"@id\":\"https:\/\/www.placeforstrays.de\/en\/#\/schema\/logo\/image\/\",\"url\":\"https:\/\/www.placeforstrays.de\/wp-content\/uploads\/2019\/07\/Logo-mit-Hintergrund-Kopie.jpg\",\"contentUrl\":\"https:\/\/www.placeforstrays.de\/wp-content\/uploads\/2019\/07\/Logo-mit-Hintergrund-Kopie.jpg\",\"width\":277,\"height\":291,\"caption\":\"PLACE for STRAYS\"},\"image\":{\"@id\":\"https:\/\/www.placeforstrays.de\/en\/#\/schema\/logo\/image\/\"},\"sameAs\":[\"https:\/\/www.instagram.com\/placeforstraysalbufeira\/\",\"https:\/\/www.facebook.com\/groups\/1963615917246890\/\"]}]}<\/script>\n<!-- \/ Yoast SEO plugin. -->","yoast_head_json":{"title":"Alma fand ein liebevolles Zuhause - PLACE for STRAYS Albufeira","description":"Alma wurde ganz alleine auf der Stra\u00dfe gefunden und durfte in den PLACE for STRAYS einziehen. Nun hat sie in ihrer Familie gefunden","robots":{"index":"index","follow":"follow","max-snippet":"max-snippet:-1","max-image-preview":"max-image-preview:large","max-video-preview":"max-video-preview:-1"},"canonical":"https:\/\/www.placeforstrays.de\/en\/our-proteges\/alma-2\/","og_locale":"en_US","og_type":"article","og_title":"Alma fand ein liebevolles Zuhause - PLACE for STRAYS Albufeira","og_description":"Alma wurde ganz alleine auf der Stra\u00dfe gefunden und durfte in den PLACE for STRAYS einziehen. Nun hat sie in ihrer Familie gefunden","og_url":"https:\/\/www.placeforstrays.de\/en\/our-proteges\/alma-2\/","og_site_name":"PLACE for STRAYS Albufeira","article_publisher":"https:\/\/www.facebook.com\/groups\/1963615917246890\/","article_modified_time":"2022-05-17T17:17:19+00:00","og_image":[{"width":768,"height":1024,"url":"https:\/\/www.placeforstrays.de\/wp-content\/uploads\/2022\/04\/25dd63f0-be59-40ae-afc1-cec5d0b1749b.jpg","type":"image\/jpeg"}],"twitter_card":"summary_large_image","schema":{"@context":"https:\/\/schema.org","@graph":[{"@type":"WebPage","@id":"https:\/\/www.placeforstrays.de\/en\/our-proteges\/alma-2\/","url":"https:\/\/www.placeforstrays.de\/en\/our-proteges\/alma-2\/","name":"Alma fand ein liebevolles Zuhause - PLACE for STRAYS Albufeira","isPartOf":{"@id":"https:\/\/www.placeforstrays.de\/en\/#website"},"datePublished":"2022-04-27T09:32:21+00:00","dateModified":"2022-05-17T17:17:19+00:00","description":"Alma wurde ganz alleine auf der Stra\u00dfe gefunden und durfte in den PLACE for STRAYS einziehen. Nun hat sie in ihrer Familie gefunden","breadcrumb":{"@id":"https:\/\/www.placeforstrays.de\/en\/our-proteges\/alma-2\/#breadcrumb"},"inLanguage":"en-US","potentialAction":[{"@type":"ReadAction","target":["https:\/\/www.placeforstrays.de\/en\/our-proteges\/alma-2\/"]}]},{"@type":"BreadcrumbList","@id":"https:\/\/www.placeforstrays.de\/en\/our-proteges\/alma-2\/#breadcrumb","itemListElement":[{"@type":"ListItem","position":1,"name":"Startseite","item":"https:\/\/www.placeforstrays.de\/en\/"},{"@type":"ListItem","position":2,"name":"Projects","item":"https:\/\/www.placeforstrays.de\/en\/our-proteges\/"},{"@type":"ListItem","position":3,"name":"Alma"}]},{"@type":"WebSite","@id":"https:\/\/www.placeforstrays.de\/en\/#website","url":"https:\/\/www.placeforstrays.de\/en\/","name":"PLACE for STRAYS Albufeira","description":"Tierschutz","publisher":{"@id":"https:\/\/www.placeforstrays.de\/en\/#organization"},"potentialAction":[{"@type":"SearchAction","target":{"@type":"EntryPoint","urlTemplate":"https:\/\/www.placeforstrays.de\/en\/?s={search_term_string}"},"query-input":"required name=search_term_string"}],"inLanguage":"en-US"},{"@type":"Organization","@id":"https:\/\/www.placeforstrays.de\/en\/#organization","name":"PLACE for STRAYS","url":"https:\/\/www.placeforstrays.de\/en\/","logo":{"@type":"ImageObject","inLanguage":"en-US","@id":"https:\/\/www.placeforstrays.de\/en\/#\/schema\/logo\/image\/","url":"https:\/\/www.placeforstrays.de\/wp-content\/uploads\/2019\/07\/Logo-mit-Hintergrund-Kopie.jpg","contentUrl":"https:\/\/www.placeforstrays.de\/wp-content\/uploads\/2019\/07\/Logo-mit-Hintergrund-Kopie.jpg","width":277,"height":291,"caption":"PLACE for STRAYS"},"image":{"@id":"https:\/\/www.placeforstrays.de\/en\/#\/schema\/logo\/image\/"},"sameAs":["https:\/\/www.instagram.com\/placeforstraysalbufeira\/","https:\/\/www.facebook.com\/groups\/1963615917246890\/"]}]}},"_links":{"self":[{"href":"https:\/\/www.placeforstrays.de\/en\/wp-json\/wp\/v2\/project\/36446"}],"collection":[{"href":"https:\/\/www.placeforstrays.de\/en\/wp-json\/wp\/v2\/project"}],"about":[{"href":"https:\/\/www.placeforstrays.de\/en\/wp-json\/wp\/v2\/types\/project"}],"author":[{"embeddable":true,"href":"https:\/\/www.placeforstrays.de\/en\/wp-json\/wp\/v2\/users\/9"}],"replies":[{"embeddable":true,"href":"https:\/\/www.placeforstrays.de\/en\/wp-json\/wp\/v2\/comments?post=36446"}],"version-history":[{"count":0,"href":"https:\/\/www.placeforstrays.de\/en\/wp-json\/wp\/v2\/project\/36446\/revisions"}],"wp:featuredmedia":[{"embeddable":true,"href":"https:\/\/www.placeforstrays.de\/en\/wp-json\/wp\/v2\/media\/36822"}],"wp:attachment":[{"href":"https:\/\/www.placeforstrays.de\/en\/wp-json\/wp\/v2\/media?parent=36446"}],"wp:term":[{"taxonomy":"pj-categs","embeddable":true,"href":"https:\/\/www.placeforstrays.de\/en\/wp-json\/wp\/v2\/pj-categs?post=36446"},{"taxonomy":"pj-tags","embeddable":true,"href":"https:\/\/www.placeforstrays.de\/en\/wp-json\/wp\/v2\/pj-tags?post=36446"}],"curies":[{"name":"wp","href":"https:\/\/api.w.org\/{rel}","templated":true}]}}