{"id":38707,"date":"2022-08-31T23:53:11","date_gmt":"2022-08-31T21:53:11","guid":{"rendered":"https:\/\/www.placeforstrays.de\/?post_type=project&#038;p=38707"},"modified":"2022-09-09T19:54:52","modified_gmt":"2022-09-09T17:54:52","slug":"ari-arya","status":"publish","type":"project","link":"https:\/\/www.placeforstrays.de\/en\/our-proteges\/ari-arya\/","title":{"rendered":"Ari (Arya)"},"content":{"rendered":"<style type=\"text\/css\"><\/style><h3>Aryas Geschichte<\/h3>\n<p><span style=\"font-size: 16px;\">Hallo zusammen,\u00a0ich hei\u00dfe Ari (Arya).\u00a0<\/span>Meine f\u00fcnf Geschwister und ich sind auf der Stra\u00dfe in Portugal auf die Welt gekommen. Zum Gl\u00fcck fand uns kurz nach der Geburt eine nette Helferin des PLACE for STRAYS und rettete uns gemeinsam mit unserer Mama <a href=\"https:\/\/www.placeforstrays.de\/our-proteges\/ellie\/\" target=\"_blank\" rel=\"noopener\">Ellie<\/a> von der Stra\u00dfe.\u00a0Zun\u00e4chst lebten wir bei einer der Helferinnen des Shelters Zuhause und bekamen dort all die F\u00fcrsorge und Liebe die wir brauchten.\u00a0Als wir alt genug waren zogen wir auf das Sheltergel\u00e4nde und wurden alle an das jeweilige passende Zuhause vermittelt. Ich kam zu meiner Mama nach Darmstadt.<\/p>\n<div class=\"bi6gxh9e\">\n<p>Ich bin eine wirklich ganz besondere H\u00fcndin und eine richtige K\u00e4mpferin. Schon von klein auf habe ich mit Handicaps zu k\u00e4mpfen, meistere das allerdings wie alle sagen \u201etotal toll\u201c. Ich bin von Geburt an taub und habe eine Sehschw\u00e4che, das hat mich jedoch von nichts abgehalten und meine Menschenmama und ich wurden schnell ein tolles Team.<\/p>\n<p>Leider meinte es das Schicksal nicht gut mit mir und ich wurde im M\u00e4rz diesen Jahres mit einer seltenen Autoimmunerkrankung namens Myastenia Gravis diagnostiziert, eine Muskelschw\u00e4che. Von dem Zeitpunkt an folgten viele Klinikaufenthalte, Tierarztbesuche und Lungenentz\u00fcndungen, ein wirklicher Kampf um das \u00dcberleben. Mir wurde auch eine Magensonde eingesetzt \u00fcber welche ich nun ern\u00e4hrt werde, da es mir aktuell durch die Krankheit nicht m\u00f6glich ist Dinge oral aufzunehmen ohne sie wieder auszubrechen. Aber auch hier zeigte sich wieder was f\u00fcr ein K\u00e4mpferherz ich habe. Wenn man mich so sieht k\u00f6nnte man gar nicht meinen, dass ich das alles schon erlebt habe: ich habe so viel Lebensfreude, stecke alle damit an und wickle jeden um meine Pfote.<\/p>\n<p>Leider haben diese enormen Kosten aber auch die stetige \u00dcberwachung und Betreuung meine Menschenmama extrem auf die Probe gestellt. Denn so ein Klinikaufenthalt aber auch die regelm\u00e4\u00dfigen Kosten f\u00fcr Spezialfutter und Medikamente h\u00e4ufen sich und bei mir bedarf es aufgrund meiner Krankheit einer speziellen Betreuung und \u00dcberwachung meines Gesundheitszustandes.\u00a0Leider ist es meiner Menschenmama dadurch nicht mehr m\u00f6glich ausreichend f\u00fcr mich zu sorgen und sie hat sich dazu entschieden mich schweren Herzens an eine Pflegestelle in Darmstadt zu \u00fcbergeben, wovon nun ein neues Zuhause f\u00fcr mich gesucht wird. Hast du Interesse mich kennenzulernen und mehr \u00fcber mich zu erfahren? Dann wende dich schnell an unsere <a href=\"https:\/\/www.placeforstrays.de\/adoption-info\/\" target=\"_blank\" rel=\"noopener\">Vermittlungsteam<\/a>!<\/p>\n<p>Da es immer wieder sein kann, dass ich in die Klinik muss und so ein Aufenthalt schnell eine Menge an Geld kostet, aber auch mein Futter eine hohe monatliche Belastung darstellt, suche ich au\u00dferdem dringend nach lieben Pat:innen, welche meine Pflegestelle und den PLACE for STRAYS bei der Kostendeckung unterst\u00fctzen.\u00a0Jeder Euro hilft mir, die bestm\u00f6gliche medizinische Versorgung zu bekommen und ein weiterhin gl\u00fcckliches Leben mit so unendlich viel Lebensfreude zu f\u00fchren.<\/p>\n<p>Habe ich vielleicht auch dich um meine Pfoten gewickelt und du m\u00f6chtest mich gerne unterst\u00fctzen? Dann w\u00fcrde ich mich riesig freuen, wenn du eine <a href=\"https:\/\/www.placeforstrays.de\/patenschaft\/\" target=\"_blank\" rel=\"noopener\">Patenschaft<\/a> f\u00fcr mich \u00fcbernimmst und einen Beitrag zur Kostendeckung leistest. Du erh\u00e4ltst hierf\u00fcr eine Patenschaftsurkunde und wirst auch regelm\u00e4\u00dfig mit Updates und aktuellen Fotos von mir versorgt.<\/p>\n<p>Wir freuen uns \u00fcber jeden Euro! Einmalige Spenden f\u00fcr Ari k\u00f6nnen auf das folgende Konto \u00fcberwiesen werden:<\/p>\n<p><strong>Unser Extra Spendenkonto f\u00fcr Ari:<br \/>\nPlace for Strays \u2013 Streunerhilfe e.V.<\/strong><br \/>\n<strong>IBAN: DE20 5019 0000 6201 1278 05<\/strong><br \/>\n<strong>BIC: FFVBDEFF<\/strong><\/p>\n<p><strong>oder per Paypal:<\/strong><br \/>\n<strong>paypal@placeforstrays.de<br \/>\n<\/strong><strong>Stichwort: &#8220;Ari&#8221;<\/strong><\/p>\n<h3>Charakter<\/h3>\n<div class=\"bi6gxh9e\">Ari ist eine lebensfrohe H\u00fcndin, der man ihre Handicaps kaum anmerkt. Sie kann trotz Taubheit frei im Feld laufen, da sie sich sehr an ihren Menschen orientiert. Sie wurde au\u00dferdem auf ein Vibrationshalsband trainiert. Sie ist verschmust und braucht viel K\u00f6rperkontakt. Sie spielt gerne mit B\u00e4llen und wild mit Hunden, die sie kennt. Sie ist sehr gelehrig\u00a0aber auch frech und braucht eine klare F\u00fchrung. Sie ist sowohl an das Leben in der Stadt gew\u00f6hnt als auch ans Alleinebleiben.<\/div>\n<p>&nbsp;<\/p>\n<div>\n<div id='gallery-1' class='gallery galleryid-38707 gallery-columns-2 gallery-size-thumbnail'><figure class='gallery-item'>\n\t\t\t<div class='gallery-icon portrait'>\n\t\t\t\t<a href='https:\/\/www.placeforstrays.de\/en\/ari-3-2\/'><img width=\"150\" height=\"150\" src=\"https:\/\/www.placeforstrays.de\/wp-content\/uploads\/2022\/08\/Ari-3-150x150.jpg\" class=\"attachment-thumbnail size-thumbnail\" alt=\"\" srcset=\"https:\/\/www.placeforstrays.de\/wp-content\/uploads\/2022\/08\/Ari-3-150x150.jpg 150w, https:\/\/www.placeforstrays.de\/wp-content\/uploads\/2022\/08\/Ari-3-300x300.jpg 300w, https:\/\/www.placeforstrays.de\/wp-content\/uploads\/2022\/08\/Ari-3-55x55.jpg 55w, https:\/\/www.placeforstrays.de\/wp-content\/uploads\/2022\/08\/Ari-3-250x250.jpg 250w, https:\/\/www.placeforstrays.de\/wp-content\/uploads\/2022\/08\/Ari-3-580x581.jpg 580w, https:\/\/www.placeforstrays.de\/wp-content\/uploads\/2022\/08\/Ari-3.jpg 640w\" sizes=\"(max-width: 150px) 100vw, 150px\" \/><\/a>\n\t\t\t<\/div><\/figure><figure class='gallery-item'>\n\t\t\t<div class='gallery-icon portrait'>\n\t\t\t\t<a href='https:\/\/www.placeforstrays.de\/en\/ari-4-2\/'><img width=\"150\" height=\"150\" src=\"https:\/\/www.placeforstrays.de\/wp-content\/uploads\/2022\/08\/Ari-4-150x150.jpg\" class=\"attachment-thumbnail size-thumbnail\" alt=\"\" srcset=\"https:\/\/www.placeforstrays.de\/wp-content\/uploads\/2022\/08\/Ari-4-150x150.jpg 150w, https:\/\/www.placeforstrays.de\/wp-content\/uploads\/2022\/08\/Ari-4-55x55.jpg 55w, https:\/\/www.placeforstrays.de\/wp-content\/uploads\/2022\/08\/Ari-4-250x250.jpg 250w\" sizes=\"(max-width: 150px) 100vw, 150px\" \/><\/a>\n\t\t\t<\/div><\/figure><figure class='gallery-item'>\n\t\t\t<div class='gallery-icon portrait'>\n\t\t\t\t<a href='https:\/\/www.placeforstrays.de\/en\/ari-6-2\/'><img width=\"150\" height=\"150\" src=\"https:\/\/www.placeforstrays.de\/wp-content\/uploads\/2022\/08\/Ari-6-150x150.jpg\" class=\"attachment-thumbnail size-thumbnail\" alt=\"\" srcset=\"https:\/\/www.placeforstrays.de\/wp-content\/uploads\/2022\/08\/Ari-6-150x150.jpg 150w, https:\/\/www.placeforstrays.de\/wp-content\/uploads\/2022\/08\/Ari-6-55x55.jpg 55w, https:\/\/www.placeforstrays.de\/wp-content\/uploads\/2022\/08\/Ari-6-250x250.jpg 250w\" sizes=\"(max-width: 150px) 100vw, 150px\" \/><\/a>\n\t\t\t<\/div><\/figure><figure class='gallery-item'>\n\t\t\t<div class='gallery-icon landscape'>\n\t\t\t\t<a href='https:\/\/www.placeforstrays.de\/en\/ari-7-2\/'><img width=\"150\" height=\"150\" src=\"https:\/\/www.placeforstrays.de\/wp-content\/uploads\/2022\/08\/Ari-7-150x150.jpg\" class=\"attachment-thumbnail size-thumbnail\" alt=\"\" srcset=\"https:\/\/www.placeforstrays.de\/wp-content\/uploads\/2022\/08\/Ari-7-150x150.jpg 150w, https:\/\/www.placeforstrays.de\/wp-content\/uploads\/2022\/08\/Ari-7-55x55.jpg 55w, https:\/\/www.placeforstrays.de\/wp-content\/uploads\/2022\/08\/Ari-7-250x250.jpg 250w\" sizes=\"(max-width: 150px) 100vw, 150px\" \/><\/a>\n\t\t\t<\/div><\/figure><figure class='gallery-item'>\n\t\t\t<div class='gallery-icon portrait'>\n\t\t\t\t<a href='https:\/\/www.placeforstrays.de\/en\/ari-5-2\/'><img width=\"150\" height=\"150\" src=\"https:\/\/www.placeforstrays.de\/wp-content\/uploads\/2022\/08\/Ari-5-150x150.jpg\" class=\"attachment-thumbnail size-thumbnail\" alt=\"\" srcset=\"https:\/\/www.placeforstrays.de\/wp-content\/uploads\/2022\/08\/Ari-5-150x150.jpg 150w, https:\/\/www.placeforstrays.de\/wp-content\/uploads\/2022\/08\/Ari-5-55x55.jpg 55w, https:\/\/www.placeforstrays.de\/wp-content\/uploads\/2022\/08\/Ari-5-250x250.jpg 250w\" sizes=\"(max-width: 150px) 100vw, 150px\" \/><\/a>\n\t\t\t<\/div><\/figure><figure class='gallery-item'>\n\t\t\t<div class='gallery-icon portrait'>\n\t\t\t\t<a href='https:\/\/www.placeforstrays.de\/en\/ari-1_-2\/'><img width=\"150\" height=\"150\" src=\"https:\/\/www.placeforstrays.de\/wp-content\/uploads\/2022\/08\/Ari-1_-150x150.jpg\" class=\"attachment-thumbnail size-thumbnail\" alt=\"\" srcset=\"https:\/\/www.placeforstrays.de\/wp-content\/uploads\/2022\/08\/Ari-1_-150x150.jpg 150w, https:\/\/www.placeforstrays.de\/wp-content\/uploads\/2022\/08\/Ari-1_-55x55.jpg 55w, https:\/\/www.placeforstrays.de\/wp-content\/uploads\/2022\/08\/Ari-1_-250x250.jpg 250w\" sizes=\"(max-width: 150px) 100vw, 150px\" \/><\/a>\n\t\t\t<\/div><\/figure><figure class='gallery-item'>\n\t\t\t<div class='gallery-icon portrait'>\n\t\t\t\t<a href='https:\/\/www.placeforstrays.de\/en\/ari-2_-2\/'><img width=\"150\" height=\"150\" src=\"https:\/\/www.placeforstrays.de\/wp-content\/uploads\/2022\/08\/Ari-2_-150x150.jpg\" class=\"attachment-thumbnail size-thumbnail\" alt=\"\" srcset=\"https:\/\/www.placeforstrays.de\/wp-content\/uploads\/2022\/08\/Ari-2_-150x150.jpg 150w, https:\/\/www.placeforstrays.de\/wp-content\/uploads\/2022\/08\/Ari-2_-55x55.jpg 55w, https:\/\/www.placeforstrays.de\/wp-content\/uploads\/2022\/08\/Ari-2_-250x250.jpg 250w\" sizes=\"(max-width: 150px) 100vw, 150px\" \/><\/a>\n\t\t\t<\/div><\/figure>\n\t\t<\/div>\n\n<\/div>\n<\/div>\n","protected":false},"excerpt":{"rendered":"<p>Aryas Geschichte Hallo zusammen,\u00a0ich hei\u00dfe Ari (Arya).\u00a0Meine f\u00fcnf Geschwister und ich sind auf der Stra\u00dfe in Portugal auf die Welt gekommen. Zum Gl\u00fcck fand uns kurz nach der Geburt eine nette Helferin des PLACE for STRAYS und rettete uns gemeinsam mit unserer Mama Ellie von der Stra\u00dfe.\u00a0Zun\u00e4chst lebten wir bei einer der Helferinnen des Shelters&#8230;<\/p>\n","protected":false},"author":9,"featured_media":38715,"menu_order":0,"comment_status":"closed","ping_status":"closed","template":"","format":"standard","meta":[],"pj-categs":[14,16,43],"pj-tags":[],"yoast_head":"<!-- This site is optimized with the Yoast SEO plugin v19.13 - https:\/\/yoast.com\/wordpress\/plugins\/seo\/ -->\n<title>Ari (Arya) sucht ein liebevolles Zuhause - PLACE for STRAYS Albufeira<\/title>\n<meta name=\"description\" content=\"Arya war gl\u00fccklich vermittelt, bis eine Autoimmunkrankheit es Ihren Menschen unm\u00f6glich machte, sich weiter alleine um sie zu k\u00fcmmern.\" \/>\n<meta name=\"robots\" content=\"index, follow, max-snippet:-1, max-image-preview:large, max-video-preview:-1\" \/>\n<link rel=\"canonical\" href=\"https:\/\/www.placeforstrays.de\/en\/our-proteges\/ari-arya\/\" \/>\n<meta property=\"og:locale\" content=\"en_US\" \/>\n<meta property=\"og:type\" content=\"article\" \/>\n<meta property=\"og:title\" content=\"Ari (Arya) sucht ein liebevolles Zuhause - PLACE for STRAYS Albufeira\" \/>\n<meta property=\"og:description\" content=\"Arya war gl\u00fccklich vermittelt, bis eine Autoimmunkrankheit es Ihren Menschen unm\u00f6glich machte, sich weiter alleine um sie zu k\u00fcmmern.\" \/>\n<meta property=\"og:url\" content=\"https:\/\/www.placeforstrays.de\/en\/our-proteges\/ari-arya\/\" \/>\n<meta property=\"og:site_name\" content=\"PLACE for STRAYS Albufeira\" \/>\n<meta property=\"article:publisher\" content=\"https:\/\/www.facebook.com\/groups\/1963615917246890\/\" \/>\n<meta property=\"article:modified_time\" content=\"2022-09-09T17:54:52+00:00\" \/>\n<meta property=\"og:image\" content=\"https:\/\/www.placeforstrays.de\/wp-content\/uploads\/2022\/08\/Ari-Titel.jpg\" \/>\n\t<meta property=\"og:image:width\" content=\"519\" \/>\n\t<meta property=\"og:image:height\" content=\"387\" \/>\n\t<meta property=\"og:image:type\" content=\"image\/jpeg\" \/>\n<meta name=\"twitter:card\" content=\"summary_large_image\" \/>\n<meta name=\"twitter:label1\" content=\"Est. reading time\" \/>\n\t<meta name=\"twitter:data1\" content=\"4 minutes\" \/>\n<script type=\"application\/ld+json\" class=\"yoast-schema-graph\">{\"@context\":\"https:\/\/schema.org\",\"@graph\":[{\"@type\":\"WebPage\",\"@id\":\"https:\/\/www.placeforstrays.de\/en\/our-proteges\/ari-arya\/\",\"url\":\"https:\/\/www.placeforstrays.de\/en\/our-proteges\/ari-arya\/\",\"name\":\"Ari (Arya) sucht ein liebevolles Zuhause - PLACE for STRAYS Albufeira\",\"isPartOf\":{\"@id\":\"https:\/\/www.placeforstrays.de\/en\/#website\"},\"datePublished\":\"2022-08-31T21:53:11+00:00\",\"dateModified\":\"2022-09-09T17:54:52+00:00\",\"description\":\"Arya war gl\u00fccklich vermittelt, bis eine Autoimmunkrankheit es Ihren Menschen unm\u00f6glich machte, sich weiter alleine um sie zu k\u00fcmmern.\",\"breadcrumb\":{\"@id\":\"https:\/\/www.placeforstrays.de\/en\/our-proteges\/ari-arya\/#breadcrumb\"},\"inLanguage\":\"en-US\",\"potentialAction\":[{\"@type\":\"ReadAction\",\"target\":[\"https:\/\/www.placeforstrays.de\/en\/our-proteges\/ari-arya\/\"]}]},{\"@type\":\"BreadcrumbList\",\"@id\":\"https:\/\/www.placeforstrays.de\/en\/our-proteges\/ari-arya\/#breadcrumb\",\"itemListElement\":[{\"@type\":\"ListItem\",\"position\":1,\"name\":\"Startseite\",\"item\":\"https:\/\/www.placeforstrays.de\/en\/\"},{\"@type\":\"ListItem\",\"position\":2,\"name\":\"Projects\",\"item\":\"https:\/\/www.placeforstrays.de\/en\/our-proteges\/\"},{\"@type\":\"ListItem\",\"position\":3,\"name\":\"Ari (Arya)\"}]},{\"@type\":\"WebSite\",\"@id\":\"https:\/\/www.placeforstrays.de\/en\/#website\",\"url\":\"https:\/\/www.placeforstrays.de\/en\/\",\"name\":\"PLACE for STRAYS Albufeira\",\"description\":\"Tierschutz\",\"publisher\":{\"@id\":\"https:\/\/www.placeforstrays.de\/en\/#organization\"},\"potentialAction\":[{\"@type\":\"SearchAction\",\"target\":{\"@type\":\"EntryPoint\",\"urlTemplate\":\"https:\/\/www.placeforstrays.de\/en\/?s={search_term_string}\"},\"query-input\":\"required name=search_term_string\"}],\"inLanguage\":\"en-US\"},{\"@type\":\"Organization\",\"@id\":\"https:\/\/www.placeforstrays.de\/en\/#organization\",\"name\":\"PLACE for STRAYS\",\"url\":\"https:\/\/www.placeforstrays.de\/en\/\",\"logo\":{\"@type\":\"ImageObject\",\"inLanguage\":\"en-US\",\"@id\":\"https:\/\/www.placeforstrays.de\/en\/#\/schema\/logo\/image\/\",\"url\":\"https:\/\/www.placeforstrays.de\/wp-content\/uploads\/2019\/07\/Logo-mit-Hintergrund-Kopie.jpg\",\"contentUrl\":\"https:\/\/www.placeforstrays.de\/wp-content\/uploads\/2019\/07\/Logo-mit-Hintergrund-Kopie.jpg\",\"width\":277,\"height\":291,\"caption\":\"PLACE for STRAYS\"},\"image\":{\"@id\":\"https:\/\/www.placeforstrays.de\/en\/#\/schema\/logo\/image\/\"},\"sameAs\":[\"https:\/\/www.instagram.com\/placeforstraysalbufeira\/\",\"https:\/\/www.facebook.com\/groups\/1963615917246890\/\"]}]}<\/script>\n<!-- \/ Yoast SEO plugin. -->","yoast_head_json":{"title":"Ari (Arya) sucht ein liebevolles Zuhause - PLACE for STRAYS Albufeira","description":"Arya war gl\u00fccklich vermittelt, bis eine Autoimmunkrankheit es Ihren Menschen unm\u00f6glich machte, sich weiter alleine um sie zu k\u00fcmmern.","robots":{"index":"index","follow":"follow","max-snippet":"max-snippet:-1","max-image-preview":"max-image-preview:large","max-video-preview":"max-video-preview:-1"},"canonical":"https:\/\/www.placeforstrays.de\/en\/our-proteges\/ari-arya\/","og_locale":"en_US","og_type":"article","og_title":"Ari (Arya) sucht ein liebevolles Zuhause - PLACE for STRAYS Albufeira","og_description":"Arya war gl\u00fccklich vermittelt, bis eine Autoimmunkrankheit es Ihren Menschen unm\u00f6glich machte, sich weiter alleine um sie zu k\u00fcmmern.","og_url":"https:\/\/www.placeforstrays.de\/en\/our-proteges\/ari-arya\/","og_site_name":"PLACE for STRAYS Albufeira","article_publisher":"https:\/\/www.facebook.com\/groups\/1963615917246890\/","article_modified_time":"2022-09-09T17:54:52+00:00","og_image":[{"width":519,"height":387,"url":"https:\/\/www.placeforstrays.de\/wp-content\/uploads\/2022\/08\/Ari-Titel.jpg","type":"image\/jpeg"}],"twitter_card":"summary_large_image","twitter_misc":{"Est. reading time":"4 minutes"},"schema":{"@context":"https:\/\/schema.org","@graph":[{"@type":"WebPage","@id":"https:\/\/www.placeforstrays.de\/en\/our-proteges\/ari-arya\/","url":"https:\/\/www.placeforstrays.de\/en\/our-proteges\/ari-arya\/","name":"Ari (Arya) sucht ein liebevolles Zuhause - PLACE for STRAYS Albufeira","isPartOf":{"@id":"https:\/\/www.placeforstrays.de\/en\/#website"},"datePublished":"2022-08-31T21:53:11+00:00","dateModified":"2022-09-09T17:54:52+00:00","description":"Arya war gl\u00fccklich vermittelt, bis eine Autoimmunkrankheit es Ihren Menschen unm\u00f6glich machte, sich weiter alleine um sie zu k\u00fcmmern.","breadcrumb":{"@id":"https:\/\/www.placeforstrays.de\/en\/our-proteges\/ari-arya\/#breadcrumb"},"inLanguage":"en-US","potentialAction":[{"@type":"ReadAction","target":["https:\/\/www.placeforstrays.de\/en\/our-proteges\/ari-arya\/"]}]},{"@type":"BreadcrumbList","@id":"https:\/\/www.placeforstrays.de\/en\/our-proteges\/ari-arya\/#breadcrumb","itemListElement":[{"@type":"ListItem","position":1,"name":"Startseite","item":"https:\/\/www.placeforstrays.de\/en\/"},{"@type":"ListItem","position":2,"name":"Projects","item":"https:\/\/www.placeforstrays.de\/en\/our-proteges\/"},{"@type":"ListItem","position":3,"name":"Ari (Arya)"}]},{"@type":"WebSite","@id":"https:\/\/www.placeforstrays.de\/en\/#website","url":"https:\/\/www.placeforstrays.de\/en\/","name":"PLACE for STRAYS Albufeira","description":"Tierschutz","publisher":{"@id":"https:\/\/www.placeforstrays.de\/en\/#organization"},"potentialAction":[{"@type":"SearchAction","target":{"@type":"EntryPoint","urlTemplate":"https:\/\/www.placeforstrays.de\/en\/?s={search_term_string}"},"query-input":"required name=search_term_string"}],"inLanguage":"en-US"},{"@type":"Organization","@id":"https:\/\/www.placeforstrays.de\/en\/#organization","name":"PLACE for STRAYS","url":"https:\/\/www.placeforstrays.de\/en\/","logo":{"@type":"ImageObject","inLanguage":"en-US","@id":"https:\/\/www.placeforstrays.de\/en\/#\/schema\/logo\/image\/","url":"https:\/\/www.placeforstrays.de\/wp-content\/uploads\/2019\/07\/Logo-mit-Hintergrund-Kopie.jpg","contentUrl":"https:\/\/www.placeforstrays.de\/wp-content\/uploads\/2019\/07\/Logo-mit-Hintergrund-Kopie.jpg","width":277,"height":291,"caption":"PLACE for STRAYS"},"image":{"@id":"https:\/\/www.placeforstrays.de\/en\/#\/schema\/logo\/image\/"},"sameAs":["https:\/\/www.instagram.com\/placeforstraysalbufeira\/","https:\/\/www.facebook.com\/groups\/1963615917246890\/"]}]}},"_links":{"self":[{"href":"https:\/\/www.placeforstrays.de\/en\/wp-json\/wp\/v2\/project\/38707"}],"collection":[{"href":"https:\/\/www.placeforstrays.de\/en\/wp-json\/wp\/v2\/project"}],"about":[{"href":"https:\/\/www.placeforstrays.de\/en\/wp-json\/wp\/v2\/types\/project"}],"author":[{"embeddable":true,"href":"https:\/\/www.placeforstrays.de\/en\/wp-json\/wp\/v2\/users\/9"}],"replies":[{"embeddable":true,"href":"https:\/\/www.placeforstrays.de\/en\/wp-json\/wp\/v2\/comments?post=38707"}],"version-history":[{"count":0,"href":"https:\/\/www.placeforstrays.de\/en\/wp-json\/wp\/v2\/project\/38707\/revisions"}],"wp:featuredmedia":[{"embeddable":true,"href":"https:\/\/www.placeforstrays.de\/en\/wp-json\/wp\/v2\/media\/38715"}],"wp:attachment":[{"href":"https:\/\/www.placeforstrays.de\/en\/wp-json\/wp\/v2\/media?parent=38707"}],"wp:term":[{"taxonomy":"pj-categs","embeddable":true,"href":"https:\/\/www.placeforstrays.de\/en\/wp-json\/wp\/v2\/pj-categs?post=38707"},{"taxonomy":"pj-tags","embeddable":true,"href":"https:\/\/www.placeforstrays.de\/en\/wp-json\/wp\/v2\/pj-tags?post=38707"}],"curies":[{"name":"wp","href":"https:\/\/api.w.org\/{rel}","templated":true}]}}