{"id":39510,"date":"2022-11-02T13:01:35","date_gmt":"2022-11-02T12:01:35","guid":{"rendered":"https:\/\/www.placeforstrays.de\/?post_type=project&#038;p=39510"},"modified":"2023-10-09T17:58:44","modified_gmt":"2023-10-09T15:58:44","slug":"livy","status":"publish","type":"project","link":"https:\/\/www.placeforstrays.de\/en\/our-proteges\/livy\/","title":{"rendered":"Livy"},"content":{"rendered":"<style type=\"text\/css\"><\/style><h3>Geschichte<\/h3>\n<div class=\"bi6gxh9e\">\n<p>Livy wurde mit ihren Geschwistern <a href=\"https:\/\/www.placeforstrays.de\/our-proteges\/faro\/\">Faro<\/a>, <a href=\"https:\/\/www.placeforstrays.de\/our-proteges\/lenny\/\">Lenny<\/a>, <a href=\"https:\/\/www.placeforstrays.de\/our-proteges\/lotta-2\/\">Lotta<\/a> &amp; <a href=\"https:\/\/www.placeforstrays.de\/our-proteges\/rafhina\/\">Rafinha<\/a> in einem Karton im M\u00fcll gefunden. Zun\u00e4chst waren alle Welpen fit und genossen ihr neues Leben. Dann wurde zu unserem Entsetzen eines morgens Faro tot aufgefunden, ohne dass es Anzeichen einer Krankheit gegeben hatte. Daraufhin haben wir alle Welpen gr\u00fcndlich untersuchen lassen. An den darauffolgenden Tagen zeigten sich leider deutliche Symptome bei den anderen Welpen. Die Bluttests ergaben, dass die Kleinen am Parvovirus erkrankt waren, der f\u00fcr Welpen oft t\u00f6dlich ist. Zum Gl\u00fcck konnten wir das Leben aller Welpen retten und die Kleinen wieder in den PLACE for STRAYS einziehen.<\/p>\n<h3>Charakter<\/h3>\n<div class=\"bi6gxh9e\">Livy hat sich in den vergangenen Monaten zu einer verspielten, s\u00fc\u00dfen Jungh\u00fcndin entwickelt. Zusammen mit ihrer Schwester <a href=\"https:\/\/www.placeforstrays.de\/our-proteges\/rafhina\/\">Rafinha<\/a> erkundet sie gerne das Shelter-Gel\u00e4nde und tobt super gerne mit den anderen Hunden herum. Livy ist sehr menschenbezogen und kuschelt unglaublich gerne mit den Helfer:innen. Sie ist eher unaufdringlich, freut sich aber \u00fcber Aufmerksamkeit und wenn man mit ihr spielen m\u00f6chte. Bei den Gassirunden l\u00e4uft sie auch schon souver\u00e4n mit. F\u00fcr mehr Infos meldet euch bitte bei unserem Vermittlungsteam.<\/div>\n<\/div>\n<div class=\"bi6gxh9e\">\n<div>\n<p>&nbsp;<\/p>\n<div id='gallery-1' class='gallery galleryid-39510 gallery-columns-2 gallery-size-thumbnail'><figure class='gallery-item'>\n\t\t\t<div class='gallery-icon landscape'>\n\t\t\t\t<a href='https:\/\/www.placeforstrays.de\/en\/livy-16-2\/'><img width=\"150\" height=\"150\" src=\"https:\/\/www.placeforstrays.de\/wp-content\/uploads\/2022\/11\/Livy-16-150x150.jpeg\" class=\"attachment-thumbnail size-thumbnail\" alt=\"\" srcset=\"https:\/\/www.placeforstrays.de\/wp-content\/uploads\/2022\/11\/Livy-16-150x150.jpeg 150w, https:\/\/www.placeforstrays.de\/wp-content\/uploads\/2022\/11\/Livy-16-55x55.jpeg 55w, https:\/\/www.placeforstrays.de\/wp-content\/uploads\/2022\/11\/Livy-16-250x250.jpeg 250w\" sizes=\"(max-width: 150px) 100vw, 150px\" \/><\/a>\n\t\t\t<\/div><\/figure><figure class='gallery-item'>\n\t\t\t<div class='gallery-icon landscape'>\n\t\t\t\t<a href='https:\/\/www.placeforstrays.de\/en\/livy-15-2\/'><img width=\"150\" height=\"150\" src=\"https:\/\/www.placeforstrays.de\/wp-content\/uploads\/2022\/11\/Livy-15-150x150.jpeg\" class=\"attachment-thumbnail size-thumbnail\" alt=\"\" srcset=\"https:\/\/www.placeforstrays.de\/wp-content\/uploads\/2022\/11\/Livy-15-150x150.jpeg 150w, https:\/\/www.placeforstrays.de\/wp-content\/uploads\/2022\/11\/Livy-15-55x55.jpeg 55w, https:\/\/www.placeforstrays.de\/wp-content\/uploads\/2022\/11\/Livy-15-250x250.jpeg 250w\" sizes=\"(max-width: 150px) 100vw, 150px\" \/><\/a>\n\t\t\t<\/div><\/figure><figure class='gallery-item'>\n\t\t\t<div class='gallery-icon portrait'>\n\t\t\t\t<a href='https:\/\/www.placeforstrays.de\/en\/livy-14-2\/'><img width=\"150\" height=\"150\" src=\"https:\/\/www.placeforstrays.de\/wp-content\/uploads\/2022\/11\/Livy-14-150x150.jpeg\" class=\"attachment-thumbnail size-thumbnail\" alt=\"\" srcset=\"https:\/\/www.placeforstrays.de\/wp-content\/uploads\/2022\/11\/Livy-14-150x150.jpeg 150w, https:\/\/www.placeforstrays.de\/wp-content\/uploads\/2022\/11\/Livy-14-55x55.jpeg 55w, https:\/\/www.placeforstrays.de\/wp-content\/uploads\/2022\/11\/Livy-14-250x250.jpeg 250w\" sizes=\"(max-width: 150px) 100vw, 150px\" \/><\/a>\n\t\t\t<\/div><\/figure><figure class='gallery-item'>\n\t\t\t<div class='gallery-icon landscape'>\n\t\t\t\t<a href='https:\/\/www.placeforstrays.de\/en\/livy-12-2\/'><img width=\"150\" height=\"150\" src=\"https:\/\/www.placeforstrays.de\/wp-content\/uploads\/2022\/11\/Livy-12-150x150.jpeg\" class=\"attachment-thumbnail size-thumbnail\" alt=\"\" srcset=\"https:\/\/www.placeforstrays.de\/wp-content\/uploads\/2022\/11\/Livy-12-150x150.jpeg 150w, https:\/\/www.placeforstrays.de\/wp-content\/uploads\/2022\/11\/Livy-12-55x55.jpeg 55w, https:\/\/www.placeforstrays.de\/wp-content\/uploads\/2022\/11\/Livy-12-250x250.jpeg 250w\" sizes=\"(max-width: 150px) 100vw, 150px\" \/><\/a>\n\t\t\t<\/div><\/figure><figure class='gallery-item'>\n\t\t\t<div class='gallery-icon portrait'>\n\t\t\t\t<a href='https:\/\/www.placeforstrays.de\/en\/livy-13-2\/'><img width=\"150\" height=\"150\" src=\"https:\/\/www.placeforstrays.de\/wp-content\/uploads\/2022\/11\/Livy-13-150x150.jpeg\" class=\"attachment-thumbnail size-thumbnail\" alt=\"\" srcset=\"https:\/\/www.placeforstrays.de\/wp-content\/uploads\/2022\/11\/Livy-13-150x150.jpeg 150w, https:\/\/www.placeforstrays.de\/wp-content\/uploads\/2022\/11\/Livy-13-55x55.jpeg 55w, https:\/\/www.placeforstrays.de\/wp-content\/uploads\/2022\/11\/Livy-13-250x250.jpeg 250w\" sizes=\"(max-width: 150px) 100vw, 150px\" \/><\/a>\n\t\t\t<\/div><\/figure><figure class='gallery-item'>\n\t\t\t<div class='gallery-icon portrait'>\n\t\t\t\t<a href='https:\/\/www.placeforstrays.de\/en\/livy-9-2\/'><img width=\"150\" height=\"150\" src=\"https:\/\/www.placeforstrays.de\/wp-content\/uploads\/2022\/11\/Livy-9-150x150.jpeg\" class=\"attachment-thumbnail size-thumbnail\" alt=\"\" srcset=\"https:\/\/www.placeforstrays.de\/wp-content\/uploads\/2022\/11\/Livy-9-150x150.jpeg 150w, https:\/\/www.placeforstrays.de\/wp-content\/uploads\/2022\/11\/Livy-9-55x55.jpeg 55w, https:\/\/www.placeforstrays.de\/wp-content\/uploads\/2022\/11\/Livy-9-250x250.jpeg 250w\" sizes=\"(max-width: 150px) 100vw, 150px\" \/><\/a>\n\t\t\t<\/div><\/figure><figure class='gallery-item'>\n\t\t\t<div class='gallery-icon portrait'>\n\t\t\t\t<a href='https:\/\/www.placeforstrays.de\/en\/livy-10-2\/'><img width=\"150\" height=\"150\" src=\"https:\/\/www.placeforstrays.de\/wp-content\/uploads\/2022\/11\/Livy-10-150x150.jpeg\" class=\"attachment-thumbnail size-thumbnail\" alt=\"\" srcset=\"https:\/\/www.placeforstrays.de\/wp-content\/uploads\/2022\/11\/Livy-10-150x150.jpeg 150w, https:\/\/www.placeforstrays.de\/wp-content\/uploads\/2022\/11\/Livy-10-55x55.jpeg 55w, https:\/\/www.placeforstrays.de\/wp-content\/uploads\/2022\/11\/Livy-10-250x250.jpeg 250w\" sizes=\"(max-width: 150px) 100vw, 150px\" \/><\/a>\n\t\t\t<\/div><\/figure><figure class='gallery-item'>\n\t\t\t<div class='gallery-icon landscape'>\n\t\t\t\t<a href='https:\/\/www.placeforstrays.de\/en\/rafhina-9-2\/'><img width=\"150\" height=\"150\" src=\"https:\/\/www.placeforstrays.de\/wp-content\/uploads\/2022\/11\/Rafhina-9-150x150.jpeg\" class=\"attachment-thumbnail size-thumbnail\" alt=\"\" srcset=\"https:\/\/www.placeforstrays.de\/wp-content\/uploads\/2022\/11\/Rafhina-9-150x150.jpeg 150w, https:\/\/www.placeforstrays.de\/wp-content\/uploads\/2022\/11\/Rafhina-9-55x55.jpeg 55w, https:\/\/www.placeforstrays.de\/wp-content\/uploads\/2022\/11\/Rafhina-9-250x250.jpeg 250w\" sizes=\"(max-width: 150px) 100vw, 150px\" \/><\/a>\n\t\t\t<\/div><\/figure><figure class='gallery-item'>\n\t\t\t<div class='gallery-icon portrait'>\n\t\t\t\t<a href='https:\/\/www.placeforstrays.de\/en\/livy-8-2\/'><img width=\"150\" height=\"150\" src=\"https:\/\/www.placeforstrays.de\/wp-content\/uploads\/2022\/11\/Livy-8-150x150.jpeg\" class=\"attachment-thumbnail size-thumbnail\" alt=\"\" srcset=\"https:\/\/www.placeforstrays.de\/wp-content\/uploads\/2022\/11\/Livy-8-150x150.jpeg 150w, https:\/\/www.placeforstrays.de\/wp-content\/uploads\/2022\/11\/Livy-8-55x55.jpeg 55w, https:\/\/www.placeforstrays.de\/wp-content\/uploads\/2022\/11\/Livy-8-250x250.jpeg 250w\" sizes=\"(max-width: 150px) 100vw, 150px\" \/><\/a>\n\t\t\t<\/div><\/figure><figure class='gallery-item'>\n\t\t\t<div class='gallery-icon portrait'>\n\t\t\t\t<a href='https:\/\/www.placeforstrays.de\/en\/livy-7-2\/'><img width=\"150\" height=\"150\" src=\"https:\/\/www.placeforstrays.de\/wp-content\/uploads\/2022\/11\/Livy-7-150x150.jpeg\" class=\"attachment-thumbnail size-thumbnail\" alt=\"\" srcset=\"https:\/\/www.placeforstrays.de\/wp-content\/uploads\/2022\/11\/Livy-7-150x150.jpeg 150w, https:\/\/www.placeforstrays.de\/wp-content\/uploads\/2022\/11\/Livy-7-55x55.jpeg 55w, https:\/\/www.placeforstrays.de\/wp-content\/uploads\/2022\/11\/Livy-7-250x250.jpeg 250w\" sizes=\"(max-width: 150px) 100vw, 150px\" \/><\/a>\n\t\t\t<\/div><\/figure><figure class='gallery-item'>\n\t\t\t<div class='gallery-icon portrait'>\n\t\t\t\t<a href='https:\/\/www.placeforstrays.de\/en\/livypotrait-2\/'><img width=\"150\" height=\"150\" src=\"https:\/\/www.placeforstrays.de\/wp-content\/uploads\/2022\/11\/livypotrait-150x150.jpeg\" class=\"attachment-thumbnail size-thumbnail\" alt=\"\" srcset=\"https:\/\/www.placeforstrays.de\/wp-content\/uploads\/2022\/11\/livypotrait-150x150.jpeg 150w, https:\/\/www.placeforstrays.de\/wp-content\/uploads\/2022\/11\/livypotrait-55x55.jpeg 55w, https:\/\/www.placeforstrays.de\/wp-content\/uploads\/2022\/11\/livypotrait-250x250.jpeg 250w\" sizes=\"(max-width: 150px) 100vw, 150px\" \/><\/a>\n\t\t\t<\/div><\/figure><figure class='gallery-item'>\n\t\t\t<div class='gallery-icon portrait'>\n\t\t\t\t<a href='https:\/\/www.placeforstrays.de\/en\/livyundlenny-2\/'><img width=\"150\" height=\"150\" src=\"https:\/\/www.placeforstrays.de\/wp-content\/uploads\/2022\/11\/livyundlenny-150x150.jpeg\" class=\"attachment-thumbnail size-thumbnail\" alt=\"\" srcset=\"https:\/\/www.placeforstrays.de\/wp-content\/uploads\/2022\/11\/livyundlenny-150x150.jpeg 150w, https:\/\/www.placeforstrays.de\/wp-content\/uploads\/2022\/11\/livyundlenny-55x55.jpeg 55w, https:\/\/www.placeforstrays.de\/wp-content\/uploads\/2022\/11\/livyundlenny-250x250.jpeg 250w\" sizes=\"(max-width: 150px) 100vw, 150px\" \/><\/a>\n\t\t\t<\/div><\/figure><figure class='gallery-item'>\n\t\t\t<div class='gallery-icon portrait'>\n\t\t\t\t<a href='https:\/\/www.placeforstrays.de\/en\/gruppenbild-2\/'><img width=\"150\" height=\"150\" src=\"https:\/\/www.placeforstrays.de\/wp-content\/uploads\/2022\/11\/gruppenbild-150x150.jpeg\" class=\"attachment-thumbnail size-thumbnail\" alt=\"\" srcset=\"https:\/\/www.placeforstrays.de\/wp-content\/uploads\/2022\/11\/gruppenbild-150x150.jpeg 150w, https:\/\/www.placeforstrays.de\/wp-content\/uploads\/2022\/11\/gruppenbild-55x55.jpeg 55w, https:\/\/www.placeforstrays.de\/wp-content\/uploads\/2022\/11\/gruppenbild-250x250.jpeg 250w\" sizes=\"(max-width: 150px) 100vw, 150px\" \/><\/a>\n\t\t\t<\/div><\/figure><figure class='gallery-item'>\n\t\t\t<div class='gallery-icon portrait'>\n\t\t\t\t<a href='https:\/\/www.placeforstrays.de\/en\/livywaage-2\/'><img width=\"150\" height=\"150\" src=\"https:\/\/www.placeforstrays.de\/wp-content\/uploads\/2022\/11\/livywaage-150x150.jpeg\" class=\"attachment-thumbnail size-thumbnail\" alt=\"\" srcset=\"https:\/\/www.placeforstrays.de\/wp-content\/uploads\/2022\/11\/livywaage-150x150.jpeg 150w, https:\/\/www.placeforstrays.de\/wp-content\/uploads\/2022\/11\/livywaage-55x55.jpeg 55w, https:\/\/www.placeforstrays.de\/wp-content\/uploads\/2022\/11\/livywaage-250x250.jpeg 250w\" sizes=\"(max-width: 150px) 100vw, 150px\" \/><\/a>\n\t\t\t<\/div><\/figure><figure class='gallery-item'>\n\t\t\t<div class='gallery-icon landscape'>\n\t\t\t\t<a href='https:\/\/www.placeforstrays.de\/en\/livygeschwister-2\/'><img width=\"150\" height=\"150\" src=\"https:\/\/www.placeforstrays.de\/wp-content\/uploads\/2022\/11\/livygeschwister-150x150.jpeg\" class=\"attachment-thumbnail size-thumbnail\" alt=\"\" srcset=\"https:\/\/www.placeforstrays.de\/wp-content\/uploads\/2022\/11\/livygeschwister-150x150.jpeg 150w, https:\/\/www.placeforstrays.de\/wp-content\/uploads\/2022\/11\/livygeschwister-55x55.jpeg 55w, https:\/\/www.placeforstrays.de\/wp-content\/uploads\/2022\/11\/livygeschwister-250x250.jpeg 250w\" sizes=\"(max-width: 150px) 100vw, 150px\" \/><\/a>\n\t\t\t<\/div><\/figure><figure class='gallery-item'>\n\t\t\t<div class='gallery-icon landscape'>\n\t\t\t\t<a href='https:\/\/www.placeforstrays.de\/en\/livykrank-2\/'><img width=\"150\" height=\"150\" src=\"https:\/\/www.placeforstrays.de\/wp-content\/uploads\/2022\/11\/livykrank-150x150.jpeg\" class=\"attachment-thumbnail size-thumbnail\" alt=\"\" srcset=\"https:\/\/www.placeforstrays.de\/wp-content\/uploads\/2022\/11\/livykrank-150x150.jpeg 150w, https:\/\/www.placeforstrays.de\/wp-content\/uploads\/2022\/11\/livykrank-55x55.jpeg 55w, https:\/\/www.placeforstrays.de\/wp-content\/uploads\/2022\/11\/livykrank-250x250.jpeg 250w\" sizes=\"(max-width: 150px) 100vw, 150px\" \/><\/a>\n\t\t\t<\/div><\/figure>\n\t\t<\/div>\n\n<\/div>\n<\/div>\n","protected":false},"excerpt":{"rendered":"<p>Geschichte Livy wurde mit ihren Geschwistern Faro, Lenny, Lotta &amp; Rafinha in einem Karton im M\u00fcll gefunden. Zun\u00e4chst waren alle Welpen fit und genossen ihr neues Leben. Dann wurde zu unserem Entsetzen eines morgens Faro tot aufgefunden, ohne dass es Anzeichen einer Krankheit gegeben hatte. Daraufhin haben wir alle Welpen gr\u00fcndlich untersuchen lassen. An den&#8230;<\/p>\n","protected":false},"author":21,"featured_media":42350,"menu_order":0,"comment_status":"closed","ping_status":"closed","template":"","format":"standard","meta":[],"pj-categs":[14,16,19,37],"pj-tags":[],"yoast_head":"<!-- This site is optimized with the Yoast SEO plugin v19.13 - https:\/\/yoast.com\/wordpress\/plugins\/seo\/ -->\n<title>Livy fand ein liebevolles Zuhause - PLACE for STRAYS Albufeira<\/title>\n<meta name=\"description\" content=\"Livy wurde mit ihren Geschwistern im M\u00fcll gefunden und erkrankte am Parvovirus. Jetzt k\u00f6nnen sie sich im PLACE for STRAYS erholen.\" \/>\n<meta name=\"robots\" content=\"index, follow, max-snippet:-1, max-image-preview:large, max-video-preview:-1\" \/>\n<link rel=\"canonical\" href=\"https:\/\/www.placeforstrays.de\/en\/our-proteges\/livy\/\" \/>\n<meta property=\"og:locale\" content=\"en_US\" \/>\n<meta property=\"og:type\" content=\"article\" \/>\n<meta property=\"og:title\" content=\"Livy fand ein liebevolles Zuhause - PLACE for STRAYS Albufeira\" \/>\n<meta property=\"og:description\" content=\"Livy wurde mit ihren Geschwistern im M\u00fcll gefunden und erkrankte am Parvovirus. Jetzt k\u00f6nnen sie sich im PLACE for STRAYS erholen.\" \/>\n<meta property=\"og:url\" content=\"https:\/\/www.placeforstrays.de\/en\/our-proteges\/livy\/\" \/>\n<meta property=\"og:site_name\" content=\"PLACE for STRAYS Albufeira\" \/>\n<meta property=\"article:publisher\" content=\"https:\/\/www.facebook.com\/groups\/1963615917246890\/\" \/>\n<meta property=\"article:modified_time\" content=\"2023-10-09T15:58:44+00:00\" \/>\n<meta property=\"og:image\" content=\"https:\/\/www.placeforstrays.de\/wp-content\/uploads\/2022\/11\/Livy-Adopted-e1684836948920.jpeg\" \/>\n\t<meta property=\"og:image:width\" content=\"816\" \/>\n\t<meta property=\"og:image:height\" content=\"864\" \/>\n\t<meta property=\"og:image:type\" content=\"image\/jpeg\" \/>\n<meta name=\"twitter:card\" content=\"summary_large_image\" \/>\n<meta name=\"twitter:label1\" content=\"Est. reading time\" \/>\n\t<meta name=\"twitter:data1\" content=\"2 minutes\" \/>\n<script type=\"application\/ld+json\" class=\"yoast-schema-graph\">{\"@context\":\"https:\/\/schema.org\",\"@graph\":[{\"@type\":\"WebPage\",\"@id\":\"https:\/\/www.placeforstrays.de\/en\/our-proteges\/livy\/\",\"url\":\"https:\/\/www.placeforstrays.de\/en\/our-proteges\/livy\/\",\"name\":\"Livy fand ein liebevolles Zuhause - PLACE for STRAYS Albufeira\",\"isPartOf\":{\"@id\":\"https:\/\/www.placeforstrays.de\/en\/#website\"},\"datePublished\":\"2022-11-02T12:01:35+00:00\",\"dateModified\":\"2023-10-09T15:58:44+00:00\",\"description\":\"Livy wurde mit ihren Geschwistern im M\u00fcll gefunden und erkrankte am Parvovirus. Jetzt k\u00f6nnen sie sich im PLACE for STRAYS erholen.\",\"breadcrumb\":{\"@id\":\"https:\/\/www.placeforstrays.de\/en\/our-proteges\/livy\/#breadcrumb\"},\"inLanguage\":\"en-US\",\"potentialAction\":[{\"@type\":\"ReadAction\",\"target\":[\"https:\/\/www.placeforstrays.de\/en\/our-proteges\/livy\/\"]}]},{\"@type\":\"BreadcrumbList\",\"@id\":\"https:\/\/www.placeforstrays.de\/en\/our-proteges\/livy\/#breadcrumb\",\"itemListElement\":[{\"@type\":\"ListItem\",\"position\":1,\"name\":\"Startseite\",\"item\":\"https:\/\/www.placeforstrays.de\/en\/\"},{\"@type\":\"ListItem\",\"position\":2,\"name\":\"Projects\",\"item\":\"https:\/\/www.placeforstrays.de\/en\/our-proteges\/\"},{\"@type\":\"ListItem\",\"position\":3,\"name\":\"Livy\"}]},{\"@type\":\"WebSite\",\"@id\":\"https:\/\/www.placeforstrays.de\/en\/#website\",\"url\":\"https:\/\/www.placeforstrays.de\/en\/\",\"name\":\"PLACE for STRAYS Albufeira\",\"description\":\"Tierschutz\",\"publisher\":{\"@id\":\"https:\/\/www.placeforstrays.de\/en\/#organization\"},\"potentialAction\":[{\"@type\":\"SearchAction\",\"target\":{\"@type\":\"EntryPoint\",\"urlTemplate\":\"https:\/\/www.placeforstrays.de\/en\/?s={search_term_string}\"},\"query-input\":\"required name=search_term_string\"}],\"inLanguage\":\"en-US\"},{\"@type\":\"Organization\",\"@id\":\"https:\/\/www.placeforstrays.de\/en\/#organization\",\"name\":\"PLACE for STRAYS\",\"url\":\"https:\/\/www.placeforstrays.de\/en\/\",\"logo\":{\"@type\":\"ImageObject\",\"inLanguage\":\"en-US\",\"@id\":\"https:\/\/www.placeforstrays.de\/en\/#\/schema\/logo\/image\/\",\"url\":\"https:\/\/www.placeforstrays.de\/wp-content\/uploads\/2019\/07\/Logo-mit-Hintergrund-Kopie.jpg\",\"contentUrl\":\"https:\/\/www.placeforstrays.de\/wp-content\/uploads\/2019\/07\/Logo-mit-Hintergrund-Kopie.jpg\",\"width\":277,\"height\":291,\"caption\":\"PLACE for STRAYS\"},\"image\":{\"@id\":\"https:\/\/www.placeforstrays.de\/en\/#\/schema\/logo\/image\/\"},\"sameAs\":[\"https:\/\/www.instagram.com\/placeforstraysalbufeira\/\",\"https:\/\/www.facebook.com\/groups\/1963615917246890\/\"]}]}<\/script>\n<!-- \/ Yoast SEO plugin. -->","yoast_head_json":{"title":"Livy fand ein liebevolles Zuhause - PLACE for STRAYS Albufeira","description":"Livy wurde mit ihren Geschwistern im M\u00fcll gefunden und erkrankte am Parvovirus. Jetzt k\u00f6nnen sie sich im PLACE for STRAYS erholen.","robots":{"index":"index","follow":"follow","max-snippet":"max-snippet:-1","max-image-preview":"max-image-preview:large","max-video-preview":"max-video-preview:-1"},"canonical":"https:\/\/www.placeforstrays.de\/en\/our-proteges\/livy\/","og_locale":"en_US","og_type":"article","og_title":"Livy fand ein liebevolles Zuhause - PLACE for STRAYS Albufeira","og_description":"Livy wurde mit ihren Geschwistern im M\u00fcll gefunden und erkrankte am Parvovirus. Jetzt k\u00f6nnen sie sich im PLACE for STRAYS erholen.","og_url":"https:\/\/www.placeforstrays.de\/en\/our-proteges\/livy\/","og_site_name":"PLACE for STRAYS Albufeira","article_publisher":"https:\/\/www.facebook.com\/groups\/1963615917246890\/","article_modified_time":"2023-10-09T15:58:44+00:00","og_image":[{"width":816,"height":864,"url":"https:\/\/www.placeforstrays.de\/wp-content\/uploads\/2022\/11\/Livy-Adopted-e1684836948920.jpeg","type":"image\/jpeg"}],"twitter_card":"summary_large_image","twitter_misc":{"Est. reading time":"2 minutes"},"schema":{"@context":"https:\/\/schema.org","@graph":[{"@type":"WebPage","@id":"https:\/\/www.placeforstrays.de\/en\/our-proteges\/livy\/","url":"https:\/\/www.placeforstrays.de\/en\/our-proteges\/livy\/","name":"Livy fand ein liebevolles Zuhause - PLACE for STRAYS Albufeira","isPartOf":{"@id":"https:\/\/www.placeforstrays.de\/en\/#website"},"datePublished":"2022-11-02T12:01:35+00:00","dateModified":"2023-10-09T15:58:44+00:00","description":"Livy wurde mit ihren Geschwistern im M\u00fcll gefunden und erkrankte am Parvovirus. Jetzt k\u00f6nnen sie sich im PLACE for STRAYS erholen.","breadcrumb":{"@id":"https:\/\/www.placeforstrays.de\/en\/our-proteges\/livy\/#breadcrumb"},"inLanguage":"en-US","potentialAction":[{"@type":"ReadAction","target":["https:\/\/www.placeforstrays.de\/en\/our-proteges\/livy\/"]}]},{"@type":"BreadcrumbList","@id":"https:\/\/www.placeforstrays.de\/en\/our-proteges\/livy\/#breadcrumb","itemListElement":[{"@type":"ListItem","position":1,"name":"Startseite","item":"https:\/\/www.placeforstrays.de\/en\/"},{"@type":"ListItem","position":2,"name":"Projects","item":"https:\/\/www.placeforstrays.de\/en\/our-proteges\/"},{"@type":"ListItem","position":3,"name":"Livy"}]},{"@type":"WebSite","@id":"https:\/\/www.placeforstrays.de\/en\/#website","url":"https:\/\/www.placeforstrays.de\/en\/","name":"PLACE for STRAYS Albufeira","description":"Tierschutz","publisher":{"@id":"https:\/\/www.placeforstrays.de\/en\/#organization"},"potentialAction":[{"@type":"SearchAction","target":{"@type":"EntryPoint","urlTemplate":"https:\/\/www.placeforstrays.de\/en\/?s={search_term_string}"},"query-input":"required name=search_term_string"}],"inLanguage":"en-US"},{"@type":"Organization","@id":"https:\/\/www.placeforstrays.de\/en\/#organization","name":"PLACE for STRAYS","url":"https:\/\/www.placeforstrays.de\/en\/","logo":{"@type":"ImageObject","inLanguage":"en-US","@id":"https:\/\/www.placeforstrays.de\/en\/#\/schema\/logo\/image\/","url":"https:\/\/www.placeforstrays.de\/wp-content\/uploads\/2019\/07\/Logo-mit-Hintergrund-Kopie.jpg","contentUrl":"https:\/\/www.placeforstrays.de\/wp-content\/uploads\/2019\/07\/Logo-mit-Hintergrund-Kopie.jpg","width":277,"height":291,"caption":"PLACE for STRAYS"},"image":{"@id":"https:\/\/www.placeforstrays.de\/en\/#\/schema\/logo\/image\/"},"sameAs":["https:\/\/www.instagram.com\/placeforstraysalbufeira\/","https:\/\/www.facebook.com\/groups\/1963615917246890\/"]}]}},"_links":{"self":[{"href":"https:\/\/www.placeforstrays.de\/en\/wp-json\/wp\/v2\/project\/39510"}],"collection":[{"href":"https:\/\/www.placeforstrays.de\/en\/wp-json\/wp\/v2\/project"}],"about":[{"href":"https:\/\/www.placeforstrays.de\/en\/wp-json\/wp\/v2\/types\/project"}],"author":[{"embeddable":true,"href":"https:\/\/www.placeforstrays.de\/en\/wp-json\/wp\/v2\/users\/21"}],"replies":[{"embeddable":true,"href":"https:\/\/www.placeforstrays.de\/en\/wp-json\/wp\/v2\/comments?post=39510"}],"version-history":[{"count":15,"href":"https:\/\/www.placeforstrays.de\/en\/wp-json\/wp\/v2\/project\/39510\/revisions"}],"predecessor-version":[{"id":41501,"href":"https:\/\/www.placeforstrays.de\/en\/wp-json\/wp\/v2\/project\/39510\/revisions\/41501"}],"wp:featuredmedia":[{"embeddable":true,"href":"https:\/\/www.placeforstrays.de\/en\/wp-json\/wp\/v2\/media\/42350"}],"wp:attachment":[{"href":"https:\/\/www.placeforstrays.de\/en\/wp-json\/wp\/v2\/media?parent=39510"}],"wp:term":[{"taxonomy":"pj-categs","embeddable":true,"href":"https:\/\/www.placeforstrays.de\/en\/wp-json\/wp\/v2\/pj-categs?post=39510"},{"taxonomy":"pj-tags","embeddable":true,"href":"https:\/\/www.placeforstrays.de\/en\/wp-json\/wp\/v2\/pj-tags?post=39510"}],"curies":[{"name":"wp","href":"https:\/\/api.w.org\/{rel}","templated":true}]}}