{"id":39524,"date":"2022-11-02T13:26:26","date_gmt":"2022-11-02T12:26:26","guid":{"rendered":"https:\/\/www.placeforstrays.de\/?post_type=project&#038;p=39524"},"modified":"2023-11-08T14:40:35","modified_gmt":"2023-11-08T13:40:35","slug":"rafhina","status":"publish","type":"project","link":"https:\/\/www.placeforstrays.de\/en\/our-proteges\/rafhina\/","title":{"rendered":"Rafinha"},"content":{"rendered":"<style type=\"text\/css\"><\/style><h3>Geschichte<\/h3>\n<div class=\"bi6gxh9e\">\n<p><strong>Rafinha<\/strong> wurde mit ihren Geschwistern <a href=\"https:\/\/www.placeforstrays.de\/our-proteges\/faro\/\">Faro<\/a>, <a href=\"https:\/\/www.placeforstrays.de\/our-proteges\/lenny\/\">Lenny<\/a>, <a href=\"https:\/\/www.placeforstrays.de\/our-proteges\/livy\/\">Livy<\/a> &amp; <a href=\"https:\/\/www.placeforstrays.de\/our-proteges\/lotta-2\/\">Lotta<\/a> in einem Karton im M\u00fcll gefunden. Zun\u00e4chst waren alle Welpen fit und genossen ihr neues Leben. Dann wurde zu unserem Entsetzen eines morgens Faro tot aufgefunden, ohne dass es Anzeichen einer Krankheit gegeben hatte. Daraufhin haben wir alle Welpen gr\u00fcndlich untersuchen lassen. An den darauffolgenden Tagen zeigten sich leider deutliche Symptome bei den anderen Welpen. Die Bluttests ergaben, dass die Kleinen am Parvovirus erkrankt waren, der f\u00fcr Welpen oft t\u00f6dlich ist. Zum Gl\u00fcck konnten wir das Leben aller Welpen retten und die Kleinen wieder in den PLACE for STRAYS einziehen.<\/p>\n<h3>Charakter<\/h3>\n<div class=\"bi6gxh9e\"><strong>Rafinha<\/strong> hat sich in den vergangenen Monaten zu einer verspielten, s\u00fc\u00dfen Jungh\u00fcndin entwickelt. Ihre Geschwichter haben mittlerweile alle ihr f\u00fcr-immer Zuhause gefunden. Rafinha erkundet gerne das Shelter-Gel\u00e4nde und tobt super gerne mit den anderen Hunden herum. Sie junge Maus ist nat\u00fcrlich noch sehr verspielt und liebt es s\u00e4mtliches Spielzeug, oder auch andere Gegenst\u00e4nde, im Shelter ausfindig zu machen und stolz herumzutragen. Nat\u00fcrlich kuschelt die Rafhina auch gerne und sucht die N\u00e4he zu den Menschen. Au\u00dferhalb des Shelter-Gel\u00e4ndes und bei Spazierg\u00e4ngen braucht sie definitiv eine sichere und souver\u00e4ne Hand, die sie entspannt durch alle Alltagssituationen f\u00fchren kann, da Rafinha sich noch leicht verunsichern l\u00e4sst. F\u00fcr mehr Infos meldet euch bitte bei unserem Vermittlungsteam.<\/div>\n<\/div>\n<div>\n<p>&nbsp;<\/p>\n<div id='gallery-1' class='gallery galleryid-39524 gallery-columns-2 gallery-size-thumbnail'><figure class='gallery-item'>\n\t\t\t<div class='gallery-icon portrait'>\n\t\t\t\t<a href='https:\/\/www.placeforstrays.de\/en\/rafhina-20-2\/'><img width=\"150\" height=\"150\" src=\"https:\/\/www.placeforstrays.de\/wp-content\/uploads\/2022\/11\/Rafhina-20-150x150.jpg\" class=\"attachment-thumbnail size-thumbnail\" alt=\"\" srcset=\"https:\/\/www.placeforstrays.de\/wp-content\/uploads\/2022\/11\/Rafhina-20-150x150.jpg 150w, https:\/\/www.placeforstrays.de\/wp-content\/uploads\/2022\/11\/Rafhina-20-55x55.jpg 55w, https:\/\/www.placeforstrays.de\/wp-content\/uploads\/2022\/11\/Rafhina-20-250x250.jpg 250w\" sizes=\"(max-width: 150px) 100vw, 150px\" \/><\/a>\n\t\t\t<\/div><\/figure><figure class='gallery-item'>\n\t\t\t<div class='gallery-icon portrait'>\n\t\t\t\t<a href='https:\/\/www.placeforstrays.de\/en\/rafhina-21-2-2\/'><img width=\"150\" height=\"150\" src=\"https:\/\/www.placeforstrays.de\/wp-content\/uploads\/2022\/11\/Rafhina-21-1-150x150.jpg\" class=\"attachment-thumbnail size-thumbnail\" alt=\"\" srcset=\"https:\/\/www.placeforstrays.de\/wp-content\/uploads\/2022\/11\/Rafhina-21-1-150x150.jpg 150w, https:\/\/www.placeforstrays.de\/wp-content\/uploads\/2022\/11\/Rafhina-21-1-55x55.jpg 55w, https:\/\/www.placeforstrays.de\/wp-content\/uploads\/2022\/11\/Rafhina-21-1-250x250.jpg 250w\" sizes=\"(max-width: 150px) 100vw, 150px\" \/><\/a>\n\t\t\t<\/div><\/figure><figure class='gallery-item'>\n\t\t\t<div class='gallery-icon portrait'>\n\t\t\t\t<a href='https:\/\/www.placeforstrays.de\/en\/rafhina-18-2\/'><img width=\"150\" height=\"150\" src=\"https:\/\/www.placeforstrays.de\/wp-content\/uploads\/2022\/11\/Rafhina-18-150x150.jpg\" class=\"attachment-thumbnail size-thumbnail\" alt=\"\" srcset=\"https:\/\/www.placeforstrays.de\/wp-content\/uploads\/2022\/11\/Rafhina-18-150x150.jpg 150w, https:\/\/www.placeforstrays.de\/wp-content\/uploads\/2022\/11\/Rafhina-18-55x55.jpg 55w, https:\/\/www.placeforstrays.de\/wp-content\/uploads\/2022\/11\/Rafhina-18-250x250.jpg 250w\" sizes=\"(max-width: 150px) 100vw, 150px\" \/><\/a>\n\t\t\t<\/div><\/figure><figure class='gallery-item'>\n\t\t\t<div class='gallery-icon portrait'>\n\t\t\t\t<a href='https:\/\/www.placeforstrays.de\/en\/rafhina-19-2\/'><img width=\"150\" height=\"150\" src=\"https:\/\/www.placeforstrays.de\/wp-content\/uploads\/2022\/11\/Rafhina-19-150x150.jpg\" class=\"attachment-thumbnail size-thumbnail\" alt=\"\" srcset=\"https:\/\/www.placeforstrays.de\/wp-content\/uploads\/2022\/11\/Rafhina-19-150x150.jpg 150w, https:\/\/www.placeforstrays.de\/wp-content\/uploads\/2022\/11\/Rafhina-19-55x55.jpg 55w, https:\/\/www.placeforstrays.de\/wp-content\/uploads\/2022\/11\/Rafhina-19-250x250.jpg 250w\" sizes=\"(max-width: 150px) 100vw, 150px\" \/><\/a>\n\t\t\t<\/div><\/figure><figure class='gallery-item'>\n\t\t\t<div class='gallery-icon portrait'>\n\t\t\t\t<a href='https:\/\/www.placeforstrays.de\/en\/rafhina-17-2\/'><img width=\"150\" height=\"150\" src=\"https:\/\/www.placeforstrays.de\/wp-content\/uploads\/2022\/11\/Rafhina-17-150x150.jpg\" class=\"attachment-thumbnail size-thumbnail\" alt=\"\" srcset=\"https:\/\/www.placeforstrays.de\/wp-content\/uploads\/2022\/11\/Rafhina-17-150x150.jpg 150w, https:\/\/www.placeforstrays.de\/wp-content\/uploads\/2022\/11\/Rafhina-17-55x55.jpg 55w, https:\/\/www.placeforstrays.de\/wp-content\/uploads\/2022\/11\/Rafhina-17-250x250.jpg 250w\" sizes=\"(max-width: 150px) 100vw, 150px\" \/><\/a>\n\t\t\t<\/div><\/figure><figure class='gallery-item'>\n\t\t\t<div class='gallery-icon portrait'>\n\t\t\t\t<a href='https:\/\/www.placeforstrays.de\/en\/rafhina-16-2\/'><img width=\"150\" height=\"150\" src=\"https:\/\/www.placeforstrays.de\/wp-content\/uploads\/2022\/11\/Rafhina-16-150x150.jpg\" class=\"attachment-thumbnail size-thumbnail\" alt=\"\" srcset=\"https:\/\/www.placeforstrays.de\/wp-content\/uploads\/2022\/11\/Rafhina-16-150x150.jpg 150w, https:\/\/www.placeforstrays.de\/wp-content\/uploads\/2022\/11\/Rafhina-16-55x55.jpg 55w, https:\/\/www.placeforstrays.de\/wp-content\/uploads\/2022\/11\/Rafhina-16-250x250.jpg 250w\" sizes=\"(max-width: 150px) 100vw, 150px\" \/><\/a>\n\t\t\t<\/div><\/figure><figure class='gallery-item'>\n\t\t\t<div class='gallery-icon portrait'>\n\t\t\t\t<a href='https:\/\/www.placeforstrays.de\/en\/rafhina-15-2\/'><img width=\"150\" height=\"150\" src=\"https:\/\/www.placeforstrays.de\/wp-content\/uploads\/2022\/11\/Rafhina-15-150x150.jpeg\" class=\"attachment-thumbnail size-thumbnail\" alt=\"\" srcset=\"https:\/\/www.placeforstrays.de\/wp-content\/uploads\/2022\/11\/Rafhina-15-150x150.jpeg 150w, https:\/\/www.placeforstrays.de\/wp-content\/uploads\/2022\/11\/Rafhina-15-55x55.jpeg 55w, https:\/\/www.placeforstrays.de\/wp-content\/uploads\/2022\/11\/Rafhina-15-250x250.jpeg 250w\" sizes=\"(max-width: 150px) 100vw, 150px\" \/><\/a>\n\t\t\t<\/div><\/figure><figure class='gallery-item'>\n\t\t\t<div class='gallery-icon portrait'>\n\t\t\t\t<a href='https:\/\/www.placeforstrays.de\/en\/rafhina-13-2\/'><img width=\"150\" height=\"150\" src=\"https:\/\/www.placeforstrays.de\/wp-content\/uploads\/2022\/11\/Rafhina-13-150x150.jpeg\" class=\"attachment-thumbnail size-thumbnail\" alt=\"\" srcset=\"https:\/\/www.placeforstrays.de\/wp-content\/uploads\/2022\/11\/Rafhina-13-150x150.jpeg 150w, https:\/\/www.placeforstrays.de\/wp-content\/uploads\/2022\/11\/Rafhina-13-55x55.jpeg 55w, https:\/\/www.placeforstrays.de\/wp-content\/uploads\/2022\/11\/Rafhina-13-250x250.jpeg 250w\" sizes=\"(max-width: 150px) 100vw, 150px\" \/><\/a>\n\t\t\t<\/div><\/figure><figure class='gallery-item'>\n\t\t\t<div class='gallery-icon portrait'>\n\t\t\t\t<a href='https:\/\/www.placeforstrays.de\/en\/rafhina-14-2\/'><img width=\"150\" height=\"150\" src=\"https:\/\/www.placeforstrays.de\/wp-content\/uploads\/2022\/11\/Rafhina-14-150x150.jpeg\" class=\"attachment-thumbnail size-thumbnail\" alt=\"\" srcset=\"https:\/\/www.placeforstrays.de\/wp-content\/uploads\/2022\/11\/Rafhina-14-150x150.jpeg 150w, https:\/\/www.placeforstrays.de\/wp-content\/uploads\/2022\/11\/Rafhina-14-55x55.jpeg 55w, https:\/\/www.placeforstrays.de\/wp-content\/uploads\/2022\/11\/Rafhina-14-250x250.jpeg 250w\" sizes=\"(max-width: 150px) 100vw, 150px\" \/><\/a>\n\t\t\t<\/div><\/figure><figure class='gallery-item'>\n\t\t\t<div class='gallery-icon portrait'>\n\t\t\t\t<a href='https:\/\/www.placeforstrays.de\/en\/rafhina-11-2\/'><img width=\"150\" height=\"150\" src=\"https:\/\/www.placeforstrays.de\/wp-content\/uploads\/2022\/11\/Rafhina-11-150x150.jpeg\" class=\"attachment-thumbnail size-thumbnail\" alt=\"\" srcset=\"https:\/\/www.placeforstrays.de\/wp-content\/uploads\/2022\/11\/Rafhina-11-150x150.jpeg 150w, https:\/\/www.placeforstrays.de\/wp-content\/uploads\/2022\/11\/Rafhina-11-55x55.jpeg 55w, https:\/\/www.placeforstrays.de\/wp-content\/uploads\/2022\/11\/Rafhina-11-250x250.jpeg 250w\" sizes=\"(max-width: 150px) 100vw, 150px\" \/><\/a>\n\t\t\t<\/div><\/figure><figure class='gallery-item'>\n\t\t\t<div class='gallery-icon portrait'>\n\t\t\t\t<a href='https:\/\/www.placeforstrays.de\/en\/rafhina-12-2\/'><img width=\"150\" height=\"150\" src=\"https:\/\/www.placeforstrays.de\/wp-content\/uploads\/2022\/11\/Rafhina-12-150x150.jpeg\" class=\"attachment-thumbnail size-thumbnail\" alt=\"\" srcset=\"https:\/\/www.placeforstrays.de\/wp-content\/uploads\/2022\/11\/Rafhina-12-150x150.jpeg 150w, https:\/\/www.placeforstrays.de\/wp-content\/uploads\/2022\/11\/Rafhina-12-55x55.jpeg 55w, https:\/\/www.placeforstrays.de\/wp-content\/uploads\/2022\/11\/Rafhina-12-250x250.jpeg 250w\" sizes=\"(max-width: 150px) 100vw, 150px\" \/><\/a>\n\t\t\t<\/div><\/figure><figure class='gallery-item'>\n\t\t\t<div class='gallery-icon portrait'>\n\t\t\t\t<a href='https:\/\/www.placeforstrays.de\/en\/rafhina-10-2\/'><img width=\"150\" height=\"150\" src=\"https:\/\/www.placeforstrays.de\/wp-content\/uploads\/2022\/11\/Rafhina-10-150x150.jpeg\" class=\"attachment-thumbnail size-thumbnail\" alt=\"\" srcset=\"https:\/\/www.placeforstrays.de\/wp-content\/uploads\/2022\/11\/Rafhina-10-150x150.jpeg 150w, https:\/\/www.placeforstrays.de\/wp-content\/uploads\/2022\/11\/Rafhina-10-55x55.jpeg 55w, https:\/\/www.placeforstrays.de\/wp-content\/uploads\/2022\/11\/Rafhina-10-250x250.jpeg 250w\" sizes=\"(max-width: 150px) 100vw, 150px\" \/><\/a>\n\t\t\t<\/div><\/figure><figure class='gallery-item'>\n\t\t\t<div class='gallery-icon portrait'>\n\t\t\t\t<a href='https:\/\/www.placeforstrays.de\/en\/rafhina-2\/'><img width=\"150\" height=\"150\" src=\"https:\/\/www.placeforstrays.de\/wp-content\/uploads\/2022\/11\/Rafhina-150x150.jpeg\" class=\"attachment-thumbnail size-thumbnail\" alt=\"\" srcset=\"https:\/\/www.placeforstrays.de\/wp-content\/uploads\/2022\/11\/Rafhina-150x150.jpeg 150w, https:\/\/www.placeforstrays.de\/wp-content\/uploads\/2022\/11\/Rafhina-55x55.jpeg 55w, https:\/\/www.placeforstrays.de\/wp-content\/uploads\/2022\/11\/Rafhina-250x250.jpeg 250w\" sizes=\"(max-width: 150px) 100vw, 150px\" \/><\/a>\n\t\t\t<\/div><\/figure><figure class='gallery-item'>\n\t\t\t<div class='gallery-icon portrait'>\n\t\t\t\t<a href='https:\/\/www.placeforstrays.de\/en\/rafhina-8-2\/'><img width=\"150\" height=\"150\" src=\"https:\/\/www.placeforstrays.de\/wp-content\/uploads\/2022\/11\/Rafhina-8-150x150.jpeg\" class=\"attachment-thumbnail size-thumbnail\" alt=\"\" srcset=\"https:\/\/www.placeforstrays.de\/wp-content\/uploads\/2022\/11\/Rafhina-8-150x150.jpeg 150w, https:\/\/www.placeforstrays.de\/wp-content\/uploads\/2022\/11\/Rafhina-8-55x55.jpeg 55w, https:\/\/www.placeforstrays.de\/wp-content\/uploads\/2022\/11\/Rafhina-8-250x250.jpeg 250w\" sizes=\"(max-width: 150px) 100vw, 150px\" \/><\/a>\n\t\t\t<\/div><\/figure><figure class='gallery-item'>\n\t\t\t<div class='gallery-icon landscape'>\n\t\t\t\t<a href='https:\/\/www.placeforstrays.de\/en\/rafhina-9-2\/'><img width=\"150\" height=\"150\" src=\"https:\/\/www.placeforstrays.de\/wp-content\/uploads\/2022\/11\/Rafhina-9-150x150.jpeg\" class=\"attachment-thumbnail size-thumbnail\" alt=\"\" srcset=\"https:\/\/www.placeforstrays.de\/wp-content\/uploads\/2022\/11\/Rafhina-9-150x150.jpeg 150w, https:\/\/www.placeforstrays.de\/wp-content\/uploads\/2022\/11\/Rafhina-9-55x55.jpeg 55w, https:\/\/www.placeforstrays.de\/wp-content\/uploads\/2022\/11\/Rafhina-9-250x250.jpeg 250w\" sizes=\"(max-width: 150px) 100vw, 150px\" \/><\/a>\n\t\t\t<\/div><\/figure><figure class='gallery-item'>\n\t\t\t<div class='gallery-icon portrait'>\n\t\t\t\t<a href='https:\/\/www.placeforstrays.de\/en\/rafhina-7-2\/'><img width=\"150\" height=\"150\" src=\"https:\/\/www.placeforstrays.de\/wp-content\/uploads\/2022\/11\/Rafhina-7-150x150.jpeg\" class=\"attachment-thumbnail size-thumbnail\" alt=\"\" srcset=\"https:\/\/www.placeforstrays.de\/wp-content\/uploads\/2022\/11\/Rafhina-7-150x150.jpeg 150w, https:\/\/www.placeforstrays.de\/wp-content\/uploads\/2022\/11\/Rafhina-7-55x55.jpeg 55w, https:\/\/www.placeforstrays.de\/wp-content\/uploads\/2022\/11\/Rafhina-7-250x250.jpeg 250w\" sizes=\"(max-width: 150px) 100vw, 150px\" \/><\/a>\n\t\t\t<\/div><\/figure><figure class='gallery-item'>\n\t\t\t<div class='gallery-icon portrait'>\n\t\t\t\t<a href='https:\/\/www.placeforstrays.de\/en\/rahfinacute-2\/'><img width=\"150\" height=\"150\" src=\"https:\/\/www.placeforstrays.de\/wp-content\/uploads\/2022\/11\/rahfinacute-150x150.jpeg\" class=\"attachment-thumbnail size-thumbnail\" alt=\"\" srcset=\"https:\/\/www.placeforstrays.de\/wp-content\/uploads\/2022\/11\/rahfinacute-150x150.jpeg 150w, https:\/\/www.placeforstrays.de\/wp-content\/uploads\/2022\/11\/rahfinacute-55x55.jpeg 55w, https:\/\/www.placeforstrays.de\/wp-content\/uploads\/2022\/11\/rahfinacute-250x250.jpeg 250w\" sizes=\"(max-width: 150px) 100vw, 150px\" \/><\/a>\n\t\t\t<\/div><\/figure><figure class='gallery-item'>\n\t\t\t<div class='gallery-icon portrait'>\n\t\t\t\t<a href='https:\/\/www.placeforstrays.de\/en\/rafhinapotrait-2\/'><img width=\"150\" height=\"150\" src=\"https:\/\/www.placeforstrays.de\/wp-content\/uploads\/2022\/11\/rafhinapotrait-150x150.jpeg\" class=\"attachment-thumbnail size-thumbnail\" alt=\"\" srcset=\"https:\/\/www.placeforstrays.de\/wp-content\/uploads\/2022\/11\/rafhinapotrait-150x150.jpeg 150w, https:\/\/www.placeforstrays.de\/wp-content\/uploads\/2022\/11\/rafhinapotrait-55x55.jpeg 55w, https:\/\/www.placeforstrays.de\/wp-content\/uploads\/2022\/11\/rafhinapotrait-250x250.jpeg 250w\" sizes=\"(max-width: 150px) 100vw, 150px\" \/><\/a>\n\t\t\t<\/div><\/figure><figure class='gallery-item'>\n\t\t\t<div class='gallery-icon portrait'>\n\t\t\t\t<a href='https:\/\/www.placeforstrays.de\/en\/rafhinaliegen-2\/'><img width=\"150\" height=\"150\" src=\"https:\/\/www.placeforstrays.de\/wp-content\/uploads\/2022\/11\/rafhinaliegen-150x150.jpeg\" class=\"attachment-thumbnail size-thumbnail\" alt=\"\" srcset=\"https:\/\/www.placeforstrays.de\/wp-content\/uploads\/2022\/11\/rafhinaliegen-150x150.jpeg 150w, https:\/\/www.placeforstrays.de\/wp-content\/uploads\/2022\/11\/rafhinaliegen-55x55.jpeg 55w, https:\/\/www.placeforstrays.de\/wp-content\/uploads\/2022\/11\/rafhinaliegen-250x250.jpeg 250w\" sizes=\"(max-width: 150px) 100vw, 150px\" \/><\/a>\n\t\t\t<\/div><\/figure><figure class='gallery-item'>\n\t\t\t<div class='gallery-icon portrait'>\n\t\t\t\t<a href='https:\/\/www.placeforstrays.de\/en\/rafhinaundlenny-2\/'><img width=\"150\" height=\"150\" src=\"https:\/\/www.placeforstrays.de\/wp-content\/uploads\/2022\/11\/rafhinaundlenny-150x150.jpeg\" class=\"attachment-thumbnail size-thumbnail\" alt=\"\" srcset=\"https:\/\/www.placeforstrays.de\/wp-content\/uploads\/2022\/11\/rafhinaundlenny-150x150.jpeg 150w, https:\/\/www.placeforstrays.de\/wp-content\/uploads\/2022\/11\/rafhinaundlenny-55x55.jpeg 55w, https:\/\/www.placeforstrays.de\/wp-content\/uploads\/2022\/11\/rafhinaundlenny-250x250.jpeg 250w\" sizes=\"(max-width: 150px) 100vw, 150px\" \/><\/a>\n\t\t\t<\/div><\/figure><figure class='gallery-item'>\n\t\t\t<div class='gallery-icon portrait'>\n\t\t\t\t<a href='https:\/\/www.placeforstrays.de\/en\/rafhinawaage-2\/'><img width=\"150\" height=\"150\" src=\"https:\/\/www.placeforstrays.de\/wp-content\/uploads\/2022\/11\/rafhinawaage-150x150.jpeg\" class=\"attachment-thumbnail size-thumbnail\" alt=\"\" srcset=\"https:\/\/www.placeforstrays.de\/wp-content\/uploads\/2022\/11\/rafhinawaage-150x150.jpeg 150w, https:\/\/www.placeforstrays.de\/wp-content\/uploads\/2022\/11\/rafhinawaage-55x55.jpeg 55w, https:\/\/www.placeforstrays.de\/wp-content\/uploads\/2022\/11\/rafhinawaage-250x250.jpeg 250w\" sizes=\"(max-width: 150px) 100vw, 150px\" \/><\/a>\n\t\t\t<\/div><\/figure><figure class='gallery-item'>\n\t\t\t<div class='gallery-icon portrait'>\n\t\t\t\t<a href='https:\/\/www.placeforstrays.de\/en\/rafhinaklein-2\/'><img width=\"150\" height=\"150\" src=\"https:\/\/www.placeforstrays.de\/wp-content\/uploads\/2022\/11\/rafhinaklein-150x150.jpeg\" class=\"attachment-thumbnail size-thumbnail\" alt=\"\" srcset=\"https:\/\/www.placeforstrays.de\/wp-content\/uploads\/2022\/11\/rafhinaklein-150x150.jpeg 150w, https:\/\/www.placeforstrays.de\/wp-content\/uploads\/2022\/11\/rafhinaklein-55x55.jpeg 55w, https:\/\/www.placeforstrays.de\/wp-content\/uploads\/2022\/11\/rafhinaklein-250x250.jpeg 250w\" sizes=\"(max-width: 150px) 100vw, 150px\" \/><\/a>\n\t\t\t<\/div><\/figure>\n\t\t<\/div>\n\n<\/div>\n","protected":false},"excerpt":{"rendered":"<p>Geschichte Rafinha wurde mit ihren Geschwistern Faro, Lenny, Livy &amp; Lotta in einem Karton im M\u00fcll gefunden. Zun\u00e4chst waren alle Welpen fit und genossen ihr neues Leben. Dann wurde zu unserem Entsetzen eines morgens Faro tot aufgefunden, ohne dass es Anzeichen einer Krankheit gegeben hatte. Daraufhin haben wir alle Welpen gr\u00fcndlich untersuchen lassen. An den&#8230;<\/p>\n","protected":false},"author":21,"featured_media":44316,"menu_order":0,"comment_status":"closed","ping_status":"closed","template":"","format":"standard","meta":[],"pj-categs":[14,16,37],"pj-tags":[],"yoast_head":"<!-- This site is optimized with the Yoast SEO plugin v19.13 - https:\/\/yoast.com\/wordpress\/plugins\/seo\/ -->\n<title>Rafinha sucht ein Zuhause - PLACE for STRAYS Albufeira<\/title>\n<meta name=\"description\" content=\"Rafhina wurde mit ihren Geschwistern im M\u00fcll gefunden und erkrankte am Parvovirus. Jetzt k\u00f6nnen sie sich im PLACE for STRAYS erholen.\" \/>\n<meta name=\"robots\" content=\"index, follow, max-snippet:-1, max-image-preview:large, max-video-preview:-1\" \/>\n<link rel=\"canonical\" href=\"https:\/\/www.placeforstrays.de\/en\/our-proteges\/rafhina\/\" \/>\n<meta property=\"og:locale\" content=\"en_US\" \/>\n<meta property=\"og:type\" content=\"article\" \/>\n<meta property=\"og:title\" content=\"Rafinha sucht ein Zuhause - PLACE for STRAYS Albufeira\" \/>\n<meta property=\"og:description\" content=\"Rafhina wurde mit ihren Geschwistern im M\u00fcll gefunden und erkrankte am Parvovirus. Jetzt k\u00f6nnen sie sich im PLACE for STRAYS erholen.\" \/>\n<meta property=\"og:url\" content=\"https:\/\/www.placeforstrays.de\/en\/our-proteges\/rafhina\/\" \/>\n<meta property=\"og:site_name\" content=\"PLACE for STRAYS Albufeira\" \/>\n<meta property=\"article:publisher\" content=\"https:\/\/www.facebook.com\/groups\/1963615917246890\/\" \/>\n<meta property=\"article:modified_time\" content=\"2023-11-08T13:40:35+00:00\" \/>\n<meta property=\"og:image\" content=\"https:\/\/www.placeforstrays.de\/wp-content\/uploads\/2022\/11\/Rafhina-adopted-e1699445993980.jpg\" \/>\n\t<meta property=\"og:image:width\" content=\"688\" \/>\n\t<meta property=\"og:image:height\" content=\"808\" \/>\n\t<meta property=\"og:image:type\" content=\"image\/jpeg\" \/>\n<meta name=\"twitter:card\" content=\"summary_large_image\" \/>\n<meta name=\"twitter:label1\" content=\"Est. reading time\" \/>\n\t<meta name=\"twitter:data1\" content=\"2 minutes\" \/>\n<script type=\"application\/ld+json\" class=\"yoast-schema-graph\">{\"@context\":\"https:\/\/schema.org\",\"@graph\":[{\"@type\":\"WebPage\",\"@id\":\"https:\/\/www.placeforstrays.de\/en\/our-proteges\/rafhina\/\",\"url\":\"https:\/\/www.placeforstrays.de\/en\/our-proteges\/rafhina\/\",\"name\":\"Rafinha sucht ein Zuhause - PLACE for STRAYS Albufeira\",\"isPartOf\":{\"@id\":\"https:\/\/www.placeforstrays.de\/en\/#website\"},\"datePublished\":\"2022-11-02T12:26:26+00:00\",\"dateModified\":\"2023-11-08T13:40:35+00:00\",\"description\":\"Rafhina wurde mit ihren Geschwistern im M\u00fcll gefunden und erkrankte am Parvovirus. Jetzt k\u00f6nnen sie sich im PLACE for STRAYS erholen.\",\"breadcrumb\":{\"@id\":\"https:\/\/www.placeforstrays.de\/en\/our-proteges\/rafhina\/#breadcrumb\"},\"inLanguage\":\"en-US\",\"potentialAction\":[{\"@type\":\"ReadAction\",\"target\":[\"https:\/\/www.placeforstrays.de\/en\/our-proteges\/rafhina\/\"]}]},{\"@type\":\"BreadcrumbList\",\"@id\":\"https:\/\/www.placeforstrays.de\/en\/our-proteges\/rafhina\/#breadcrumb\",\"itemListElement\":[{\"@type\":\"ListItem\",\"position\":1,\"name\":\"Startseite\",\"item\":\"https:\/\/www.placeforstrays.de\/en\/\"},{\"@type\":\"ListItem\",\"position\":2,\"name\":\"Projects\",\"item\":\"https:\/\/www.placeforstrays.de\/en\/our-proteges\/\"},{\"@type\":\"ListItem\",\"position\":3,\"name\":\"Rafinha\"}]},{\"@type\":\"WebSite\",\"@id\":\"https:\/\/www.placeforstrays.de\/en\/#website\",\"url\":\"https:\/\/www.placeforstrays.de\/en\/\",\"name\":\"PLACE for STRAYS Albufeira\",\"description\":\"Tierschutz\",\"publisher\":{\"@id\":\"https:\/\/www.placeforstrays.de\/en\/#organization\"},\"potentialAction\":[{\"@type\":\"SearchAction\",\"target\":{\"@type\":\"EntryPoint\",\"urlTemplate\":\"https:\/\/www.placeforstrays.de\/en\/?s={search_term_string}\"},\"query-input\":\"required name=search_term_string\"}],\"inLanguage\":\"en-US\"},{\"@type\":\"Organization\",\"@id\":\"https:\/\/www.placeforstrays.de\/en\/#organization\",\"name\":\"PLACE for STRAYS\",\"url\":\"https:\/\/www.placeforstrays.de\/en\/\",\"logo\":{\"@type\":\"ImageObject\",\"inLanguage\":\"en-US\",\"@id\":\"https:\/\/www.placeforstrays.de\/en\/#\/schema\/logo\/image\/\",\"url\":\"https:\/\/www.placeforstrays.de\/wp-content\/uploads\/2019\/07\/Logo-mit-Hintergrund-Kopie.jpg\",\"contentUrl\":\"https:\/\/www.placeforstrays.de\/wp-content\/uploads\/2019\/07\/Logo-mit-Hintergrund-Kopie.jpg\",\"width\":277,\"height\":291,\"caption\":\"PLACE for STRAYS\"},\"image\":{\"@id\":\"https:\/\/www.placeforstrays.de\/en\/#\/schema\/logo\/image\/\"},\"sameAs\":[\"https:\/\/www.instagram.com\/placeforstraysalbufeira\/\",\"https:\/\/www.facebook.com\/groups\/1963615917246890\/\"]}]}<\/script>\n<!-- \/ Yoast SEO plugin. -->","yoast_head_json":{"title":"Rafinha sucht ein Zuhause - PLACE for STRAYS Albufeira","description":"Rafhina wurde mit ihren Geschwistern im M\u00fcll gefunden und erkrankte am Parvovirus. Jetzt k\u00f6nnen sie sich im PLACE for STRAYS erholen.","robots":{"index":"index","follow":"follow","max-snippet":"max-snippet:-1","max-image-preview":"max-image-preview:large","max-video-preview":"max-video-preview:-1"},"canonical":"https:\/\/www.placeforstrays.de\/en\/our-proteges\/rafhina\/","og_locale":"en_US","og_type":"article","og_title":"Rafinha sucht ein Zuhause - PLACE for STRAYS Albufeira","og_description":"Rafhina wurde mit ihren Geschwistern im M\u00fcll gefunden und erkrankte am Parvovirus. Jetzt k\u00f6nnen sie sich im PLACE for STRAYS erholen.","og_url":"https:\/\/www.placeforstrays.de\/en\/our-proteges\/rafhina\/","og_site_name":"PLACE for STRAYS Albufeira","article_publisher":"https:\/\/www.facebook.com\/groups\/1963615917246890\/","article_modified_time":"2023-11-08T13:40:35+00:00","og_image":[{"width":688,"height":808,"url":"https:\/\/www.placeforstrays.de\/wp-content\/uploads\/2022\/11\/Rafhina-adopted-e1699445993980.jpg","type":"image\/jpeg"}],"twitter_card":"summary_large_image","twitter_misc":{"Est. reading time":"2 minutes"},"schema":{"@context":"https:\/\/schema.org","@graph":[{"@type":"WebPage","@id":"https:\/\/www.placeforstrays.de\/en\/our-proteges\/rafhina\/","url":"https:\/\/www.placeforstrays.de\/en\/our-proteges\/rafhina\/","name":"Rafinha sucht ein Zuhause - PLACE for STRAYS Albufeira","isPartOf":{"@id":"https:\/\/www.placeforstrays.de\/en\/#website"},"datePublished":"2022-11-02T12:26:26+00:00","dateModified":"2023-11-08T13:40:35+00:00","description":"Rafhina wurde mit ihren Geschwistern im M\u00fcll gefunden und erkrankte am Parvovirus. Jetzt k\u00f6nnen sie sich im PLACE for STRAYS erholen.","breadcrumb":{"@id":"https:\/\/www.placeforstrays.de\/en\/our-proteges\/rafhina\/#breadcrumb"},"inLanguage":"en-US","potentialAction":[{"@type":"ReadAction","target":["https:\/\/www.placeforstrays.de\/en\/our-proteges\/rafhina\/"]}]},{"@type":"BreadcrumbList","@id":"https:\/\/www.placeforstrays.de\/en\/our-proteges\/rafhina\/#breadcrumb","itemListElement":[{"@type":"ListItem","position":1,"name":"Startseite","item":"https:\/\/www.placeforstrays.de\/en\/"},{"@type":"ListItem","position":2,"name":"Projects","item":"https:\/\/www.placeforstrays.de\/en\/our-proteges\/"},{"@type":"ListItem","position":3,"name":"Rafinha"}]},{"@type":"WebSite","@id":"https:\/\/www.placeforstrays.de\/en\/#website","url":"https:\/\/www.placeforstrays.de\/en\/","name":"PLACE for STRAYS Albufeira","description":"Tierschutz","publisher":{"@id":"https:\/\/www.placeforstrays.de\/en\/#organization"},"potentialAction":[{"@type":"SearchAction","target":{"@type":"EntryPoint","urlTemplate":"https:\/\/www.placeforstrays.de\/en\/?s={search_term_string}"},"query-input":"required name=search_term_string"}],"inLanguage":"en-US"},{"@type":"Organization","@id":"https:\/\/www.placeforstrays.de\/en\/#organization","name":"PLACE for STRAYS","url":"https:\/\/www.placeforstrays.de\/en\/","logo":{"@type":"ImageObject","inLanguage":"en-US","@id":"https:\/\/www.placeforstrays.de\/en\/#\/schema\/logo\/image\/","url":"https:\/\/www.placeforstrays.de\/wp-content\/uploads\/2019\/07\/Logo-mit-Hintergrund-Kopie.jpg","contentUrl":"https:\/\/www.placeforstrays.de\/wp-content\/uploads\/2019\/07\/Logo-mit-Hintergrund-Kopie.jpg","width":277,"height":291,"caption":"PLACE for STRAYS"},"image":{"@id":"https:\/\/www.placeforstrays.de\/en\/#\/schema\/logo\/image\/"},"sameAs":["https:\/\/www.instagram.com\/placeforstraysalbufeira\/","https:\/\/www.facebook.com\/groups\/1963615917246890\/"]}]}},"_links":{"self":[{"href":"https:\/\/www.placeforstrays.de\/en\/wp-json\/wp\/v2\/project\/39524"}],"collection":[{"href":"https:\/\/www.placeforstrays.de\/en\/wp-json\/wp\/v2\/project"}],"about":[{"href":"https:\/\/www.placeforstrays.de\/en\/wp-json\/wp\/v2\/types\/project"}],"author":[{"embeddable":true,"href":"https:\/\/www.placeforstrays.de\/en\/wp-json\/wp\/v2\/users\/21"}],"replies":[{"embeddable":true,"href":"https:\/\/www.placeforstrays.de\/en\/wp-json\/wp\/v2\/comments?post=39524"}],"version-history":[{"count":21,"href":"https:\/\/www.placeforstrays.de\/en\/wp-json\/wp\/v2\/project\/39524\/revisions"}],"predecessor-version":[{"id":43474,"href":"https:\/\/www.placeforstrays.de\/en\/wp-json\/wp\/v2\/project\/39524\/revisions\/43474"}],"wp:featuredmedia":[{"embeddable":true,"href":"https:\/\/www.placeforstrays.de\/en\/wp-json\/wp\/v2\/media\/44316"}],"wp:attachment":[{"href":"https:\/\/www.placeforstrays.de\/en\/wp-json\/wp\/v2\/media?parent=39524"}],"wp:term":[{"taxonomy":"pj-categs","embeddable":true,"href":"https:\/\/www.placeforstrays.de\/en\/wp-json\/wp\/v2\/pj-categs?post=39524"},{"taxonomy":"pj-tags","embeddable":true,"href":"https:\/\/www.placeforstrays.de\/en\/wp-json\/wp\/v2\/pj-tags?post=39524"}],"curies":[{"name":"wp","href":"https:\/\/api.w.org\/{rel}","templated":true}]}}