{"id":39715,"date":"2022-11-12T14:16:28","date_gmt":"2022-11-12T13:16:28","guid":{"rendered":"https:\/\/www.placeforstrays.de\/?post_type=project&#038;p=39715"},"modified":"2023-09-15T13:25:20","modified_gmt":"2023-09-15T11:25:20","slug":"louis-valentino","status":"publish","type":"project","link":"https:\/\/www.placeforstrays.de\/en\/our-proteges\/louis-valentino\/","title":{"rendered":"Louis Valentino"},"content":{"rendered":"<style type=\"text\/css\"><\/style><h3>Geschichte<\/h3>\n<div class=\"bi6gxh9e\">\n<p>Louis wurde von einer befreundeten Tiersch\u00fctzerin aus schlechter Haltung gerettet und konnte kurzeitig auf einer Pflegestelle unterkommen. Da er dort leider nicht bleiben konnte ist der junge R\u00fcde im PLACE for STRAYS eingezogen und kann die sch\u00f6nen Seiten des Lebens kennenlernen. In der charmanten H\u00fcndin <a href=\"https:\/\/www.placeforstrays.de\/our-proteges\/gucci\/\">Gucci<\/a> fand er schnell eine Freundin, die allerdings kurz danach ihr f\u00fcr-immer Zuhause fand.\u00a0 Diesen Abschied verkraftete der kleine Kerl aber sehr gut, da er schnell im Rudel Anschluss gefunden hat.<\/p>\n<h3>Charakter<\/h3>\n<div class=\"bi6gxh9e\">\n<div class=\"x1e56ztr\"><span class=\"x193iq5w xeuugli x13faqbe x1vvkbs x1xmvt09 x6prxxf xvq8zen xo1l8bm xzsf02u\">Louis hat sich seit seinem Einzug im PLACE for STRAYS zu einem aufgeweckten und lieben Junghund entwickelt. Bei Spazierg\u00e4ngen l\u00e4uft er schon super an der Leine und auch den anderen Hunden gegen\u00fcber verh\u00e4lt er sich sehr souver\u00e4n und l\u00e4sst sich nicht einsch\u00fcchtern.\u00a0 Aufgrund seiner Vergangenheit war Louis anfangs Menschen gegen\u00fcber noch sehr misstrauisch, aber das hat er mittlerweile fast komplett abgelegt. Louis ist sehr anh\u00e4nglich und menschenbezogen. <\/span><span class=\"x193iq5w xeuugli x13faqbe x1vvkbs x1xmvt09 x6prxxf xvq8zen xo1l8bm xzsf02u\">Er ist ein wirklich toller Kerl, der auch gerne mal kuschelt und sehr lernf\u00e4hig ist. Wenn man dem kleinen Frechdachs mit dem richtigen Training, Geduld und Verst\u00e4ndnis entgegentritt, wird er eine Bereicherung f\u00fcr sein f\u00fcr-immer Zuhause sein.<\/span><\/div>\n<\/div>\n<p>&nbsp;<\/p>\n<div id='gallery-1' class='gallery galleryid-39715 gallery-columns-2 gallery-size-thumbnail'><figure class='gallery-item'>\n\t\t\t<div class='gallery-icon landscape'>\n\t\t\t\t<a href='https:\/\/www.placeforstrays.de\/en\/louis-16-2\/'><img width=\"150\" height=\"150\" src=\"https:\/\/www.placeforstrays.de\/wp-content\/uploads\/2022\/11\/Louis-16-150x150.jpeg\" class=\"attachment-thumbnail size-thumbnail\" alt=\"\" srcset=\"https:\/\/www.placeforstrays.de\/wp-content\/uploads\/2022\/11\/Louis-16-150x150.jpeg 150w, https:\/\/www.placeforstrays.de\/wp-content\/uploads\/2022\/11\/Louis-16-55x55.jpeg 55w, https:\/\/www.placeforstrays.de\/wp-content\/uploads\/2022\/11\/Louis-16-250x250.jpeg 250w\" sizes=\"(max-width: 150px) 100vw, 150px\" \/><\/a>\n\t\t\t<\/div><\/figure><figure class='gallery-item'>\n\t\t\t<div class='gallery-icon portrait'>\n\t\t\t\t<a href='https:\/\/www.placeforstrays.de\/en\/louis-15-2\/'><img width=\"150\" height=\"150\" src=\"https:\/\/www.placeforstrays.de\/wp-content\/uploads\/2022\/11\/Louis-15-150x150.jpeg\" class=\"attachment-thumbnail size-thumbnail\" alt=\"\" srcset=\"https:\/\/www.placeforstrays.de\/wp-content\/uploads\/2022\/11\/Louis-15-150x150.jpeg 150w, https:\/\/www.placeforstrays.de\/wp-content\/uploads\/2022\/11\/Louis-15-55x55.jpeg 55w, https:\/\/www.placeforstrays.de\/wp-content\/uploads\/2022\/11\/Louis-15-250x250.jpeg 250w\" sizes=\"(max-width: 150px) 100vw, 150px\" \/><\/a>\n\t\t\t<\/div><\/figure><figure class='gallery-item'>\n\t\t\t<div class='gallery-icon portrait'>\n\t\t\t\t<a href='https:\/\/www.placeforstrays.de\/en\/louis-14-2\/'><img width=\"150\" height=\"150\" src=\"https:\/\/www.placeforstrays.de\/wp-content\/uploads\/2022\/11\/Louis-14-150x150.jpeg\" class=\"attachment-thumbnail size-thumbnail\" alt=\"\" srcset=\"https:\/\/www.placeforstrays.de\/wp-content\/uploads\/2022\/11\/Louis-14-150x150.jpeg 150w, https:\/\/www.placeforstrays.de\/wp-content\/uploads\/2022\/11\/Louis-14-55x55.jpeg 55w, https:\/\/www.placeforstrays.de\/wp-content\/uploads\/2022\/11\/Louis-14-250x250.jpeg 250w\" sizes=\"(max-width: 150px) 100vw, 150px\" \/><\/a>\n\t\t\t<\/div><\/figure><figure class='gallery-item'>\n\t\t\t<div class='gallery-icon portrait'>\n\t\t\t\t<a href='https:\/\/www.placeforstrays.de\/en\/louis-12-2\/'><img width=\"150\" height=\"150\" src=\"https:\/\/www.placeforstrays.de\/wp-content\/uploads\/2022\/11\/Louis-12-150x150.jpeg\" class=\"attachment-thumbnail size-thumbnail\" alt=\"\" srcset=\"https:\/\/www.placeforstrays.de\/wp-content\/uploads\/2022\/11\/Louis-12-150x150.jpeg 150w, https:\/\/www.placeforstrays.de\/wp-content\/uploads\/2022\/11\/Louis-12-55x55.jpeg 55w, https:\/\/www.placeforstrays.de\/wp-content\/uploads\/2022\/11\/Louis-12-250x250.jpeg 250w\" sizes=\"(max-width: 150px) 100vw, 150px\" \/><\/a>\n\t\t\t<\/div><\/figure><figure class='gallery-item'>\n\t\t\t<div class='gallery-icon portrait'>\n\t\t\t\t<a href='https:\/\/www.placeforstrays.de\/en\/louis-13-2\/'><img width=\"150\" height=\"150\" src=\"https:\/\/www.placeforstrays.de\/wp-content\/uploads\/2022\/11\/Louis-13-150x150.jpeg\" class=\"attachment-thumbnail size-thumbnail\" alt=\"\" srcset=\"https:\/\/www.placeforstrays.de\/wp-content\/uploads\/2022\/11\/Louis-13-150x150.jpeg 150w, https:\/\/www.placeforstrays.de\/wp-content\/uploads\/2022\/11\/Louis-13-55x55.jpeg 55w, https:\/\/www.placeforstrays.de\/wp-content\/uploads\/2022\/11\/Louis-13-250x250.jpeg 250w\" sizes=\"(max-width: 150px) 100vw, 150px\" \/><\/a>\n\t\t\t<\/div><\/figure><figure class='gallery-item'>\n\t\t\t<div class='gallery-icon portrait'>\n\t\t\t\t<a href='https:\/\/www.placeforstrays.de\/en\/louis-11-2\/'><img width=\"150\" height=\"150\" src=\"https:\/\/www.placeforstrays.de\/wp-content\/uploads\/2022\/11\/Louis-11-150x150.jpeg\" class=\"attachment-thumbnail size-thumbnail\" alt=\"\" srcset=\"https:\/\/www.placeforstrays.de\/wp-content\/uploads\/2022\/11\/Louis-11-150x150.jpeg 150w, https:\/\/www.placeforstrays.de\/wp-content\/uploads\/2022\/11\/Louis-11-55x55.jpeg 55w, https:\/\/www.placeforstrays.de\/wp-content\/uploads\/2022\/11\/Louis-11-250x250.jpeg 250w\" sizes=\"(max-width: 150px) 100vw, 150px\" \/><\/a>\n\t\t\t<\/div><\/figure><figure class='gallery-item'>\n\t\t\t<div class='gallery-icon portrait'>\n\t\t\t\t<a href='https:\/\/www.placeforstrays.de\/en\/louis-10-2\/'><img width=\"150\" height=\"150\" src=\"https:\/\/www.placeforstrays.de\/wp-content\/uploads\/2022\/11\/Louis-10-150x150.jpeg\" class=\"attachment-thumbnail size-thumbnail\" alt=\"\" srcset=\"https:\/\/www.placeforstrays.de\/wp-content\/uploads\/2022\/11\/Louis-10-150x150.jpeg 150w, https:\/\/www.placeforstrays.de\/wp-content\/uploads\/2022\/11\/Louis-10-55x55.jpeg 55w, https:\/\/www.placeforstrays.de\/wp-content\/uploads\/2022\/11\/Louis-10-250x250.jpeg 250w\" sizes=\"(max-width: 150px) 100vw, 150px\" \/><\/a>\n\t\t\t<\/div><\/figure><figure class='gallery-item'>\n\t\t\t<div class='gallery-icon portrait'>\n\t\t\t\t<a href='https:\/\/www.placeforstrays.de\/en\/louis-9-2\/'><img width=\"150\" height=\"150\" src=\"https:\/\/www.placeforstrays.de\/wp-content\/uploads\/2022\/11\/Louis-9-150x150.jpeg\" class=\"attachment-thumbnail size-thumbnail\" alt=\"\" srcset=\"https:\/\/www.placeforstrays.de\/wp-content\/uploads\/2022\/11\/Louis-9-150x150.jpeg 150w, https:\/\/www.placeforstrays.de\/wp-content\/uploads\/2022\/11\/Louis-9-55x55.jpeg 55w, https:\/\/www.placeforstrays.de\/wp-content\/uploads\/2022\/11\/Louis-9-250x250.jpeg 250w\" sizes=\"(max-width: 150px) 100vw, 150px\" \/><\/a>\n\t\t\t<\/div><\/figure><figure class='gallery-item'>\n\t\t\t<div class='gallery-icon portrait'>\n\t\t\t\t<a href='https:\/\/www.placeforstrays.de\/en\/louis-8-2\/'><img width=\"150\" height=\"150\" src=\"https:\/\/www.placeforstrays.de\/wp-content\/uploads\/2022\/11\/Louis-8-150x150.jpeg\" class=\"attachment-thumbnail size-thumbnail\" alt=\"\" srcset=\"https:\/\/www.placeforstrays.de\/wp-content\/uploads\/2022\/11\/Louis-8-150x150.jpeg 150w, https:\/\/www.placeforstrays.de\/wp-content\/uploads\/2022\/11\/Louis-8-55x55.jpeg 55w, https:\/\/www.placeforstrays.de\/wp-content\/uploads\/2022\/11\/Louis-8-250x250.jpeg 250w\" sizes=\"(max-width: 150px) 100vw, 150px\" \/><\/a>\n\t\t\t<\/div><\/figure><figure class='gallery-item'>\n\t\t\t<div class='gallery-icon portrait'>\n\t\t\t\t<a href='https:\/\/www.placeforstrays.de\/en\/louis-7-2\/'><img width=\"150\" height=\"150\" src=\"https:\/\/www.placeforstrays.de\/wp-content\/uploads\/2022\/11\/Louis-7-150x150.jpeg\" class=\"attachment-thumbnail size-thumbnail\" alt=\"\" srcset=\"https:\/\/www.placeforstrays.de\/wp-content\/uploads\/2022\/11\/Louis-7-150x150.jpeg 150w, https:\/\/www.placeforstrays.de\/wp-content\/uploads\/2022\/11\/Louis-7-55x55.jpeg 55w, https:\/\/www.placeforstrays.de\/wp-content\/uploads\/2022\/11\/Louis-7-250x250.jpeg 250w\" sizes=\"(max-width: 150px) 100vw, 150px\" \/><\/a>\n\t\t\t<\/div><\/figure><figure class='gallery-item'>\n\t\t\t<div class='gallery-icon portrait'>\n\t\t\t\t<a href='https:\/\/www.placeforstrays.de\/en\/louis-5-2\/'><img width=\"150\" height=\"150\" src=\"https:\/\/www.placeforstrays.de\/wp-content\/uploads\/2022\/11\/Louis-5-150x150.jpeg\" class=\"attachment-thumbnail size-thumbnail\" alt=\"\" srcset=\"https:\/\/www.placeforstrays.de\/wp-content\/uploads\/2022\/11\/Louis-5-150x150.jpeg 150w, https:\/\/www.placeforstrays.de\/wp-content\/uploads\/2022\/11\/Louis-5-55x55.jpeg 55w, https:\/\/www.placeforstrays.de\/wp-content\/uploads\/2022\/11\/Louis-5-250x250.jpeg 250w\" sizes=\"(max-width: 150px) 100vw, 150px\" \/><\/a>\n\t\t\t<\/div><\/figure><figure class='gallery-item'>\n\t\t\t<div class='gallery-icon portrait'>\n\t\t\t\t<a href='https:\/\/www.placeforstrays.de\/en\/louis-6-2\/'><img width=\"150\" height=\"150\" src=\"https:\/\/www.placeforstrays.de\/wp-content\/uploads\/2022\/11\/Louis-6-150x150.jpeg\" class=\"attachment-thumbnail size-thumbnail\" alt=\"\" srcset=\"https:\/\/www.placeforstrays.de\/wp-content\/uploads\/2022\/11\/Louis-6-150x150.jpeg 150w, https:\/\/www.placeforstrays.de\/wp-content\/uploads\/2022\/11\/Louis-6-55x55.jpeg 55w, https:\/\/www.placeforstrays.de\/wp-content\/uploads\/2022\/11\/Louis-6-250x250.jpeg 250w\" sizes=\"(max-width: 150px) 100vw, 150px\" \/><\/a>\n\t\t\t<\/div><\/figure><figure class='gallery-item'>\n\t\t\t<div class='gallery-icon portrait'>\n\t\t\t\t<a href='https:\/\/www.placeforstrays.de\/en\/louis-3-2\/'><img width=\"150\" height=\"150\" src=\"https:\/\/www.placeforstrays.de\/wp-content\/uploads\/2022\/11\/Louis-3-150x150.jpeg\" class=\"attachment-thumbnail size-thumbnail\" alt=\"\" srcset=\"https:\/\/www.placeforstrays.de\/wp-content\/uploads\/2022\/11\/Louis-3-150x150.jpeg 150w, https:\/\/www.placeforstrays.de\/wp-content\/uploads\/2022\/11\/Louis-3-55x55.jpeg 55w, https:\/\/www.placeforstrays.de\/wp-content\/uploads\/2022\/11\/Louis-3-250x250.jpeg 250w\" sizes=\"(max-width: 150px) 100vw, 150px\" \/><\/a>\n\t\t\t<\/div><\/figure><figure class='gallery-item'>\n\t\t\t<div class='gallery-icon portrait'>\n\t\t\t\t<a href='https:\/\/www.placeforstrays.de\/en\/louis-1-2\/'><img width=\"150\" height=\"150\" src=\"https:\/\/www.placeforstrays.de\/wp-content\/uploads\/2022\/11\/Louis-1-150x150.jpeg\" class=\"attachment-thumbnail size-thumbnail\" alt=\"\" srcset=\"https:\/\/www.placeforstrays.de\/wp-content\/uploads\/2022\/11\/Louis-1-150x150.jpeg 150w, https:\/\/www.placeforstrays.de\/wp-content\/uploads\/2022\/11\/Louis-1-55x55.jpeg 55w, https:\/\/www.placeforstrays.de\/wp-content\/uploads\/2022\/11\/Louis-1-250x250.jpeg 250w\" sizes=\"(max-width: 150px) 100vw, 150px\" \/><\/a>\n\t\t\t<\/div><\/figure><figure class='gallery-item'>\n\t\t\t<div class='gallery-icon portrait'>\n\t\t\t\t<a href='https:\/\/www.placeforstrays.de\/en\/louis-2-2\/'><img width=\"150\" height=\"150\" src=\"https:\/\/www.placeforstrays.de\/wp-content\/uploads\/2022\/11\/Louis-2-150x150.jpeg\" class=\"attachment-thumbnail size-thumbnail\" alt=\"\" srcset=\"https:\/\/www.placeforstrays.de\/wp-content\/uploads\/2022\/11\/Louis-2-150x150.jpeg 150w, https:\/\/www.placeforstrays.de\/wp-content\/uploads\/2022\/11\/Louis-2-55x55.jpeg 55w, https:\/\/www.placeforstrays.de\/wp-content\/uploads\/2022\/11\/Louis-2-250x250.jpeg 250w\" sizes=\"(max-width: 150px) 100vw, 150px\" \/><\/a>\n\t\t\t<\/div><\/figure><figure class='gallery-item'>\n\t\t\t<div class='gallery-icon portrait'>\n\t\t\t\t<a href='https:\/\/www.placeforstrays.de\/en\/louis-4-2\/'><img width=\"150\" height=\"150\" src=\"https:\/\/www.placeforstrays.de\/wp-content\/uploads\/2022\/11\/Louis-4-150x150.jpeg\" class=\"attachment-thumbnail size-thumbnail\" alt=\"\" srcset=\"https:\/\/www.placeforstrays.de\/wp-content\/uploads\/2022\/11\/Louis-4-150x150.jpeg 150w, https:\/\/www.placeforstrays.de\/wp-content\/uploads\/2022\/11\/Louis-4-55x55.jpeg 55w, https:\/\/www.placeforstrays.de\/wp-content\/uploads\/2022\/11\/Louis-4-250x250.jpeg 250w\" sizes=\"(max-width: 150px) 100vw, 150px\" \/><\/a>\n\t\t\t<\/div><\/figure>\n\t\t<\/div>\n\n<p>&nbsp;<\/p>\n<\/div>\n","protected":false},"excerpt":{"rendered":"<p>Geschichte Louis wurde von einer befreundeten Tiersch\u00fctzerin aus schlechter Haltung gerettet und konnte kurzeitig auf einer Pflegestelle unterkommen. Da er dort leider nicht bleiben konnte ist der junge R\u00fcde im PLACE for STRAYS eingezogen und kann die sch\u00f6nen Seiten des Lebens kennenlernen. In der charmanten H\u00fcndin Gucci fand er schnell eine Freundin, die allerdings kurz&#8230;<\/p>\n","protected":false},"author":21,"featured_media":42060,"menu_order":0,"comment_status":"closed","ping_status":"closed","template":"","format":"standard","meta":[],"pj-categs":[14,17,37],"pj-tags":[],"yoast_head":"<!-- This site is optimized with the Yoast SEO plugin v19.13 - https:\/\/yoast.com\/wordpress\/plugins\/seo\/ -->\n<title>Louis Valentino fand ein liebevolles Zuhause - PLACE for STRAYS Albufeira<\/title>\n<meta name=\"description\" content=\"Louis wurde aus schlechter Haltung gerettet und kann nun im PLACE for STRAYS die sch\u00f6nen Seiten des Lebens kennenlernen.\" \/>\n<meta name=\"robots\" content=\"index, follow, max-snippet:-1, max-image-preview:large, max-video-preview:-1\" \/>\n<link rel=\"canonical\" href=\"https:\/\/www.placeforstrays.de\/en\/our-proteges\/louis-valentino\/\" \/>\n<meta property=\"og:locale\" content=\"en_US\" \/>\n<meta property=\"og:type\" content=\"article\" \/>\n<meta property=\"og:title\" content=\"Louis Valentino fand ein liebevolles Zuhause - PLACE for STRAYS Albufeira\" \/>\n<meta property=\"og:description\" content=\"Louis wurde aus schlechter Haltung gerettet und kann nun im PLACE for STRAYS die sch\u00f6nen Seiten des Lebens kennenlernen.\" \/>\n<meta property=\"og:url\" content=\"https:\/\/www.placeforstrays.de\/en\/our-proteges\/louis-valentino\/\" \/>\n<meta property=\"og:site_name\" content=\"PLACE for STRAYS Albufeira\" \/>\n<meta property=\"article:publisher\" content=\"https:\/\/www.facebook.com\/groups\/1963615917246890\/\" \/>\n<meta property=\"article:modified_time\" content=\"2023-09-15T11:25:20+00:00\" \/>\n<meta property=\"og:image\" content=\"https:\/\/www.placeforstrays.de\/wp-content\/uploads\/2022\/11\/louis-adopted-e1683547282220.jpeg\" \/>\n\t<meta property=\"og:image:width\" content=\"1039\" \/>\n\t<meta property=\"og:image:height\" content=\"936\" \/>\n\t<meta property=\"og:image:type\" content=\"image\/jpeg\" \/>\n<meta name=\"twitter:card\" content=\"summary_large_image\" \/>\n<meta name=\"twitter:label1\" content=\"Est. reading time\" \/>\n\t<meta name=\"twitter:data1\" content=\"2 minutes\" \/>\n<script type=\"application\/ld+json\" class=\"yoast-schema-graph\">{\"@context\":\"https:\/\/schema.org\",\"@graph\":[{\"@type\":\"WebPage\",\"@id\":\"https:\/\/www.placeforstrays.de\/en\/our-proteges\/louis-valentino\/\",\"url\":\"https:\/\/www.placeforstrays.de\/en\/our-proteges\/louis-valentino\/\",\"name\":\"Louis Valentino fand ein liebevolles Zuhause - PLACE for STRAYS Albufeira\",\"isPartOf\":{\"@id\":\"https:\/\/www.placeforstrays.de\/en\/#website\"},\"datePublished\":\"2022-11-12T13:16:28+00:00\",\"dateModified\":\"2023-09-15T11:25:20+00:00\",\"description\":\"Louis wurde aus schlechter Haltung gerettet und kann nun im PLACE for STRAYS die sch\u00f6nen Seiten des Lebens kennenlernen.\",\"breadcrumb\":{\"@id\":\"https:\/\/www.placeforstrays.de\/en\/our-proteges\/louis-valentino\/#breadcrumb\"},\"inLanguage\":\"en-US\",\"potentialAction\":[{\"@type\":\"ReadAction\",\"target\":[\"https:\/\/www.placeforstrays.de\/en\/our-proteges\/louis-valentino\/\"]}]},{\"@type\":\"BreadcrumbList\",\"@id\":\"https:\/\/www.placeforstrays.de\/en\/our-proteges\/louis-valentino\/#breadcrumb\",\"itemListElement\":[{\"@type\":\"ListItem\",\"position\":1,\"name\":\"Startseite\",\"item\":\"https:\/\/www.placeforstrays.de\/en\/\"},{\"@type\":\"ListItem\",\"position\":2,\"name\":\"Projects\",\"item\":\"https:\/\/www.placeforstrays.de\/en\/our-proteges\/\"},{\"@type\":\"ListItem\",\"position\":3,\"name\":\"Louis Valentino\"}]},{\"@type\":\"WebSite\",\"@id\":\"https:\/\/www.placeforstrays.de\/en\/#website\",\"url\":\"https:\/\/www.placeforstrays.de\/en\/\",\"name\":\"PLACE for STRAYS Albufeira\",\"description\":\"Tierschutz\",\"publisher\":{\"@id\":\"https:\/\/www.placeforstrays.de\/en\/#organization\"},\"potentialAction\":[{\"@type\":\"SearchAction\",\"target\":{\"@type\":\"EntryPoint\",\"urlTemplate\":\"https:\/\/www.placeforstrays.de\/en\/?s={search_term_string}\"},\"query-input\":\"required name=search_term_string\"}],\"inLanguage\":\"en-US\"},{\"@type\":\"Organization\",\"@id\":\"https:\/\/www.placeforstrays.de\/en\/#organization\",\"name\":\"PLACE for STRAYS\",\"url\":\"https:\/\/www.placeforstrays.de\/en\/\",\"logo\":{\"@type\":\"ImageObject\",\"inLanguage\":\"en-US\",\"@id\":\"https:\/\/www.placeforstrays.de\/en\/#\/schema\/logo\/image\/\",\"url\":\"https:\/\/www.placeforstrays.de\/wp-content\/uploads\/2019\/07\/Logo-mit-Hintergrund-Kopie.jpg\",\"contentUrl\":\"https:\/\/www.placeforstrays.de\/wp-content\/uploads\/2019\/07\/Logo-mit-Hintergrund-Kopie.jpg\",\"width\":277,\"height\":291,\"caption\":\"PLACE for STRAYS\"},\"image\":{\"@id\":\"https:\/\/www.placeforstrays.de\/en\/#\/schema\/logo\/image\/\"},\"sameAs\":[\"https:\/\/www.instagram.com\/placeforstraysalbufeira\/\",\"https:\/\/www.facebook.com\/groups\/1963615917246890\/\"]}]}<\/script>\n<!-- \/ Yoast SEO plugin. -->","yoast_head_json":{"title":"Louis Valentino fand ein liebevolles Zuhause - PLACE for STRAYS Albufeira","description":"Louis wurde aus schlechter Haltung gerettet und kann nun im PLACE for STRAYS die sch\u00f6nen Seiten des Lebens kennenlernen.","robots":{"index":"index","follow":"follow","max-snippet":"max-snippet:-1","max-image-preview":"max-image-preview:large","max-video-preview":"max-video-preview:-1"},"canonical":"https:\/\/www.placeforstrays.de\/en\/our-proteges\/louis-valentino\/","og_locale":"en_US","og_type":"article","og_title":"Louis Valentino fand ein liebevolles Zuhause - PLACE for STRAYS Albufeira","og_description":"Louis wurde aus schlechter Haltung gerettet und kann nun im PLACE for STRAYS die sch\u00f6nen Seiten des Lebens kennenlernen.","og_url":"https:\/\/www.placeforstrays.de\/en\/our-proteges\/louis-valentino\/","og_site_name":"PLACE for STRAYS Albufeira","article_publisher":"https:\/\/www.facebook.com\/groups\/1963615917246890\/","article_modified_time":"2023-09-15T11:25:20+00:00","og_image":[{"width":1039,"height":936,"url":"https:\/\/www.placeforstrays.de\/wp-content\/uploads\/2022\/11\/louis-adopted-e1683547282220.jpeg","type":"image\/jpeg"}],"twitter_card":"summary_large_image","twitter_misc":{"Est. reading time":"2 minutes"},"schema":{"@context":"https:\/\/schema.org","@graph":[{"@type":"WebPage","@id":"https:\/\/www.placeforstrays.de\/en\/our-proteges\/louis-valentino\/","url":"https:\/\/www.placeforstrays.de\/en\/our-proteges\/louis-valentino\/","name":"Louis Valentino fand ein liebevolles Zuhause - PLACE for STRAYS Albufeira","isPartOf":{"@id":"https:\/\/www.placeforstrays.de\/en\/#website"},"datePublished":"2022-11-12T13:16:28+00:00","dateModified":"2023-09-15T11:25:20+00:00","description":"Louis wurde aus schlechter Haltung gerettet und kann nun im PLACE for STRAYS die sch\u00f6nen Seiten des Lebens kennenlernen.","breadcrumb":{"@id":"https:\/\/www.placeforstrays.de\/en\/our-proteges\/louis-valentino\/#breadcrumb"},"inLanguage":"en-US","potentialAction":[{"@type":"ReadAction","target":["https:\/\/www.placeforstrays.de\/en\/our-proteges\/louis-valentino\/"]}]},{"@type":"BreadcrumbList","@id":"https:\/\/www.placeforstrays.de\/en\/our-proteges\/louis-valentino\/#breadcrumb","itemListElement":[{"@type":"ListItem","position":1,"name":"Startseite","item":"https:\/\/www.placeforstrays.de\/en\/"},{"@type":"ListItem","position":2,"name":"Projects","item":"https:\/\/www.placeforstrays.de\/en\/our-proteges\/"},{"@type":"ListItem","position":3,"name":"Louis Valentino"}]},{"@type":"WebSite","@id":"https:\/\/www.placeforstrays.de\/en\/#website","url":"https:\/\/www.placeforstrays.de\/en\/","name":"PLACE for STRAYS Albufeira","description":"Tierschutz","publisher":{"@id":"https:\/\/www.placeforstrays.de\/en\/#organization"},"potentialAction":[{"@type":"SearchAction","target":{"@type":"EntryPoint","urlTemplate":"https:\/\/www.placeforstrays.de\/en\/?s={search_term_string}"},"query-input":"required name=search_term_string"}],"inLanguage":"en-US"},{"@type":"Organization","@id":"https:\/\/www.placeforstrays.de\/en\/#organization","name":"PLACE for STRAYS","url":"https:\/\/www.placeforstrays.de\/en\/","logo":{"@type":"ImageObject","inLanguage":"en-US","@id":"https:\/\/www.placeforstrays.de\/en\/#\/schema\/logo\/image\/","url":"https:\/\/www.placeforstrays.de\/wp-content\/uploads\/2019\/07\/Logo-mit-Hintergrund-Kopie.jpg","contentUrl":"https:\/\/www.placeforstrays.de\/wp-content\/uploads\/2019\/07\/Logo-mit-Hintergrund-Kopie.jpg","width":277,"height":291,"caption":"PLACE for STRAYS"},"image":{"@id":"https:\/\/www.placeforstrays.de\/en\/#\/schema\/logo\/image\/"},"sameAs":["https:\/\/www.instagram.com\/placeforstraysalbufeira\/","https:\/\/www.facebook.com\/groups\/1963615917246890\/"]}]}},"_links":{"self":[{"href":"https:\/\/www.placeforstrays.de\/en\/wp-json\/wp\/v2\/project\/39715"}],"collection":[{"href":"https:\/\/www.placeforstrays.de\/en\/wp-json\/wp\/v2\/project"}],"about":[{"href":"https:\/\/www.placeforstrays.de\/en\/wp-json\/wp\/v2\/types\/project"}],"author":[{"embeddable":true,"href":"https:\/\/www.placeforstrays.de\/en\/wp-json\/wp\/v2\/users\/21"}],"replies":[{"embeddable":true,"href":"https:\/\/www.placeforstrays.de\/en\/wp-json\/wp\/v2\/comments?post=39715"}],"version-history":[{"count":13,"href":"https:\/\/www.placeforstrays.de\/en\/wp-json\/wp\/v2\/project\/39715\/revisions"}],"predecessor-version":[{"id":41335,"href":"https:\/\/www.placeforstrays.de\/en\/wp-json\/wp\/v2\/project\/39715\/revisions\/41335"}],"wp:featuredmedia":[{"embeddable":true,"href":"https:\/\/www.placeforstrays.de\/en\/wp-json\/wp\/v2\/media\/42060"}],"wp:attachment":[{"href":"https:\/\/www.placeforstrays.de\/en\/wp-json\/wp\/v2\/media?parent=39715"}],"wp:term":[{"taxonomy":"pj-categs","embeddable":true,"href":"https:\/\/www.placeforstrays.de\/en\/wp-json\/wp\/v2\/pj-categs?post=39715"},{"taxonomy":"pj-tags","embeddable":true,"href":"https:\/\/www.placeforstrays.de\/en\/wp-json\/wp\/v2\/pj-tags?post=39715"}],"curies":[{"name":"wp","href":"https:\/\/api.w.org\/{rel}","templated":true}]}}