{"id":39923,"date":"2022-12-02T12:19:03","date_gmt":"2022-12-02T11:19:03","guid":{"rendered":"https:\/\/www.placeforstrays.de\/?post_type=project&#038;p=39923"},"modified":"2023-06-19T16:33:36","modified_gmt":"2023-06-19T14:33:36","slug":"joschka","status":"publish","type":"project","link":"https:\/\/www.placeforstrays.de\/en\/our-proteges\/joschka\/","title":{"rendered":"Joschka"},"content":{"rendered":"<style type=\"text\/css\"><\/style><h3>Geschichte<\/h3>\n<div class=\"bi6gxh9e\">\n<p>Joschka sucht ein neues Zuhause! Er kam als Welpe von <a href=\"https:\/\/www.placeforstrays.de\/our-proteges\/honey_feline\/\" target=\"_blank\" rel=\"noopener\">Honey-Feline<\/a> im Oktober 2020 im PLACE for STRAYS zur Welt und durfte im M\u00e4rz 2021 zu seiner Familie nach Deutschland reisen. Dort lebt er in der Frankfurter Innenstadt und ist in der Gro\u00dfstadt t\u00e4glich gestresst und \u00fcberfordert. Daher hat sich seine Familie schweren Herzens entschieden, ein neues Zuhause in l\u00e4ndlicher Umgebung f\u00fcr Joschka zu suchen.<\/p>\n<h3>Charakter<\/h3>\n<div class=\"bi6gxh9e\">\n<p>Das sagt seine Familie \u00fcber ihn:<\/p>\n<p>&#8220;Joschka ist ein absolut toller Hund, der es liebt \u00fcber Wiesen zu rennen, sich gerne in Heu w\u00e4lzt und diesen Sommer sogar das Wasser f\u00fcr sich entdeckt hat. Solange er frei sein kann, w\u00fcrde man nicht denken, dass er leider viele \u00c4ngste hat. In der Stadt macht ihm eigentlich alles Angst, was typisch Gro\u00dfstadt ist: laute Menschen, Menschen die direkt auf ihn zu laufen, Menschen mit R\u00e4dern (Fahrrad, Skateboard, Rollstuhlfahrer, Kinderw\u00e4gen etc.). Wenn diese auf ihn zukommen oder hinter ihm sind, m\u00f6chte er einfach nur weg und versucht zu fliehen.<\/p>\n<p>Joschka ist im Umgang mit anderen Hunden sehr entspannt, er kommuniziert h\u00f6flich und freundlich. Selten werden R\u00fcden mal angeknurrt, aber wilder wird\u2019s nicht. Er hat kein Problem mit Futter, verteidigt sein Futter\/Leckerlis nicht. Die typischen Hundedinge kann er (Sitz, Platz etc.). Momentan trainieren wir Deckentraining, Hand-Target, \u201eBei-Fu\u00df\u201c, Entspannungssignale und arbeiten mit einer Trainerin und zwei Verhaltenstherapeutinnen\/Tier\u00e4rztinnen zusammen.\u00a0 Wir trainieren mit positiver Verst\u00e4rkung und w\u00fcnschen uns Menschen, die diesem Training nicht abgeneigt sind. Joschka reagiert stark auf die Stimmung der Menschen. So kann man ihn mit ruhiger, sanfter Stimme beruhigen, aber durch Anschreien etc. nur noch mehr verunsichern! Genauso braucht er eine klare Tagesstruktur und fair erkl\u00e4rte Regeln.<\/p>\n<p>Er ist bei uns ein absoluter Kuschelb\u00e4r, der gerne mit auf der Couch oder im Bett liegt, er spielt gerne und sucht den Kontakt. Bei Besuch ist er anfangs unsicher, bellt und knurrt. Aber nach einer kurzen Zeit \u00fcberwiegt die Neugierde und er n\u00e4hert sich an, solange der Besuch ihn nicht anstarrt oder versucht zu streicheln, dann weicht er wieder aus und verschwindet lieber.\u00a0 Er hat noch nie gebissen!<\/p>\n<p>Zur Zeit ist er ein B\u00fcrohund. Am Anfang hat er die Mitarbeiter, die nicht permanent im B\u00fcro sind, angebellt (\u00e4hnlich wie bei Besuch). Mittlerweile freut er sich sogar, wenn sie kommen. Ein B\u00fcro, in den Kundengespr\u00e4che oder \u00c4hnliches gef\u00fchrt werden, k\u00f6nnte sich dementsprechend schwieriger gestalten. Er kann alleine bleiben.<\/p>\n<p>Er geht nicht in den Freilauf, wir gehen an einer 10m-Schlepp mit ihm in der Natur spazieren, was super klappt, dementsprechend muss der R\u00fcckruf neu aufgebaut werden. In der Natur reagiert er seltener mit Flucht, au\u00dfer bei Fahrradfahrern. Aber solange er sich Raum nehmen, ausweichen und Abstand nehmen kann, \u00e4u\u00dfert sich seine Angst bei weitem nicht so extrem, wie in der Stadt. Auf bekannten Wegen ist Joschka ansprechbar und entspannt an der Leine, au\u00dfer es h\u00fcpft ein Reh \u00fcber den Weg. Jagdtrieb ist durchaus vorhanden, aber nicht \u00fcberm\u00e4\u00dfig ausgepr\u00e4gt. Sobald man in neue Gefilde kommt, sieht es aber schon etwas anders aus. Da muss man mit viel Geduld und Verst\u00e4ndnis in Joschkas Tempo die Welt entdecken &#8211; einfach drauf loswandern ist (noch) nicht m\u00f6glich! Momentan wird er mit Tabletten unterst\u00fctzt, welche man aber ausschleichen lassen kann. Ansonsten hat er keine Krankheiten.<\/p>\n<p>Wir suchen f\u00fcr Joschka Menschen, die l\u00e4ndlich leben und einen ruhigen, klaren Tagesablauf haben. Haus mit Garten w\u00e4re traumhaft, aber nicht zwingend notwendig. Kinder sollten schon gr\u00f6\u00dfer sein (ca. ab 12 Jahren). Joschka braucht eine, h\u00f6chstens zwei Bezugspersonen, an die er sich orientieren kann! Au\u00dferdem w\u00e4re es sch\u00f6n, wenn es bereits einen Hund gibt (vorzugsweise H\u00fcndin).&#8221;<\/p>\n<\/div>\n<p>&nbsp;<\/p>\n<div>\n<div id='gallery-1' class='gallery galleryid-39923 gallery-columns-2 gallery-size-thumbnail'><figure class='gallery-item'>\n\t\t\t<div class='gallery-icon portrait'>\n\t\t\t\t<a href='https:\/\/www.placeforstrays.de\/en\/joschka-8-2\/'><img width=\"150\" height=\"150\" src=\"https:\/\/www.placeforstrays.de\/wp-content\/uploads\/2022\/12\/Joschka-8-150x150.jpeg\" class=\"attachment-thumbnail size-thumbnail\" alt=\"\" srcset=\"https:\/\/www.placeforstrays.de\/wp-content\/uploads\/2022\/12\/Joschka-8-150x150.jpeg 150w, https:\/\/www.placeforstrays.de\/wp-content\/uploads\/2022\/12\/Joschka-8-55x55.jpeg 55w, https:\/\/www.placeforstrays.de\/wp-content\/uploads\/2022\/12\/Joschka-8-250x250.jpeg 250w\" sizes=\"(max-width: 150px) 100vw, 150px\" \/><\/a>\n\t\t\t<\/div><\/figure><figure class='gallery-item'>\n\t\t\t<div class='gallery-icon portrait'>\n\t\t\t\t<a href='https:\/\/www.placeforstrays.de\/en\/joschka-10-2\/'><img width=\"150\" height=\"150\" src=\"https:\/\/www.placeforstrays.de\/wp-content\/uploads\/2022\/12\/Joschka-10-150x150.jpeg\" class=\"attachment-thumbnail size-thumbnail\" alt=\"\" srcset=\"https:\/\/www.placeforstrays.de\/wp-content\/uploads\/2022\/12\/Joschka-10-150x150.jpeg 150w, https:\/\/www.placeforstrays.de\/wp-content\/uploads\/2022\/12\/Joschka-10-55x55.jpeg 55w, https:\/\/www.placeforstrays.de\/wp-content\/uploads\/2022\/12\/Joschka-10-250x250.jpeg 250w\" sizes=\"(max-width: 150px) 100vw, 150px\" \/><\/a>\n\t\t\t<\/div><\/figure><figure class='gallery-item'>\n\t\t\t<div class='gallery-icon portrait'>\n\t\t\t\t<a href='https:\/\/www.placeforstrays.de\/en\/joschka-9-2\/'><img width=\"150\" height=\"150\" src=\"https:\/\/www.placeforstrays.de\/wp-content\/uploads\/2022\/12\/Joschka-9-150x150.jpeg\" class=\"attachment-thumbnail size-thumbnail\" alt=\"\" srcset=\"https:\/\/www.placeforstrays.de\/wp-content\/uploads\/2022\/12\/Joschka-9-150x150.jpeg 150w, https:\/\/www.placeforstrays.de\/wp-content\/uploads\/2022\/12\/Joschka-9-55x55.jpeg 55w, https:\/\/www.placeforstrays.de\/wp-content\/uploads\/2022\/12\/Joschka-9-250x250.jpeg 250w\" sizes=\"(max-width: 150px) 100vw, 150px\" \/><\/a>\n\t\t\t<\/div><\/figure><figure class='gallery-item'>\n\t\t\t<div class='gallery-icon portrait'>\n\t\t\t\t<a href='https:\/\/www.placeforstrays.de\/en\/joschka-7-2\/'><img width=\"150\" height=\"150\" src=\"https:\/\/www.placeforstrays.de\/wp-content\/uploads\/2022\/12\/Joschka-7-150x150.jpeg\" class=\"attachment-thumbnail size-thumbnail\" alt=\"\" srcset=\"https:\/\/www.placeforstrays.de\/wp-content\/uploads\/2022\/12\/Joschka-7-150x150.jpeg 150w, https:\/\/www.placeforstrays.de\/wp-content\/uploads\/2022\/12\/Joschka-7-55x55.jpeg 55w, https:\/\/www.placeforstrays.de\/wp-content\/uploads\/2022\/12\/Joschka-7-250x250.jpeg 250w\" sizes=\"(max-width: 150px) 100vw, 150px\" \/><\/a>\n\t\t\t<\/div><\/figure><figure class='gallery-item'>\n\t\t\t<div class='gallery-icon portrait'>\n\t\t\t\t<a href='https:\/\/www.placeforstrays.de\/en\/joschka-6-2\/'><img width=\"150\" height=\"150\" src=\"https:\/\/www.placeforstrays.de\/wp-content\/uploads\/2022\/12\/Joschka-6-150x150.jpeg\" class=\"attachment-thumbnail size-thumbnail\" alt=\"\" srcset=\"https:\/\/www.placeforstrays.de\/wp-content\/uploads\/2022\/12\/Joschka-6-150x150.jpeg 150w, https:\/\/www.placeforstrays.de\/wp-content\/uploads\/2022\/12\/Joschka-6-55x55.jpeg 55w, https:\/\/www.placeforstrays.de\/wp-content\/uploads\/2022\/12\/Joschka-6-250x250.jpeg 250w\" sizes=\"(max-width: 150px) 100vw, 150px\" \/><\/a>\n\t\t\t<\/div><\/figure><figure class='gallery-item'>\n\t\t\t<div class='gallery-icon portrait'>\n\t\t\t\t<a href='https:\/\/www.placeforstrays.de\/en\/joschka-5-2\/'><img width=\"150\" height=\"150\" src=\"https:\/\/www.placeforstrays.de\/wp-content\/uploads\/2022\/12\/Joschka-5-150x150.jpeg\" class=\"attachment-thumbnail size-thumbnail\" alt=\"\" srcset=\"https:\/\/www.placeforstrays.de\/wp-content\/uploads\/2022\/12\/Joschka-5-150x150.jpeg 150w, https:\/\/www.placeforstrays.de\/wp-content\/uploads\/2022\/12\/Joschka-5-55x55.jpeg 55w, https:\/\/www.placeforstrays.de\/wp-content\/uploads\/2022\/12\/Joschka-5-250x250.jpeg 250w\" sizes=\"(max-width: 150px) 100vw, 150px\" \/><\/a>\n\t\t\t<\/div><\/figure><figure class='gallery-item'>\n\t\t\t<div class='gallery-icon portrait'>\n\t\t\t\t<a href='https:\/\/www.placeforstrays.de\/en\/joschka-4-2\/'><img width=\"150\" height=\"150\" src=\"https:\/\/www.placeforstrays.de\/wp-content\/uploads\/2022\/12\/Joschka-4-150x150.jpeg\" class=\"attachment-thumbnail size-thumbnail\" alt=\"\" srcset=\"https:\/\/www.placeforstrays.de\/wp-content\/uploads\/2022\/12\/Joschka-4-150x150.jpeg 150w, https:\/\/www.placeforstrays.de\/wp-content\/uploads\/2022\/12\/Joschka-4-55x55.jpeg 55w, https:\/\/www.placeforstrays.de\/wp-content\/uploads\/2022\/12\/Joschka-4-250x250.jpeg 250w\" sizes=\"(max-width: 150px) 100vw, 150px\" \/><\/a>\n\t\t\t<\/div><\/figure><figure class='gallery-item'>\n\t\t\t<div class='gallery-icon landscape'>\n\t\t\t\t<a href='https:\/\/www.placeforstrays.de\/en\/joschka-3-2\/'><img width=\"150\" height=\"150\" src=\"https:\/\/www.placeforstrays.de\/wp-content\/uploads\/2022\/12\/Joschka-3-150x150.jpeg\" class=\"attachment-thumbnail size-thumbnail\" alt=\"\" srcset=\"https:\/\/www.placeforstrays.de\/wp-content\/uploads\/2022\/12\/Joschka-3-150x150.jpeg 150w, https:\/\/www.placeforstrays.de\/wp-content\/uploads\/2022\/12\/Joschka-3-55x55.jpeg 55w, https:\/\/www.placeforstrays.de\/wp-content\/uploads\/2022\/12\/Joschka-3-250x250.jpeg 250w\" sizes=\"(max-width: 150px) 100vw, 150px\" \/><\/a>\n\t\t\t<\/div><\/figure><figure class='gallery-item'>\n\t\t\t<div class='gallery-icon portrait'>\n\t\t\t\t<a href='https:\/\/www.placeforstrays.de\/en\/joschka-2-2\/'><img width=\"150\" height=\"150\" src=\"https:\/\/www.placeforstrays.de\/wp-content\/uploads\/2022\/12\/Joschka-2-150x150.jpeg\" class=\"attachment-thumbnail size-thumbnail\" alt=\"\" srcset=\"https:\/\/www.placeforstrays.de\/wp-content\/uploads\/2022\/12\/Joschka-2-150x150.jpeg 150w, https:\/\/www.placeforstrays.de\/wp-content\/uploads\/2022\/12\/Joschka-2-55x55.jpeg 55w, https:\/\/www.placeforstrays.de\/wp-content\/uploads\/2022\/12\/Joschka-2-250x250.jpeg 250w\" sizes=\"(max-width: 150px) 100vw, 150px\" \/><\/a>\n\t\t\t<\/div><\/figure><figure class='gallery-item'>\n\t\t\t<div class='gallery-icon portrait'>\n\t\t\t\t<a href='https:\/\/www.placeforstrays.de\/en\/joschka-1-2\/'><img width=\"150\" height=\"150\" src=\"https:\/\/www.placeforstrays.de\/wp-content\/uploads\/2022\/12\/Joschka-1-150x150.jpeg\" class=\"attachment-thumbnail size-thumbnail\" alt=\"\" srcset=\"https:\/\/www.placeforstrays.de\/wp-content\/uploads\/2022\/12\/Joschka-1-150x150.jpeg 150w, https:\/\/www.placeforstrays.de\/wp-content\/uploads\/2022\/12\/Joschka-1-55x55.jpeg 55w, https:\/\/www.placeforstrays.de\/wp-content\/uploads\/2022\/12\/Joschka-1-250x250.jpeg 250w\" sizes=\"(max-width: 150px) 100vw, 150px\" \/><\/a>\n\t\t\t<\/div><\/figure>\n\t\t<\/div>\n\n<\/div>\n<\/div>\n","protected":false},"excerpt":{"rendered":"<p>Geschichte Joschka sucht ein neues Zuhause! Er kam als Welpe von Honey-Feline im Oktober 2020 im PLACE for STRAYS zur Welt und durfte im M\u00e4rz 2021 zu seiner Familie nach Deutschland reisen. Dort lebt er in der Frankfurter Innenstadt und ist in der Gro\u00dfstadt t\u00e4glich gestresst und \u00fcberfordert. Daher hat sich seine Familie schweren Herzens&#8230;<\/p>\n","protected":false},"author":9,"featured_media":39944,"menu_order":0,"comment_status":"closed","ping_status":"closed","template":"","format":"standard","meta":[],"pj-categs":[14,17,37],"pj-tags":[],"yoast_head":"<!-- This site is optimized with the Yoast SEO plugin v19.13 - https:\/\/yoast.com\/wordpress\/plugins\/seo\/ -->\n<title>Joschka - PLACE for STRAYS Albufeira<\/title>\n<meta name=\"robots\" content=\"index, follow, max-snippet:-1, max-image-preview:large, max-video-preview:-1\" \/>\n<link rel=\"canonical\" href=\"https:\/\/www.placeforstrays.de\/en\/our-proteges\/joschka\/\" \/>\n<meta property=\"og:locale\" content=\"en_US\" \/>\n<meta property=\"og:type\" content=\"article\" \/>\n<meta property=\"og:title\" content=\"Joschka - PLACE for STRAYS Albufeira\" \/>\n<meta property=\"og:description\" content=\"Geschichte Joschka sucht ein neues Zuhause! Er kam als Welpe von Honey-Feline im Oktober 2020 im PLACE for STRAYS zur Welt und durfte im M\u00e4rz 2021 zu seiner Familie nach Deutschland reisen. Dort lebt er in der Frankfurter Innenstadt und ist in der Gro\u00dfstadt t\u00e4glich gestresst und \u00fcberfordert. Daher hat sich seine Familie schweren Herzens...\" \/>\n<meta property=\"og:url\" content=\"https:\/\/www.placeforstrays.de\/en\/our-proteges\/joschka\/\" \/>\n<meta property=\"og:site_name\" content=\"PLACE for STRAYS Albufeira\" \/>\n<meta property=\"article:publisher\" content=\"https:\/\/www.facebook.com\/groups\/1963615917246890\/\" \/>\n<meta property=\"article:modified_time\" content=\"2023-06-19T14:33:36+00:00\" \/>\n<meta property=\"og:image\" content=\"https:\/\/www.placeforstrays.de\/wp-content\/uploads\/2022\/12\/Joschka-Titel.jpeg\" \/>\n\t<meta property=\"og:image:width\" content=\"497\" \/>\n\t<meta property=\"og:image:height\" content=\"430\" \/>\n\t<meta property=\"og:image:type\" content=\"image\/jpeg\" \/>\n<meta name=\"twitter:card\" content=\"summary_large_image\" \/>\n<meta name=\"twitter:label1\" content=\"Est. reading time\" \/>\n\t<meta name=\"twitter:data1\" content=\"4 minutes\" \/>\n<script type=\"application\/ld+json\" class=\"yoast-schema-graph\">{\"@context\":\"https:\/\/schema.org\",\"@graph\":[{\"@type\":\"WebPage\",\"@id\":\"https:\/\/www.placeforstrays.de\/en\/our-proteges\/joschka\/\",\"url\":\"https:\/\/www.placeforstrays.de\/en\/our-proteges\/joschka\/\",\"name\":\"Joschka - PLACE for STRAYS Albufeira\",\"isPartOf\":{\"@id\":\"https:\/\/www.placeforstrays.de\/en\/#website\"},\"datePublished\":\"2022-12-02T11:19:03+00:00\",\"dateModified\":\"2023-06-19T14:33:36+00:00\",\"breadcrumb\":{\"@id\":\"https:\/\/www.placeforstrays.de\/en\/our-proteges\/joschka\/#breadcrumb\"},\"inLanguage\":\"en-US\",\"potentialAction\":[{\"@type\":\"ReadAction\",\"target\":[\"https:\/\/www.placeforstrays.de\/en\/our-proteges\/joschka\/\"]}]},{\"@type\":\"BreadcrumbList\",\"@id\":\"https:\/\/www.placeforstrays.de\/en\/our-proteges\/joschka\/#breadcrumb\",\"itemListElement\":[{\"@type\":\"ListItem\",\"position\":1,\"name\":\"Startseite\",\"item\":\"https:\/\/www.placeforstrays.de\/en\/\"},{\"@type\":\"ListItem\",\"position\":2,\"name\":\"Projects\",\"item\":\"https:\/\/www.placeforstrays.de\/en\/our-proteges\/\"},{\"@type\":\"ListItem\",\"position\":3,\"name\":\"Joschka\"}]},{\"@type\":\"WebSite\",\"@id\":\"https:\/\/www.placeforstrays.de\/en\/#website\",\"url\":\"https:\/\/www.placeforstrays.de\/en\/\",\"name\":\"PLACE for STRAYS Albufeira\",\"description\":\"Tierschutz\",\"publisher\":{\"@id\":\"https:\/\/www.placeforstrays.de\/en\/#organization\"},\"potentialAction\":[{\"@type\":\"SearchAction\",\"target\":{\"@type\":\"EntryPoint\",\"urlTemplate\":\"https:\/\/www.placeforstrays.de\/en\/?s={search_term_string}\"},\"query-input\":\"required name=search_term_string\"}],\"inLanguage\":\"en-US\"},{\"@type\":\"Organization\",\"@id\":\"https:\/\/www.placeforstrays.de\/en\/#organization\",\"name\":\"PLACE for STRAYS\",\"url\":\"https:\/\/www.placeforstrays.de\/en\/\",\"logo\":{\"@type\":\"ImageObject\",\"inLanguage\":\"en-US\",\"@id\":\"https:\/\/www.placeforstrays.de\/en\/#\/schema\/logo\/image\/\",\"url\":\"https:\/\/www.placeforstrays.de\/wp-content\/uploads\/2019\/07\/Logo-mit-Hintergrund-Kopie.jpg\",\"contentUrl\":\"https:\/\/www.placeforstrays.de\/wp-content\/uploads\/2019\/07\/Logo-mit-Hintergrund-Kopie.jpg\",\"width\":277,\"height\":291,\"caption\":\"PLACE for STRAYS\"},\"image\":{\"@id\":\"https:\/\/www.placeforstrays.de\/en\/#\/schema\/logo\/image\/\"},\"sameAs\":[\"https:\/\/www.instagram.com\/placeforstraysalbufeira\/\",\"https:\/\/www.facebook.com\/groups\/1963615917246890\/\"]}]}<\/script>\n<!-- \/ Yoast SEO plugin. -->","yoast_head_json":{"title":"Joschka - PLACE for STRAYS Albufeira","robots":{"index":"index","follow":"follow","max-snippet":"max-snippet:-1","max-image-preview":"max-image-preview:large","max-video-preview":"max-video-preview:-1"},"canonical":"https:\/\/www.placeforstrays.de\/en\/our-proteges\/joschka\/","og_locale":"en_US","og_type":"article","og_title":"Joschka - PLACE for STRAYS Albufeira","og_description":"Geschichte Joschka sucht ein neues Zuhause! Er kam als Welpe von Honey-Feline im Oktober 2020 im PLACE for STRAYS zur Welt und durfte im M\u00e4rz 2021 zu seiner Familie nach Deutschland reisen. Dort lebt er in der Frankfurter Innenstadt und ist in der Gro\u00dfstadt t\u00e4glich gestresst und \u00fcberfordert. Daher hat sich seine Familie schweren Herzens...","og_url":"https:\/\/www.placeforstrays.de\/en\/our-proteges\/joschka\/","og_site_name":"PLACE for STRAYS Albufeira","article_publisher":"https:\/\/www.facebook.com\/groups\/1963615917246890\/","article_modified_time":"2023-06-19T14:33:36+00:00","og_image":[{"width":497,"height":430,"url":"https:\/\/www.placeforstrays.de\/wp-content\/uploads\/2022\/12\/Joschka-Titel.jpeg","type":"image\/jpeg"}],"twitter_card":"summary_large_image","twitter_misc":{"Est. reading time":"4 minutes"},"schema":{"@context":"https:\/\/schema.org","@graph":[{"@type":"WebPage","@id":"https:\/\/www.placeforstrays.de\/en\/our-proteges\/joschka\/","url":"https:\/\/www.placeforstrays.de\/en\/our-proteges\/joschka\/","name":"Joschka - PLACE for STRAYS Albufeira","isPartOf":{"@id":"https:\/\/www.placeforstrays.de\/en\/#website"},"datePublished":"2022-12-02T11:19:03+00:00","dateModified":"2023-06-19T14:33:36+00:00","breadcrumb":{"@id":"https:\/\/www.placeforstrays.de\/en\/our-proteges\/joschka\/#breadcrumb"},"inLanguage":"en-US","potentialAction":[{"@type":"ReadAction","target":["https:\/\/www.placeforstrays.de\/en\/our-proteges\/joschka\/"]}]},{"@type":"BreadcrumbList","@id":"https:\/\/www.placeforstrays.de\/en\/our-proteges\/joschka\/#breadcrumb","itemListElement":[{"@type":"ListItem","position":1,"name":"Startseite","item":"https:\/\/www.placeforstrays.de\/en\/"},{"@type":"ListItem","position":2,"name":"Projects","item":"https:\/\/www.placeforstrays.de\/en\/our-proteges\/"},{"@type":"ListItem","position":3,"name":"Joschka"}]},{"@type":"WebSite","@id":"https:\/\/www.placeforstrays.de\/en\/#website","url":"https:\/\/www.placeforstrays.de\/en\/","name":"PLACE for STRAYS Albufeira","description":"Tierschutz","publisher":{"@id":"https:\/\/www.placeforstrays.de\/en\/#organization"},"potentialAction":[{"@type":"SearchAction","target":{"@type":"EntryPoint","urlTemplate":"https:\/\/www.placeforstrays.de\/en\/?s={search_term_string}"},"query-input":"required name=search_term_string"}],"inLanguage":"en-US"},{"@type":"Organization","@id":"https:\/\/www.placeforstrays.de\/en\/#organization","name":"PLACE for STRAYS","url":"https:\/\/www.placeforstrays.de\/en\/","logo":{"@type":"ImageObject","inLanguage":"en-US","@id":"https:\/\/www.placeforstrays.de\/en\/#\/schema\/logo\/image\/","url":"https:\/\/www.placeforstrays.de\/wp-content\/uploads\/2019\/07\/Logo-mit-Hintergrund-Kopie.jpg","contentUrl":"https:\/\/www.placeforstrays.de\/wp-content\/uploads\/2019\/07\/Logo-mit-Hintergrund-Kopie.jpg","width":277,"height":291,"caption":"PLACE for STRAYS"},"image":{"@id":"https:\/\/www.placeforstrays.de\/en\/#\/schema\/logo\/image\/"},"sameAs":["https:\/\/www.instagram.com\/placeforstraysalbufeira\/","https:\/\/www.facebook.com\/groups\/1963615917246890\/"]}]}},"_links":{"self":[{"href":"https:\/\/www.placeforstrays.de\/en\/wp-json\/wp\/v2\/project\/39923"}],"collection":[{"href":"https:\/\/www.placeforstrays.de\/en\/wp-json\/wp\/v2\/project"}],"about":[{"href":"https:\/\/www.placeforstrays.de\/en\/wp-json\/wp\/v2\/types\/project"}],"author":[{"embeddable":true,"href":"https:\/\/www.placeforstrays.de\/en\/wp-json\/wp\/v2\/users\/9"}],"replies":[{"embeddable":true,"href":"https:\/\/www.placeforstrays.de\/en\/wp-json\/wp\/v2\/comments?post=39923"}],"version-history":[{"count":8,"href":"https:\/\/www.placeforstrays.de\/en\/wp-json\/wp\/v2\/project\/39923\/revisions"}],"predecessor-version":[{"id":39953,"href":"https:\/\/www.placeforstrays.de\/en\/wp-json\/wp\/v2\/project\/39923\/revisions\/39953"}],"wp:featuredmedia":[{"embeddable":true,"href":"https:\/\/www.placeforstrays.de\/en\/wp-json\/wp\/v2\/media\/39944"}],"wp:attachment":[{"href":"https:\/\/www.placeforstrays.de\/en\/wp-json\/wp\/v2\/media?parent=39923"}],"wp:term":[{"taxonomy":"pj-categs","embeddable":true,"href":"https:\/\/www.placeforstrays.de\/en\/wp-json\/wp\/v2\/pj-categs?post=39923"},{"taxonomy":"pj-tags","embeddable":true,"href":"https:\/\/www.placeforstrays.de\/en\/wp-json\/wp\/v2\/pj-tags?post=39923"}],"curies":[{"name":"wp","href":"https:\/\/api.w.org\/{rel}","templated":true}]}}