{"id":40837,"date":"2023-02-19T15:58:34","date_gmt":"2023-02-19T14:58:34","guid":{"rendered":"https:\/\/www.placeforstrays.de\/?post_type=project&#038;p=40837"},"modified":"2023-12-17T13:13:45","modified_gmt":"2023-12-17T12:13:45","slug":"milka","status":"publish","type":"project","link":"https:\/\/www.placeforstrays.de\/en\/our-proteges\/milka\/","title":{"rendered":"Milka"},"content":{"rendered":"<style type=\"text\/css\"><\/style><h3>Geschichte<\/h3>\n<div class=\"bi6gxh9e\">\n<p><span class=\"x193iq5w xeuugli x13faqbe x1vvkbs x1xmvt09 x6prxxf xvq8zen xo1l8bm xzsf02u\">Mit einem restlichen St\u00fcck Schnur um den Hals und zahlreichen Wunden wurde die H\u00fcndin <strong><a href=\"https:\/\/www.placeforstrays.de\/our-proteges\/priya\/\">Priya<\/a> <\/strong>von einem Mann auf seinem neu gekauften Grundst\u00fcck zur\u00fcckgelassen aufgefunden. Leider konnte er sie wegen seines eigenen Hundes nicht behalten und brachte sie deshalb zu Algarvet. Nachdem sie dort ihre ersten Untersuchungen sowie Behandlung ihrer Wunden erhielt, durfte sie ins PLACE for STRAYS einziehen \u2013 und das nicht alleine: Der erste Check-Up bei unserem Tierarzt best\u00e4tigte dass die Hundedame hochtr\u00e4chtig war! <\/span><span class=\"x193iq5w xeuugli x13faqbe x1vvkbs x1xmvt09 x6prxxf xvq8zen xo1l8bm xzsf02u\">Wir sind sehr froh, dass sie rechtzeitig gefunden wurde und ihre Welpen nicht auf der Stra\u00dfe zur Welt bringen musste, denn diese lie\u00dfen nicht lang auf sich warten. Kaum im PLACE for STRAYS angekommen brachte die tapfere Mama 9 Welpen zur Welt, von denen es leider nur 7 schafften, eine davon war die s\u00fc\u00dfe <strong>Milka<\/strong>. <\/span><\/p>\n<h3>Charakter<\/h3>\n<div class=\"bi6gxh9e\">Milka ist zu einer echten Jungh\u00fcndin herangewachsen. Junghundtypisch ist sie noch sehr verspielt und ungest\u00fcm und muss das grundlegende Hunde-Einmaleins noch lernen. Da Milka inzwischen in Deutschland in einer Pflegestelle in der N\u00e4he von Frankfurt ist, kann sie gerne besucht werden. Sie macht auf ihrer Pflegestelle gro\u00dfe Fortschritte. Etwa das in der Box bleiben oder auch Bahnfahren kann sie schon prima. Auch an der Leine l\u00e4uft sie gut und findet immer besser zur Ruhe. Nat\u00fcrlich braucht sie weiterhin viel konsequente Erziehung, damit sich das Gelernte festigt. Zu Fragen, wendet euch bitte an das Vermittlungsteam.<\/div>\n<\/div>\n<div>\n<p>&nbsp;<\/p>\n<div id='gallery-1' class='gallery galleryid-40837 gallery-columns-2 gallery-size-thumbnail'><figure class='gallery-item'>\n\t\t\t<div class='gallery-icon portrait'>\n\t\t\t\t<a href='https:\/\/www.placeforstrays.de\/en\/whatsapp-image-2023-09-28-at-22-05-48-2\/'><img width=\"150\" height=\"150\" src=\"https:\/\/www.placeforstrays.de\/wp-content\/uploads\/2023\/02\/WhatsApp-Image-2023-09-28-at-22.05.48-150x150.jpeg\" class=\"attachment-thumbnail size-thumbnail\" alt=\"\" srcset=\"https:\/\/www.placeforstrays.de\/wp-content\/uploads\/2023\/02\/WhatsApp-Image-2023-09-28-at-22.05.48-150x150.jpeg 150w, https:\/\/www.placeforstrays.de\/wp-content\/uploads\/2023\/02\/WhatsApp-Image-2023-09-28-at-22.05.48-55x55.jpeg 55w, https:\/\/www.placeforstrays.de\/wp-content\/uploads\/2023\/02\/WhatsApp-Image-2023-09-28-at-22.05.48-250x250.jpeg 250w\" sizes=\"(max-width: 150px) 100vw, 150px\" \/><\/a>\n\t\t\t<\/div><\/figure><figure class='gallery-item'>\n\t\t\t<div class='gallery-icon portrait'>\n\t\t\t\t<a href='https:\/\/www.placeforstrays.de\/en\/whatsapp-image-2023-09-28-at-22-05-50-2\/'><img width=\"150\" height=\"150\" src=\"https:\/\/www.placeforstrays.de\/wp-content\/uploads\/2023\/02\/WhatsApp-Image-2023-09-28-at-22.05.50-150x150.jpeg\" class=\"attachment-thumbnail size-thumbnail\" alt=\"\" srcset=\"https:\/\/www.placeforstrays.de\/wp-content\/uploads\/2023\/02\/WhatsApp-Image-2023-09-28-at-22.05.50-150x150.jpeg 150w, https:\/\/www.placeforstrays.de\/wp-content\/uploads\/2023\/02\/WhatsApp-Image-2023-09-28-at-22.05.50-55x55.jpeg 55w, https:\/\/www.placeforstrays.de\/wp-content\/uploads\/2023\/02\/WhatsApp-Image-2023-09-28-at-22.05.50-250x250.jpeg 250w\" sizes=\"(max-width: 150px) 100vw, 150px\" \/><\/a>\n\t\t\t<\/div><\/figure><figure class='gallery-item'>\n\t\t\t<div class='gallery-icon portrait'>\n\t\t\t\t<a href='https:\/\/www.placeforstrays.de\/en\/whatsapp-image-2023-07-31-at-08-51-43-4\/'><img width=\"150\" height=\"150\" src=\"https:\/\/www.placeforstrays.de\/wp-content\/uploads\/2023\/02\/WhatsApp-Image-2023-07-31-at-08.51.43-150x150.jpeg\" class=\"attachment-thumbnail size-thumbnail\" alt=\"\" srcset=\"https:\/\/www.placeforstrays.de\/wp-content\/uploads\/2023\/02\/WhatsApp-Image-2023-07-31-at-08.51.43-150x150.jpeg 150w, https:\/\/www.placeforstrays.de\/wp-content\/uploads\/2023\/02\/WhatsApp-Image-2023-07-31-at-08.51.43-55x55.jpeg 55w, https:\/\/www.placeforstrays.de\/wp-content\/uploads\/2023\/02\/WhatsApp-Image-2023-07-31-at-08.51.43-250x250.jpeg 250w\" sizes=\"(max-width: 150px) 100vw, 150px\" \/><\/a>\n\t\t\t<\/div><\/figure><figure class='gallery-item'>\n\t\t\t<div class='gallery-icon portrait'>\n\t\t\t\t<a href='https:\/\/www.placeforstrays.de\/en\/whatsapp-image-2023-07-31-at-08-51-43-1-2\/'><img width=\"150\" height=\"150\" src=\"https:\/\/www.placeforstrays.de\/wp-content\/uploads\/2023\/02\/WhatsApp-Image-2023-07-31-at-08.51.43-1-150x150.jpeg\" class=\"attachment-thumbnail size-thumbnail\" alt=\"\" srcset=\"https:\/\/www.placeforstrays.de\/wp-content\/uploads\/2023\/02\/WhatsApp-Image-2023-07-31-at-08.51.43-1-150x150.jpeg 150w, https:\/\/www.placeforstrays.de\/wp-content\/uploads\/2023\/02\/WhatsApp-Image-2023-07-31-at-08.51.43-1-55x55.jpeg 55w, https:\/\/www.placeforstrays.de\/wp-content\/uploads\/2023\/02\/WhatsApp-Image-2023-07-31-at-08.51.43-1-250x250.jpeg 250w\" sizes=\"(max-width: 150px) 100vw, 150px\" \/><\/a>\n\t\t\t<\/div><\/figure><figure class='gallery-item'>\n\t\t\t<div class='gallery-icon portrait'>\n\t\t\t\t<a href='https:\/\/www.placeforstrays.de\/en\/whatsapp-image-2023-07-31-at-08-51-43-3-2\/'><img width=\"150\" height=\"150\" src=\"https:\/\/www.placeforstrays.de\/wp-content\/uploads\/2023\/02\/WhatsApp-Image-2023-07-31-at-08.51.43-3-150x150.jpeg\" class=\"attachment-thumbnail size-thumbnail\" alt=\"\" srcset=\"https:\/\/www.placeforstrays.de\/wp-content\/uploads\/2023\/02\/WhatsApp-Image-2023-07-31-at-08.51.43-3-150x150.jpeg 150w, https:\/\/www.placeforstrays.de\/wp-content\/uploads\/2023\/02\/WhatsApp-Image-2023-07-31-at-08.51.43-3-55x55.jpeg 55w, https:\/\/www.placeforstrays.de\/wp-content\/uploads\/2023\/02\/WhatsApp-Image-2023-07-31-at-08.51.43-3-250x250.jpeg 250w\" sizes=\"(max-width: 150px) 100vw, 150px\" \/><\/a>\n\t\t\t<\/div><\/figure><figure class='gallery-item'>\n\t\t\t<div class='gallery-icon portrait'>\n\t\t\t\t<a href='https:\/\/www.placeforstrays.de\/en\/whatsapp-image-2023-07-31-at-08-51-43-2-2\/'><img width=\"150\" height=\"150\" src=\"https:\/\/www.placeforstrays.de\/wp-content\/uploads\/2023\/02\/WhatsApp-Image-2023-07-31-at-08.51.43-2-150x150.jpeg\" class=\"attachment-thumbnail size-thumbnail\" alt=\"\" srcset=\"https:\/\/www.placeforstrays.de\/wp-content\/uploads\/2023\/02\/WhatsApp-Image-2023-07-31-at-08.51.43-2-150x150.jpeg 150w, https:\/\/www.placeforstrays.de\/wp-content\/uploads\/2023\/02\/WhatsApp-Image-2023-07-31-at-08.51.43-2-55x55.jpeg 55w, https:\/\/www.placeforstrays.de\/wp-content\/uploads\/2023\/02\/WhatsApp-Image-2023-07-31-at-08.51.43-2-250x250.jpeg 250w\" sizes=\"(max-width: 150px) 100vw, 150px\" \/><\/a>\n\t\t\t<\/div><\/figure><figure class='gallery-item'>\n\t\t\t<div class='gallery-icon portrait'>\n\t\t\t\t<a href='https:\/\/www.placeforstrays.de\/en\/milka-15-2\/'><img width=\"150\" height=\"150\" src=\"https:\/\/www.placeforstrays.de\/wp-content\/uploads\/2023\/02\/Milka-15-150x150.jpeg\" class=\"attachment-thumbnail size-thumbnail\" alt=\"\" srcset=\"https:\/\/www.placeforstrays.de\/wp-content\/uploads\/2023\/02\/Milka-15-150x150.jpeg 150w, https:\/\/www.placeforstrays.de\/wp-content\/uploads\/2023\/02\/Milka-15-55x55.jpeg 55w, https:\/\/www.placeforstrays.de\/wp-content\/uploads\/2023\/02\/Milka-15-250x250.jpeg 250w\" sizes=\"(max-width: 150px) 100vw, 150px\" \/><\/a>\n\t\t\t<\/div><\/figure><figure class='gallery-item'>\n\t\t\t<div class='gallery-icon portrait'>\n\t\t\t\t<a href='https:\/\/www.placeforstrays.de\/en\/milka-titel-3-2\/'><img width=\"150\" height=\"150\" src=\"https:\/\/www.placeforstrays.de\/wp-content\/uploads\/2023\/02\/Milka-Titel-3-150x150.jpeg\" class=\"attachment-thumbnail size-thumbnail\" alt=\"\" srcset=\"https:\/\/www.placeforstrays.de\/wp-content\/uploads\/2023\/02\/Milka-Titel-3-150x150.jpeg 150w, https:\/\/www.placeforstrays.de\/wp-content\/uploads\/2023\/02\/Milka-Titel-3-55x55.jpeg 55w, https:\/\/www.placeforstrays.de\/wp-content\/uploads\/2023\/02\/Milka-Titel-3-250x250.jpeg 250w\" sizes=\"(max-width: 150px) 100vw, 150px\" \/><\/a>\n\t\t\t<\/div><\/figure><figure class='gallery-item'>\n\t\t\t<div class='gallery-icon portrait'>\n\t\t\t\t<a href='https:\/\/www.placeforstrays.de\/en\/milka-14-2\/'><img width=\"150\" height=\"150\" src=\"https:\/\/www.placeforstrays.de\/wp-content\/uploads\/2023\/02\/Milka-14-150x150.jpeg\" class=\"attachment-thumbnail size-thumbnail\" alt=\"\" srcset=\"https:\/\/www.placeforstrays.de\/wp-content\/uploads\/2023\/02\/Milka-14-150x150.jpeg 150w, https:\/\/www.placeforstrays.de\/wp-content\/uploads\/2023\/02\/Milka-14-55x55.jpeg 55w, https:\/\/www.placeforstrays.de\/wp-content\/uploads\/2023\/02\/Milka-14-250x250.jpeg 250w\" sizes=\"(max-width: 150px) 100vw, 150px\" \/><\/a>\n\t\t\t<\/div><\/figure><figure class='gallery-item'>\n\t\t\t<div class='gallery-icon portrait'>\n\t\t\t\t<a href='https:\/\/www.placeforstrays.de\/en\/milka-11-2\/'><img width=\"150\" height=\"150\" src=\"https:\/\/www.placeforstrays.de\/wp-content\/uploads\/2023\/02\/Milka-11-150x150.jpeg\" class=\"attachment-thumbnail size-thumbnail\" alt=\"\" srcset=\"https:\/\/www.placeforstrays.de\/wp-content\/uploads\/2023\/02\/Milka-11-150x150.jpeg 150w, https:\/\/www.placeforstrays.de\/wp-content\/uploads\/2023\/02\/Milka-11-55x55.jpeg 55w, https:\/\/www.placeforstrays.de\/wp-content\/uploads\/2023\/02\/Milka-11-250x250.jpeg 250w\" sizes=\"(max-width: 150px) 100vw, 150px\" \/><\/a>\n\t\t\t<\/div><\/figure><figure class='gallery-item'>\n\t\t\t<div class='gallery-icon portrait'>\n\t\t\t\t<a href='https:\/\/www.placeforstrays.de\/en\/milka-10-2\/'><img width=\"150\" height=\"150\" src=\"https:\/\/www.placeforstrays.de\/wp-content\/uploads\/2023\/02\/Milka-10-150x150.jpeg\" class=\"attachment-thumbnail size-thumbnail\" alt=\"\" srcset=\"https:\/\/www.placeforstrays.de\/wp-content\/uploads\/2023\/02\/Milka-10-150x150.jpeg 150w, https:\/\/www.placeforstrays.de\/wp-content\/uploads\/2023\/02\/Milka-10-55x55.jpeg 55w, https:\/\/www.placeforstrays.de\/wp-content\/uploads\/2023\/02\/Milka-10-250x250.jpeg 250w\" sizes=\"(max-width: 150px) 100vw, 150px\" \/><\/a>\n\t\t\t<\/div><\/figure><figure class='gallery-item'>\n\t\t\t<div class='gallery-icon landscape'>\n\t\t\t\t<a href='https:\/\/www.placeforstrays.de\/en\/milka-9-2\/'><img width=\"150\" height=\"150\" src=\"https:\/\/www.placeforstrays.de\/wp-content\/uploads\/2023\/02\/Milka-9-150x150.jpeg\" class=\"attachment-thumbnail size-thumbnail\" alt=\"\" srcset=\"https:\/\/www.placeforstrays.de\/wp-content\/uploads\/2023\/02\/Milka-9-150x150.jpeg 150w, https:\/\/www.placeforstrays.de\/wp-content\/uploads\/2023\/02\/Milka-9-55x55.jpeg 55w, https:\/\/www.placeforstrays.de\/wp-content\/uploads\/2023\/02\/Milka-9-250x250.jpeg 250w\" sizes=\"(max-width: 150px) 100vw, 150px\" \/><\/a>\n\t\t\t<\/div><\/figure><figure class='gallery-item'>\n\t\t\t<div class='gallery-icon landscape'>\n\t\t\t\t<a href='https:\/\/www.placeforstrays.de\/en\/milka-7-2\/'><img width=\"150\" height=\"150\" src=\"https:\/\/www.placeforstrays.de\/wp-content\/uploads\/2023\/02\/Milka-7-150x150.jpeg\" class=\"attachment-thumbnail size-thumbnail\" alt=\"\" srcset=\"https:\/\/www.placeforstrays.de\/wp-content\/uploads\/2023\/02\/Milka-7-150x150.jpeg 150w, https:\/\/www.placeforstrays.de\/wp-content\/uploads\/2023\/02\/Milka-7-55x55.jpeg 55w, https:\/\/www.placeforstrays.de\/wp-content\/uploads\/2023\/02\/Milka-7-250x250.jpeg 250w\" sizes=\"(max-width: 150px) 100vw, 150px\" \/><\/a>\n\t\t\t<\/div><\/figure><figure class='gallery-item'>\n\t\t\t<div class='gallery-icon portrait'>\n\t\t\t\t<a href='https:\/\/www.placeforstrays.de\/en\/reese-5-2\/'><img width=\"150\" height=\"150\" src=\"https:\/\/www.placeforstrays.de\/wp-content\/uploads\/2023\/02\/Reese-5-150x150.jpeg\" class=\"attachment-thumbnail size-thumbnail\" alt=\"\" srcset=\"https:\/\/www.placeforstrays.de\/wp-content\/uploads\/2023\/02\/Reese-5-150x150.jpeg 150w, https:\/\/www.placeforstrays.de\/wp-content\/uploads\/2023\/02\/Reese-5-55x55.jpeg 55w, https:\/\/www.placeforstrays.de\/wp-content\/uploads\/2023\/02\/Reese-5-250x250.jpeg 250w\" sizes=\"(max-width: 150px) 100vw, 150px\" \/><\/a>\n\t\t\t<\/div><\/figure><figure class='gallery-item'>\n\t\t\t<div class='gallery-icon portrait'>\n\t\t\t\t<a href='https:\/\/www.placeforstrays.de\/en\/milka-8-2\/'><img width=\"150\" height=\"150\" src=\"https:\/\/www.placeforstrays.de\/wp-content\/uploads\/2023\/02\/Milka-8-150x150.jpeg\" class=\"attachment-thumbnail size-thumbnail\" alt=\"\" srcset=\"https:\/\/www.placeforstrays.de\/wp-content\/uploads\/2023\/02\/Milka-8-150x150.jpeg 150w, https:\/\/www.placeforstrays.de\/wp-content\/uploads\/2023\/02\/Milka-8-55x55.jpeg 55w, https:\/\/www.placeforstrays.de\/wp-content\/uploads\/2023\/02\/Milka-8-250x250.jpeg 250w\" sizes=\"(max-width: 150px) 100vw, 150px\" \/><\/a>\n\t\t\t<\/div><\/figure><figure class='gallery-item'>\n\t\t\t<div class='gallery-icon portrait'>\n\t\t\t\t<a href='https:\/\/www.placeforstrays.de\/en\/milka-1-2\/'><img width=\"150\" height=\"150\" src=\"https:\/\/www.placeforstrays.de\/wp-content\/uploads\/2023\/02\/Milka-1-150x150.jpeg\" class=\"attachment-thumbnail size-thumbnail\" alt=\"\" srcset=\"https:\/\/www.placeforstrays.de\/wp-content\/uploads\/2023\/02\/Milka-1-150x150.jpeg 150w, https:\/\/www.placeforstrays.de\/wp-content\/uploads\/2023\/02\/Milka-1-55x55.jpeg 55w, https:\/\/www.placeforstrays.de\/wp-content\/uploads\/2023\/02\/Milka-1-250x250.jpeg 250w\" sizes=\"(max-width: 150px) 100vw, 150px\" \/><\/a>\n\t\t\t<\/div><\/figure><figure class='gallery-item'>\n\t\t\t<div class='gallery-icon portrait'>\n\t\t\t\t<a href='https:\/\/www.placeforstrays.de\/en\/milka-2-2\/'><img width=\"150\" height=\"150\" src=\"https:\/\/www.placeforstrays.de\/wp-content\/uploads\/2023\/02\/Milka-2-150x150.jpeg\" class=\"attachment-thumbnail size-thumbnail\" alt=\"\" srcset=\"https:\/\/www.placeforstrays.de\/wp-content\/uploads\/2023\/02\/Milka-2-150x150.jpeg 150w, https:\/\/www.placeforstrays.de\/wp-content\/uploads\/2023\/02\/Milka-2-55x55.jpeg 55w, https:\/\/www.placeforstrays.de\/wp-content\/uploads\/2023\/02\/Milka-2-250x250.jpeg 250w\" sizes=\"(max-width: 150px) 100vw, 150px\" \/><\/a>\n\t\t\t<\/div><\/figure><figure class='gallery-item'>\n\t\t\t<div class='gallery-icon portrait'>\n\t\t\t\t<a href='https:\/\/www.placeforstrays.de\/en\/milka-6-2\/'><img width=\"150\" height=\"150\" src=\"https:\/\/www.placeforstrays.de\/wp-content\/uploads\/2023\/02\/Milka-6-150x150.jpeg\" class=\"attachment-thumbnail size-thumbnail\" alt=\"\" srcset=\"https:\/\/www.placeforstrays.de\/wp-content\/uploads\/2023\/02\/Milka-6-150x150.jpeg 150w, https:\/\/www.placeforstrays.de\/wp-content\/uploads\/2023\/02\/Milka-6-55x55.jpeg 55w, https:\/\/www.placeforstrays.de\/wp-content\/uploads\/2023\/02\/Milka-6-250x250.jpeg 250w\" sizes=\"(max-width: 150px) 100vw, 150px\" \/><\/a>\n\t\t\t<\/div><\/figure><figure class='gallery-item'>\n\t\t\t<div class='gallery-icon landscape'>\n\t\t\t\t<a href='https:\/\/www.placeforstrays.de\/en\/milka-3-2\/'><img width=\"150\" height=\"150\" src=\"https:\/\/www.placeforstrays.de\/wp-content\/uploads\/2023\/02\/Milka-3-150x150.jpeg\" class=\"attachment-thumbnail size-thumbnail\" alt=\"\" srcset=\"https:\/\/www.placeforstrays.de\/wp-content\/uploads\/2023\/02\/Milka-3-150x150.jpeg 150w, https:\/\/www.placeforstrays.de\/wp-content\/uploads\/2023\/02\/Milka-3-55x55.jpeg 55w, https:\/\/www.placeforstrays.de\/wp-content\/uploads\/2023\/02\/Milka-3-250x250.jpeg 250w\" sizes=\"(max-width: 150px) 100vw, 150px\" \/><\/a>\n\t\t\t<\/div><\/figure><figure class='gallery-item'>\n\t\t\t<div class='gallery-icon portrait'>\n\t\t\t\t<a href='https:\/\/www.placeforstrays.de\/en\/milka-4-2\/'><img width=\"150\" height=\"150\" src=\"https:\/\/www.placeforstrays.de\/wp-content\/uploads\/2023\/02\/Milka-4-150x150.jpeg\" class=\"attachment-thumbnail size-thumbnail\" alt=\"\" srcset=\"https:\/\/www.placeforstrays.de\/wp-content\/uploads\/2023\/02\/Milka-4-150x150.jpeg 150w, https:\/\/www.placeforstrays.de\/wp-content\/uploads\/2023\/02\/Milka-4-55x55.jpeg 55w, https:\/\/www.placeforstrays.de\/wp-content\/uploads\/2023\/02\/Milka-4-250x250.jpeg 250w\" sizes=\"(max-width: 150px) 100vw, 150px\" \/><\/a>\n\t\t\t<\/div><\/figure><figure class='gallery-item'>\n\t\t\t<div class='gallery-icon portrait'>\n\t\t\t\t<a href='https:\/\/www.placeforstrays.de\/en\/milka-5-2\/'><img width=\"150\" height=\"150\" src=\"https:\/\/www.placeforstrays.de\/wp-content\/uploads\/2023\/02\/Milka-5-150x150.jpeg\" class=\"attachment-thumbnail size-thumbnail\" alt=\"\" srcset=\"https:\/\/www.placeforstrays.de\/wp-content\/uploads\/2023\/02\/Milka-5-150x150.jpeg 150w, https:\/\/www.placeforstrays.de\/wp-content\/uploads\/2023\/02\/Milka-5-55x55.jpeg 55w, https:\/\/www.placeforstrays.de\/wp-content\/uploads\/2023\/02\/Milka-5-250x250.jpeg 250w\" sizes=\"(max-width: 150px) 100vw, 150px\" \/><\/a>\n\t\t\t<\/div><\/figure>\n\t\t<\/div>\n\n<\/div>\n","protected":false},"excerpt":{"rendered":"<p>Geschichte Mit einem restlichen St\u00fcck Schnur um den Hals und zahlreichen Wunden wurde die H\u00fcndin Priya von einem Mann auf seinem neu gekauften Grundst\u00fcck zur\u00fcckgelassen aufgefunden. Leider konnte er sie wegen seines eigenen Hundes nicht behalten und brachte sie deshalb zu Algarvet. Nachdem sie dort ihre ersten Untersuchungen sowie Behandlung ihrer Wunden erhielt, durfte sie&#8230;<\/p>\n","protected":false},"author":21,"featured_media":44745,"menu_order":0,"comment_status":"closed","ping_status":"closed","template":"","format":"standard","meta":[],"pj-categs":[14,16,19,37],"pj-tags":[],"yoast_head":"<!-- This site is optimized with the Yoast SEO plugin v19.13 - https:\/\/yoast.com\/wordpress\/plugins\/seo\/ -->\n<title>Milka sucht ein liebevolles Zuhause - PLACE for STRAYS Albufeira<\/title>\n<meta name=\"description\" content=\"Gerade noch rechtzeitig fanden wir die hochtr\u00e4chtige H\u00fcndin Priya, die, kaum im PLACE for STRAYS angekommen, ihre Welpen auf die Welt brachte. Einer davon ist die s\u00fc\u00dfe Milka.\" \/>\n<meta name=\"robots\" content=\"index, follow, max-snippet:-1, max-image-preview:large, max-video-preview:-1\" \/>\n<link rel=\"canonical\" href=\"https:\/\/www.placeforstrays.de\/en\/our-proteges\/milka\/\" \/>\n<meta property=\"og:locale\" content=\"en_US\" \/>\n<meta property=\"og:type\" content=\"article\" \/>\n<meta property=\"og:title\" content=\"Milka sucht ein liebevolles Zuhause - PLACE for STRAYS Albufeira\" \/>\n<meta property=\"og:description\" content=\"Gerade noch rechtzeitig fanden wir die hochtr\u00e4chtige H\u00fcndin Priya, die, kaum im PLACE for STRAYS angekommen, ihre Welpen auf die Welt brachte. Einer davon ist die s\u00fc\u00dfe Milka.\" \/>\n<meta property=\"og:url\" content=\"https:\/\/www.placeforstrays.de\/en\/our-proteges\/milka\/\" \/>\n<meta property=\"og:site_name\" content=\"PLACE for STRAYS Albufeira\" \/>\n<meta property=\"article:publisher\" content=\"https:\/\/www.facebook.com\/groups\/1963615917246890\/\" \/>\n<meta property=\"article:modified_time\" content=\"2023-12-17T12:13:45+00:00\" \/>\n<meta property=\"og:image\" content=\"https:\/\/www.placeforstrays.de\/wp-content\/uploads\/2023\/02\/29e3ef8d-d0c3-485e-8cd3-869c1c020bfc-2-e1702815066125.jpg\" \/>\n\t<meta property=\"og:image:width\" content=\"900\" \/>\n\t<meta property=\"og:image:height\" content=\"876\" \/>\n\t<meta property=\"og:image:type\" content=\"image\/jpeg\" \/>\n<meta name=\"twitter:card\" content=\"summary_large_image\" \/>\n<meta name=\"twitter:label1\" content=\"Est. reading time\" \/>\n\t<meta name=\"twitter:data1\" content=\"2 minutes\" \/>\n<script type=\"application\/ld+json\" class=\"yoast-schema-graph\">{\"@context\":\"https:\/\/schema.org\",\"@graph\":[{\"@type\":\"WebPage\",\"@id\":\"https:\/\/www.placeforstrays.de\/en\/our-proteges\/milka\/\",\"url\":\"https:\/\/www.placeforstrays.de\/en\/our-proteges\/milka\/\",\"name\":\"Milka sucht ein liebevolles Zuhause - PLACE for STRAYS Albufeira\",\"isPartOf\":{\"@id\":\"https:\/\/www.placeforstrays.de\/en\/#website\"},\"datePublished\":\"2023-02-19T14:58:34+00:00\",\"dateModified\":\"2023-12-17T12:13:45+00:00\",\"description\":\"Gerade noch rechtzeitig fanden wir die hochtr\u00e4chtige H\u00fcndin Priya, die, kaum im PLACE for STRAYS angekommen, ihre Welpen auf die Welt brachte. Einer davon ist die s\u00fc\u00dfe Milka.\",\"breadcrumb\":{\"@id\":\"https:\/\/www.placeforstrays.de\/en\/our-proteges\/milka\/#breadcrumb\"},\"inLanguage\":\"en-US\",\"potentialAction\":[{\"@type\":\"ReadAction\",\"target\":[\"https:\/\/www.placeforstrays.de\/en\/our-proteges\/milka\/\"]}]},{\"@type\":\"BreadcrumbList\",\"@id\":\"https:\/\/www.placeforstrays.de\/en\/our-proteges\/milka\/#breadcrumb\",\"itemListElement\":[{\"@type\":\"ListItem\",\"position\":1,\"name\":\"Startseite\",\"item\":\"https:\/\/www.placeforstrays.de\/en\/\"},{\"@type\":\"ListItem\",\"position\":2,\"name\":\"Projects\",\"item\":\"https:\/\/www.placeforstrays.de\/en\/our-proteges\/\"},{\"@type\":\"ListItem\",\"position\":3,\"name\":\"Milka\"}]},{\"@type\":\"WebSite\",\"@id\":\"https:\/\/www.placeforstrays.de\/en\/#website\",\"url\":\"https:\/\/www.placeforstrays.de\/en\/\",\"name\":\"PLACE for STRAYS Albufeira\",\"description\":\"Tierschutz\",\"publisher\":{\"@id\":\"https:\/\/www.placeforstrays.de\/en\/#organization\"},\"potentialAction\":[{\"@type\":\"SearchAction\",\"target\":{\"@type\":\"EntryPoint\",\"urlTemplate\":\"https:\/\/www.placeforstrays.de\/en\/?s={search_term_string}\"},\"query-input\":\"required name=search_term_string\"}],\"inLanguage\":\"en-US\"},{\"@type\":\"Organization\",\"@id\":\"https:\/\/www.placeforstrays.de\/en\/#organization\",\"name\":\"PLACE for STRAYS\",\"url\":\"https:\/\/www.placeforstrays.de\/en\/\",\"logo\":{\"@type\":\"ImageObject\",\"inLanguage\":\"en-US\",\"@id\":\"https:\/\/www.placeforstrays.de\/en\/#\/schema\/logo\/image\/\",\"url\":\"https:\/\/www.placeforstrays.de\/wp-content\/uploads\/2019\/07\/Logo-mit-Hintergrund-Kopie.jpg\",\"contentUrl\":\"https:\/\/www.placeforstrays.de\/wp-content\/uploads\/2019\/07\/Logo-mit-Hintergrund-Kopie.jpg\",\"width\":277,\"height\":291,\"caption\":\"PLACE for STRAYS\"},\"image\":{\"@id\":\"https:\/\/www.placeforstrays.de\/en\/#\/schema\/logo\/image\/\"},\"sameAs\":[\"https:\/\/www.instagram.com\/placeforstraysalbufeira\/\",\"https:\/\/www.facebook.com\/groups\/1963615917246890\/\"]}]}<\/script>\n<!-- \/ Yoast SEO plugin. -->","yoast_head_json":{"title":"Milka sucht ein liebevolles Zuhause - PLACE for STRAYS Albufeira","description":"Gerade noch rechtzeitig fanden wir die hochtr\u00e4chtige H\u00fcndin Priya, die, kaum im PLACE for STRAYS angekommen, ihre Welpen auf die Welt brachte. Einer davon ist die s\u00fc\u00dfe Milka.","robots":{"index":"index","follow":"follow","max-snippet":"max-snippet:-1","max-image-preview":"max-image-preview:large","max-video-preview":"max-video-preview:-1"},"canonical":"https:\/\/www.placeforstrays.de\/en\/our-proteges\/milka\/","og_locale":"en_US","og_type":"article","og_title":"Milka sucht ein liebevolles Zuhause - PLACE for STRAYS Albufeira","og_description":"Gerade noch rechtzeitig fanden wir die hochtr\u00e4chtige H\u00fcndin Priya, die, kaum im PLACE for STRAYS angekommen, ihre Welpen auf die Welt brachte. Einer davon ist die s\u00fc\u00dfe Milka.","og_url":"https:\/\/www.placeforstrays.de\/en\/our-proteges\/milka\/","og_site_name":"PLACE for STRAYS Albufeira","article_publisher":"https:\/\/www.facebook.com\/groups\/1963615917246890\/","article_modified_time":"2023-12-17T12:13:45+00:00","og_image":[{"width":900,"height":876,"url":"https:\/\/www.placeforstrays.de\/wp-content\/uploads\/2023\/02\/29e3ef8d-d0c3-485e-8cd3-869c1c020bfc-2-e1702815066125.jpg","type":"image\/jpeg"}],"twitter_card":"summary_large_image","twitter_misc":{"Est. reading time":"2 minutes"},"schema":{"@context":"https:\/\/schema.org","@graph":[{"@type":"WebPage","@id":"https:\/\/www.placeforstrays.de\/en\/our-proteges\/milka\/","url":"https:\/\/www.placeforstrays.de\/en\/our-proteges\/milka\/","name":"Milka sucht ein liebevolles Zuhause - PLACE for STRAYS Albufeira","isPartOf":{"@id":"https:\/\/www.placeforstrays.de\/en\/#website"},"datePublished":"2023-02-19T14:58:34+00:00","dateModified":"2023-12-17T12:13:45+00:00","description":"Gerade noch rechtzeitig fanden wir die hochtr\u00e4chtige H\u00fcndin Priya, die, kaum im PLACE for STRAYS angekommen, ihre Welpen auf die Welt brachte. Einer davon ist die s\u00fc\u00dfe Milka.","breadcrumb":{"@id":"https:\/\/www.placeforstrays.de\/en\/our-proteges\/milka\/#breadcrumb"},"inLanguage":"en-US","potentialAction":[{"@type":"ReadAction","target":["https:\/\/www.placeforstrays.de\/en\/our-proteges\/milka\/"]}]},{"@type":"BreadcrumbList","@id":"https:\/\/www.placeforstrays.de\/en\/our-proteges\/milka\/#breadcrumb","itemListElement":[{"@type":"ListItem","position":1,"name":"Startseite","item":"https:\/\/www.placeforstrays.de\/en\/"},{"@type":"ListItem","position":2,"name":"Projects","item":"https:\/\/www.placeforstrays.de\/en\/our-proteges\/"},{"@type":"ListItem","position":3,"name":"Milka"}]},{"@type":"WebSite","@id":"https:\/\/www.placeforstrays.de\/en\/#website","url":"https:\/\/www.placeforstrays.de\/en\/","name":"PLACE for STRAYS Albufeira","description":"Tierschutz","publisher":{"@id":"https:\/\/www.placeforstrays.de\/en\/#organization"},"potentialAction":[{"@type":"SearchAction","target":{"@type":"EntryPoint","urlTemplate":"https:\/\/www.placeforstrays.de\/en\/?s={search_term_string}"},"query-input":"required name=search_term_string"}],"inLanguage":"en-US"},{"@type":"Organization","@id":"https:\/\/www.placeforstrays.de\/en\/#organization","name":"PLACE for STRAYS","url":"https:\/\/www.placeforstrays.de\/en\/","logo":{"@type":"ImageObject","inLanguage":"en-US","@id":"https:\/\/www.placeforstrays.de\/en\/#\/schema\/logo\/image\/","url":"https:\/\/www.placeforstrays.de\/wp-content\/uploads\/2019\/07\/Logo-mit-Hintergrund-Kopie.jpg","contentUrl":"https:\/\/www.placeforstrays.de\/wp-content\/uploads\/2019\/07\/Logo-mit-Hintergrund-Kopie.jpg","width":277,"height":291,"caption":"PLACE for STRAYS"},"image":{"@id":"https:\/\/www.placeforstrays.de\/en\/#\/schema\/logo\/image\/"},"sameAs":["https:\/\/www.instagram.com\/placeforstraysalbufeira\/","https:\/\/www.facebook.com\/groups\/1963615917246890\/"]}]}},"_links":{"self":[{"href":"https:\/\/www.placeforstrays.de\/en\/wp-json\/wp\/v2\/project\/40837"}],"collection":[{"href":"https:\/\/www.placeforstrays.de\/en\/wp-json\/wp\/v2\/project"}],"about":[{"href":"https:\/\/www.placeforstrays.de\/en\/wp-json\/wp\/v2\/types\/project"}],"author":[{"embeddable":true,"href":"https:\/\/www.placeforstrays.de\/en\/wp-json\/wp\/v2\/users\/21"}],"replies":[{"embeddable":true,"href":"https:\/\/www.placeforstrays.de\/en\/wp-json\/wp\/v2\/comments?post=40837"}],"version-history":[{"count":13,"href":"https:\/\/www.placeforstrays.de\/en\/wp-json\/wp\/v2\/project\/40837\/revisions"}],"predecessor-version":[{"id":44276,"href":"https:\/\/www.placeforstrays.de\/en\/wp-json\/wp\/v2\/project\/40837\/revisions\/44276"}],"wp:featuredmedia":[{"embeddable":true,"href":"https:\/\/www.placeforstrays.de\/en\/wp-json\/wp\/v2\/media\/44745"}],"wp:attachment":[{"href":"https:\/\/www.placeforstrays.de\/en\/wp-json\/wp\/v2\/media?parent=40837"}],"wp:term":[{"taxonomy":"pj-categs","embeddable":true,"href":"https:\/\/www.placeforstrays.de\/en\/wp-json\/wp\/v2\/pj-categs?post=40837"},{"taxonomy":"pj-tags","embeddable":true,"href":"https:\/\/www.placeforstrays.de\/en\/wp-json\/wp\/v2\/pj-tags?post=40837"}],"curies":[{"name":"wp","href":"https:\/\/api.w.org\/{rel}","templated":true}]}}