{"id":40864,"date":"2023-02-19T16:20:42","date_gmt":"2023-02-19T15:20:42","guid":{"rendered":"https:\/\/www.placeforstrays.de\/?post_type=project&#038;p=40864"},"modified":"2023-10-09T18:01:50","modified_gmt":"2023-10-09T16:01:50","slug":"reese","status":"publish","type":"project","link":"https:\/\/www.placeforstrays.de\/en\/our-proteges\/reese\/","title":{"rendered":"Reese"},"content":{"rendered":"<style type=\"text\/css\"><\/style><h3>Geschichte<\/h3>\n<div class=\"bi6gxh9e\">\n<p><span class=\"x193iq5w xeuugli x13faqbe x1vvkbs x1xmvt09 x6prxxf xvq8zen xo1l8bm xzsf02u\">Mit einem restlichen St\u00fcck Schnur um den Hals und zahlreichen Wunden wurde die H\u00fcndin <strong><a href=\"https:\/\/www.placeforstrays.de\/our-proteges\/priya\/\">Priya<\/a> <\/strong>von einem Mann auf seinem neu gekauften Grundst\u00fcck zur\u00fcckgelassen aufgefunden. Leider konnte er sie wegen seines eigenen Hundes nicht behalten und brachte sie deshalb zu Algarvet. Nachdem sie dort ihre ersten Untersuchungen sowie Behandlung ihrer Wunden erhielt, durfte sie ins PLACE for STRAYS einziehen \u2013 und das nicht alleine: Der erste Check-Up bei unserem Tierarzt best\u00e4tigte dass die Hundedame hochtr\u00e4chtig war! <\/span><span class=\"x193iq5w xeuugli x13faqbe x1vvkbs x1xmvt09 x6prxxf xvq8zen xo1l8bm xzsf02u\">Wir sind sehr froh, dass sie rechtzeitig gefunden wurde und ihre Welpen nicht auf der Stra\u00dfe zur Welt bringen musste, denn diese lie\u00dfen nicht lang auf sich warten. Kaum im PLACE for STRAYS angekommen brachte die tapfere Mama 9 Welpen zur Welt, von denen es leider nur 7 schafften, einer davon war der s\u00fc\u00dfe <strong>Reese<\/strong>. <\/span><\/p>\n<h3>Charakter<\/h3>\n<div class=\"bi6gxh9e\">Reese ist noch sehr jung. Wir werden euch hier weiter auf dem Laufenden halten.<\/div>\n<\/div>\n<div>\n<p>&nbsp;<\/p>\n<div id='gallery-1' class='gallery galleryid-40864 gallery-columns-2 gallery-size-thumbnail'><figure class='gallery-item'>\n\t\t\t<div class='gallery-icon portrait'>\n\t\t\t\t<a href='https:\/\/www.placeforstrays.de\/en\/reese-14-2\/'><img width=\"150\" height=\"150\" src=\"https:\/\/www.placeforstrays.de\/wp-content\/uploads\/2023\/02\/Reese-14-150x150.jpeg\" class=\"attachment-thumbnail size-thumbnail\" alt=\"\" srcset=\"https:\/\/www.placeforstrays.de\/wp-content\/uploads\/2023\/02\/Reese-14-150x150.jpeg 150w, https:\/\/www.placeforstrays.de\/wp-content\/uploads\/2023\/02\/Reese-14-55x55.jpeg 55w, https:\/\/www.placeforstrays.de\/wp-content\/uploads\/2023\/02\/Reese-14-250x250.jpeg 250w\" sizes=\"(max-width: 150px) 100vw, 150px\" \/><\/a>\n\t\t\t<\/div><\/figure><figure class='gallery-item'>\n\t\t\t<div class='gallery-icon portrait'>\n\t\t\t\t<a href='https:\/\/www.placeforstrays.de\/en\/reese-16-2\/'><img width=\"150\" height=\"150\" src=\"https:\/\/www.placeforstrays.de\/wp-content\/uploads\/2023\/02\/Reese-16-150x150.jpeg\" class=\"attachment-thumbnail size-thumbnail\" alt=\"\" srcset=\"https:\/\/www.placeforstrays.de\/wp-content\/uploads\/2023\/02\/Reese-16-150x150.jpeg 150w, https:\/\/www.placeforstrays.de\/wp-content\/uploads\/2023\/02\/Reese-16-55x55.jpeg 55w, https:\/\/www.placeforstrays.de\/wp-content\/uploads\/2023\/02\/Reese-16-250x250.jpeg 250w\" sizes=\"(max-width: 150px) 100vw, 150px\" \/><\/a>\n\t\t\t<\/div><\/figure><figure class='gallery-item'>\n\t\t\t<div class='gallery-icon portrait'>\n\t\t\t\t<a href='https:\/\/www.placeforstrays.de\/en\/reese-15-2\/'><img width=\"150\" height=\"150\" src=\"https:\/\/www.placeforstrays.de\/wp-content\/uploads\/2023\/02\/Reese-15-150x150.jpeg\" class=\"attachment-thumbnail size-thumbnail\" alt=\"\" srcset=\"https:\/\/www.placeforstrays.de\/wp-content\/uploads\/2023\/02\/Reese-15-150x150.jpeg 150w, https:\/\/www.placeforstrays.de\/wp-content\/uploads\/2023\/02\/Reese-15-55x55.jpeg 55w, https:\/\/www.placeforstrays.de\/wp-content\/uploads\/2023\/02\/Reese-15-250x250.jpeg 250w\" sizes=\"(max-width: 150px) 100vw, 150px\" \/><\/a>\n\t\t\t<\/div><\/figure><figure class='gallery-item'>\n\t\t\t<div class='gallery-icon portrait'>\n\t\t\t\t<a href='https:\/\/www.placeforstrays.de\/en\/reese-12-2\/'><img width=\"150\" height=\"150\" src=\"https:\/\/www.placeforstrays.de\/wp-content\/uploads\/2023\/02\/Reese-12-150x150.jpeg\" class=\"attachment-thumbnail size-thumbnail\" alt=\"\" srcset=\"https:\/\/www.placeforstrays.de\/wp-content\/uploads\/2023\/02\/Reese-12-150x150.jpeg 150w, https:\/\/www.placeforstrays.de\/wp-content\/uploads\/2023\/02\/Reese-12-55x55.jpeg 55w, https:\/\/www.placeforstrays.de\/wp-content\/uploads\/2023\/02\/Reese-12-250x250.jpeg 250w\" sizes=\"(max-width: 150px) 100vw, 150px\" \/><\/a>\n\t\t\t<\/div><\/figure><figure class='gallery-item'>\n\t\t\t<div class='gallery-icon portrait'>\n\t\t\t\t<a href='https:\/\/www.placeforstrays.de\/en\/reese-11-2\/'><img width=\"150\" height=\"150\" src=\"https:\/\/www.placeforstrays.de\/wp-content\/uploads\/2023\/02\/Reese-11-150x150.jpeg\" class=\"attachment-thumbnail size-thumbnail\" alt=\"\" srcset=\"https:\/\/www.placeforstrays.de\/wp-content\/uploads\/2023\/02\/Reese-11-150x150.jpeg 150w, https:\/\/www.placeforstrays.de\/wp-content\/uploads\/2023\/02\/Reese-11-55x55.jpeg 55w, https:\/\/www.placeforstrays.de\/wp-content\/uploads\/2023\/02\/Reese-11-250x250.jpeg 250w\" sizes=\"(max-width: 150px) 100vw, 150px\" \/><\/a>\n\t\t\t<\/div><\/figure><figure class='gallery-item'>\n\t\t\t<div class='gallery-icon portrait'>\n\t\t\t\t<a href='https:\/\/www.placeforstrays.de\/en\/reese-10-2\/'><img width=\"150\" height=\"150\" src=\"https:\/\/www.placeforstrays.de\/wp-content\/uploads\/2023\/02\/Reese-10-150x150.jpeg\" class=\"attachment-thumbnail size-thumbnail\" alt=\"\" srcset=\"https:\/\/www.placeforstrays.de\/wp-content\/uploads\/2023\/02\/Reese-10-150x150.jpeg 150w, https:\/\/www.placeforstrays.de\/wp-content\/uploads\/2023\/02\/Reese-10-55x55.jpeg 55w, https:\/\/www.placeforstrays.de\/wp-content\/uploads\/2023\/02\/Reese-10-250x250.jpeg 250w\" sizes=\"(max-width: 150px) 100vw, 150px\" \/><\/a>\n\t\t\t<\/div><\/figure><figure class='gallery-item'>\n\t\t\t<div class='gallery-icon portrait'>\n\t\t\t\t<a href='https:\/\/www.placeforstrays.de\/en\/reese-9-2\/'><img width=\"150\" height=\"150\" src=\"https:\/\/www.placeforstrays.de\/wp-content\/uploads\/2023\/02\/Reese-9-150x150.jpeg\" class=\"attachment-thumbnail size-thumbnail\" alt=\"\" srcset=\"https:\/\/www.placeforstrays.de\/wp-content\/uploads\/2023\/02\/Reese-9-150x150.jpeg 150w, https:\/\/www.placeforstrays.de\/wp-content\/uploads\/2023\/02\/Reese-9-55x55.jpeg 55w, https:\/\/www.placeforstrays.de\/wp-content\/uploads\/2023\/02\/Reese-9-250x250.jpeg 250w\" sizes=\"(max-width: 150px) 100vw, 150px\" \/><\/a>\n\t\t\t<\/div><\/figure><figure class='gallery-item'>\n\t\t\t<div class='gallery-icon portrait'>\n\t\t\t\t<a href='https:\/\/www.placeforstrays.de\/en\/reese-8-2\/'><img width=\"150\" height=\"150\" src=\"https:\/\/www.placeforstrays.de\/wp-content\/uploads\/2023\/02\/Reese-8-150x150.jpeg\" class=\"attachment-thumbnail size-thumbnail\" alt=\"\" srcset=\"https:\/\/www.placeforstrays.de\/wp-content\/uploads\/2023\/02\/Reese-8-150x150.jpeg 150w, https:\/\/www.placeforstrays.de\/wp-content\/uploads\/2023\/02\/Reese-8-55x55.jpeg 55w, https:\/\/www.placeforstrays.de\/wp-content\/uploads\/2023\/02\/Reese-8-250x250.jpeg 250w\" sizes=\"(max-width: 150px) 100vw, 150px\" \/><\/a>\n\t\t\t<\/div><\/figure><figure class='gallery-item'>\n\t\t\t<div class='gallery-icon portrait'>\n\t\t\t\t<a href='https:\/\/www.placeforstrays.de\/en\/reese-7-2\/'><img width=\"150\" height=\"150\" src=\"https:\/\/www.placeforstrays.de\/wp-content\/uploads\/2023\/02\/Reese-7-150x150.jpeg\" class=\"attachment-thumbnail size-thumbnail\" alt=\"\" srcset=\"https:\/\/www.placeforstrays.de\/wp-content\/uploads\/2023\/02\/Reese-7-150x150.jpeg 150w, https:\/\/www.placeforstrays.de\/wp-content\/uploads\/2023\/02\/Reese-7-55x55.jpeg 55w, https:\/\/www.placeforstrays.de\/wp-content\/uploads\/2023\/02\/Reese-7-250x250.jpeg 250w\" sizes=\"(max-width: 150px) 100vw, 150px\" \/><\/a>\n\t\t\t<\/div><\/figure><figure class='gallery-item'>\n\t\t\t<div class='gallery-icon portrait'>\n\t\t\t\t<a href='https:\/\/www.placeforstrays.de\/en\/reese-6-2\/'><img width=\"150\" height=\"150\" src=\"https:\/\/www.placeforstrays.de\/wp-content\/uploads\/2023\/02\/Reese-6-150x150.jpeg\" class=\"attachment-thumbnail size-thumbnail\" alt=\"\" srcset=\"https:\/\/www.placeforstrays.de\/wp-content\/uploads\/2023\/02\/Reese-6-150x150.jpeg 150w, https:\/\/www.placeforstrays.de\/wp-content\/uploads\/2023\/02\/Reese-6-55x55.jpeg 55w, https:\/\/www.placeforstrays.de\/wp-content\/uploads\/2023\/02\/Reese-6-250x250.jpeg 250w\" sizes=\"(max-width: 150px) 100vw, 150px\" \/><\/a>\n\t\t\t<\/div><\/figure><figure class='gallery-item'>\n\t\t\t<div class='gallery-icon portrait'>\n\t\t\t\t<a href='https:\/\/www.placeforstrays.de\/en\/reese-4-2\/'><img width=\"150\" height=\"150\" src=\"https:\/\/www.placeforstrays.de\/wp-content\/uploads\/2023\/02\/Reese-4-150x150.jpeg\" class=\"attachment-thumbnail size-thumbnail\" alt=\"\" srcset=\"https:\/\/www.placeforstrays.de\/wp-content\/uploads\/2023\/02\/Reese-4-150x150.jpeg 150w, https:\/\/www.placeforstrays.de\/wp-content\/uploads\/2023\/02\/Reese-4-55x55.jpeg 55w, https:\/\/www.placeforstrays.de\/wp-content\/uploads\/2023\/02\/Reese-4-250x250.jpeg 250w\" sizes=\"(max-width: 150px) 100vw, 150px\" \/><\/a>\n\t\t\t<\/div><\/figure><figure class='gallery-item'>\n\t\t\t<div class='gallery-icon portrait'>\n\t\t\t\t<a href='https:\/\/www.placeforstrays.de\/en\/reese-5-2\/'><img width=\"150\" height=\"150\" src=\"https:\/\/www.placeforstrays.de\/wp-content\/uploads\/2023\/02\/Reese-5-150x150.jpeg\" class=\"attachment-thumbnail size-thumbnail\" alt=\"\" srcset=\"https:\/\/www.placeforstrays.de\/wp-content\/uploads\/2023\/02\/Reese-5-150x150.jpeg 150w, https:\/\/www.placeforstrays.de\/wp-content\/uploads\/2023\/02\/Reese-5-55x55.jpeg 55w, https:\/\/www.placeforstrays.de\/wp-content\/uploads\/2023\/02\/Reese-5-250x250.jpeg 250w\" sizes=\"(max-width: 150px) 100vw, 150px\" \/><\/a>\n\t\t\t<\/div><\/figure><figure class='gallery-item'>\n\t\t\t<div class='gallery-icon portrait'>\n\t\t\t\t<a href='https:\/\/www.placeforstrays.de\/en\/reese-3-2\/'><img width=\"150\" height=\"150\" src=\"https:\/\/www.placeforstrays.de\/wp-content\/uploads\/2023\/02\/Reese-3-150x150.jpeg\" class=\"attachment-thumbnail size-thumbnail\" alt=\"\" srcset=\"https:\/\/www.placeforstrays.de\/wp-content\/uploads\/2023\/02\/Reese-3-150x150.jpeg 150w, https:\/\/www.placeforstrays.de\/wp-content\/uploads\/2023\/02\/Reese-3-55x55.jpeg 55w, https:\/\/www.placeforstrays.de\/wp-content\/uploads\/2023\/02\/Reese-3-250x250.jpeg 250w\" sizes=\"(max-width: 150px) 100vw, 150px\" \/><\/a>\n\t\t\t<\/div><\/figure><figure class='gallery-item'>\n\t\t\t<div class='gallery-icon landscape'>\n\t\t\t\t<a href='https:\/\/www.placeforstrays.de\/en\/milka-3-2\/'><img width=\"150\" height=\"150\" src=\"https:\/\/www.placeforstrays.de\/wp-content\/uploads\/2023\/02\/Milka-3-150x150.jpeg\" class=\"attachment-thumbnail size-thumbnail\" alt=\"\" srcset=\"https:\/\/www.placeforstrays.de\/wp-content\/uploads\/2023\/02\/Milka-3-150x150.jpeg 150w, https:\/\/www.placeforstrays.de\/wp-content\/uploads\/2023\/02\/Milka-3-55x55.jpeg 55w, https:\/\/www.placeforstrays.de\/wp-content\/uploads\/2023\/02\/Milka-3-250x250.jpeg 250w\" sizes=\"(max-width: 150px) 100vw, 150px\" \/><\/a>\n\t\t\t<\/div><\/figure><figure class='gallery-item'>\n\t\t\t<div class='gallery-icon portrait'>\n\t\t\t\t<a href='https:\/\/www.placeforstrays.de\/en\/milka-6-2\/'><img width=\"150\" height=\"150\" src=\"https:\/\/www.placeforstrays.de\/wp-content\/uploads\/2023\/02\/Milka-6-150x150.jpeg\" class=\"attachment-thumbnail size-thumbnail\" alt=\"\" srcset=\"https:\/\/www.placeforstrays.de\/wp-content\/uploads\/2023\/02\/Milka-6-150x150.jpeg 150w, https:\/\/www.placeforstrays.de\/wp-content\/uploads\/2023\/02\/Milka-6-55x55.jpeg 55w, https:\/\/www.placeforstrays.de\/wp-content\/uploads\/2023\/02\/Milka-6-250x250.jpeg 250w\" sizes=\"(max-width: 150px) 100vw, 150px\" \/><\/a>\n\t\t\t<\/div><\/figure><figure class='gallery-item'>\n\t\t\t<div class='gallery-icon portrait'>\n\t\t\t\t<a href='https:\/\/www.placeforstrays.de\/en\/reese-1-2\/'><img width=\"150\" height=\"150\" src=\"https:\/\/www.placeforstrays.de\/wp-content\/uploads\/2023\/02\/Reese-1-150x150.jpeg\" class=\"attachment-thumbnail size-thumbnail\" alt=\"\" srcset=\"https:\/\/www.placeforstrays.de\/wp-content\/uploads\/2023\/02\/Reese-1-150x150.jpeg 150w, https:\/\/www.placeforstrays.de\/wp-content\/uploads\/2023\/02\/Reese-1-55x55.jpeg 55w, https:\/\/www.placeforstrays.de\/wp-content\/uploads\/2023\/02\/Reese-1-250x250.jpeg 250w\" sizes=\"(max-width: 150px) 100vw, 150px\" \/><\/a>\n\t\t\t<\/div><\/figure><figure class='gallery-item'>\n\t\t\t<div class='gallery-icon portrait'>\n\t\t\t\t<a href='https:\/\/www.placeforstrays.de\/en\/reese-2-2\/'><img width=\"150\" height=\"150\" src=\"https:\/\/www.placeforstrays.de\/wp-content\/uploads\/2023\/02\/Reese-2-150x150.jpeg\" class=\"attachment-thumbnail size-thumbnail\" alt=\"\" srcset=\"https:\/\/www.placeforstrays.de\/wp-content\/uploads\/2023\/02\/Reese-2-150x150.jpeg 150w, https:\/\/www.placeforstrays.de\/wp-content\/uploads\/2023\/02\/Reese-2-55x55.jpeg 55w, https:\/\/www.placeforstrays.de\/wp-content\/uploads\/2023\/02\/Reese-2-250x250.jpeg 250w\" sizes=\"(max-width: 150px) 100vw, 150px\" \/><\/a>\n\t\t\t<\/div><\/figure>\n\t\t<\/div>\n\n<\/div>\n","protected":false},"excerpt":{"rendered":"<p>Geschichte Mit einem restlichen St\u00fcck Schnur um den Hals und zahlreichen Wunden wurde die H\u00fcndin Priya von einem Mann auf seinem neu gekauften Grundst\u00fcck zur\u00fcckgelassen aufgefunden. Leider konnte er sie wegen seines eigenen Hundes nicht behalten und brachte sie deshalb zu Algarvet. Nachdem sie dort ihre ersten Untersuchungen sowie Behandlung ihrer Wunden erhielt, durfte sie&#8230;<\/p>\n","protected":false},"author":21,"featured_media":42650,"menu_order":0,"comment_status":"closed","ping_status":"closed","template":"","format":"standard","meta":[],"pj-categs":[14,19,17,37],"pj-tags":[],"yoast_head":"<!-- This site is optimized with the Yoast SEO plugin v19.13 - https:\/\/yoast.com\/wordpress\/plugins\/seo\/ -->\n<title>Reese fand ein liebevolles Zuhause - PLACE for STRAYS Albufeira<\/title>\n<meta name=\"description\" content=\"Gerade noch rechtzeitig fanden wir die hochtr\u00e4chtige H\u00fcndin Priya, die, kaum im PLACE for STRAYS angekommen, ihre Welpen auf die Welt brachte. Einer davon ist der s\u00fc\u00dfe Reese.\" \/>\n<meta name=\"robots\" content=\"index, follow, max-snippet:-1, max-image-preview:large, max-video-preview:-1\" \/>\n<link rel=\"canonical\" href=\"https:\/\/www.placeforstrays.de\/en\/our-proteges\/reese\/\" \/>\n<meta property=\"og:locale\" content=\"en_US\" \/>\n<meta property=\"og:type\" content=\"article\" \/>\n<meta property=\"og:title\" content=\"Reese fand ein liebevolles Zuhause - PLACE for STRAYS Albufeira\" \/>\n<meta property=\"og:description\" content=\"Gerade noch rechtzeitig fanden wir die hochtr\u00e4chtige H\u00fcndin Priya, die, kaum im PLACE for STRAYS angekommen, ihre Welpen auf die Welt brachte. Einer davon ist der s\u00fc\u00dfe Reese.\" \/>\n<meta property=\"og:url\" content=\"https:\/\/www.placeforstrays.de\/en\/our-proteges\/reese\/\" \/>\n<meta property=\"og:site_name\" content=\"PLACE for STRAYS Albufeira\" \/>\n<meta property=\"article:publisher\" content=\"https:\/\/www.facebook.com\/groups\/1963615917246890\/\" \/>\n<meta property=\"article:modified_time\" content=\"2023-10-09T16:01:50+00:00\" \/>\n<meta property=\"og:image\" content=\"https:\/\/www.placeforstrays.de\/wp-content\/uploads\/2023\/02\/Reese-adopted-e1686845133950.jpeg\" \/>\n\t<meta property=\"og:image:width\" content=\"430\" \/>\n\t<meta property=\"og:image:height\" content=\"517\" \/>\n\t<meta property=\"og:image:type\" content=\"image\/jpeg\" \/>\n<meta name=\"twitter:card\" content=\"summary_large_image\" \/>\n<meta name=\"twitter:label1\" content=\"Est. reading time\" \/>\n\t<meta name=\"twitter:data1\" content=\"1 minute\" \/>\n<script type=\"application\/ld+json\" class=\"yoast-schema-graph\">{\"@context\":\"https:\/\/schema.org\",\"@graph\":[{\"@type\":\"WebPage\",\"@id\":\"https:\/\/www.placeforstrays.de\/en\/our-proteges\/reese\/\",\"url\":\"https:\/\/www.placeforstrays.de\/en\/our-proteges\/reese\/\",\"name\":\"Reese fand ein liebevolles Zuhause - PLACE for STRAYS Albufeira\",\"isPartOf\":{\"@id\":\"https:\/\/www.placeforstrays.de\/en\/#website\"},\"datePublished\":\"2023-02-19T15:20:42+00:00\",\"dateModified\":\"2023-10-09T16:01:50+00:00\",\"description\":\"Gerade noch rechtzeitig fanden wir die hochtr\u00e4chtige H\u00fcndin Priya, die, kaum im PLACE for STRAYS angekommen, ihre Welpen auf die Welt brachte. Einer davon ist der s\u00fc\u00dfe Reese.\",\"breadcrumb\":{\"@id\":\"https:\/\/www.placeforstrays.de\/en\/our-proteges\/reese\/#breadcrumb\"},\"inLanguage\":\"en-US\",\"potentialAction\":[{\"@type\":\"ReadAction\",\"target\":[\"https:\/\/www.placeforstrays.de\/en\/our-proteges\/reese\/\"]}]},{\"@type\":\"BreadcrumbList\",\"@id\":\"https:\/\/www.placeforstrays.de\/en\/our-proteges\/reese\/#breadcrumb\",\"itemListElement\":[{\"@type\":\"ListItem\",\"position\":1,\"name\":\"Startseite\",\"item\":\"https:\/\/www.placeforstrays.de\/en\/\"},{\"@type\":\"ListItem\",\"position\":2,\"name\":\"Projects\",\"item\":\"https:\/\/www.placeforstrays.de\/en\/our-proteges\/\"},{\"@type\":\"ListItem\",\"position\":3,\"name\":\"Reese\"}]},{\"@type\":\"WebSite\",\"@id\":\"https:\/\/www.placeforstrays.de\/en\/#website\",\"url\":\"https:\/\/www.placeforstrays.de\/en\/\",\"name\":\"PLACE for STRAYS Albufeira\",\"description\":\"Tierschutz\",\"publisher\":{\"@id\":\"https:\/\/www.placeforstrays.de\/en\/#organization\"},\"potentialAction\":[{\"@type\":\"SearchAction\",\"target\":{\"@type\":\"EntryPoint\",\"urlTemplate\":\"https:\/\/www.placeforstrays.de\/en\/?s={search_term_string}\"},\"query-input\":\"required name=search_term_string\"}],\"inLanguage\":\"en-US\"},{\"@type\":\"Organization\",\"@id\":\"https:\/\/www.placeforstrays.de\/en\/#organization\",\"name\":\"PLACE for STRAYS\",\"url\":\"https:\/\/www.placeforstrays.de\/en\/\",\"logo\":{\"@type\":\"ImageObject\",\"inLanguage\":\"en-US\",\"@id\":\"https:\/\/www.placeforstrays.de\/en\/#\/schema\/logo\/image\/\",\"url\":\"https:\/\/www.placeforstrays.de\/wp-content\/uploads\/2019\/07\/Logo-mit-Hintergrund-Kopie.jpg\",\"contentUrl\":\"https:\/\/www.placeforstrays.de\/wp-content\/uploads\/2019\/07\/Logo-mit-Hintergrund-Kopie.jpg\",\"width\":277,\"height\":291,\"caption\":\"PLACE for STRAYS\"},\"image\":{\"@id\":\"https:\/\/www.placeforstrays.de\/en\/#\/schema\/logo\/image\/\"},\"sameAs\":[\"https:\/\/www.instagram.com\/placeforstraysalbufeira\/\",\"https:\/\/www.facebook.com\/groups\/1963615917246890\/\"]}]}<\/script>\n<!-- \/ Yoast SEO plugin. -->","yoast_head_json":{"title":"Reese fand ein liebevolles Zuhause - PLACE for STRAYS Albufeira","description":"Gerade noch rechtzeitig fanden wir die hochtr\u00e4chtige H\u00fcndin Priya, die, kaum im PLACE for STRAYS angekommen, ihre Welpen auf die Welt brachte. Einer davon ist der s\u00fc\u00dfe Reese.","robots":{"index":"index","follow":"follow","max-snippet":"max-snippet:-1","max-image-preview":"max-image-preview:large","max-video-preview":"max-video-preview:-1"},"canonical":"https:\/\/www.placeforstrays.de\/en\/our-proteges\/reese\/","og_locale":"en_US","og_type":"article","og_title":"Reese fand ein liebevolles Zuhause - PLACE for STRAYS Albufeira","og_description":"Gerade noch rechtzeitig fanden wir die hochtr\u00e4chtige H\u00fcndin Priya, die, kaum im PLACE for STRAYS angekommen, ihre Welpen auf die Welt brachte. Einer davon ist der s\u00fc\u00dfe Reese.","og_url":"https:\/\/www.placeforstrays.de\/en\/our-proteges\/reese\/","og_site_name":"PLACE for STRAYS Albufeira","article_publisher":"https:\/\/www.facebook.com\/groups\/1963615917246890\/","article_modified_time":"2023-10-09T16:01:50+00:00","og_image":[{"width":430,"height":517,"url":"https:\/\/www.placeforstrays.de\/wp-content\/uploads\/2023\/02\/Reese-adopted-e1686845133950.jpeg","type":"image\/jpeg"}],"twitter_card":"summary_large_image","twitter_misc":{"Est. reading time":"1 minute"},"schema":{"@context":"https:\/\/schema.org","@graph":[{"@type":"WebPage","@id":"https:\/\/www.placeforstrays.de\/en\/our-proteges\/reese\/","url":"https:\/\/www.placeforstrays.de\/en\/our-proteges\/reese\/","name":"Reese fand ein liebevolles Zuhause - PLACE for STRAYS Albufeira","isPartOf":{"@id":"https:\/\/www.placeforstrays.de\/en\/#website"},"datePublished":"2023-02-19T15:20:42+00:00","dateModified":"2023-10-09T16:01:50+00:00","description":"Gerade noch rechtzeitig fanden wir die hochtr\u00e4chtige H\u00fcndin Priya, die, kaum im PLACE for STRAYS angekommen, ihre Welpen auf die Welt brachte. Einer davon ist der s\u00fc\u00dfe Reese.","breadcrumb":{"@id":"https:\/\/www.placeforstrays.de\/en\/our-proteges\/reese\/#breadcrumb"},"inLanguage":"en-US","potentialAction":[{"@type":"ReadAction","target":["https:\/\/www.placeforstrays.de\/en\/our-proteges\/reese\/"]}]},{"@type":"BreadcrumbList","@id":"https:\/\/www.placeforstrays.de\/en\/our-proteges\/reese\/#breadcrumb","itemListElement":[{"@type":"ListItem","position":1,"name":"Startseite","item":"https:\/\/www.placeforstrays.de\/en\/"},{"@type":"ListItem","position":2,"name":"Projects","item":"https:\/\/www.placeforstrays.de\/en\/our-proteges\/"},{"@type":"ListItem","position":3,"name":"Reese"}]},{"@type":"WebSite","@id":"https:\/\/www.placeforstrays.de\/en\/#website","url":"https:\/\/www.placeforstrays.de\/en\/","name":"PLACE for STRAYS Albufeira","description":"Tierschutz","publisher":{"@id":"https:\/\/www.placeforstrays.de\/en\/#organization"},"potentialAction":[{"@type":"SearchAction","target":{"@type":"EntryPoint","urlTemplate":"https:\/\/www.placeforstrays.de\/en\/?s={search_term_string}"},"query-input":"required name=search_term_string"}],"inLanguage":"en-US"},{"@type":"Organization","@id":"https:\/\/www.placeforstrays.de\/en\/#organization","name":"PLACE for STRAYS","url":"https:\/\/www.placeforstrays.de\/en\/","logo":{"@type":"ImageObject","inLanguage":"en-US","@id":"https:\/\/www.placeforstrays.de\/en\/#\/schema\/logo\/image\/","url":"https:\/\/www.placeforstrays.de\/wp-content\/uploads\/2019\/07\/Logo-mit-Hintergrund-Kopie.jpg","contentUrl":"https:\/\/www.placeforstrays.de\/wp-content\/uploads\/2019\/07\/Logo-mit-Hintergrund-Kopie.jpg","width":277,"height":291,"caption":"PLACE for STRAYS"},"image":{"@id":"https:\/\/www.placeforstrays.de\/en\/#\/schema\/logo\/image\/"},"sameAs":["https:\/\/www.instagram.com\/placeforstraysalbufeira\/","https:\/\/www.facebook.com\/groups\/1963615917246890\/"]}]}},"_links":{"self":[{"href":"https:\/\/www.placeforstrays.de\/en\/wp-json\/wp\/v2\/project\/40864"}],"collection":[{"href":"https:\/\/www.placeforstrays.de\/en\/wp-json\/wp\/v2\/project"}],"about":[{"href":"https:\/\/www.placeforstrays.de\/en\/wp-json\/wp\/v2\/types\/project"}],"author":[{"embeddable":true,"href":"https:\/\/www.placeforstrays.de\/en\/wp-json\/wp\/v2\/users\/21"}],"replies":[{"embeddable":true,"href":"https:\/\/www.placeforstrays.de\/en\/wp-json\/wp\/v2\/comments?post=40864"}],"version-history":[{"count":11,"href":"https:\/\/www.placeforstrays.de\/en\/wp-json\/wp\/v2\/project\/40864\/revisions"}],"predecessor-version":[{"id":42410,"href":"https:\/\/www.placeforstrays.de\/en\/wp-json\/wp\/v2\/project\/40864\/revisions\/42410"}],"wp:featuredmedia":[{"embeddable":true,"href":"https:\/\/www.placeforstrays.de\/en\/wp-json\/wp\/v2\/media\/42650"}],"wp:attachment":[{"href":"https:\/\/www.placeforstrays.de\/en\/wp-json\/wp\/v2\/media?parent=40864"}],"wp:term":[{"taxonomy":"pj-categs","embeddable":true,"href":"https:\/\/www.placeforstrays.de\/en\/wp-json\/wp\/v2\/pj-categs?post=40864"},{"taxonomy":"pj-tags","embeddable":true,"href":"https:\/\/www.placeforstrays.de\/en\/wp-json\/wp\/v2\/pj-tags?post=40864"}],"curies":[{"name":"wp","href":"https:\/\/api.w.org\/{rel}","templated":true}]}}