{"id":41271,"date":"2023-03-08T14:41:21","date_gmt":"2023-03-08T13:41:21","guid":{"rendered":"https:\/\/www.placeforstrays.de\/?post_type=project&#038;p=41271"},"modified":"2023-03-08T14:41:38","modified_gmt":"2023-03-08T13:41:38","slug":"faro","status":"publish","type":"project","link":"https:\/\/www.placeforstrays.de\/en\/our-proteges\/faro\/","title":{"rendered":"Faro"},"content":{"rendered":"<style type=\"text\/css\"><\/style><h3>Geschichte<\/h3>\n<div class=\"bi6gxh9e\">\n<p>Faro wurde mit seinen Geschwistern <a href=\"https:\/\/www.placeforstrays.de\/our-proteges\/lenny\/\">Lenny<\/a>, <a href=\"https:\/\/www.placeforstrays.de\/our-proteges\/livy\/\">Livy<\/a>, <a href=\"https:\/\/www.placeforstrays.de\/our-proteges\/lotta-2\/\">Lotta<\/a> &amp; <a href=\"https:\/\/www.placeforstrays.de\/our-proteges\/rafhina\/\">Rafinha<\/a> in einem Karton im M\u00fcll gefunden. Zun\u00e4chst waren alle Welpen fit und genossen ihr neues Leben. Dann wurde zu unserem Entsetzen eines morgens Faro tot aufgefunden, ohne dass es Anzeichen einer Krankheit gegeben hatte. Daraufhin haben wir alle Welpen gr\u00fcndlich untersuchen lassen. An den darauffolgenden Tagen zeigten sich leider deutliche Symptome bei den anderen Welpen. Die Bluttests ergaben, dass die Kleinen am Parvovirus erkrankt waren, der f\u00fcr Welpen oft t\u00f6dlich ist. Zum Gl\u00fcck konnten wir das Leben Faros Geschwister retten und die Kleinen wieder in den PLACE for STRAYS einziehen.<\/p>\n<p>&nbsp;<\/p>\n<div id='gallery-1' class='gallery galleryid-41271 gallery-columns-2 gallery-size-thumbnail'><figure class='gallery-item'>\n\t\t\t<div class='gallery-icon portrait'>\n\t\t\t\t<a href='https:\/\/www.placeforstrays.de\/en\/faro3-2\/'><img width=\"150\" height=\"150\" src=\"https:\/\/www.placeforstrays.de\/wp-content\/uploads\/2023\/03\/Faro3-150x150.jpg\" class=\"attachment-thumbnail size-thumbnail\" alt=\"\" srcset=\"https:\/\/www.placeforstrays.de\/wp-content\/uploads\/2023\/03\/Faro3-150x150.jpg 150w, https:\/\/www.placeforstrays.de\/wp-content\/uploads\/2023\/03\/Faro3-55x55.jpg 55w, https:\/\/www.placeforstrays.de\/wp-content\/uploads\/2023\/03\/Faro3-250x250.jpg 250w\" sizes=\"(max-width: 150px) 100vw, 150px\" \/><\/a>\n\t\t\t<\/div><\/figure><figure class='gallery-item'>\n\t\t\t<div class='gallery-icon portrait'>\n\t\t\t\t<a href='https:\/\/www.placeforstrays.de\/en\/faro4-2\/'><img width=\"150\" height=\"150\" src=\"https:\/\/www.placeforstrays.de\/wp-content\/uploads\/2023\/03\/Faro4-150x150.jpeg\" class=\"attachment-thumbnail size-thumbnail\" alt=\"\" srcset=\"https:\/\/www.placeforstrays.de\/wp-content\/uploads\/2023\/03\/Faro4-150x150.jpeg 150w, https:\/\/www.placeforstrays.de\/wp-content\/uploads\/2023\/03\/Faro4-55x55.jpeg 55w, https:\/\/www.placeforstrays.de\/wp-content\/uploads\/2023\/03\/Faro4-250x250.jpeg 250w\" sizes=\"(max-width: 150px) 100vw, 150px\" \/><\/a>\n\t\t\t<\/div><\/figure><figure class='gallery-item'>\n\t\t\t<div class='gallery-icon portrait'>\n\t\t\t\t<a href='https:\/\/www.placeforstrays.de\/en\/faro1-2\/'><img width=\"150\" height=\"150\" src=\"https:\/\/www.placeforstrays.de\/wp-content\/uploads\/2023\/03\/Faro1-150x150.jpg\" class=\"attachment-thumbnail size-thumbnail\" alt=\"\" srcset=\"https:\/\/www.placeforstrays.de\/wp-content\/uploads\/2023\/03\/Faro1-150x150.jpg 150w, https:\/\/www.placeforstrays.de\/wp-content\/uploads\/2023\/03\/Faro1-55x55.jpg 55w, https:\/\/www.placeforstrays.de\/wp-content\/uploads\/2023\/03\/Faro1-250x250.jpg 250w\" sizes=\"(max-width: 150px) 100vw, 150px\" \/><\/a>\n\t\t\t<\/div><\/figure><figure class='gallery-item'>\n\t\t\t<div class='gallery-icon portrait'>\n\t\t\t\t<a href='https:\/\/www.placeforstrays.de\/en\/faro2-2\/'><img width=\"150\" height=\"150\" src=\"https:\/\/www.placeforstrays.de\/wp-content\/uploads\/2023\/03\/Faro2-150x150.jpg\" class=\"attachment-thumbnail size-thumbnail\" alt=\"\" srcset=\"https:\/\/www.placeforstrays.de\/wp-content\/uploads\/2023\/03\/Faro2-150x150.jpg 150w, https:\/\/www.placeforstrays.de\/wp-content\/uploads\/2023\/03\/Faro2-55x55.jpg 55w, https:\/\/www.placeforstrays.de\/wp-content\/uploads\/2023\/03\/Faro2-250x250.jpg 250w\" sizes=\"(max-width: 150px) 100vw, 150px\" \/><\/a>\n\t\t\t<\/div><\/figure>\n\t\t<\/div>\n\n<\/div>\n","protected":false},"excerpt":{"rendered":"<p>Geschichte Faro wurde mit seinen Geschwistern Lenny, Livy, Lotta &amp; Rafinha in einem Karton im M\u00fcll gefunden. Zun\u00e4chst waren alle Welpen fit und genossen ihr neues Leben. Dann wurde zu unserem Entsetzen eines morgens Faro tot aufgefunden, ohne dass es Anzeichen einer Krankheit gegeben hatte. Daraufhin haben wir alle Welpen gr\u00fcndlich untersuchen lassen. An den&#8230;<\/p>\n","protected":false},"author":21,"featured_media":41272,"menu_order":0,"comment_status":"closed","ping_status":"closed","template":"","format":"standard","meta":[],"pj-categs":[14,43],"pj-tags":[],"yoast_head":"<!-- This site is optimized with the Yoast SEO plugin v19.13 - https:\/\/yoast.com\/wordpress\/plugins\/seo\/ -->\n<title>Faro - PLACE for STRAYS Albufeira<\/title>\n<meta name=\"description\" content=\"Faro wurde mit seinen Geschwistern Lenny, Livy, Lotta &amp; Rafinha in einem Karton im M\u00fcll gefunden. Zun\u00e4chst waren alle Welpen fit und genossen ihr neues Leben. Dann wurde zu unserem Entsetzen eines morgens Faro tot aufgefunden.\" \/>\n<meta name=\"robots\" content=\"index, follow, max-snippet:-1, max-image-preview:large, max-video-preview:-1\" \/>\n<link rel=\"canonical\" href=\"https:\/\/www.placeforstrays.de\/en\/our-proteges\/faro\/\" \/>\n<meta property=\"og:locale\" content=\"en_US\" \/>\n<meta property=\"og:type\" content=\"article\" \/>\n<meta property=\"og:title\" content=\"Faro - PLACE for STRAYS Albufeira\" \/>\n<meta property=\"og:description\" content=\"Faro wurde mit seinen Geschwistern Lenny, Livy, Lotta &amp; Rafinha in einem Karton im M\u00fcll gefunden. Zun\u00e4chst waren alle Welpen fit und genossen ihr neues Leben. Dann wurde zu unserem Entsetzen eines morgens Faro tot aufgefunden.\" \/>\n<meta property=\"og:url\" content=\"https:\/\/www.placeforstrays.de\/en\/our-proteges\/faro\/\" \/>\n<meta property=\"og:site_name\" content=\"PLACE for STRAYS Albufeira\" \/>\n<meta property=\"article:publisher\" content=\"https:\/\/www.facebook.com\/groups\/1963615917246890\/\" \/>\n<meta property=\"article:modified_time\" content=\"2023-03-08T13:41:38+00:00\" \/>\n<meta property=\"og:image\" content=\"https:\/\/www.placeforstrays.de\/wp-content\/uploads\/2023\/03\/Faro1-e1678282634740.jpg\" \/>\n\t<meta property=\"og:image:width\" content=\"900\" \/>\n\t<meta property=\"og:image:height\" content=\"1206\" \/>\n\t<meta property=\"og:image:type\" content=\"image\/jpeg\" \/>\n<meta name=\"twitter:card\" content=\"summary_large_image\" \/>\n<meta name=\"twitter:label1\" content=\"Est. reading time\" \/>\n\t<meta name=\"twitter:data1\" content=\"1 minute\" \/>\n<script type=\"application\/ld+json\" class=\"yoast-schema-graph\">{\"@context\":\"https:\/\/schema.org\",\"@graph\":[{\"@type\":\"WebPage\",\"@id\":\"https:\/\/www.placeforstrays.de\/en\/our-proteges\/faro\/\",\"url\":\"https:\/\/www.placeforstrays.de\/en\/our-proteges\/faro\/\",\"name\":\"Faro - PLACE for STRAYS Albufeira\",\"isPartOf\":{\"@id\":\"https:\/\/www.placeforstrays.de\/en\/#website\"},\"datePublished\":\"2023-03-08T13:41:21+00:00\",\"dateModified\":\"2023-03-08T13:41:38+00:00\",\"description\":\"Faro wurde mit seinen Geschwistern Lenny, Livy, Lotta & Rafinha in einem Karton im M\u00fcll gefunden. Zun\u00e4chst waren alle Welpen fit und genossen ihr neues Leben. Dann wurde zu unserem Entsetzen eines morgens Faro tot aufgefunden.\",\"breadcrumb\":{\"@id\":\"https:\/\/www.placeforstrays.de\/en\/our-proteges\/faro\/#breadcrumb\"},\"inLanguage\":\"en-US\",\"potentialAction\":[{\"@type\":\"ReadAction\",\"target\":[\"https:\/\/www.placeforstrays.de\/en\/our-proteges\/faro\/\"]}]},{\"@type\":\"BreadcrumbList\",\"@id\":\"https:\/\/www.placeforstrays.de\/en\/our-proteges\/faro\/#breadcrumb\",\"itemListElement\":[{\"@type\":\"ListItem\",\"position\":1,\"name\":\"Startseite\",\"item\":\"https:\/\/www.placeforstrays.de\/en\/\"},{\"@type\":\"ListItem\",\"position\":2,\"name\":\"Projects\",\"item\":\"https:\/\/www.placeforstrays.de\/en\/our-proteges\/\"},{\"@type\":\"ListItem\",\"position\":3,\"name\":\"Faro\"}]},{\"@type\":\"WebSite\",\"@id\":\"https:\/\/www.placeforstrays.de\/en\/#website\",\"url\":\"https:\/\/www.placeforstrays.de\/en\/\",\"name\":\"PLACE for STRAYS Albufeira\",\"description\":\"Tierschutz\",\"publisher\":{\"@id\":\"https:\/\/www.placeforstrays.de\/en\/#organization\"},\"potentialAction\":[{\"@type\":\"SearchAction\",\"target\":{\"@type\":\"EntryPoint\",\"urlTemplate\":\"https:\/\/www.placeforstrays.de\/en\/?s={search_term_string}\"},\"query-input\":\"required name=search_term_string\"}],\"inLanguage\":\"en-US\"},{\"@type\":\"Organization\",\"@id\":\"https:\/\/www.placeforstrays.de\/en\/#organization\",\"name\":\"PLACE for STRAYS\",\"url\":\"https:\/\/www.placeforstrays.de\/en\/\",\"logo\":{\"@type\":\"ImageObject\",\"inLanguage\":\"en-US\",\"@id\":\"https:\/\/www.placeforstrays.de\/en\/#\/schema\/logo\/image\/\",\"url\":\"https:\/\/www.placeforstrays.de\/wp-content\/uploads\/2019\/07\/Logo-mit-Hintergrund-Kopie.jpg\",\"contentUrl\":\"https:\/\/www.placeforstrays.de\/wp-content\/uploads\/2019\/07\/Logo-mit-Hintergrund-Kopie.jpg\",\"width\":277,\"height\":291,\"caption\":\"PLACE for STRAYS\"},\"image\":{\"@id\":\"https:\/\/www.placeforstrays.de\/en\/#\/schema\/logo\/image\/\"},\"sameAs\":[\"https:\/\/www.instagram.com\/placeforstraysalbufeira\/\",\"https:\/\/www.facebook.com\/groups\/1963615917246890\/\"]}]}<\/script>\n<!-- \/ Yoast SEO plugin. -->","yoast_head_json":{"title":"Faro - PLACE for STRAYS Albufeira","description":"Faro wurde mit seinen Geschwistern Lenny, Livy, Lotta & Rafinha in einem Karton im M\u00fcll gefunden. Zun\u00e4chst waren alle Welpen fit und genossen ihr neues Leben. Dann wurde zu unserem Entsetzen eines morgens Faro tot aufgefunden.","robots":{"index":"index","follow":"follow","max-snippet":"max-snippet:-1","max-image-preview":"max-image-preview:large","max-video-preview":"max-video-preview:-1"},"canonical":"https:\/\/www.placeforstrays.de\/en\/our-proteges\/faro\/","og_locale":"en_US","og_type":"article","og_title":"Faro - PLACE for STRAYS Albufeira","og_description":"Faro wurde mit seinen Geschwistern Lenny, Livy, Lotta & Rafinha in einem Karton im M\u00fcll gefunden. Zun\u00e4chst waren alle Welpen fit und genossen ihr neues Leben. Dann wurde zu unserem Entsetzen eines morgens Faro tot aufgefunden.","og_url":"https:\/\/www.placeforstrays.de\/en\/our-proteges\/faro\/","og_site_name":"PLACE for STRAYS Albufeira","article_publisher":"https:\/\/www.facebook.com\/groups\/1963615917246890\/","article_modified_time":"2023-03-08T13:41:38+00:00","og_image":[{"width":900,"height":1206,"url":"https:\/\/www.placeforstrays.de\/wp-content\/uploads\/2023\/03\/Faro1-e1678282634740.jpg","type":"image\/jpeg"}],"twitter_card":"summary_large_image","twitter_misc":{"Est. reading time":"1 minute"},"schema":{"@context":"https:\/\/schema.org","@graph":[{"@type":"WebPage","@id":"https:\/\/www.placeforstrays.de\/en\/our-proteges\/faro\/","url":"https:\/\/www.placeforstrays.de\/en\/our-proteges\/faro\/","name":"Faro - PLACE for STRAYS Albufeira","isPartOf":{"@id":"https:\/\/www.placeforstrays.de\/en\/#website"},"datePublished":"2023-03-08T13:41:21+00:00","dateModified":"2023-03-08T13:41:38+00:00","description":"Faro wurde mit seinen Geschwistern Lenny, Livy, Lotta & Rafinha in einem Karton im M\u00fcll gefunden. Zun\u00e4chst waren alle Welpen fit und genossen ihr neues Leben. Dann wurde zu unserem Entsetzen eines morgens Faro tot aufgefunden.","breadcrumb":{"@id":"https:\/\/www.placeforstrays.de\/en\/our-proteges\/faro\/#breadcrumb"},"inLanguage":"en-US","potentialAction":[{"@type":"ReadAction","target":["https:\/\/www.placeforstrays.de\/en\/our-proteges\/faro\/"]}]},{"@type":"BreadcrumbList","@id":"https:\/\/www.placeforstrays.de\/en\/our-proteges\/faro\/#breadcrumb","itemListElement":[{"@type":"ListItem","position":1,"name":"Startseite","item":"https:\/\/www.placeforstrays.de\/en\/"},{"@type":"ListItem","position":2,"name":"Projects","item":"https:\/\/www.placeforstrays.de\/en\/our-proteges\/"},{"@type":"ListItem","position":3,"name":"Faro"}]},{"@type":"WebSite","@id":"https:\/\/www.placeforstrays.de\/en\/#website","url":"https:\/\/www.placeforstrays.de\/en\/","name":"PLACE for STRAYS Albufeira","description":"Tierschutz","publisher":{"@id":"https:\/\/www.placeforstrays.de\/en\/#organization"},"potentialAction":[{"@type":"SearchAction","target":{"@type":"EntryPoint","urlTemplate":"https:\/\/www.placeforstrays.de\/en\/?s={search_term_string}"},"query-input":"required name=search_term_string"}],"inLanguage":"en-US"},{"@type":"Organization","@id":"https:\/\/www.placeforstrays.de\/en\/#organization","name":"PLACE for STRAYS","url":"https:\/\/www.placeforstrays.de\/en\/","logo":{"@type":"ImageObject","inLanguage":"en-US","@id":"https:\/\/www.placeforstrays.de\/en\/#\/schema\/logo\/image\/","url":"https:\/\/www.placeforstrays.de\/wp-content\/uploads\/2019\/07\/Logo-mit-Hintergrund-Kopie.jpg","contentUrl":"https:\/\/www.placeforstrays.de\/wp-content\/uploads\/2019\/07\/Logo-mit-Hintergrund-Kopie.jpg","width":277,"height":291,"caption":"PLACE for STRAYS"},"image":{"@id":"https:\/\/www.placeforstrays.de\/en\/#\/schema\/logo\/image\/"},"sameAs":["https:\/\/www.instagram.com\/placeforstraysalbufeira\/","https:\/\/www.facebook.com\/groups\/1963615917246890\/"]}]}},"_links":{"self":[{"href":"https:\/\/www.placeforstrays.de\/en\/wp-json\/wp\/v2\/project\/41271"}],"collection":[{"href":"https:\/\/www.placeforstrays.de\/en\/wp-json\/wp\/v2\/project"}],"about":[{"href":"https:\/\/www.placeforstrays.de\/en\/wp-json\/wp\/v2\/types\/project"}],"author":[{"embeddable":true,"href":"https:\/\/www.placeforstrays.de\/en\/wp-json\/wp\/v2\/users\/21"}],"replies":[{"embeddable":true,"href":"https:\/\/www.placeforstrays.de\/en\/wp-json\/wp\/v2\/comments?post=41271"}],"version-history":[{"count":1,"href":"https:\/\/www.placeforstrays.de\/en\/wp-json\/wp\/v2\/project\/41271\/revisions"}],"predecessor-version":[{"id":41280,"href":"https:\/\/www.placeforstrays.de\/en\/wp-json\/wp\/v2\/project\/41271\/revisions\/41280"}],"wp:featuredmedia":[{"embeddable":true,"href":"https:\/\/www.placeforstrays.de\/en\/wp-json\/wp\/v2\/media\/41272"}],"wp:attachment":[{"href":"https:\/\/www.placeforstrays.de\/en\/wp-json\/wp\/v2\/media?parent=41271"}],"wp:term":[{"taxonomy":"pj-categs","embeddable":true,"href":"https:\/\/www.placeforstrays.de\/en\/wp-json\/wp\/v2\/pj-categs?post=41271"},{"taxonomy":"pj-tags","embeddable":true,"href":"https:\/\/www.placeforstrays.de\/en\/wp-json\/wp\/v2\/pj-tags?post=41271"}],"curies":[{"name":"wp","href":"https:\/\/api.w.org\/{rel}","templated":true}]}}