{"id":41952,"date":"2023-04-25T20:56:14","date_gmt":"2023-04-25T18:56:14","guid":{"rendered":"https:\/\/www.placeforstrays.de\/?post_type=project&#038;p=41952"},"modified":"2023-11-08T14:40:58","modified_gmt":"2023-11-08T13:40:58","slug":"tom","status":"publish","type":"project","link":"https:\/\/www.placeforstrays.de\/en\/our-proteges\/tom\/","title":{"rendered":"Tom"},"content":{"rendered":"<style type=\"text\/css\"><\/style><div>\n<h3>Geschichte<\/h3>\n<\/div>\n<div class=\"x1e56ztr\">\n<div class=\"x1e56ztr\"><span class=\"x193iq5w xeuugli x13faqbe x1vvkbs x1xmvt09 x1lliihq x1s928wv xhkezso x1gmr53x x1cpjm7i x1fgarty x1943h6x xudqn12 x3x7a5m x6prxxf xvq8zen xo1l8bm xzsf02u\" dir=\"auto\"><span class=\"x193iq5w xeuugli x13faqbe x1vvkbs x1xmvt09 x6prxxf xvq8zen xo1l8bm xzsf02u\">Durch Zufall ist die Hundemama <a href=\"https:\/\/www.placeforstrays.de\/our-proteges\/tuffy\/\">Tuffy<\/a> mit ihrer kleinen Familie im PLACE for STRAYS eingezogen. Sie kamen von einem Mann, der eigentlich zu uns Kontakt aufgenommen hatte um Unterst\u00fctzung bei der Kastration seiner Hunde anzufragen, denn der Nachwuchs war gar nicht geplant. Letztendlich war der Mann sehr einsichtig und bem\u00fcht um das Wohlergehen seiner Hunde und \u00fcbergab uns Tuffy und ihre 2 Welpen Tom und <a href=\"https:\/\/www.placeforstrays.de\/our-proteges\/jerry\/\">Jerry<\/a><strong>.<\/strong><br \/>\n<\/span><\/span><\/div>\n<h3><\/h3>\n<h3>Charakter<\/h3>\n<p><span class=\"x193iq5w xeuugli x13faqbe x1vvkbs x1xmvt09 x6prxxf xvq8zen xo1l8bm xzsf02u\"><strong><span title=\"Le\u00f3n neu \">Tom<\/span><\/strong><\/span> wohnt nun schon etwas l\u00e4nger bei uns und macht sich richtig gut. Er liebt es zu kuscheln und freut sich immer mehr \u00fcber Menschenkontakt. Auch bei neuen Menschen setzt er sich nach einer kleinen Kennenlernphase ganz gerne auf Ihren Scho\u00df und schl\u00e4ft auch ab und zu unter einem ein. Tom<b>\u00a0<\/b>l\u00e4sst sich erst auf den zweiten Blick von seiner Mama Tuffy unterscheiden, die \u00c4hnlichkeit ist wirklich enorm. Nicht nur optisch \u00e4hneln sich die beiden &#8211; Tom scheint auch die Diva-Attit\u00fcde von seiner Mama \u00fcbernommen zu haben und kann auch mal zickig werden wenn die anderen Hunde im Shelter ebenso Aufmerksamkeit bekommen. Hier reicht es ihm klare Regeln vorzugeben, an die der kleine Kerl sich auch gut h\u00e4lt. Sonst benimmt sich der junge Bub vorbildlich, l\u00e4uft schon super an der Leine, kommt gut mit anderen Hunden klar und schafft es auch sich zur\u00fcckzuziehen wenn es ihm zu viel Trubel ist und er seine Ruhe braucht.<\/p>\n<\/div>\n<div id='gallery-1' class='gallery galleryid-41952 gallery-columns-2 gallery-size-thumbnail'><figure class='gallery-item'>\n\t\t\t<div class='gallery-icon portrait'>\n\t\t\t\t<a href='https:\/\/www.placeforstrays.de\/en\/tom-11-2\/'><img width=\"150\" height=\"150\" src=\"https:\/\/www.placeforstrays.de\/wp-content\/uploads\/2023\/04\/Tom-11-150x150.jpg\" class=\"attachment-thumbnail size-thumbnail\" alt=\"\" srcset=\"https:\/\/www.placeforstrays.de\/wp-content\/uploads\/2023\/04\/Tom-11-150x150.jpg 150w, https:\/\/www.placeforstrays.de\/wp-content\/uploads\/2023\/04\/Tom-11-55x55.jpg 55w, https:\/\/www.placeforstrays.de\/wp-content\/uploads\/2023\/04\/Tom-11-250x250.jpg 250w\" sizes=\"(max-width: 150px) 100vw, 150px\" \/><\/a>\n\t\t\t<\/div><\/figure><figure class='gallery-item'>\n\t\t\t<div class='gallery-icon landscape'>\n\t\t\t\t<a href='https:\/\/www.placeforstrays.de\/en\/tom-10-2\/'><img width=\"150\" height=\"150\" src=\"https:\/\/www.placeforstrays.de\/wp-content\/uploads\/2023\/04\/Tom-10-150x150.jpg\" class=\"attachment-thumbnail size-thumbnail\" alt=\"\" srcset=\"https:\/\/www.placeforstrays.de\/wp-content\/uploads\/2023\/04\/Tom-10-150x150.jpg 150w, https:\/\/www.placeforstrays.de\/wp-content\/uploads\/2023\/04\/Tom-10-55x55.jpg 55w, https:\/\/www.placeforstrays.de\/wp-content\/uploads\/2023\/04\/Tom-10-250x250.jpg 250w\" sizes=\"(max-width: 150px) 100vw, 150px\" \/><\/a>\n\t\t\t<\/div><\/figure><figure class='gallery-item'>\n\t\t\t<div class='gallery-icon portrait'>\n\t\t\t\t<a href='https:\/\/www.placeforstrays.de\/en\/tom-9-2\/'><img width=\"150\" height=\"150\" src=\"https:\/\/www.placeforstrays.de\/wp-content\/uploads\/2023\/04\/Tom-9-150x150.jpg\" class=\"attachment-thumbnail size-thumbnail\" alt=\"\" srcset=\"https:\/\/www.placeforstrays.de\/wp-content\/uploads\/2023\/04\/Tom-9-150x150.jpg 150w, https:\/\/www.placeforstrays.de\/wp-content\/uploads\/2023\/04\/Tom-9-55x55.jpg 55w, https:\/\/www.placeforstrays.de\/wp-content\/uploads\/2023\/04\/Tom-9-250x250.jpg 250w\" sizes=\"(max-width: 150px) 100vw, 150px\" \/><\/a>\n\t\t\t<\/div><\/figure><figure class='gallery-item'>\n\t\t\t<div class='gallery-icon portrait'>\n\t\t\t\t<a href='https:\/\/www.placeforstrays.de\/en\/tom-8-2\/'><img width=\"150\" height=\"150\" src=\"https:\/\/www.placeforstrays.de\/wp-content\/uploads\/2023\/04\/Tom-8-150x150.jpg\" class=\"attachment-thumbnail size-thumbnail\" alt=\"\" srcset=\"https:\/\/www.placeforstrays.de\/wp-content\/uploads\/2023\/04\/Tom-8-150x150.jpg 150w, https:\/\/www.placeforstrays.de\/wp-content\/uploads\/2023\/04\/Tom-8-55x55.jpg 55w, https:\/\/www.placeforstrays.de\/wp-content\/uploads\/2023\/04\/Tom-8-250x250.jpg 250w\" sizes=\"(max-width: 150px) 100vw, 150px\" \/><\/a>\n\t\t\t<\/div><\/figure><figure class='gallery-item'>\n\t\t\t<div class='gallery-icon landscape'>\n\t\t\t\t<a href='https:\/\/www.placeforstrays.de\/en\/tom-7-2\/'><img width=\"150\" height=\"150\" src=\"https:\/\/www.placeforstrays.de\/wp-content\/uploads\/2023\/04\/Tom-7-150x150.jpg\" class=\"attachment-thumbnail size-thumbnail\" alt=\"\" srcset=\"https:\/\/www.placeforstrays.de\/wp-content\/uploads\/2023\/04\/Tom-7-150x150.jpg 150w, https:\/\/www.placeforstrays.de\/wp-content\/uploads\/2023\/04\/Tom-7-55x55.jpg 55w, https:\/\/www.placeforstrays.de\/wp-content\/uploads\/2023\/04\/Tom-7-250x250.jpg 250w\" sizes=\"(max-width: 150px) 100vw, 150px\" \/><\/a>\n\t\t\t<\/div><\/figure><figure class='gallery-item'>\n\t\t\t<div class='gallery-icon portrait'>\n\t\t\t\t<a href='https:\/\/www.placeforstrays.de\/en\/tom-6-2\/'><img width=\"150\" height=\"150\" src=\"https:\/\/www.placeforstrays.de\/wp-content\/uploads\/2023\/04\/Tom-6-150x150.jpeg\" class=\"attachment-thumbnail size-thumbnail\" alt=\"\" srcset=\"https:\/\/www.placeforstrays.de\/wp-content\/uploads\/2023\/04\/Tom-6-150x150.jpeg 150w, https:\/\/www.placeforstrays.de\/wp-content\/uploads\/2023\/04\/Tom-6-55x55.jpeg 55w, https:\/\/www.placeforstrays.de\/wp-content\/uploads\/2023\/04\/Tom-6-250x250.jpeg 250w\" sizes=\"(max-width: 150px) 100vw, 150px\" \/><\/a>\n\t\t\t<\/div><\/figure><figure class='gallery-item'>\n\t\t\t<div class='gallery-icon landscape'>\n\t\t\t\t<a href='https:\/\/www.placeforstrays.de\/en\/tom-5-2-2\/'><img width=\"150\" height=\"150\" src=\"https:\/\/www.placeforstrays.de\/wp-content\/uploads\/2023\/04\/Tom-5-1-150x150.jpeg\" class=\"attachment-thumbnail size-thumbnail\" alt=\"\" srcset=\"https:\/\/www.placeforstrays.de\/wp-content\/uploads\/2023\/04\/Tom-5-1-150x150.jpeg 150w, https:\/\/www.placeforstrays.de\/wp-content\/uploads\/2023\/04\/Tom-5-1-55x55.jpeg 55w, https:\/\/www.placeforstrays.de\/wp-content\/uploads\/2023\/04\/Tom-5-1-250x250.jpeg 250w\" sizes=\"(max-width: 150px) 100vw, 150px\" \/><\/a>\n\t\t\t<\/div><\/figure><figure class='gallery-item'>\n\t\t\t<div class='gallery-icon portrait'>\n\t\t\t\t<a href='https:\/\/www.placeforstrays.de\/en\/tom-4-2\/'><img width=\"150\" height=\"150\" src=\"https:\/\/www.placeforstrays.de\/wp-content\/uploads\/2023\/04\/Tom-4-150x150.jpeg\" class=\"attachment-thumbnail size-thumbnail\" alt=\"\" srcset=\"https:\/\/www.placeforstrays.de\/wp-content\/uploads\/2023\/04\/Tom-4-150x150.jpeg 150w, https:\/\/www.placeforstrays.de\/wp-content\/uploads\/2023\/04\/Tom-4-55x55.jpeg 55w, https:\/\/www.placeforstrays.de\/wp-content\/uploads\/2023\/04\/Tom-4-250x250.jpeg 250w\" sizes=\"(max-width: 150px) 100vw, 150px\" \/><\/a>\n\t\t\t<\/div><\/figure><figure class='gallery-item'>\n\t\t\t<div class='gallery-icon portrait'>\n\t\t\t\t<a href='https:\/\/www.placeforstrays.de\/en\/tom-2-2\/'><img width=\"150\" height=\"150\" src=\"https:\/\/www.placeforstrays.de\/wp-content\/uploads\/2023\/04\/Tom-2-150x150.jpeg\" class=\"attachment-thumbnail size-thumbnail\" alt=\"\" srcset=\"https:\/\/www.placeforstrays.de\/wp-content\/uploads\/2023\/04\/Tom-2-150x150.jpeg 150w, https:\/\/www.placeforstrays.de\/wp-content\/uploads\/2023\/04\/Tom-2-55x55.jpeg 55w, https:\/\/www.placeforstrays.de\/wp-content\/uploads\/2023\/04\/Tom-2-250x250.jpeg 250w\" sizes=\"(max-width: 150px) 100vw, 150px\" \/><\/a>\n\t\t\t<\/div><\/figure><figure class='gallery-item'>\n\t\t\t<div class='gallery-icon portrait'>\n\t\t\t\t<a href='https:\/\/www.placeforstrays.de\/en\/071ea360-099e-47b8-9ecd-a8099daed308-2\/'><img width=\"150\" height=\"150\" src=\"https:\/\/www.placeforstrays.de\/wp-content\/uploads\/2023\/04\/071ea360-099e-47b8-9ecd-a8099daed308-150x150.jpg\" class=\"attachment-thumbnail size-thumbnail\" alt=\"\" srcset=\"https:\/\/www.placeforstrays.de\/wp-content\/uploads\/2023\/04\/071ea360-099e-47b8-9ecd-a8099daed308-150x150.jpg 150w, https:\/\/www.placeforstrays.de\/wp-content\/uploads\/2023\/04\/071ea360-099e-47b8-9ecd-a8099daed308-55x55.jpg 55w, https:\/\/www.placeforstrays.de\/wp-content\/uploads\/2023\/04\/071ea360-099e-47b8-9ecd-a8099daed308-250x250.jpg 250w\" sizes=\"(max-width: 150px) 100vw, 150px\" \/><\/a>\n\t\t\t<\/div><\/figure><figure class='gallery-item'>\n\t\t\t<div class='gallery-icon portrait'>\n\t\t\t\t<a href='https:\/\/www.placeforstrays.de\/en\/211f19c5-6169-4b45-8094-e240e8024fed-2\/'><img width=\"150\" height=\"150\" src=\"https:\/\/www.placeforstrays.de\/wp-content\/uploads\/2023\/04\/211f19c5-6169-4b45-8094-e240e8024fed-150x150.jpg\" class=\"attachment-thumbnail size-thumbnail\" alt=\"\" srcset=\"https:\/\/www.placeforstrays.de\/wp-content\/uploads\/2023\/04\/211f19c5-6169-4b45-8094-e240e8024fed-150x150.jpg 150w, https:\/\/www.placeforstrays.de\/wp-content\/uploads\/2023\/04\/211f19c5-6169-4b45-8094-e240e8024fed-55x55.jpg 55w, https:\/\/www.placeforstrays.de\/wp-content\/uploads\/2023\/04\/211f19c5-6169-4b45-8094-e240e8024fed-250x250.jpg 250w\" sizes=\"(max-width: 150px) 100vw, 150px\" \/><\/a>\n\t\t\t<\/div><\/figure>\n\t\t<\/div>\n\n","protected":false},"excerpt":{"rendered":"<p>Geschichte Durch Zufall ist die Hundemama Tuffy mit ihrer kleinen Familie im PLACE for STRAYS eingezogen. Sie kamen von einem Mann, der eigentlich zu uns Kontakt aufgenommen hatte um Unterst\u00fctzung bei der Kastration seiner Hunde anzufragen, denn der Nachwuchs war gar nicht geplant. Letztendlich war der Mann sehr einsichtig und bem\u00fcht um das Wohlergehen seiner&#8230;<\/p>\n","protected":false},"author":21,"featured_media":44318,"menu_order":0,"comment_status":"closed","ping_status":"closed","template":"","format":"standard","meta":[],"pj-categs":[14,19,17,37],"pj-tags":[],"yoast_head":"<!-- This site is optimized with the Yoast SEO plugin v19.13 - https:\/\/yoast.com\/wordpress\/plugins\/seo\/ -->\n<title>Tom fand ein liebevolles Zuhause - PLACE for STRAYS Albufeira<\/title>\n<meta name=\"description\" content=\"Die H\u00fcndin Tuffy bekam unerwarteten Nachwuchs und so entschied sich der ehemalige Besitzer die kleine Familie in die Obhut des PLACE for STRAYS zu geben.\" \/>\n<meta name=\"robots\" content=\"index, follow, max-snippet:-1, max-image-preview:large, max-video-preview:-1\" \/>\n<link rel=\"canonical\" href=\"https:\/\/www.placeforstrays.de\/en\/our-proteges\/tom\/\" \/>\n<meta property=\"og:locale\" content=\"en_US\" \/>\n<meta property=\"og:type\" content=\"article\" \/>\n<meta property=\"og:title\" content=\"Tom fand ein liebevolles Zuhause - PLACE for STRAYS Albufeira\" \/>\n<meta property=\"og:description\" content=\"Die H\u00fcndin Tuffy bekam unerwarteten Nachwuchs und so entschied sich der ehemalige Besitzer die kleine Familie in die Obhut des PLACE for STRAYS zu geben.\" \/>\n<meta property=\"og:url\" content=\"https:\/\/www.placeforstrays.de\/en\/our-proteges\/tom\/\" \/>\n<meta property=\"og:site_name\" content=\"PLACE for STRAYS Albufeira\" \/>\n<meta property=\"article:publisher\" content=\"https:\/\/www.facebook.com\/groups\/1963615917246890\/\" \/>\n<meta property=\"article:modified_time\" content=\"2023-11-08T13:40:58+00:00\" \/>\n<meta property=\"og:image\" content=\"https:\/\/www.placeforstrays.de\/wp-content\/uploads\/2023\/04\/Rafhina-adopted-e1699446180252.jpg\" \/>\n\t<meta property=\"og:image:width\" content=\"1040\" \/>\n\t<meta property=\"og:image:height\" content=\"792\" \/>\n\t<meta property=\"og:image:type\" content=\"image\/jpeg\" \/>\n<meta name=\"twitter:card\" content=\"summary_large_image\" \/>\n<meta name=\"twitter:label1\" content=\"Est. reading time\" \/>\n\t<meta name=\"twitter:data1\" content=\"2 minutes\" \/>\n<script type=\"application\/ld+json\" class=\"yoast-schema-graph\">{\"@context\":\"https:\/\/schema.org\",\"@graph\":[{\"@type\":\"WebPage\",\"@id\":\"https:\/\/www.placeforstrays.de\/en\/our-proteges\/tom\/\",\"url\":\"https:\/\/www.placeforstrays.de\/en\/our-proteges\/tom\/\",\"name\":\"Tom fand ein liebevolles Zuhause - PLACE for STRAYS Albufeira\",\"isPartOf\":{\"@id\":\"https:\/\/www.placeforstrays.de\/en\/#website\"},\"datePublished\":\"2023-04-25T18:56:14+00:00\",\"dateModified\":\"2023-11-08T13:40:58+00:00\",\"description\":\"Die H\u00fcndin Tuffy bekam unerwarteten Nachwuchs und so entschied sich der ehemalige Besitzer die kleine Familie in die Obhut des PLACE for STRAYS zu geben.\",\"breadcrumb\":{\"@id\":\"https:\/\/www.placeforstrays.de\/en\/our-proteges\/tom\/#breadcrumb\"},\"inLanguage\":\"en-US\",\"potentialAction\":[{\"@type\":\"ReadAction\",\"target\":[\"https:\/\/www.placeforstrays.de\/en\/our-proteges\/tom\/\"]}]},{\"@type\":\"BreadcrumbList\",\"@id\":\"https:\/\/www.placeforstrays.de\/en\/our-proteges\/tom\/#breadcrumb\",\"itemListElement\":[{\"@type\":\"ListItem\",\"position\":1,\"name\":\"Startseite\",\"item\":\"https:\/\/www.placeforstrays.de\/en\/\"},{\"@type\":\"ListItem\",\"position\":2,\"name\":\"Projects\",\"item\":\"https:\/\/www.placeforstrays.de\/en\/our-proteges\/\"},{\"@type\":\"ListItem\",\"position\":3,\"name\":\"Tom\"}]},{\"@type\":\"WebSite\",\"@id\":\"https:\/\/www.placeforstrays.de\/en\/#website\",\"url\":\"https:\/\/www.placeforstrays.de\/en\/\",\"name\":\"PLACE for STRAYS Albufeira\",\"description\":\"Tierschutz\",\"publisher\":{\"@id\":\"https:\/\/www.placeforstrays.de\/en\/#organization\"},\"potentialAction\":[{\"@type\":\"SearchAction\",\"target\":{\"@type\":\"EntryPoint\",\"urlTemplate\":\"https:\/\/www.placeforstrays.de\/en\/?s={search_term_string}\"},\"query-input\":\"required name=search_term_string\"}],\"inLanguage\":\"en-US\"},{\"@type\":\"Organization\",\"@id\":\"https:\/\/www.placeforstrays.de\/en\/#organization\",\"name\":\"PLACE for STRAYS\",\"url\":\"https:\/\/www.placeforstrays.de\/en\/\",\"logo\":{\"@type\":\"ImageObject\",\"inLanguage\":\"en-US\",\"@id\":\"https:\/\/www.placeforstrays.de\/en\/#\/schema\/logo\/image\/\",\"url\":\"https:\/\/www.placeforstrays.de\/wp-content\/uploads\/2019\/07\/Logo-mit-Hintergrund-Kopie.jpg\",\"contentUrl\":\"https:\/\/www.placeforstrays.de\/wp-content\/uploads\/2019\/07\/Logo-mit-Hintergrund-Kopie.jpg\",\"width\":277,\"height\":291,\"caption\":\"PLACE for STRAYS\"},\"image\":{\"@id\":\"https:\/\/www.placeforstrays.de\/en\/#\/schema\/logo\/image\/\"},\"sameAs\":[\"https:\/\/www.instagram.com\/placeforstraysalbufeira\/\",\"https:\/\/www.facebook.com\/groups\/1963615917246890\/\"]}]}<\/script>\n<!-- \/ Yoast SEO plugin. -->","yoast_head_json":{"title":"Tom fand ein liebevolles Zuhause - PLACE for STRAYS Albufeira","description":"Die H\u00fcndin Tuffy bekam unerwarteten Nachwuchs und so entschied sich der ehemalige Besitzer die kleine Familie in die Obhut des PLACE for STRAYS zu geben.","robots":{"index":"index","follow":"follow","max-snippet":"max-snippet:-1","max-image-preview":"max-image-preview:large","max-video-preview":"max-video-preview:-1"},"canonical":"https:\/\/www.placeforstrays.de\/en\/our-proteges\/tom\/","og_locale":"en_US","og_type":"article","og_title":"Tom fand ein liebevolles Zuhause - PLACE for STRAYS Albufeira","og_description":"Die H\u00fcndin Tuffy bekam unerwarteten Nachwuchs und so entschied sich der ehemalige Besitzer die kleine Familie in die Obhut des PLACE for STRAYS zu geben.","og_url":"https:\/\/www.placeforstrays.de\/en\/our-proteges\/tom\/","og_site_name":"PLACE for STRAYS Albufeira","article_publisher":"https:\/\/www.facebook.com\/groups\/1963615917246890\/","article_modified_time":"2023-11-08T13:40:58+00:00","og_image":[{"width":1040,"height":792,"url":"https:\/\/www.placeforstrays.de\/wp-content\/uploads\/2023\/04\/Rafhina-adopted-e1699446180252.jpg","type":"image\/jpeg"}],"twitter_card":"summary_large_image","twitter_misc":{"Est. reading time":"2 minutes"},"schema":{"@context":"https:\/\/schema.org","@graph":[{"@type":"WebPage","@id":"https:\/\/www.placeforstrays.de\/en\/our-proteges\/tom\/","url":"https:\/\/www.placeforstrays.de\/en\/our-proteges\/tom\/","name":"Tom fand ein liebevolles Zuhause - PLACE for STRAYS Albufeira","isPartOf":{"@id":"https:\/\/www.placeforstrays.de\/en\/#website"},"datePublished":"2023-04-25T18:56:14+00:00","dateModified":"2023-11-08T13:40:58+00:00","description":"Die H\u00fcndin Tuffy bekam unerwarteten Nachwuchs und so entschied sich der ehemalige Besitzer die kleine Familie in die Obhut des PLACE for STRAYS zu geben.","breadcrumb":{"@id":"https:\/\/www.placeforstrays.de\/en\/our-proteges\/tom\/#breadcrumb"},"inLanguage":"en-US","potentialAction":[{"@type":"ReadAction","target":["https:\/\/www.placeforstrays.de\/en\/our-proteges\/tom\/"]}]},{"@type":"BreadcrumbList","@id":"https:\/\/www.placeforstrays.de\/en\/our-proteges\/tom\/#breadcrumb","itemListElement":[{"@type":"ListItem","position":1,"name":"Startseite","item":"https:\/\/www.placeforstrays.de\/en\/"},{"@type":"ListItem","position":2,"name":"Projects","item":"https:\/\/www.placeforstrays.de\/en\/our-proteges\/"},{"@type":"ListItem","position":3,"name":"Tom"}]},{"@type":"WebSite","@id":"https:\/\/www.placeforstrays.de\/en\/#website","url":"https:\/\/www.placeforstrays.de\/en\/","name":"PLACE for STRAYS Albufeira","description":"Tierschutz","publisher":{"@id":"https:\/\/www.placeforstrays.de\/en\/#organization"},"potentialAction":[{"@type":"SearchAction","target":{"@type":"EntryPoint","urlTemplate":"https:\/\/www.placeforstrays.de\/en\/?s={search_term_string}"},"query-input":"required name=search_term_string"}],"inLanguage":"en-US"},{"@type":"Organization","@id":"https:\/\/www.placeforstrays.de\/en\/#organization","name":"PLACE for STRAYS","url":"https:\/\/www.placeforstrays.de\/en\/","logo":{"@type":"ImageObject","inLanguage":"en-US","@id":"https:\/\/www.placeforstrays.de\/en\/#\/schema\/logo\/image\/","url":"https:\/\/www.placeforstrays.de\/wp-content\/uploads\/2019\/07\/Logo-mit-Hintergrund-Kopie.jpg","contentUrl":"https:\/\/www.placeforstrays.de\/wp-content\/uploads\/2019\/07\/Logo-mit-Hintergrund-Kopie.jpg","width":277,"height":291,"caption":"PLACE for STRAYS"},"image":{"@id":"https:\/\/www.placeforstrays.de\/en\/#\/schema\/logo\/image\/"},"sameAs":["https:\/\/www.instagram.com\/placeforstraysalbufeira\/","https:\/\/www.facebook.com\/groups\/1963615917246890\/"]}]}},"_links":{"self":[{"href":"https:\/\/www.placeforstrays.de\/en\/wp-json\/wp\/v2\/project\/41952"}],"collection":[{"href":"https:\/\/www.placeforstrays.de\/en\/wp-json\/wp\/v2\/project"}],"about":[{"href":"https:\/\/www.placeforstrays.de\/en\/wp-json\/wp\/v2\/types\/project"}],"author":[{"embeddable":true,"href":"https:\/\/www.placeforstrays.de\/en\/wp-json\/wp\/v2\/users\/21"}],"replies":[{"embeddable":true,"href":"https:\/\/www.placeforstrays.de\/en\/wp-json\/wp\/v2\/comments?post=41952"}],"version-history":[{"count":10,"href":"https:\/\/www.placeforstrays.de\/en\/wp-json\/wp\/v2\/project\/41952\/revisions"}],"predecessor-version":[{"id":44136,"href":"https:\/\/www.placeforstrays.de\/en\/wp-json\/wp\/v2\/project\/41952\/revisions\/44136"}],"wp:featuredmedia":[{"embeddable":true,"href":"https:\/\/www.placeforstrays.de\/en\/wp-json\/wp\/v2\/media\/44318"}],"wp:attachment":[{"href":"https:\/\/www.placeforstrays.de\/en\/wp-json\/wp\/v2\/media?parent=41952"}],"wp:term":[{"taxonomy":"pj-categs","embeddable":true,"href":"https:\/\/www.placeforstrays.de\/en\/wp-json\/wp\/v2\/pj-categs?post=41952"},{"taxonomy":"pj-tags","embeddable":true,"href":"https:\/\/www.placeforstrays.de\/en\/wp-json\/wp\/v2\/pj-tags?post=41952"}],"curies":[{"name":"wp","href":"https:\/\/api.w.org\/{rel}","templated":true}]}}