{"id":42494,"date":"2023-06-08T13:09:49","date_gmt":"2023-06-08T11:09:49","guid":{"rendered":"https:\/\/www.placeforstrays.de\/?post_type=project&#038;p=42494"},"modified":"2023-09-27T20:34:05","modified_gmt":"2023-09-27T18:34:05","slug":"benson","status":"publish","type":"project","link":"https:\/\/www.placeforstrays.de\/en\/our-proteges\/benson\/","title":{"rendered":"Benson"},"content":{"rendered":"<style type=\"text\/css\"><\/style><h3>Geschichte<\/h3>\n<div class=\"x1e56ztr\"><span class=\"x193iq5w xeuugli x13faqbe x1vvkbs xlh3980 xvmahel x1n0sxbx x6prxxf xvq8zen xo1l8bm xzsf02u\">Die beiden Welpen <a href=\"https:\/\/www.placeforstrays.de\/our-proteges\/bobby\/\">Bobby<\/a> und <strong>Benson<\/strong> und ihre Hundemama wurden von einer lieben Unterst\u00fctzerin, Nadine, mitten auf einer viel befahrenen Stra\u00dfe entdeckt, wo sie kreuz und Quer herumrannten. Die Gefahr, dass einer der kleinen Hundefamilie angefahren werden w\u00fcrde, war nat\u00fcrlich sehr gro\u00df, weshalb Nadine, es nicht \u00fcbers Herz bringen konnte, weiterzufahren. Die beiden kleinen Welpen lie\u00dfen sich von ihr direkt einfangen und in den Kofferraum setzen, doch die Hundemama hatte Angst und lief leider davon. Trotz dessen wollte sie die Welpen unm\u00f6glich alleine an der Stra\u00dfe zur\u00fccklassen, weshalb sie uns um Hilfe bat, die beiden bei uns aufzunehmen.\u00a0\u00a0<\/span><\/div>\n<div class=\"x1e56ztr\"><span class=\"x193iq5w xeuugli x13faqbe x1vvkbs xlh3980 xvmahel x1n0sxbx x6prxxf xvq8zen xo1l8bm xzsf02u\">Die kleinen Jungs wohnen nun vorerst in unserer Quarant\u00e4nestation &#8211; bei weiteren Versuchen, die Hundemama an dem besagten Ort zu finden, hatten wir leider kein Gl\u00fcck weshalb die Welpen nun alleine bei uns eingezogen sind. Die Welpen ohne ihre Hundemama aufzunehmen ist zwar nicht toll, aber wir hoffen dennoch dass sich herausfinden l\u00e4sst, wo sie sich befindet, und wir auch ihr helfen k\u00f6nnen.<\/span><\/div>\n<div><\/div>\n<div>\n<p>&nbsp;<\/p>\n<h3>Charakter<\/h3>\n<p><strong>Benson <\/strong>hat sich gut bei uns eingelebt. Er erkundet gerne das Grundst\u00fcck und kommt gerade mit den anderen Welpen in seinem Alter sehr gut zurecht, auch mit den gro\u00dfen Hunden klappt es gut. Der kleine hat sehr viel Energie, rennt und spielt super gerne und macht dabei auch gerne mal Quatsch. Benson hat auch Wasser f\u00fcr sich entdeckt, er liebt es in gr\u00f6\u00dfere Wassersch\u00fcsseln reinzuspringen und drin zu w\u00fchlen. Generell ist er eher aufgeweckt und mutig.<\/p>\n<\/div>\n<div class=\"x1e56ztr\">\n<div id='gallery-1' class='gallery galleryid-42494 gallery-columns-2 gallery-size-thumbnail'><figure class='gallery-item'>\n\t\t\t<div class='gallery-icon portrait'>\n\t\t\t\t<a href='https:\/\/www.placeforstrays.de\/en\/whatsapp-image-2023-07-26-at-08-01-59-2\/'><img width=\"150\" height=\"150\" src=\"https:\/\/www.placeforstrays.de\/wp-content\/uploads\/2023\/06\/WhatsApp-Image-2023-07-26-at-08.01.59-150x150.jpeg\" class=\"attachment-thumbnail size-thumbnail\" alt=\"\" srcset=\"https:\/\/www.placeforstrays.de\/wp-content\/uploads\/2023\/06\/WhatsApp-Image-2023-07-26-at-08.01.59-150x150.jpeg 150w, https:\/\/www.placeforstrays.de\/wp-content\/uploads\/2023\/06\/WhatsApp-Image-2023-07-26-at-08.01.59-55x55.jpeg 55w, https:\/\/www.placeforstrays.de\/wp-content\/uploads\/2023\/06\/WhatsApp-Image-2023-07-26-at-08.01.59-250x250.jpeg 250w\" sizes=\"(max-width: 150px) 100vw, 150px\" \/><\/a>\n\t\t\t<\/div><\/figure><figure class='gallery-item'>\n\t\t\t<div class='gallery-icon portrait'>\n\t\t\t\t<a href='https:\/\/www.placeforstrays.de\/en\/whatsapp-image-2023-07-16-at-18-15-00-2\/'><img width=\"150\" height=\"150\" src=\"https:\/\/www.placeforstrays.de\/wp-content\/uploads\/2023\/06\/WhatsApp-Image-2023-07-16-at-18.15.00-150x150.jpeg\" class=\"attachment-thumbnail size-thumbnail\" alt=\"\" srcset=\"https:\/\/www.placeforstrays.de\/wp-content\/uploads\/2023\/06\/WhatsApp-Image-2023-07-16-at-18.15.00-150x150.jpeg 150w, https:\/\/www.placeforstrays.de\/wp-content\/uploads\/2023\/06\/WhatsApp-Image-2023-07-16-at-18.15.00-55x55.jpeg 55w, https:\/\/www.placeforstrays.de\/wp-content\/uploads\/2023\/06\/WhatsApp-Image-2023-07-16-at-18.15.00-250x250.jpeg 250w\" sizes=\"(max-width: 150px) 100vw, 150px\" \/><\/a>\n\t\t\t<\/div><\/figure><figure class='gallery-item'>\n\t\t\t<div class='gallery-icon portrait'>\n\t\t\t\t<a href='https:\/\/www.placeforstrays.de\/en\/whatsapp-image-2023-07-26-at-08-02-01-2\/'><img width=\"150\" height=\"150\" src=\"https:\/\/www.placeforstrays.de\/wp-content\/uploads\/2023\/06\/WhatsApp-Image-2023-07-26-at-08.02.01-150x150.jpeg\" class=\"attachment-thumbnail size-thumbnail\" alt=\"\" srcset=\"https:\/\/www.placeforstrays.de\/wp-content\/uploads\/2023\/06\/WhatsApp-Image-2023-07-26-at-08.02.01-150x150.jpeg 150w, https:\/\/www.placeforstrays.de\/wp-content\/uploads\/2023\/06\/WhatsApp-Image-2023-07-26-at-08.02.01-55x55.jpeg 55w, https:\/\/www.placeforstrays.de\/wp-content\/uploads\/2023\/06\/WhatsApp-Image-2023-07-26-at-08.02.01-250x250.jpeg 250w\" sizes=\"(max-width: 150px) 100vw, 150px\" \/><\/a>\n\t\t\t<\/div><\/figure><figure class='gallery-item'>\n\t\t\t<div class='gallery-icon landscape'>\n\t\t\t\t<a href='https:\/\/www.placeforstrays.de\/en\/whatsapp-image-2023-07-26-at-08-02-02-2\/'><img width=\"150\" height=\"150\" src=\"https:\/\/www.placeforstrays.de\/wp-content\/uploads\/2023\/06\/WhatsApp-Image-2023-07-26-at-08.02.02-150x150.jpeg\" class=\"attachment-thumbnail size-thumbnail\" alt=\"\" srcset=\"https:\/\/www.placeforstrays.de\/wp-content\/uploads\/2023\/06\/WhatsApp-Image-2023-07-26-at-08.02.02-150x150.jpeg 150w, https:\/\/www.placeforstrays.de\/wp-content\/uploads\/2023\/06\/WhatsApp-Image-2023-07-26-at-08.02.02-55x55.jpeg 55w, https:\/\/www.placeforstrays.de\/wp-content\/uploads\/2023\/06\/WhatsApp-Image-2023-07-26-at-08.02.02-250x250.jpeg 250w\" sizes=\"(max-width: 150px) 100vw, 150px\" \/><\/a>\n\t\t\t<\/div><\/figure><figure class='gallery-item'>\n\t\t\t<div class='gallery-icon landscape'>\n\t\t\t\t<a href='https:\/\/www.placeforstrays.de\/en\/whatsapp-image-2023-07-26-at-08-02-00-2\/'><img width=\"150\" height=\"150\" src=\"https:\/\/www.placeforstrays.de\/wp-content\/uploads\/2023\/06\/WhatsApp-Image-2023-07-26-at-08.02.00-150x150.jpeg\" class=\"attachment-thumbnail size-thumbnail\" alt=\"\" srcset=\"https:\/\/www.placeforstrays.de\/wp-content\/uploads\/2023\/06\/WhatsApp-Image-2023-07-26-at-08.02.00-150x150.jpeg 150w, https:\/\/www.placeforstrays.de\/wp-content\/uploads\/2023\/06\/WhatsApp-Image-2023-07-26-at-08.02.00-55x55.jpeg 55w, https:\/\/www.placeforstrays.de\/wp-content\/uploads\/2023\/06\/WhatsApp-Image-2023-07-26-at-08.02.00-250x250.jpeg 250w\" sizes=\"(max-width: 150px) 100vw, 150px\" \/><\/a>\n\t\t\t<\/div><\/figure><figure class='gallery-item'>\n\t\t\t<div class='gallery-icon portrait'>\n\t\t\t\t<a href='https:\/\/www.placeforstrays.de\/en\/whatsapp-image-2023-06-02-at-17-26-58-2\/'><img width=\"150\" height=\"150\" src=\"https:\/\/www.placeforstrays.de\/wp-content\/uploads\/2023\/06\/WhatsApp-Image-2023-06-02-at-17.26.58-150x150.jpeg\" class=\"attachment-thumbnail size-thumbnail\" alt=\"\" srcset=\"https:\/\/www.placeforstrays.de\/wp-content\/uploads\/2023\/06\/WhatsApp-Image-2023-06-02-at-17.26.58-150x150.jpeg 150w, https:\/\/www.placeforstrays.de\/wp-content\/uploads\/2023\/06\/WhatsApp-Image-2023-06-02-at-17.26.58-55x55.jpeg 55w, https:\/\/www.placeforstrays.de\/wp-content\/uploads\/2023\/06\/WhatsApp-Image-2023-06-02-at-17.26.58-250x250.jpeg 250w\" sizes=\"(max-width: 150px) 100vw, 150px\" \/><\/a>\n\t\t\t<\/div><\/figure><figure class='gallery-item'>\n\t\t\t<div class='gallery-icon portrait'>\n\t\t\t\t<a href='https:\/\/www.placeforstrays.de\/en\/whatsapp-image-2023-05-22-at-14-29-55-2\/'><img width=\"150\" height=\"150\" src=\"https:\/\/www.placeforstrays.de\/wp-content\/uploads\/2023\/06\/WhatsApp-Image-2023-05-22-at-14.29.55-150x150.jpeg\" class=\"attachment-thumbnail size-thumbnail\" alt=\"\" srcset=\"https:\/\/www.placeforstrays.de\/wp-content\/uploads\/2023\/06\/WhatsApp-Image-2023-05-22-at-14.29.55-150x150.jpeg 150w, https:\/\/www.placeforstrays.de\/wp-content\/uploads\/2023\/06\/WhatsApp-Image-2023-05-22-at-14.29.55-55x55.jpeg 55w, https:\/\/www.placeforstrays.de\/wp-content\/uploads\/2023\/06\/WhatsApp-Image-2023-05-22-at-14.29.55-250x250.jpeg 250w\" sizes=\"(max-width: 150px) 100vw, 150px\" \/><\/a>\n\t\t\t<\/div><\/figure><figure class='gallery-item'>\n\t\t\t<div class='gallery-icon landscape'>\n\t\t\t\t<a href='https:\/\/www.placeforstrays.de\/en\/whatsapp-image-2023-06-02-at-17-26-57-1-2\/'><img width=\"150\" height=\"150\" src=\"https:\/\/www.placeforstrays.de\/wp-content\/uploads\/2023\/06\/WhatsApp-Image-2023-06-02-at-17.26.57-1-150x150.jpeg\" class=\"attachment-thumbnail size-thumbnail\" alt=\"\" srcset=\"https:\/\/www.placeforstrays.de\/wp-content\/uploads\/2023\/06\/WhatsApp-Image-2023-06-02-at-17.26.57-1-150x150.jpeg 150w, https:\/\/www.placeforstrays.de\/wp-content\/uploads\/2023\/06\/WhatsApp-Image-2023-06-02-at-17.26.57-1-55x55.jpeg 55w, https:\/\/www.placeforstrays.de\/wp-content\/uploads\/2023\/06\/WhatsApp-Image-2023-06-02-at-17.26.57-1-250x250.jpeg 250w\" sizes=\"(max-width: 150px) 100vw, 150px\" \/><\/a>\n\t\t\t<\/div><\/figure><figure class='gallery-item'>\n\t\t\t<div class='gallery-icon portrait'>\n\t\t\t\t<a href='https:\/\/www.placeforstrays.de\/en\/whatsapp-image-2023-06-02-at-17-26-57-2\/'><img width=\"150\" height=\"150\" src=\"https:\/\/www.placeforstrays.de\/wp-content\/uploads\/2023\/06\/WhatsApp-Image-2023-06-02-at-17.26.57-150x150.jpeg\" class=\"attachment-thumbnail size-thumbnail\" alt=\"\" srcset=\"https:\/\/www.placeforstrays.de\/wp-content\/uploads\/2023\/06\/WhatsApp-Image-2023-06-02-at-17.26.57-150x150.jpeg 150w, https:\/\/www.placeforstrays.de\/wp-content\/uploads\/2023\/06\/WhatsApp-Image-2023-06-02-at-17.26.57-55x55.jpeg 55w, https:\/\/www.placeforstrays.de\/wp-content\/uploads\/2023\/06\/WhatsApp-Image-2023-06-02-at-17.26.57-250x250.jpeg 250w\" sizes=\"(max-width: 150px) 100vw, 150px\" \/><\/a>\n\t\t\t<\/div><\/figure><figure class='gallery-item'>\n\t\t\t<div class='gallery-icon portrait'>\n\t\t\t\t<a href='https:\/\/www.placeforstrays.de\/en\/whatsapp-image-2023-06-07-at-17-15-55-2\/'><img width=\"150\" height=\"150\" src=\"https:\/\/www.placeforstrays.de\/wp-content\/uploads\/2023\/06\/WhatsApp-Image-2023-06-07-at-17.15.55-150x150.jpeg\" class=\"attachment-thumbnail size-thumbnail\" alt=\"\" srcset=\"https:\/\/www.placeforstrays.de\/wp-content\/uploads\/2023\/06\/WhatsApp-Image-2023-06-07-at-17.15.55-150x150.jpeg 150w, https:\/\/www.placeforstrays.de\/wp-content\/uploads\/2023\/06\/WhatsApp-Image-2023-06-07-at-17.15.55-55x55.jpeg 55w, https:\/\/www.placeforstrays.de\/wp-content\/uploads\/2023\/06\/WhatsApp-Image-2023-06-07-at-17.15.55-250x250.jpeg 250w\" sizes=\"(max-width: 150px) 100vw, 150px\" \/><\/a>\n\t\t\t<\/div><\/figure><figure class='gallery-item'>\n\t\t\t<div class='gallery-icon portrait'>\n\t\t\t\t<a href='https:\/\/www.placeforstrays.de\/en\/whatsapp-image-2023-05-31-at-13-37-36-2\/'><img width=\"150\" height=\"150\" src=\"https:\/\/www.placeforstrays.de\/wp-content\/uploads\/2023\/06\/WhatsApp-Image-2023-05-31-at-13.37.36-150x150.jpeg\" class=\"attachment-thumbnail size-thumbnail\" alt=\"\" srcset=\"https:\/\/www.placeforstrays.de\/wp-content\/uploads\/2023\/06\/WhatsApp-Image-2023-05-31-at-13.37.36-150x150.jpeg 150w, https:\/\/www.placeforstrays.de\/wp-content\/uploads\/2023\/06\/WhatsApp-Image-2023-05-31-at-13.37.36-55x55.jpeg 55w, https:\/\/www.placeforstrays.de\/wp-content\/uploads\/2023\/06\/WhatsApp-Image-2023-05-31-at-13.37.36-250x250.jpeg 250w\" sizes=\"(max-width: 150px) 100vw, 150px\" \/><\/a>\n\t\t\t<\/div><\/figure><figure class='gallery-item'>\n\t\t\t<div class='gallery-icon portrait'>\n\t\t\t\t<a href='https:\/\/www.placeforstrays.de\/en\/whatsapp-image-2023-06-01-at-13-30-36-2\/'><img width=\"150\" height=\"150\" src=\"https:\/\/www.placeforstrays.de\/wp-content\/uploads\/2023\/06\/WhatsApp-Image-2023-06-01-at-13.30.36-150x150.jpeg\" class=\"attachment-thumbnail size-thumbnail\" alt=\"\" srcset=\"https:\/\/www.placeforstrays.de\/wp-content\/uploads\/2023\/06\/WhatsApp-Image-2023-06-01-at-13.30.36-150x150.jpeg 150w, https:\/\/www.placeforstrays.de\/wp-content\/uploads\/2023\/06\/WhatsApp-Image-2023-06-01-at-13.30.36-55x55.jpeg 55w, https:\/\/www.placeforstrays.de\/wp-content\/uploads\/2023\/06\/WhatsApp-Image-2023-06-01-at-13.30.36-250x250.jpeg 250w\" sizes=\"(max-width: 150px) 100vw, 150px\" \/><\/a>\n\t\t\t<\/div><\/figure><figure class='gallery-item'>\n\t\t\t<div class='gallery-icon portrait'>\n\t\t\t\t<a href='https:\/\/www.placeforstrays.de\/en\/whatsapp-image-2023-05-22-at-14-30-39-2\/'><img width=\"150\" height=\"150\" src=\"https:\/\/www.placeforstrays.de\/wp-content\/uploads\/2023\/06\/WhatsApp-Image-2023-05-22-at-14.30.39-150x150.jpeg\" class=\"attachment-thumbnail size-thumbnail\" alt=\"\" srcset=\"https:\/\/www.placeforstrays.de\/wp-content\/uploads\/2023\/06\/WhatsApp-Image-2023-05-22-at-14.30.39-150x150.jpeg 150w, https:\/\/www.placeforstrays.de\/wp-content\/uploads\/2023\/06\/WhatsApp-Image-2023-05-22-at-14.30.39-55x55.jpeg 55w, https:\/\/www.placeforstrays.de\/wp-content\/uploads\/2023\/06\/WhatsApp-Image-2023-05-22-at-14.30.39-250x250.jpeg 250w\" sizes=\"(max-width: 150px) 100vw, 150px\" \/><\/a>\n\t\t\t<\/div><\/figure><figure class='gallery-item'>\n\t\t\t<div class='gallery-icon portrait'>\n\t\t\t\t<a href='https:\/\/www.placeforstrays.de\/en\/whatsapp-image-2023-06-02-at-17-26-58-1-2\/'><img width=\"150\" height=\"150\" src=\"https:\/\/www.placeforstrays.de\/wp-content\/uploads\/2023\/06\/WhatsApp-Image-2023-06-02-at-17.26.58-1-150x150.jpeg\" class=\"attachment-thumbnail size-thumbnail\" alt=\"\" srcset=\"https:\/\/www.placeforstrays.de\/wp-content\/uploads\/2023\/06\/WhatsApp-Image-2023-06-02-at-17.26.58-1-150x150.jpeg 150w, https:\/\/www.placeforstrays.de\/wp-content\/uploads\/2023\/06\/WhatsApp-Image-2023-06-02-at-17.26.58-1-55x55.jpeg 55w, https:\/\/www.placeforstrays.de\/wp-content\/uploads\/2023\/06\/WhatsApp-Image-2023-06-02-at-17.26.58-1-250x250.jpeg 250w\" sizes=\"(max-width: 150px) 100vw, 150px\" \/><\/a>\n\t\t\t<\/div><\/figure>\n\t\t<\/div>\n\n<\/div>\n","protected":false},"excerpt":{"rendered":"<p>Geschichte Die beiden Welpen Bobby und Benson und ihre Hundemama wurden von einer lieben Unterst\u00fctzerin, Nadine, mitten auf einer viel befahrenen Stra\u00dfe entdeckt, wo sie kreuz und Quer herumrannten. Die Gefahr, dass einer der kleinen Hundefamilie angefahren werden w\u00fcrde, war nat\u00fcrlich sehr gro\u00df, weshalb Nadine, es nicht \u00fcbers Herz bringen konnte, weiterzufahren. Die beiden kleinen&#8230;<\/p>\n","protected":false},"author":23,"featured_media":43023,"menu_order":0,"comment_status":"closed","ping_status":"closed","template":"","format":"standard","meta":[],"pj-categs":[14,19,17,37],"pj-tags":[],"yoast_head":"<!-- This site is optimized with the Yoast SEO plugin v19.13 - https:\/\/yoast.com\/wordpress\/plugins\/seo\/ -->\n<title>Benson sucht ein liebevolles zu Hause - PLACE for STRAYS Albufeira<\/title>\n<meta name=\"description\" content=\"Die beiden Welpen zu denen Benson geh\u00f6rt und ihre Hundemama wurden mitten auf einer viel befahrenen Stra\u00dfe entdeckt. Gl\u00fccklicherweise wurden die beiden noch rechtzeitig gefunden und konnten zu uns ins PLACE for STRAYS gebracht werden.\" \/>\n<meta name=\"robots\" content=\"index, follow, max-snippet:-1, max-image-preview:large, max-video-preview:-1\" \/>\n<link rel=\"canonical\" href=\"https:\/\/www.placeforstrays.de\/en\/our-proteges\/benson\/\" \/>\n<meta property=\"og:locale\" content=\"en_US\" \/>\n<meta property=\"og:type\" content=\"article\" \/>\n<meta property=\"og:title\" content=\"Benson sucht ein liebevolles zu Hause - PLACE for STRAYS Albufeira\" \/>\n<meta property=\"og:description\" content=\"Die beiden Welpen zu denen Benson geh\u00f6rt und ihre Hundemama wurden mitten auf einer viel befahrenen Stra\u00dfe entdeckt. Gl\u00fccklicherweise wurden die beiden noch rechtzeitig gefunden und konnten zu uns ins PLACE for STRAYS gebracht werden.\" \/>\n<meta property=\"og:url\" content=\"https:\/\/www.placeforstrays.de\/en\/our-proteges\/benson\/\" \/>\n<meta property=\"og:site_name\" content=\"PLACE for STRAYS Albufeira\" \/>\n<meta property=\"article:publisher\" content=\"https:\/\/www.facebook.com\/groups\/1963615917246890\/\" \/>\n<meta property=\"article:modified_time\" content=\"2023-09-27T18:34:05+00:00\" \/>\n<meta property=\"og:image\" content=\"https:\/\/www.placeforstrays.de\/wp-content\/uploads\/2023\/06\/WhatsApp-Image-2023-07-26-at-08.01.59-e1690396965604.jpeg\" \/>\n\t<meta property=\"og:image:width\" content=\"900\" \/>\n\t<meta property=\"og:image:height\" content=\"834\" \/>\n\t<meta property=\"og:image:type\" content=\"image\/jpeg\" \/>\n<meta name=\"twitter:card\" content=\"summary_large_image\" \/>\n<meta name=\"twitter:label1\" content=\"Est. reading time\" \/>\n\t<meta name=\"twitter:data1\" content=\"2 minutes\" \/>\n<script type=\"application\/ld+json\" class=\"yoast-schema-graph\">{\"@context\":\"https:\/\/schema.org\",\"@graph\":[{\"@type\":\"WebPage\",\"@id\":\"https:\/\/www.placeforstrays.de\/en\/our-proteges\/benson\/\",\"url\":\"https:\/\/www.placeforstrays.de\/en\/our-proteges\/benson\/\",\"name\":\"Benson sucht ein liebevolles zu Hause - PLACE for STRAYS Albufeira\",\"isPartOf\":{\"@id\":\"https:\/\/www.placeforstrays.de\/en\/#website\"},\"datePublished\":\"2023-06-08T11:09:49+00:00\",\"dateModified\":\"2023-09-27T18:34:05+00:00\",\"description\":\"Die beiden Welpen zu denen Benson geh\u00f6rt und ihre Hundemama wurden mitten auf einer viel befahrenen Stra\u00dfe entdeckt. Gl\u00fccklicherweise wurden die beiden noch rechtzeitig gefunden und konnten zu uns ins PLACE for STRAYS gebracht werden.\",\"breadcrumb\":{\"@id\":\"https:\/\/www.placeforstrays.de\/en\/our-proteges\/benson\/#breadcrumb\"},\"inLanguage\":\"en-US\",\"potentialAction\":[{\"@type\":\"ReadAction\",\"target\":[\"https:\/\/www.placeforstrays.de\/en\/our-proteges\/benson\/\"]}]},{\"@type\":\"BreadcrumbList\",\"@id\":\"https:\/\/www.placeforstrays.de\/en\/our-proteges\/benson\/#breadcrumb\",\"itemListElement\":[{\"@type\":\"ListItem\",\"position\":1,\"name\":\"Startseite\",\"item\":\"https:\/\/www.placeforstrays.de\/en\/\"},{\"@type\":\"ListItem\",\"position\":2,\"name\":\"Projects\",\"item\":\"https:\/\/www.placeforstrays.de\/en\/our-proteges\/\"},{\"@type\":\"ListItem\",\"position\":3,\"name\":\"Benson\"}]},{\"@type\":\"WebSite\",\"@id\":\"https:\/\/www.placeforstrays.de\/en\/#website\",\"url\":\"https:\/\/www.placeforstrays.de\/en\/\",\"name\":\"PLACE for STRAYS Albufeira\",\"description\":\"Tierschutz\",\"publisher\":{\"@id\":\"https:\/\/www.placeforstrays.de\/en\/#organization\"},\"potentialAction\":[{\"@type\":\"SearchAction\",\"target\":{\"@type\":\"EntryPoint\",\"urlTemplate\":\"https:\/\/www.placeforstrays.de\/en\/?s={search_term_string}\"},\"query-input\":\"required name=search_term_string\"}],\"inLanguage\":\"en-US\"},{\"@type\":\"Organization\",\"@id\":\"https:\/\/www.placeforstrays.de\/en\/#organization\",\"name\":\"PLACE for STRAYS\",\"url\":\"https:\/\/www.placeforstrays.de\/en\/\",\"logo\":{\"@type\":\"ImageObject\",\"inLanguage\":\"en-US\",\"@id\":\"https:\/\/www.placeforstrays.de\/en\/#\/schema\/logo\/image\/\",\"url\":\"https:\/\/www.placeforstrays.de\/wp-content\/uploads\/2019\/07\/Logo-mit-Hintergrund-Kopie.jpg\",\"contentUrl\":\"https:\/\/www.placeforstrays.de\/wp-content\/uploads\/2019\/07\/Logo-mit-Hintergrund-Kopie.jpg\",\"width\":277,\"height\":291,\"caption\":\"PLACE for STRAYS\"},\"image\":{\"@id\":\"https:\/\/www.placeforstrays.de\/en\/#\/schema\/logo\/image\/\"},\"sameAs\":[\"https:\/\/www.instagram.com\/placeforstraysalbufeira\/\",\"https:\/\/www.facebook.com\/groups\/1963615917246890\/\"]}]}<\/script>\n<!-- \/ Yoast SEO plugin. -->","yoast_head_json":{"title":"Benson sucht ein liebevolles zu Hause - PLACE for STRAYS Albufeira","description":"Die beiden Welpen zu denen Benson geh\u00f6rt und ihre Hundemama wurden mitten auf einer viel befahrenen Stra\u00dfe entdeckt. Gl\u00fccklicherweise wurden die beiden noch rechtzeitig gefunden und konnten zu uns ins PLACE for STRAYS gebracht werden.","robots":{"index":"index","follow":"follow","max-snippet":"max-snippet:-1","max-image-preview":"max-image-preview:large","max-video-preview":"max-video-preview:-1"},"canonical":"https:\/\/www.placeforstrays.de\/en\/our-proteges\/benson\/","og_locale":"en_US","og_type":"article","og_title":"Benson sucht ein liebevolles zu Hause - PLACE for STRAYS Albufeira","og_description":"Die beiden Welpen zu denen Benson geh\u00f6rt und ihre Hundemama wurden mitten auf einer viel befahrenen Stra\u00dfe entdeckt. Gl\u00fccklicherweise wurden die beiden noch rechtzeitig gefunden und konnten zu uns ins PLACE for STRAYS gebracht werden.","og_url":"https:\/\/www.placeforstrays.de\/en\/our-proteges\/benson\/","og_site_name":"PLACE for STRAYS Albufeira","article_publisher":"https:\/\/www.facebook.com\/groups\/1963615917246890\/","article_modified_time":"2023-09-27T18:34:05+00:00","og_image":[{"width":900,"height":834,"url":"https:\/\/www.placeforstrays.de\/wp-content\/uploads\/2023\/06\/WhatsApp-Image-2023-07-26-at-08.01.59-e1690396965604.jpeg","type":"image\/jpeg"}],"twitter_card":"summary_large_image","twitter_misc":{"Est. reading time":"2 minutes"},"schema":{"@context":"https:\/\/schema.org","@graph":[{"@type":"WebPage","@id":"https:\/\/www.placeforstrays.de\/en\/our-proteges\/benson\/","url":"https:\/\/www.placeforstrays.de\/en\/our-proteges\/benson\/","name":"Benson sucht ein liebevolles zu Hause - PLACE for STRAYS Albufeira","isPartOf":{"@id":"https:\/\/www.placeforstrays.de\/en\/#website"},"datePublished":"2023-06-08T11:09:49+00:00","dateModified":"2023-09-27T18:34:05+00:00","description":"Die beiden Welpen zu denen Benson geh\u00f6rt und ihre Hundemama wurden mitten auf einer viel befahrenen Stra\u00dfe entdeckt. Gl\u00fccklicherweise wurden die beiden noch rechtzeitig gefunden und konnten zu uns ins PLACE for STRAYS gebracht werden.","breadcrumb":{"@id":"https:\/\/www.placeforstrays.de\/en\/our-proteges\/benson\/#breadcrumb"},"inLanguage":"en-US","potentialAction":[{"@type":"ReadAction","target":["https:\/\/www.placeforstrays.de\/en\/our-proteges\/benson\/"]}]},{"@type":"BreadcrumbList","@id":"https:\/\/www.placeforstrays.de\/en\/our-proteges\/benson\/#breadcrumb","itemListElement":[{"@type":"ListItem","position":1,"name":"Startseite","item":"https:\/\/www.placeforstrays.de\/en\/"},{"@type":"ListItem","position":2,"name":"Projects","item":"https:\/\/www.placeforstrays.de\/en\/our-proteges\/"},{"@type":"ListItem","position":3,"name":"Benson"}]},{"@type":"WebSite","@id":"https:\/\/www.placeforstrays.de\/en\/#website","url":"https:\/\/www.placeforstrays.de\/en\/","name":"PLACE for STRAYS Albufeira","description":"Tierschutz","publisher":{"@id":"https:\/\/www.placeforstrays.de\/en\/#organization"},"potentialAction":[{"@type":"SearchAction","target":{"@type":"EntryPoint","urlTemplate":"https:\/\/www.placeforstrays.de\/en\/?s={search_term_string}"},"query-input":"required name=search_term_string"}],"inLanguage":"en-US"},{"@type":"Organization","@id":"https:\/\/www.placeforstrays.de\/en\/#organization","name":"PLACE for STRAYS","url":"https:\/\/www.placeforstrays.de\/en\/","logo":{"@type":"ImageObject","inLanguage":"en-US","@id":"https:\/\/www.placeforstrays.de\/en\/#\/schema\/logo\/image\/","url":"https:\/\/www.placeforstrays.de\/wp-content\/uploads\/2019\/07\/Logo-mit-Hintergrund-Kopie.jpg","contentUrl":"https:\/\/www.placeforstrays.de\/wp-content\/uploads\/2019\/07\/Logo-mit-Hintergrund-Kopie.jpg","width":277,"height":291,"caption":"PLACE for STRAYS"},"image":{"@id":"https:\/\/www.placeforstrays.de\/en\/#\/schema\/logo\/image\/"},"sameAs":["https:\/\/www.instagram.com\/placeforstraysalbufeira\/","https:\/\/www.facebook.com\/groups\/1963615917246890\/"]}]}},"_links":{"self":[{"href":"https:\/\/www.placeforstrays.de\/en\/wp-json\/wp\/v2\/project\/42494"}],"collection":[{"href":"https:\/\/www.placeforstrays.de\/en\/wp-json\/wp\/v2\/project"}],"about":[{"href":"https:\/\/www.placeforstrays.de\/en\/wp-json\/wp\/v2\/types\/project"}],"author":[{"embeddable":true,"href":"https:\/\/www.placeforstrays.de\/en\/wp-json\/wp\/v2\/users\/23"}],"replies":[{"embeddable":true,"href":"https:\/\/www.placeforstrays.de\/en\/wp-json\/wp\/v2\/comments?post=42494"}],"version-history":[{"count":7,"href":"https:\/\/www.placeforstrays.de\/en\/wp-json\/wp\/v2\/project\/42494\/revisions"}],"predecessor-version":[{"id":43029,"href":"https:\/\/www.placeforstrays.de\/en\/wp-json\/wp\/v2\/project\/42494\/revisions\/43029"}],"wp:featuredmedia":[{"embeddable":true,"href":"https:\/\/www.placeforstrays.de\/en\/wp-json\/wp\/v2\/media\/43023"}],"wp:attachment":[{"href":"https:\/\/www.placeforstrays.de\/en\/wp-json\/wp\/v2\/media?parent=42494"}],"wp:term":[{"taxonomy":"pj-categs","embeddable":true,"href":"https:\/\/www.placeforstrays.de\/en\/wp-json\/wp\/v2\/pj-categs?post=42494"},{"taxonomy":"pj-tags","embeddable":true,"href":"https:\/\/www.placeforstrays.de\/en\/wp-json\/wp\/v2\/pj-tags?post=42494"}],"curies":[{"name":"wp","href":"https:\/\/api.w.org\/{rel}","templated":true}]}}