{"id":42543,"date":"2023-06-08T13:32:42","date_gmt":"2023-06-08T11:32:42","guid":{"rendered":"https:\/\/www.placeforstrays.de\/?post_type=project&#038;p=42543"},"modified":"2023-08-09T16:39:17","modified_gmt":"2023-08-09T14:39:17","slug":"bobby","status":"publish","type":"project","link":"https:\/\/www.placeforstrays.de\/en\/our-proteges\/bobby\/","title":{"rendered":"Bobby"},"content":{"rendered":"<style type=\"text\/css\"><\/style><h3>Geschichte<\/h3>\n<div class=\"x1e56ztr\"><span class=\"x193iq5w xeuugli x13faqbe x1vvkbs xlh3980 xvmahel x1n0sxbx x6prxxf xvq8zen xo1l8bm xzsf02u\">Die beiden Welpen <strong>Bobby<\/strong> und <a href=\"https:\/\/www.placeforstrays.de\/our-proteges\/benson\/\"><strong>Benson<\/strong><\/a> und ihre Hundemama wurden von einer lieben Unterst\u00fctzerin, Nadine, mitten auf einer viel befahrenen Stra\u00dfe entdeckt, wo sie kreuz und Quer herumrannten. Die Gefahr, dass einer der kleinen Hundefamilie angefahren werden w\u00fcrde, war nat\u00fcrlich sehr gro\u00df, weshalb Nadine, es nicht \u00fcbers Herz bringen konnte, weiterzufahren. Die beiden kleinen Welpen lie\u00dfen sich von ihr direkt einfangen und in den Kofferraum setzen, doch die Hundemama hatte Angst und lief leider davon. Trotz dessen wollte sie die Welpen unm\u00f6glich alleine an der Stra\u00dfe zur\u00fccklassen, weshalb sie uns um Hilfe bat, die beiden bei uns aufzunehmen.\u00a0\u00a0<\/span><\/div>\n<div class=\"x1e56ztr\"><span class=\"x193iq5w xeuugli x13faqbe x1vvkbs xlh3980 xvmahel x1n0sxbx x6prxxf xvq8zen xo1l8bm xzsf02u\">Die kleinen Jungs wohnen nun vorerst in unserer Quarant\u00e4nestation &#8211; bei weiteren Versuchen, die Hundemama an dem besagten Ort zu finden, hatten wir leider kein Gl\u00fcck weshalb die Welpen nun alleine bei uns eingezogen sind. Die Welpen ohne ihre Hundemama aufzunehmen ist zwar nicht toll, aber wir hoffen dennoch dass sich herausfinden l\u00e4sst, wo sie sich befindet, und wir auch ihr helfen k\u00f6nnen.<\/span><\/div>\n<div><\/div>\n<p>&nbsp;<\/p>\n<div>\n<h3>Charakter<\/h3>\n<p><strong>Bobby <\/strong>\u00a0ist gerade erst bei uns eingezogen und noch sehr jung. F\u00fcr mehr Informationen wendet euch bitte an unser Vermittlungsteam.<\/p>\n<\/div>\n<div id='gallery-1' class='gallery galleryid-42543 gallery-columns-2 gallery-size-thumbnail'><figure class='gallery-item'>\n\t\t\t<div class='gallery-icon portrait'>\n\t\t\t\t<a href='https:\/\/www.placeforstrays.de\/en\/whatsapp-image-2023-06-02-at-17-26-23-2-2\/'><img width=\"150\" height=\"150\" src=\"https:\/\/www.placeforstrays.de\/wp-content\/uploads\/2023\/06\/WhatsApp-Image-2023-06-02-at-17.26.23-2-150x150.jpeg\" class=\"attachment-thumbnail size-thumbnail\" alt=\"\" srcset=\"https:\/\/www.placeforstrays.de\/wp-content\/uploads\/2023\/06\/WhatsApp-Image-2023-06-02-at-17.26.23-2-150x150.jpeg 150w, https:\/\/www.placeforstrays.de\/wp-content\/uploads\/2023\/06\/WhatsApp-Image-2023-06-02-at-17.26.23-2-55x55.jpeg 55w, https:\/\/www.placeforstrays.de\/wp-content\/uploads\/2023\/06\/WhatsApp-Image-2023-06-02-at-17.26.23-2-250x250.jpeg 250w\" sizes=\"(max-width: 150px) 100vw, 150px\" \/><\/a>\n\t\t\t<\/div><\/figure><figure class='gallery-item'>\n\t\t\t<div class='gallery-icon portrait'>\n\t\t\t\t<a href='https:\/\/www.placeforstrays.de\/en\/whatsapp-image-2023-06-07-at-17-15-23-2\/'><img width=\"150\" height=\"150\" src=\"https:\/\/www.placeforstrays.de\/wp-content\/uploads\/2023\/06\/WhatsApp-Image-2023-06-07-at-17.15.23-150x150.jpeg\" class=\"attachment-thumbnail size-thumbnail\" alt=\"\" srcset=\"https:\/\/www.placeforstrays.de\/wp-content\/uploads\/2023\/06\/WhatsApp-Image-2023-06-07-at-17.15.23-150x150.jpeg 150w, https:\/\/www.placeforstrays.de\/wp-content\/uploads\/2023\/06\/WhatsApp-Image-2023-06-07-at-17.15.23-55x55.jpeg 55w, https:\/\/www.placeforstrays.de\/wp-content\/uploads\/2023\/06\/WhatsApp-Image-2023-06-07-at-17.15.23-250x250.jpeg 250w\" sizes=\"(max-width: 150px) 100vw, 150px\" \/><\/a>\n\t\t\t<\/div><\/figure><figure class='gallery-item'>\n\t\t\t<div class='gallery-icon portrait'>\n\t\t\t\t<a href='https:\/\/www.placeforstrays.de\/en\/whatsapp-image-2023-05-22-at-14-28-23-2\/'><img width=\"150\" height=\"150\" src=\"https:\/\/www.placeforstrays.de\/wp-content\/uploads\/2023\/06\/WhatsApp-Image-2023-05-22-at-14.28.23-150x150.jpeg\" class=\"attachment-thumbnail size-thumbnail\" alt=\"\" srcset=\"https:\/\/www.placeforstrays.de\/wp-content\/uploads\/2023\/06\/WhatsApp-Image-2023-05-22-at-14.28.23-150x150.jpeg 150w, https:\/\/www.placeforstrays.de\/wp-content\/uploads\/2023\/06\/WhatsApp-Image-2023-05-22-at-14.28.23-55x55.jpeg 55w, https:\/\/www.placeforstrays.de\/wp-content\/uploads\/2023\/06\/WhatsApp-Image-2023-05-22-at-14.28.23-250x250.jpeg 250w\" sizes=\"(max-width: 150px) 100vw, 150px\" \/><\/a>\n\t\t\t<\/div><\/figure><figure class='gallery-item'>\n\t\t\t<div class='gallery-icon portrait'>\n\t\t\t\t<a href='https:\/\/www.placeforstrays.de\/en\/whatsapp-image-2023-05-22-at-14-27-58-2\/'><img width=\"150\" height=\"150\" src=\"https:\/\/www.placeforstrays.de\/wp-content\/uploads\/2023\/06\/WhatsApp-Image-2023-05-22-at-14.27.58-150x150.jpeg\" class=\"attachment-thumbnail size-thumbnail\" alt=\"\" srcset=\"https:\/\/www.placeforstrays.de\/wp-content\/uploads\/2023\/06\/WhatsApp-Image-2023-05-22-at-14.27.58-150x150.jpeg 150w, https:\/\/www.placeforstrays.de\/wp-content\/uploads\/2023\/06\/WhatsApp-Image-2023-05-22-at-14.27.58-55x55.jpeg 55w, https:\/\/www.placeforstrays.de\/wp-content\/uploads\/2023\/06\/WhatsApp-Image-2023-05-22-at-14.27.58-250x250.jpeg 250w\" sizes=\"(max-width: 150px) 100vw, 150px\" \/><\/a>\n\t\t\t<\/div><\/figure><figure class='gallery-item'>\n\t\t\t<div class='gallery-icon portrait'>\n\t\t\t\t<a href='https:\/\/www.placeforstrays.de\/en\/whatsapp-image-2023-05-31-at-13-38-20-2\/'><img width=\"150\" height=\"150\" src=\"https:\/\/www.placeforstrays.de\/wp-content\/uploads\/2023\/06\/WhatsApp-Image-2023-05-31-at-13.38.20-150x150.jpeg\" class=\"attachment-thumbnail size-thumbnail\" alt=\"\" srcset=\"https:\/\/www.placeforstrays.de\/wp-content\/uploads\/2023\/06\/WhatsApp-Image-2023-05-31-at-13.38.20-150x150.jpeg 150w, https:\/\/www.placeforstrays.de\/wp-content\/uploads\/2023\/06\/WhatsApp-Image-2023-05-31-at-13.38.20-55x55.jpeg 55w, https:\/\/www.placeforstrays.de\/wp-content\/uploads\/2023\/06\/WhatsApp-Image-2023-05-31-at-13.38.20-250x250.jpeg 250w\" sizes=\"(max-width: 150px) 100vw, 150px\" \/><\/a>\n\t\t\t<\/div><\/figure><figure class='gallery-item'>\n\t\t\t<div class='gallery-icon landscape'>\n\t\t\t\t<a href='https:\/\/www.placeforstrays.de\/en\/whatsapp-image-2023-05-31-at-13-38-21-2\/'><img width=\"150\" height=\"150\" src=\"https:\/\/www.placeforstrays.de\/wp-content\/uploads\/2023\/06\/WhatsApp-Image-2023-05-31-at-13.38.21-150x150.jpeg\" class=\"attachment-thumbnail size-thumbnail\" alt=\"\" srcset=\"https:\/\/www.placeforstrays.de\/wp-content\/uploads\/2023\/06\/WhatsApp-Image-2023-05-31-at-13.38.21-150x150.jpeg 150w, https:\/\/www.placeforstrays.de\/wp-content\/uploads\/2023\/06\/WhatsApp-Image-2023-05-31-at-13.38.21-55x55.jpeg 55w, https:\/\/www.placeforstrays.de\/wp-content\/uploads\/2023\/06\/WhatsApp-Image-2023-05-31-at-13.38.21-250x250.jpeg 250w\" sizes=\"(max-width: 150px) 100vw, 150px\" \/><\/a>\n\t\t\t<\/div><\/figure><figure class='gallery-item'>\n\t\t\t<div class='gallery-icon portrait'>\n\t\t\t\t<a href='https:\/\/www.placeforstrays.de\/en\/whatsapp-image-2023-06-02-at-17-26-23-3\/'><img width=\"150\" height=\"150\" src=\"https:\/\/www.placeforstrays.de\/wp-content\/uploads\/2023\/06\/WhatsApp-Image-2023-06-02-at-17.26.23-150x150.jpeg\" class=\"attachment-thumbnail size-thumbnail\" alt=\"\" srcset=\"https:\/\/www.placeforstrays.de\/wp-content\/uploads\/2023\/06\/WhatsApp-Image-2023-06-02-at-17.26.23-150x150.jpeg 150w, https:\/\/www.placeforstrays.de\/wp-content\/uploads\/2023\/06\/WhatsApp-Image-2023-06-02-at-17.26.23-55x55.jpeg 55w, https:\/\/www.placeforstrays.de\/wp-content\/uploads\/2023\/06\/WhatsApp-Image-2023-06-02-at-17.26.23-250x250.jpeg 250w\" sizes=\"(max-width: 150px) 100vw, 150px\" \/><\/a>\n\t\t\t<\/div><\/figure><figure class='gallery-item'>\n\t\t\t<div class='gallery-icon landscape'>\n\t\t\t\t<a href='https:\/\/www.placeforstrays.de\/en\/whatsapp-image-2023-06-02-at-17-26-23-1-2\/'><img width=\"150\" height=\"150\" src=\"https:\/\/www.placeforstrays.de\/wp-content\/uploads\/2023\/06\/WhatsApp-Image-2023-06-02-at-17.26.23-1-150x150.jpeg\" class=\"attachment-thumbnail size-thumbnail\" alt=\"\" srcset=\"https:\/\/www.placeforstrays.de\/wp-content\/uploads\/2023\/06\/WhatsApp-Image-2023-06-02-at-17.26.23-1-150x150.jpeg 150w, https:\/\/www.placeforstrays.de\/wp-content\/uploads\/2023\/06\/WhatsApp-Image-2023-06-02-at-17.26.23-1-55x55.jpeg 55w, https:\/\/www.placeforstrays.de\/wp-content\/uploads\/2023\/06\/WhatsApp-Image-2023-06-02-at-17.26.23-1-250x250.jpeg 250w\" sizes=\"(max-width: 150px) 100vw, 150px\" \/><\/a>\n\t\t\t<\/div><\/figure>\n\t\t<\/div>\n\n","protected":false},"excerpt":{"rendered":"<p>Geschichte Die beiden Welpen Bobby und Benson und ihre Hundemama wurden von einer lieben Unterst\u00fctzerin, Nadine, mitten auf einer viel befahrenen Stra\u00dfe entdeckt, wo sie kreuz und Quer herumrannten. Die Gefahr, dass einer der kleinen Hundefamilie angefahren werden w\u00fcrde, war nat\u00fcrlich sehr gro\u00df, weshalb Nadine, es nicht \u00fcbers Herz bringen konnte, weiterzufahren. Die beiden kleinen&#8230;<\/p>\n","protected":false},"author":23,"featured_media":43175,"menu_order":0,"comment_status":"closed","ping_status":"closed","template":"","format":"standard","meta":[],"pj-categs":[14,19,17,37],"pj-tags":[],"yoast_head":"<!-- This site is optimized with the Yoast SEO plugin v19.13 - https:\/\/yoast.com\/wordpress\/plugins\/seo\/ -->\n<title>Bobby hat ein liebevolles zu Hause gefunden - PLACE for STRAYS Albufeira<\/title>\n<meta name=\"robots\" content=\"index, follow, max-snippet:-1, max-image-preview:large, max-video-preview:-1\" \/>\n<link rel=\"canonical\" href=\"https:\/\/www.placeforstrays.de\/en\/our-proteges\/bobby\/\" \/>\n<meta property=\"og:locale\" content=\"en_US\" \/>\n<meta property=\"og:type\" content=\"article\" \/>\n<meta property=\"og:title\" content=\"Bobby hat ein liebevolles zu Hause gefunden - PLACE for STRAYS Albufeira\" \/>\n<meta property=\"og:description\" content=\"Geschichte Die beiden Welpen Bobby und Benson und ihre Hundemama wurden von einer lieben Unterst\u00fctzerin, Nadine, mitten auf einer viel befahrenen Stra\u00dfe entdeckt, wo sie kreuz und Quer herumrannten. Die Gefahr, dass einer der kleinen Hundefamilie angefahren werden w\u00fcrde, war nat\u00fcrlich sehr gro\u00df, weshalb Nadine, es nicht \u00fcbers Herz bringen konnte, weiterzufahren. Die beiden kleinen...\" \/>\n<meta property=\"og:url\" content=\"https:\/\/www.placeforstrays.de\/en\/our-proteges\/bobby\/\" \/>\n<meta property=\"og:site_name\" content=\"PLACE for STRAYS Albufeira\" \/>\n<meta property=\"article:publisher\" content=\"https:\/\/www.facebook.com\/groups\/1963615917246890\/\" \/>\n<meta property=\"article:modified_time\" content=\"2023-08-09T14:39:17+00:00\" \/>\n<meta property=\"og:image\" content=\"https:\/\/www.placeforstrays.de\/wp-content\/uploads\/2023\/06\/WhatsApp-Image-2023-08-02-at-16.44.30-e1691591930466.jpeg\" \/>\n\t<meta property=\"og:image:width\" content=\"900\" \/>\n\t<meta property=\"og:image:height\" content=\"1200\" \/>\n\t<meta property=\"og:image:type\" content=\"image\/jpeg\" \/>\n<meta name=\"twitter:card\" content=\"summary_large_image\" \/>\n<meta name=\"twitter:label1\" content=\"Est. reading time\" \/>\n\t<meta name=\"twitter:data1\" content=\"2 minutes\" \/>\n<script type=\"application\/ld+json\" class=\"yoast-schema-graph\">{\"@context\":\"https:\/\/schema.org\",\"@graph\":[{\"@type\":\"WebPage\",\"@id\":\"https:\/\/www.placeforstrays.de\/en\/our-proteges\/bobby\/\",\"url\":\"https:\/\/www.placeforstrays.de\/en\/our-proteges\/bobby\/\",\"name\":\"Bobby hat ein liebevolles zu Hause gefunden - PLACE for STRAYS Albufeira\",\"isPartOf\":{\"@id\":\"https:\/\/www.placeforstrays.de\/en\/#website\"},\"datePublished\":\"2023-06-08T11:32:42+00:00\",\"dateModified\":\"2023-08-09T14:39:17+00:00\",\"breadcrumb\":{\"@id\":\"https:\/\/www.placeforstrays.de\/en\/our-proteges\/bobby\/#breadcrumb\"},\"inLanguage\":\"en-US\",\"potentialAction\":[{\"@type\":\"ReadAction\",\"target\":[\"https:\/\/www.placeforstrays.de\/en\/our-proteges\/bobby\/\"]}]},{\"@type\":\"BreadcrumbList\",\"@id\":\"https:\/\/www.placeforstrays.de\/en\/our-proteges\/bobby\/#breadcrumb\",\"itemListElement\":[{\"@type\":\"ListItem\",\"position\":1,\"name\":\"Startseite\",\"item\":\"https:\/\/www.placeforstrays.de\/en\/\"},{\"@type\":\"ListItem\",\"position\":2,\"name\":\"Projects\",\"item\":\"https:\/\/www.placeforstrays.de\/en\/our-proteges\/\"},{\"@type\":\"ListItem\",\"position\":3,\"name\":\"Bobby\"}]},{\"@type\":\"WebSite\",\"@id\":\"https:\/\/www.placeforstrays.de\/en\/#website\",\"url\":\"https:\/\/www.placeforstrays.de\/en\/\",\"name\":\"PLACE for STRAYS Albufeira\",\"description\":\"Tierschutz\",\"publisher\":{\"@id\":\"https:\/\/www.placeforstrays.de\/en\/#organization\"},\"potentialAction\":[{\"@type\":\"SearchAction\",\"target\":{\"@type\":\"EntryPoint\",\"urlTemplate\":\"https:\/\/www.placeforstrays.de\/en\/?s={search_term_string}\"},\"query-input\":\"required name=search_term_string\"}],\"inLanguage\":\"en-US\"},{\"@type\":\"Organization\",\"@id\":\"https:\/\/www.placeforstrays.de\/en\/#organization\",\"name\":\"PLACE for STRAYS\",\"url\":\"https:\/\/www.placeforstrays.de\/en\/\",\"logo\":{\"@type\":\"ImageObject\",\"inLanguage\":\"en-US\",\"@id\":\"https:\/\/www.placeforstrays.de\/en\/#\/schema\/logo\/image\/\",\"url\":\"https:\/\/www.placeforstrays.de\/wp-content\/uploads\/2019\/07\/Logo-mit-Hintergrund-Kopie.jpg\",\"contentUrl\":\"https:\/\/www.placeforstrays.de\/wp-content\/uploads\/2019\/07\/Logo-mit-Hintergrund-Kopie.jpg\",\"width\":277,\"height\":291,\"caption\":\"PLACE for STRAYS\"},\"image\":{\"@id\":\"https:\/\/www.placeforstrays.de\/en\/#\/schema\/logo\/image\/\"},\"sameAs\":[\"https:\/\/www.instagram.com\/placeforstraysalbufeira\/\",\"https:\/\/www.facebook.com\/groups\/1963615917246890\/\"]}]}<\/script>\n<!-- \/ Yoast SEO plugin. -->","yoast_head_json":{"title":"Bobby hat ein liebevolles zu Hause gefunden - PLACE for STRAYS Albufeira","robots":{"index":"index","follow":"follow","max-snippet":"max-snippet:-1","max-image-preview":"max-image-preview:large","max-video-preview":"max-video-preview:-1"},"canonical":"https:\/\/www.placeforstrays.de\/en\/our-proteges\/bobby\/","og_locale":"en_US","og_type":"article","og_title":"Bobby hat ein liebevolles zu Hause gefunden - PLACE for STRAYS Albufeira","og_description":"Geschichte Die beiden Welpen Bobby und Benson und ihre Hundemama wurden von einer lieben Unterst\u00fctzerin, Nadine, mitten auf einer viel befahrenen Stra\u00dfe entdeckt, wo sie kreuz und Quer herumrannten. Die Gefahr, dass einer der kleinen Hundefamilie angefahren werden w\u00fcrde, war nat\u00fcrlich sehr gro\u00df, weshalb Nadine, es nicht \u00fcbers Herz bringen konnte, weiterzufahren. Die beiden kleinen...","og_url":"https:\/\/www.placeforstrays.de\/en\/our-proteges\/bobby\/","og_site_name":"PLACE for STRAYS Albufeira","article_publisher":"https:\/\/www.facebook.com\/groups\/1963615917246890\/","article_modified_time":"2023-08-09T14:39:17+00:00","og_image":[{"width":900,"height":1200,"url":"https:\/\/www.placeforstrays.de\/wp-content\/uploads\/2023\/06\/WhatsApp-Image-2023-08-02-at-16.44.30-e1691591930466.jpeg","type":"image\/jpeg"}],"twitter_card":"summary_large_image","twitter_misc":{"Est. reading time":"2 minutes"},"schema":{"@context":"https:\/\/schema.org","@graph":[{"@type":"WebPage","@id":"https:\/\/www.placeforstrays.de\/en\/our-proteges\/bobby\/","url":"https:\/\/www.placeforstrays.de\/en\/our-proteges\/bobby\/","name":"Bobby hat ein liebevolles zu Hause gefunden - PLACE for STRAYS Albufeira","isPartOf":{"@id":"https:\/\/www.placeforstrays.de\/en\/#website"},"datePublished":"2023-06-08T11:32:42+00:00","dateModified":"2023-08-09T14:39:17+00:00","breadcrumb":{"@id":"https:\/\/www.placeforstrays.de\/en\/our-proteges\/bobby\/#breadcrumb"},"inLanguage":"en-US","potentialAction":[{"@type":"ReadAction","target":["https:\/\/www.placeforstrays.de\/en\/our-proteges\/bobby\/"]}]},{"@type":"BreadcrumbList","@id":"https:\/\/www.placeforstrays.de\/en\/our-proteges\/bobby\/#breadcrumb","itemListElement":[{"@type":"ListItem","position":1,"name":"Startseite","item":"https:\/\/www.placeforstrays.de\/en\/"},{"@type":"ListItem","position":2,"name":"Projects","item":"https:\/\/www.placeforstrays.de\/en\/our-proteges\/"},{"@type":"ListItem","position":3,"name":"Bobby"}]},{"@type":"WebSite","@id":"https:\/\/www.placeforstrays.de\/en\/#website","url":"https:\/\/www.placeforstrays.de\/en\/","name":"PLACE for STRAYS Albufeira","description":"Tierschutz","publisher":{"@id":"https:\/\/www.placeforstrays.de\/en\/#organization"},"potentialAction":[{"@type":"SearchAction","target":{"@type":"EntryPoint","urlTemplate":"https:\/\/www.placeforstrays.de\/en\/?s={search_term_string}"},"query-input":"required name=search_term_string"}],"inLanguage":"en-US"},{"@type":"Organization","@id":"https:\/\/www.placeforstrays.de\/en\/#organization","name":"PLACE for STRAYS","url":"https:\/\/www.placeforstrays.de\/en\/","logo":{"@type":"ImageObject","inLanguage":"en-US","@id":"https:\/\/www.placeforstrays.de\/en\/#\/schema\/logo\/image\/","url":"https:\/\/www.placeforstrays.de\/wp-content\/uploads\/2019\/07\/Logo-mit-Hintergrund-Kopie.jpg","contentUrl":"https:\/\/www.placeforstrays.de\/wp-content\/uploads\/2019\/07\/Logo-mit-Hintergrund-Kopie.jpg","width":277,"height":291,"caption":"PLACE for STRAYS"},"image":{"@id":"https:\/\/www.placeforstrays.de\/en\/#\/schema\/logo\/image\/"},"sameAs":["https:\/\/www.instagram.com\/placeforstraysalbufeira\/","https:\/\/www.facebook.com\/groups\/1963615917246890\/"]}]}},"_links":{"self":[{"href":"https:\/\/www.placeforstrays.de\/en\/wp-json\/wp\/v2\/project\/42543"}],"collection":[{"href":"https:\/\/www.placeforstrays.de\/en\/wp-json\/wp\/v2\/project"}],"about":[{"href":"https:\/\/www.placeforstrays.de\/en\/wp-json\/wp\/v2\/types\/project"}],"author":[{"embeddable":true,"href":"https:\/\/www.placeforstrays.de\/en\/wp-json\/wp\/v2\/users\/23"}],"replies":[{"embeddable":true,"href":"https:\/\/www.placeforstrays.de\/en\/wp-json\/wp\/v2\/comments?post=42543"}],"version-history":[{"count":2,"href":"https:\/\/www.placeforstrays.de\/en\/wp-json\/wp\/v2\/project\/42543\/revisions"}],"predecessor-version":[{"id":42563,"href":"https:\/\/www.placeforstrays.de\/en\/wp-json\/wp\/v2\/project\/42543\/revisions\/42563"}],"wp:featuredmedia":[{"embeddable":true,"href":"https:\/\/www.placeforstrays.de\/en\/wp-json\/wp\/v2\/media\/43175"}],"wp:attachment":[{"href":"https:\/\/www.placeforstrays.de\/en\/wp-json\/wp\/v2\/media?parent=42543"}],"wp:term":[{"taxonomy":"pj-categs","embeddable":true,"href":"https:\/\/www.placeforstrays.de\/en\/wp-json\/wp\/v2\/pj-categs?post=42543"},{"taxonomy":"pj-tags","embeddable":true,"href":"https:\/\/www.placeforstrays.de\/en\/wp-json\/wp\/v2\/pj-tags?post=42543"}],"curies":[{"name":"wp","href":"https:\/\/api.w.org\/{rel}","templated":true}]}}