{"id":42922,"date":"2023-07-17T15:21:58","date_gmt":"2023-07-17T13:21:58","guid":{"rendered":"https:\/\/www.placeforstrays.de\/?post_type=project&#038;p=42922"},"modified":"2024-02-07T15:27:34","modified_gmt":"2024-02-07T14:27:34","slug":"enya","status":"publish","type":"project","link":"https:\/\/www.placeforstrays.de\/en\/our-proteges\/enya\/","title":{"rendered":"Enya"},"content":{"rendered":"<style type=\"text\/css\"><\/style><h3>Geschichte<\/h3>\n<p>\u00dcber eine befreundete Tierschutzfreundin haben wir von der armen Maus erfahren, die sich in einem Lager befand und ihr Zustand war wirklich schwer mit anzusehen. Sie war abgemagert an einem Plastikstrick drau\u00dfen angebunden und hatte zahlreiche Wunden. So kam es, dass <strong>Enya<\/strong> im PLACE for STRAYS aufgenommen wurde um sich zu erholen und die sch\u00f6nen Seiten des Lebens kennenzulernen.<\/p>\n<h3>Charakter<\/h3>\n<p><strong>Enya\u00a0<\/strong>hat sich in den letzten Monaten gut im Shelter eingelebt und wohnt<span class=\"x193iq5w xeuugli x13faqbe x1vvkbs x1xmvt09 x6prxxf xvq8zen xo1l8bm xzsf02u\">\u00a0momentan mit <a href=\"https:\/\/www.placeforstrays.de\/our-proteges\/pino\/\">Pino<\/a> zusammen in einer Box. Sie ist wirklich eine super fr\u00f6hliche und motivierte H\u00fcndin.\u00a0 Sie ist eine super soziale H\u00fcndin, die gerne mit allen spielt. Dabei hat sie stets viel Energie, will \u00fcberall dabei sein. I<\/span><span class=\"x193iq5w xeuugli x13faqbe x1vvkbs x1xmvt09 x6prxxf xvq8zen xo1l8bm xzsf02u\">hre gr\u00f6\u00dfte Leidenschaft, von der sie schon fast besessen ist, sind die Spiele mit dem Ball. Das k\u00f6nnte unser Energieb\u00fcndel am liebsten den ganzen Tag machen. Auch \u00fcber das Gassi gehen freut sie sich immer total, die f\u00fcr sie noch sehr spannend sind. An Enyas Leinenf\u00fchrigkeit muss also noch etwas gearbeitet.<\/span><b><\/b><\/p>\n<div id='gallery-1' class='gallery galleryid-42922 gallery-columns-2 gallery-size-thumbnail'><figure class='gallery-item'>\n\t\t\t<div class='gallery-icon portrait'>\n\t\t\t\t<a href='https:\/\/www.placeforstrays.de\/en\/enya-13-2\/'><img width=\"150\" height=\"150\" src=\"https:\/\/www.placeforstrays.de\/wp-content\/uploads\/2023\/07\/Enya-13-150x150.jpg\" class=\"attachment-thumbnail size-thumbnail\" alt=\"\" srcset=\"https:\/\/www.placeforstrays.de\/wp-content\/uploads\/2023\/07\/Enya-13-150x150.jpg 150w, https:\/\/www.placeforstrays.de\/wp-content\/uploads\/2023\/07\/Enya-13-55x55.jpg 55w, https:\/\/www.placeforstrays.de\/wp-content\/uploads\/2023\/07\/Enya-13-250x250.jpg 250w\" sizes=\"(max-width: 150px) 100vw, 150px\" \/><\/a>\n\t\t\t<\/div><\/figure><figure class='gallery-item'>\n\t\t\t<div class='gallery-icon portrait'>\n\t\t\t\t<a href='https:\/\/www.placeforstrays.de\/en\/enya-14-2\/'><img width=\"150\" height=\"150\" src=\"https:\/\/www.placeforstrays.de\/wp-content\/uploads\/2023\/07\/Enya-14-150x150.jpg\" class=\"attachment-thumbnail size-thumbnail\" alt=\"\" srcset=\"https:\/\/www.placeforstrays.de\/wp-content\/uploads\/2023\/07\/Enya-14-150x150.jpg 150w, https:\/\/www.placeforstrays.de\/wp-content\/uploads\/2023\/07\/Enya-14-55x55.jpg 55w, https:\/\/www.placeforstrays.de\/wp-content\/uploads\/2023\/07\/Enya-14-250x250.jpg 250w\" sizes=\"(max-width: 150px) 100vw, 150px\" \/><\/a>\n\t\t\t<\/div><\/figure><figure class='gallery-item'>\n\t\t\t<div class='gallery-icon portrait'>\n\t\t\t\t<a href='https:\/\/www.placeforstrays.de\/en\/enya-11-2\/'><img width=\"150\" height=\"150\" src=\"https:\/\/www.placeforstrays.de\/wp-content\/uploads\/2023\/07\/Enya-11-150x150.jpg\" class=\"attachment-thumbnail size-thumbnail\" alt=\"\" srcset=\"https:\/\/www.placeforstrays.de\/wp-content\/uploads\/2023\/07\/Enya-11-150x150.jpg 150w, https:\/\/www.placeforstrays.de\/wp-content\/uploads\/2023\/07\/Enya-11-55x55.jpg 55w, https:\/\/www.placeforstrays.de\/wp-content\/uploads\/2023\/07\/Enya-11-250x250.jpg 250w\" sizes=\"(max-width: 150px) 100vw, 150px\" \/><\/a>\n\t\t\t<\/div><\/figure><figure class='gallery-item'>\n\t\t\t<div class='gallery-icon portrait'>\n\t\t\t\t<a href='https:\/\/www.placeforstrays.de\/en\/enya-12-2\/'><img width=\"150\" height=\"150\" src=\"https:\/\/www.placeforstrays.de\/wp-content\/uploads\/2023\/07\/Enya-12-150x150.jpg\" class=\"attachment-thumbnail size-thumbnail\" alt=\"\" srcset=\"https:\/\/www.placeforstrays.de\/wp-content\/uploads\/2023\/07\/Enya-12-150x150.jpg 150w, https:\/\/www.placeforstrays.de\/wp-content\/uploads\/2023\/07\/Enya-12-55x55.jpg 55w, https:\/\/www.placeforstrays.de\/wp-content\/uploads\/2023\/07\/Enya-12-250x250.jpg 250w\" sizes=\"(max-width: 150px) 100vw, 150px\" \/><\/a>\n\t\t\t<\/div><\/figure><figure class='gallery-item'>\n\t\t\t<div class='gallery-icon portrait'>\n\t\t\t\t<a href='https:\/\/www.placeforstrays.de\/en\/enya-10-2\/'><img width=\"150\" height=\"150\" src=\"https:\/\/www.placeforstrays.de\/wp-content\/uploads\/2023\/07\/Enya-10-150x150.jpg\" class=\"attachment-thumbnail size-thumbnail\" alt=\"\" srcset=\"https:\/\/www.placeforstrays.de\/wp-content\/uploads\/2023\/07\/Enya-10-150x150.jpg 150w, https:\/\/www.placeforstrays.de\/wp-content\/uploads\/2023\/07\/Enya-10-55x55.jpg 55w, https:\/\/www.placeforstrays.de\/wp-content\/uploads\/2023\/07\/Enya-10-250x250.jpg 250w\" sizes=\"(max-width: 150px) 100vw, 150px\" \/><\/a>\n\t\t\t<\/div><\/figure><figure class='gallery-item'>\n\t\t\t<div class='gallery-icon portrait'>\n\t\t\t\t<a href='https:\/\/www.placeforstrays.de\/en\/enya-9-2\/'><img width=\"150\" height=\"150\" src=\"https:\/\/www.placeforstrays.de\/wp-content\/uploads\/2023\/07\/Enya-9-150x150.jpg\" class=\"attachment-thumbnail size-thumbnail\" alt=\"\" srcset=\"https:\/\/www.placeforstrays.de\/wp-content\/uploads\/2023\/07\/Enya-9-150x150.jpg 150w, https:\/\/www.placeforstrays.de\/wp-content\/uploads\/2023\/07\/Enya-9-55x55.jpg 55w, https:\/\/www.placeforstrays.de\/wp-content\/uploads\/2023\/07\/Enya-9-250x250.jpg 250w\" sizes=\"(max-width: 150px) 100vw, 150px\" \/><\/a>\n\t\t\t<\/div><\/figure><figure class='gallery-item'>\n\t\t\t<div class='gallery-icon portrait'>\n\t\t\t\t<a href='https:\/\/www.placeforstrays.de\/en\/enya-8-2\/'><img width=\"150\" height=\"150\" src=\"https:\/\/www.placeforstrays.de\/wp-content\/uploads\/2023\/07\/Enya-8-150x150.jpg\" class=\"attachment-thumbnail size-thumbnail\" alt=\"\" srcset=\"https:\/\/www.placeforstrays.de\/wp-content\/uploads\/2023\/07\/Enya-8-150x150.jpg 150w, https:\/\/www.placeforstrays.de\/wp-content\/uploads\/2023\/07\/Enya-8-55x55.jpg 55w, https:\/\/www.placeforstrays.de\/wp-content\/uploads\/2023\/07\/Enya-8-250x250.jpg 250w\" sizes=\"(max-width: 150px) 100vw, 150px\" \/><\/a>\n\t\t\t<\/div><\/figure><figure class='gallery-item'>\n\t\t\t<div class='gallery-icon portrait'>\n\t\t\t\t<a href='https:\/\/www.placeforstrays.de\/en\/enya-7-2\/'><img width=\"150\" height=\"150\" src=\"https:\/\/www.placeforstrays.de\/wp-content\/uploads\/2023\/07\/Enya-7-150x150.jpg\" class=\"attachment-thumbnail size-thumbnail\" alt=\"\" srcset=\"https:\/\/www.placeforstrays.de\/wp-content\/uploads\/2023\/07\/Enya-7-150x150.jpg 150w, https:\/\/www.placeforstrays.de\/wp-content\/uploads\/2023\/07\/Enya-7-55x55.jpg 55w, https:\/\/www.placeforstrays.de\/wp-content\/uploads\/2023\/07\/Enya-7-250x250.jpg 250w\" sizes=\"(max-width: 150px) 100vw, 150px\" \/><\/a>\n\t\t\t<\/div><\/figure><figure class='gallery-item'>\n\t\t\t<div class='gallery-icon landscape'>\n\t\t\t\t<a href='https:\/\/www.placeforstrays.de\/en\/enya-6-2\/'><img width=\"150\" height=\"150\" src=\"https:\/\/www.placeforstrays.de\/wp-content\/uploads\/2023\/07\/Enya-6-150x150.jpg\" class=\"attachment-thumbnail size-thumbnail\" alt=\"\" srcset=\"https:\/\/www.placeforstrays.de\/wp-content\/uploads\/2023\/07\/Enya-6-150x150.jpg 150w, https:\/\/www.placeforstrays.de\/wp-content\/uploads\/2023\/07\/Enya-6-55x55.jpg 55w, https:\/\/www.placeforstrays.de\/wp-content\/uploads\/2023\/07\/Enya-6-250x250.jpg 250w\" sizes=\"(max-width: 150px) 100vw, 150px\" \/><\/a>\n\t\t\t<\/div><\/figure><figure class='gallery-item'>\n\t\t\t<div class='gallery-icon portrait'>\n\t\t\t\t<a href='https:\/\/www.placeforstrays.de\/en\/enya-3-2\/'><img width=\"150\" height=\"150\" src=\"https:\/\/www.placeforstrays.de\/wp-content\/uploads\/2023\/07\/Enya-3-150x150.jpg\" class=\"attachment-thumbnail size-thumbnail\" alt=\"\" srcset=\"https:\/\/www.placeforstrays.de\/wp-content\/uploads\/2023\/07\/Enya-3-150x150.jpg 150w, https:\/\/www.placeforstrays.de\/wp-content\/uploads\/2023\/07\/Enya-3-55x55.jpg 55w, https:\/\/www.placeforstrays.de\/wp-content\/uploads\/2023\/07\/Enya-3-250x250.jpg 250w\" sizes=\"(max-width: 150px) 100vw, 150px\" \/><\/a>\n\t\t\t<\/div><\/figure><figure class='gallery-item'>\n\t\t\t<div class='gallery-icon portrait'>\n\t\t\t\t<a href='https:\/\/www.placeforstrays.de\/en\/enya-4-2\/'><img width=\"150\" height=\"150\" src=\"https:\/\/www.placeforstrays.de\/wp-content\/uploads\/2023\/07\/Enya-4-150x150.jpg\" class=\"attachment-thumbnail size-thumbnail\" alt=\"\" srcset=\"https:\/\/www.placeforstrays.de\/wp-content\/uploads\/2023\/07\/Enya-4-150x150.jpg 150w, https:\/\/www.placeforstrays.de\/wp-content\/uploads\/2023\/07\/Enya-4-55x55.jpg 55w, https:\/\/www.placeforstrays.de\/wp-content\/uploads\/2023\/07\/Enya-4-250x250.jpg 250w\" sizes=\"(max-width: 150px) 100vw, 150px\" \/><\/a>\n\t\t\t<\/div><\/figure><figure class='gallery-item'>\n\t\t\t<div class='gallery-icon portrait'>\n\t\t\t\t<a href='https:\/\/www.placeforstrays.de\/en\/enya-5-2\/'><img width=\"150\" height=\"150\" src=\"https:\/\/www.placeforstrays.de\/wp-content\/uploads\/2023\/07\/Enya-5-150x150.jpg\" class=\"attachment-thumbnail size-thumbnail\" alt=\"\" srcset=\"https:\/\/www.placeforstrays.de\/wp-content\/uploads\/2023\/07\/Enya-5-150x150.jpg 150w, https:\/\/www.placeforstrays.de\/wp-content\/uploads\/2023\/07\/Enya-5-55x55.jpg 55w, https:\/\/www.placeforstrays.de\/wp-content\/uploads\/2023\/07\/Enya-5-250x250.jpg 250w\" sizes=\"(max-width: 150px) 100vw, 150px\" \/><\/a>\n\t\t\t<\/div><\/figure><figure class='gallery-item'>\n\t\t\t<div class='gallery-icon portrait'>\n\t\t\t\t<a href='https:\/\/www.placeforstrays.de\/en\/enya-2-2\/'><img width=\"150\" height=\"150\" src=\"https:\/\/www.placeforstrays.de\/wp-content\/uploads\/2023\/07\/Enya-2-150x150.jpg\" class=\"attachment-thumbnail size-thumbnail\" alt=\"\" srcset=\"https:\/\/www.placeforstrays.de\/wp-content\/uploads\/2023\/07\/Enya-2-150x150.jpg 150w, https:\/\/www.placeforstrays.de\/wp-content\/uploads\/2023\/07\/Enya-2-55x55.jpg 55w, https:\/\/www.placeforstrays.de\/wp-content\/uploads\/2023\/07\/Enya-2-250x250.jpg 250w\" sizes=\"(max-width: 150px) 100vw, 150px\" \/><\/a>\n\t\t\t<\/div><\/figure><figure class='gallery-item'>\n\t\t\t<div class='gallery-icon portrait'>\n\t\t\t\t<a href='https:\/\/www.placeforstrays.de\/en\/enya-1-2\/'><img width=\"150\" height=\"150\" src=\"https:\/\/www.placeforstrays.de\/wp-content\/uploads\/2023\/07\/Enya-1-150x150.jpg\" class=\"attachment-thumbnail size-thumbnail\" alt=\"\" srcset=\"https:\/\/www.placeforstrays.de\/wp-content\/uploads\/2023\/07\/Enya-1-150x150.jpg 150w, https:\/\/www.placeforstrays.de\/wp-content\/uploads\/2023\/07\/Enya-1-55x55.jpg 55w, https:\/\/www.placeforstrays.de\/wp-content\/uploads\/2023\/07\/Enya-1-250x250.jpg 250w\" sizes=\"(max-width: 150px) 100vw, 150px\" \/><\/a>\n\t\t\t<\/div><\/figure>\n\t\t<\/div>\n\n","protected":false},"excerpt":{"rendered":"<p>Geschichte \u00dcber eine befreundete Tierschutzfreundin haben wir von der armen Maus erfahren, die sich in einem Lager befand und ihr Zustand war wirklich schwer mit anzusehen. Sie war abgemagert an einem Plastikstrick drau\u00dfen angebunden und hatte zahlreiche Wunden. So kam es, dass Enya im PLACE for STRAYS aufgenommen wurde um sich zu erholen und die&#8230;<\/p>\n","protected":false},"author":21,"featured_media":45094,"menu_order":0,"comment_status":"closed","ping_status":"closed","template":"","format":"standard","meta":[],"pj-categs":[14,16,19,37],"pj-tags":[],"yoast_head":"<!-- This site is optimized with the Yoast SEO plugin v19.13 - https:\/\/yoast.com\/wordpress\/plugins\/seo\/ -->\n<title>Enya fand ein liebevolles Zuhause - PLACE for STRAYS Albufeira<\/title>\n<meta name=\"description\" content=\"Enya wurde abgemagert an einem Plastikstrick drau\u00dfen angebunden und hatte zahlreiche Wunden.\" \/>\n<meta name=\"robots\" content=\"index, follow, max-snippet:-1, max-image-preview:large, max-video-preview:-1\" \/>\n<link rel=\"canonical\" href=\"https:\/\/www.placeforstrays.de\/en\/our-proteges\/enya\/\" \/>\n<meta property=\"og:locale\" content=\"en_US\" \/>\n<meta property=\"og:type\" content=\"article\" \/>\n<meta property=\"og:title\" content=\"Enya fand ein liebevolles Zuhause - PLACE for STRAYS Albufeira\" \/>\n<meta property=\"og:description\" content=\"Enya wurde abgemagert an einem Plastikstrick drau\u00dfen angebunden und hatte zahlreiche Wunden.\" \/>\n<meta property=\"og:url\" content=\"https:\/\/www.placeforstrays.de\/en\/our-proteges\/enya\/\" \/>\n<meta property=\"og:site_name\" content=\"PLACE for STRAYS Albufeira\" \/>\n<meta property=\"article:publisher\" content=\"https:\/\/www.facebook.com\/groups\/1963615917246890\/\" \/>\n<meta property=\"article:modified_time\" content=\"2024-02-07T14:27:34+00:00\" \/>\n<meta property=\"og:image\" content=\"https:\/\/www.placeforstrays.de\/wp-content\/uploads\/2023\/07\/Enya-adopted-e1707315812992.jpg\" \/>\n\t<meta property=\"og:image:width\" content=\"660\" \/>\n\t<meta property=\"og:image:height\" content=\"584\" \/>\n\t<meta property=\"og:image:type\" content=\"image\/jpeg\" \/>\n<meta name=\"twitter:card\" content=\"summary_large_image\" \/>\n<meta name=\"twitter:label1\" content=\"Est. reading time\" \/>\n\t<meta name=\"twitter:data1\" content=\"1 minute\" \/>\n<script type=\"application\/ld+json\" class=\"yoast-schema-graph\">{\"@context\":\"https:\/\/schema.org\",\"@graph\":[{\"@type\":\"WebPage\",\"@id\":\"https:\/\/www.placeforstrays.de\/en\/our-proteges\/enya\/\",\"url\":\"https:\/\/www.placeforstrays.de\/en\/our-proteges\/enya\/\",\"name\":\"Enya fand ein liebevolles Zuhause - PLACE for STRAYS Albufeira\",\"isPartOf\":{\"@id\":\"https:\/\/www.placeforstrays.de\/en\/#website\"},\"datePublished\":\"2023-07-17T13:21:58+00:00\",\"dateModified\":\"2024-02-07T14:27:34+00:00\",\"description\":\"Enya wurde abgemagert an einem Plastikstrick drau\u00dfen angebunden und hatte zahlreiche Wunden.\",\"breadcrumb\":{\"@id\":\"https:\/\/www.placeforstrays.de\/en\/our-proteges\/enya\/#breadcrumb\"},\"inLanguage\":\"en-US\",\"potentialAction\":[{\"@type\":\"ReadAction\",\"target\":[\"https:\/\/www.placeforstrays.de\/en\/our-proteges\/enya\/\"]}]},{\"@type\":\"BreadcrumbList\",\"@id\":\"https:\/\/www.placeforstrays.de\/en\/our-proteges\/enya\/#breadcrumb\",\"itemListElement\":[{\"@type\":\"ListItem\",\"position\":1,\"name\":\"Startseite\",\"item\":\"https:\/\/www.placeforstrays.de\/en\/\"},{\"@type\":\"ListItem\",\"position\":2,\"name\":\"Projects\",\"item\":\"https:\/\/www.placeforstrays.de\/en\/our-proteges\/\"},{\"@type\":\"ListItem\",\"position\":3,\"name\":\"Enya\"}]},{\"@type\":\"WebSite\",\"@id\":\"https:\/\/www.placeforstrays.de\/en\/#website\",\"url\":\"https:\/\/www.placeforstrays.de\/en\/\",\"name\":\"PLACE for STRAYS Albufeira\",\"description\":\"Tierschutz\",\"publisher\":{\"@id\":\"https:\/\/www.placeforstrays.de\/en\/#organization\"},\"potentialAction\":[{\"@type\":\"SearchAction\",\"target\":{\"@type\":\"EntryPoint\",\"urlTemplate\":\"https:\/\/www.placeforstrays.de\/en\/?s={search_term_string}\"},\"query-input\":\"required name=search_term_string\"}],\"inLanguage\":\"en-US\"},{\"@type\":\"Organization\",\"@id\":\"https:\/\/www.placeforstrays.de\/en\/#organization\",\"name\":\"PLACE for STRAYS\",\"url\":\"https:\/\/www.placeforstrays.de\/en\/\",\"logo\":{\"@type\":\"ImageObject\",\"inLanguage\":\"en-US\",\"@id\":\"https:\/\/www.placeforstrays.de\/en\/#\/schema\/logo\/image\/\",\"url\":\"https:\/\/www.placeforstrays.de\/wp-content\/uploads\/2019\/07\/Logo-mit-Hintergrund-Kopie.jpg\",\"contentUrl\":\"https:\/\/www.placeforstrays.de\/wp-content\/uploads\/2019\/07\/Logo-mit-Hintergrund-Kopie.jpg\",\"width\":277,\"height\":291,\"caption\":\"PLACE for STRAYS\"},\"image\":{\"@id\":\"https:\/\/www.placeforstrays.de\/en\/#\/schema\/logo\/image\/\"},\"sameAs\":[\"https:\/\/www.instagram.com\/placeforstraysalbufeira\/\",\"https:\/\/www.facebook.com\/groups\/1963615917246890\/\"]}]}<\/script>\n<!-- \/ Yoast SEO plugin. -->","yoast_head_json":{"title":"Enya fand ein liebevolles Zuhause - PLACE for STRAYS Albufeira","description":"Enya wurde abgemagert an einem Plastikstrick drau\u00dfen angebunden und hatte zahlreiche Wunden.","robots":{"index":"index","follow":"follow","max-snippet":"max-snippet:-1","max-image-preview":"max-image-preview:large","max-video-preview":"max-video-preview:-1"},"canonical":"https:\/\/www.placeforstrays.de\/en\/our-proteges\/enya\/","og_locale":"en_US","og_type":"article","og_title":"Enya fand ein liebevolles Zuhause - PLACE for STRAYS Albufeira","og_description":"Enya wurde abgemagert an einem Plastikstrick drau\u00dfen angebunden und hatte zahlreiche Wunden.","og_url":"https:\/\/www.placeforstrays.de\/en\/our-proteges\/enya\/","og_site_name":"PLACE for STRAYS Albufeira","article_publisher":"https:\/\/www.facebook.com\/groups\/1963615917246890\/","article_modified_time":"2024-02-07T14:27:34+00:00","og_image":[{"width":660,"height":584,"url":"https:\/\/www.placeforstrays.de\/wp-content\/uploads\/2023\/07\/Enya-adopted-e1707315812992.jpg","type":"image\/jpeg"}],"twitter_card":"summary_large_image","twitter_misc":{"Est. reading time":"1 minute"},"schema":{"@context":"https:\/\/schema.org","@graph":[{"@type":"WebPage","@id":"https:\/\/www.placeforstrays.de\/en\/our-proteges\/enya\/","url":"https:\/\/www.placeforstrays.de\/en\/our-proteges\/enya\/","name":"Enya fand ein liebevolles Zuhause - PLACE for STRAYS Albufeira","isPartOf":{"@id":"https:\/\/www.placeforstrays.de\/en\/#website"},"datePublished":"2023-07-17T13:21:58+00:00","dateModified":"2024-02-07T14:27:34+00:00","description":"Enya wurde abgemagert an einem Plastikstrick drau\u00dfen angebunden und hatte zahlreiche Wunden.","breadcrumb":{"@id":"https:\/\/www.placeforstrays.de\/en\/our-proteges\/enya\/#breadcrumb"},"inLanguage":"en-US","potentialAction":[{"@type":"ReadAction","target":["https:\/\/www.placeforstrays.de\/en\/our-proteges\/enya\/"]}]},{"@type":"BreadcrumbList","@id":"https:\/\/www.placeforstrays.de\/en\/our-proteges\/enya\/#breadcrumb","itemListElement":[{"@type":"ListItem","position":1,"name":"Startseite","item":"https:\/\/www.placeforstrays.de\/en\/"},{"@type":"ListItem","position":2,"name":"Projects","item":"https:\/\/www.placeforstrays.de\/en\/our-proteges\/"},{"@type":"ListItem","position":3,"name":"Enya"}]},{"@type":"WebSite","@id":"https:\/\/www.placeforstrays.de\/en\/#website","url":"https:\/\/www.placeforstrays.de\/en\/","name":"PLACE for STRAYS Albufeira","description":"Tierschutz","publisher":{"@id":"https:\/\/www.placeforstrays.de\/en\/#organization"},"potentialAction":[{"@type":"SearchAction","target":{"@type":"EntryPoint","urlTemplate":"https:\/\/www.placeforstrays.de\/en\/?s={search_term_string}"},"query-input":"required name=search_term_string"}],"inLanguage":"en-US"},{"@type":"Organization","@id":"https:\/\/www.placeforstrays.de\/en\/#organization","name":"PLACE for STRAYS","url":"https:\/\/www.placeforstrays.de\/en\/","logo":{"@type":"ImageObject","inLanguage":"en-US","@id":"https:\/\/www.placeforstrays.de\/en\/#\/schema\/logo\/image\/","url":"https:\/\/www.placeforstrays.de\/wp-content\/uploads\/2019\/07\/Logo-mit-Hintergrund-Kopie.jpg","contentUrl":"https:\/\/www.placeforstrays.de\/wp-content\/uploads\/2019\/07\/Logo-mit-Hintergrund-Kopie.jpg","width":277,"height":291,"caption":"PLACE for STRAYS"},"image":{"@id":"https:\/\/www.placeforstrays.de\/en\/#\/schema\/logo\/image\/"},"sameAs":["https:\/\/www.instagram.com\/placeforstraysalbufeira\/","https:\/\/www.facebook.com\/groups\/1963615917246890\/"]}]}},"_links":{"self":[{"href":"https:\/\/www.placeforstrays.de\/en\/wp-json\/wp\/v2\/project\/42922"}],"collection":[{"href":"https:\/\/www.placeforstrays.de\/en\/wp-json\/wp\/v2\/project"}],"about":[{"href":"https:\/\/www.placeforstrays.de\/en\/wp-json\/wp\/v2\/types\/project"}],"author":[{"embeddable":true,"href":"https:\/\/www.placeforstrays.de\/en\/wp-json\/wp\/v2\/users\/21"}],"replies":[{"embeddable":true,"href":"https:\/\/www.placeforstrays.de\/en\/wp-json\/wp\/v2\/comments?post=42922"}],"version-history":[{"count":5,"href":"https:\/\/www.placeforstrays.de\/en\/wp-json\/wp\/v2\/project\/42922\/revisions"}],"predecessor-version":[{"id":44339,"href":"https:\/\/www.placeforstrays.de\/en\/wp-json\/wp\/v2\/project\/42922\/revisions\/44339"}],"wp:featuredmedia":[{"embeddable":true,"href":"https:\/\/www.placeforstrays.de\/en\/wp-json\/wp\/v2\/media\/45094"}],"wp:attachment":[{"href":"https:\/\/www.placeforstrays.de\/en\/wp-json\/wp\/v2\/media?parent=42922"}],"wp:term":[{"taxonomy":"pj-categs","embeddable":true,"href":"https:\/\/www.placeforstrays.de\/en\/wp-json\/wp\/v2\/pj-categs?post=42922"},{"taxonomy":"pj-tags","embeddable":true,"href":"https:\/\/www.placeforstrays.de\/en\/wp-json\/wp\/v2\/pj-tags?post=42922"}],"curies":[{"name":"wp","href":"https:\/\/api.w.org\/{rel}","templated":true}]}}