{"id":43108,"date":"2023-07-31T14:59:25","date_gmt":"2023-07-31T12:59:25","guid":{"rendered":"https:\/\/www.placeforstrays.de\/?post_type=project&#038;p=43108"},"modified":"2023-09-15T13:10:16","modified_gmt":"2023-09-15T11:10:16","slug":"peaches","status":"publish","type":"project","link":"https:\/\/www.placeforstrays.de\/en\/our-proteges\/peaches\/","title":{"rendered":"Peaches"},"content":{"rendered":"<style type=\"text\/css\"><\/style><h3>Geschichte<\/h3>\n<p><strong>Peaches<\/strong> lebte in schlechten Verh\u00e4ltnissen in einem Lager, wo sie von Tiersch\u00fctzern gerettet wurde. Ihr Aussehen l\u00e4sst darauf schlie\u00dfen, dass sie die Gene eines Listenhundes hat, und leider nicht nach Deutschland vermittelt werden kann. Da das PLACE for STRAYS aktuell keinen Platz f\u00fcr die kleine Maus hat darf sie bei unserer Helferin Vanessa als Pflegehund einziehen, bis sich das passende Zuhause f\u00fcr die kleine H\u00fcndin Vorort in Portugal gefunden hat.<\/p>\n<h3>Charakter<\/h3>\n<p><strong>Peaches<\/strong>\u00a0ist gerade erst bei uns eingezogen. Wir werden euch ihr weiterhin auf dem Laufenden halten.<\/p>\n<div id='gallery-1' class='gallery galleryid-43108 gallery-columns-2 gallery-size-thumbnail'><figure class='gallery-item'>\n\t\t\t<div class='gallery-icon portrait'>\n\t\t\t\t<a href='https:\/\/www.placeforstrays.de\/en\/peaches-9-2\/'><img width=\"150\" height=\"150\" src=\"https:\/\/www.placeforstrays.de\/wp-content\/uploads\/2023\/07\/Peaches-9-150x150.jpg\" class=\"attachment-thumbnail size-thumbnail\" alt=\"\" srcset=\"https:\/\/www.placeforstrays.de\/wp-content\/uploads\/2023\/07\/Peaches-9-150x150.jpg 150w, https:\/\/www.placeforstrays.de\/wp-content\/uploads\/2023\/07\/Peaches-9-55x55.jpg 55w, https:\/\/www.placeforstrays.de\/wp-content\/uploads\/2023\/07\/Peaches-9-250x250.jpg 250w\" sizes=\"(max-width: 150px) 100vw, 150px\" \/><\/a>\n\t\t\t<\/div><\/figure><figure class='gallery-item'>\n\t\t\t<div class='gallery-icon portrait'>\n\t\t\t\t<a href='https:\/\/www.placeforstrays.de\/en\/peaches-8-2\/'><img width=\"150\" height=\"150\" src=\"https:\/\/www.placeforstrays.de\/wp-content\/uploads\/2023\/07\/Peaches-8-150x150.jpg\" class=\"attachment-thumbnail size-thumbnail\" alt=\"\" srcset=\"https:\/\/www.placeforstrays.de\/wp-content\/uploads\/2023\/07\/Peaches-8-150x150.jpg 150w, https:\/\/www.placeforstrays.de\/wp-content\/uploads\/2023\/07\/Peaches-8-55x55.jpg 55w, https:\/\/www.placeforstrays.de\/wp-content\/uploads\/2023\/07\/Peaches-8-250x250.jpg 250w\" sizes=\"(max-width: 150px) 100vw, 150px\" \/><\/a>\n\t\t\t<\/div><\/figure><figure class='gallery-item'>\n\t\t\t<div class='gallery-icon portrait'>\n\t\t\t\t<a href='https:\/\/www.placeforstrays.de\/en\/peaches-7-2\/'><img width=\"150\" height=\"150\" src=\"https:\/\/www.placeforstrays.de\/wp-content\/uploads\/2023\/07\/Peaches-7-150x150.jpg\" class=\"attachment-thumbnail size-thumbnail\" alt=\"\" srcset=\"https:\/\/www.placeforstrays.de\/wp-content\/uploads\/2023\/07\/Peaches-7-150x150.jpg 150w, https:\/\/www.placeforstrays.de\/wp-content\/uploads\/2023\/07\/Peaches-7-55x55.jpg 55w, https:\/\/www.placeforstrays.de\/wp-content\/uploads\/2023\/07\/Peaches-7-250x250.jpg 250w\" sizes=\"(max-width: 150px) 100vw, 150px\" \/><\/a>\n\t\t\t<\/div><\/figure><figure class='gallery-item'>\n\t\t\t<div class='gallery-icon portrait'>\n\t\t\t\t<a href='https:\/\/www.placeforstrays.de\/en\/peaches-6-2\/'><img width=\"150\" height=\"150\" src=\"https:\/\/www.placeforstrays.de\/wp-content\/uploads\/2023\/07\/Peaches-6-150x150.jpg\" class=\"attachment-thumbnail size-thumbnail\" alt=\"\" srcset=\"https:\/\/www.placeforstrays.de\/wp-content\/uploads\/2023\/07\/Peaches-6-150x150.jpg 150w, https:\/\/www.placeforstrays.de\/wp-content\/uploads\/2023\/07\/Peaches-6-55x55.jpg 55w, https:\/\/www.placeforstrays.de\/wp-content\/uploads\/2023\/07\/Peaches-6-250x250.jpg 250w\" sizes=\"(max-width: 150px) 100vw, 150px\" \/><\/a>\n\t\t\t<\/div><\/figure><figure class='gallery-item'>\n\t\t\t<div class='gallery-icon portrait'>\n\t\t\t\t<a href='https:\/\/www.placeforstrays.de\/en\/peaches-5-2\/'><img width=\"150\" height=\"150\" src=\"https:\/\/www.placeforstrays.de\/wp-content\/uploads\/2023\/07\/Peaches-5-150x150.jpg\" class=\"attachment-thumbnail size-thumbnail\" alt=\"\" srcset=\"https:\/\/www.placeforstrays.de\/wp-content\/uploads\/2023\/07\/Peaches-5-150x150.jpg 150w, https:\/\/www.placeforstrays.de\/wp-content\/uploads\/2023\/07\/Peaches-5-55x55.jpg 55w, https:\/\/www.placeforstrays.de\/wp-content\/uploads\/2023\/07\/Peaches-5-250x250.jpg 250w\" sizes=\"(max-width: 150px) 100vw, 150px\" \/><\/a>\n\t\t\t<\/div><\/figure><figure class='gallery-item'>\n\t\t\t<div class='gallery-icon portrait'>\n\t\t\t\t<a href='https:\/\/www.placeforstrays.de\/en\/peaches-4-2\/'><img width=\"150\" height=\"150\" src=\"https:\/\/www.placeforstrays.de\/wp-content\/uploads\/2023\/07\/Peaches-4-150x150.jpg\" class=\"attachment-thumbnail size-thumbnail\" alt=\"\" srcset=\"https:\/\/www.placeforstrays.de\/wp-content\/uploads\/2023\/07\/Peaches-4-150x150.jpg 150w, https:\/\/www.placeforstrays.de\/wp-content\/uploads\/2023\/07\/Peaches-4-55x55.jpg 55w, https:\/\/www.placeforstrays.de\/wp-content\/uploads\/2023\/07\/Peaches-4-250x250.jpg 250w\" sizes=\"(max-width: 150px) 100vw, 150px\" \/><\/a>\n\t\t\t<\/div><\/figure><figure class='gallery-item'>\n\t\t\t<div class='gallery-icon portrait'>\n\t\t\t\t<a href='https:\/\/www.placeforstrays.de\/en\/peaches-3-2\/'><img width=\"150\" height=\"150\" src=\"https:\/\/www.placeforstrays.de\/wp-content\/uploads\/2023\/07\/Peaches-3-150x150.jpg\" class=\"attachment-thumbnail size-thumbnail\" alt=\"\" srcset=\"https:\/\/www.placeforstrays.de\/wp-content\/uploads\/2023\/07\/Peaches-3-150x150.jpg 150w, https:\/\/www.placeforstrays.de\/wp-content\/uploads\/2023\/07\/Peaches-3-55x55.jpg 55w, https:\/\/www.placeforstrays.de\/wp-content\/uploads\/2023\/07\/Peaches-3-250x250.jpg 250w\" sizes=\"(max-width: 150px) 100vw, 150px\" \/><\/a>\n\t\t\t<\/div><\/figure><figure class='gallery-item'>\n\t\t\t<div class='gallery-icon portrait'>\n\t\t\t\t<a href='https:\/\/www.placeforstrays.de\/en\/peaches-2-2\/'><img width=\"150\" height=\"150\" src=\"https:\/\/www.placeforstrays.de\/wp-content\/uploads\/2023\/07\/Peaches-2-150x150.jpg\" class=\"attachment-thumbnail size-thumbnail\" alt=\"\" srcset=\"https:\/\/www.placeforstrays.de\/wp-content\/uploads\/2023\/07\/Peaches-2-150x150.jpg 150w, https:\/\/www.placeforstrays.de\/wp-content\/uploads\/2023\/07\/Peaches-2-55x55.jpg 55w, https:\/\/www.placeforstrays.de\/wp-content\/uploads\/2023\/07\/Peaches-2-250x250.jpg 250w\" sizes=\"(max-width: 150px) 100vw, 150px\" \/><\/a>\n\t\t\t<\/div><\/figure><figure class='gallery-item'>\n\t\t\t<div class='gallery-icon portrait'>\n\t\t\t\t<a href='https:\/\/www.placeforstrays.de\/en\/peaches-1-2\/'><img width=\"150\" height=\"150\" src=\"https:\/\/www.placeforstrays.de\/wp-content\/uploads\/2023\/07\/Peaches-1-150x150.jpg\" class=\"attachment-thumbnail size-thumbnail\" alt=\"\" srcset=\"https:\/\/www.placeforstrays.de\/wp-content\/uploads\/2023\/07\/Peaches-1-150x150.jpg 150w, https:\/\/www.placeforstrays.de\/wp-content\/uploads\/2023\/07\/Peaches-1-55x55.jpg 55w, https:\/\/www.placeforstrays.de\/wp-content\/uploads\/2023\/07\/Peaches-1-250x250.jpg 250w\" sizes=\"(max-width: 150px) 100vw, 150px\" \/><\/a>\n\t\t\t<\/div><\/figure>\n\t\t<\/div>\n\n","protected":false},"excerpt":{"rendered":"<p>Geschichte Peaches lebte in schlechten Verh\u00e4ltnissen in einem Lager, wo sie von Tiersch\u00fctzern gerettet wurde. Ihr Aussehen l\u00e4sst darauf schlie\u00dfen, dass sie die Gene eines Listenhundes hat, und leider nicht nach Deutschland vermittelt werden kann. Da das PLACE for STRAYS aktuell keinen Platz f\u00fcr die kleine Maus hat darf sie bei unserer Helferin Vanessa als&#8230;<\/p>\n","protected":false},"author":21,"featured_media":43564,"menu_order":0,"comment_status":"closed","ping_status":"closed","template":"","format":"standard","meta":[],"pj-categs":[14,16,19,37],"pj-tags":[],"yoast_head":"<!-- This site is optimized with the Yoast SEO plugin v19.13 - https:\/\/yoast.com\/wordpress\/plugins\/seo\/ -->\n<title>Peaches fand ein liebevolles Zuhause - PLACE for STRAYS Albufeira<\/title>\n<meta name=\"description\" content=\"Peaches lebte in schlechten Verh\u00e4ltnissen in einem Lager, wo sie von Tiersch\u00fctzern herausgeholt wurde. Nun ist sie im PLACE for STRAYS.\" \/>\n<meta name=\"robots\" content=\"index, follow, max-snippet:-1, max-image-preview:large, max-video-preview:-1\" \/>\n<link rel=\"canonical\" href=\"https:\/\/www.placeforstrays.de\/en\/our-proteges\/peaches\/\" \/>\n<meta property=\"og:locale\" content=\"en_US\" \/>\n<meta property=\"og:type\" content=\"article\" \/>\n<meta property=\"og:title\" content=\"Peaches fand ein liebevolles Zuhause - PLACE for STRAYS Albufeira\" \/>\n<meta property=\"og:description\" content=\"Peaches lebte in schlechten Verh\u00e4ltnissen in einem Lager, wo sie von Tiersch\u00fctzern herausgeholt wurde. Nun ist sie im PLACE for STRAYS.\" \/>\n<meta property=\"og:url\" content=\"https:\/\/www.placeforstrays.de\/en\/our-proteges\/peaches\/\" \/>\n<meta property=\"og:site_name\" content=\"PLACE for STRAYS Albufeira\" \/>\n<meta property=\"article:publisher\" content=\"https:\/\/www.facebook.com\/groups\/1963615917246890\/\" \/>\n<meta property=\"article:modified_time\" content=\"2023-09-15T11:10:16+00:00\" \/>\n<meta property=\"og:image\" content=\"https:\/\/www.placeforstrays.de\/wp-content\/uploads\/2023\/07\/peaches-adotped-e1694776063261.jpg\" \/>\n\t<meta property=\"og:image:width\" content=\"693\" \/>\n\t<meta property=\"og:image:height\" content=\"729\" \/>\n\t<meta property=\"og:image:type\" content=\"image\/jpeg\" \/>\n<meta name=\"twitter:card\" content=\"summary_large_image\" \/>\n<meta name=\"twitter:label1\" content=\"Est. reading time\" \/>\n\t<meta name=\"twitter:data1\" content=\"1 minute\" \/>\n<script type=\"application\/ld+json\" class=\"yoast-schema-graph\">{\"@context\":\"https:\/\/schema.org\",\"@graph\":[{\"@type\":\"WebPage\",\"@id\":\"https:\/\/www.placeforstrays.de\/en\/our-proteges\/peaches\/\",\"url\":\"https:\/\/www.placeforstrays.de\/en\/our-proteges\/peaches\/\",\"name\":\"Peaches fand ein liebevolles Zuhause - PLACE for STRAYS Albufeira\",\"isPartOf\":{\"@id\":\"https:\/\/www.placeforstrays.de\/en\/#website\"},\"datePublished\":\"2023-07-31T12:59:25+00:00\",\"dateModified\":\"2023-09-15T11:10:16+00:00\",\"description\":\"Peaches lebte in schlechten Verh\u00e4ltnissen in einem Lager, wo sie von Tiersch\u00fctzern herausgeholt wurde. Nun ist sie im PLACE for STRAYS.\",\"breadcrumb\":{\"@id\":\"https:\/\/www.placeforstrays.de\/en\/our-proteges\/peaches\/#breadcrumb\"},\"inLanguage\":\"en-US\",\"potentialAction\":[{\"@type\":\"ReadAction\",\"target\":[\"https:\/\/www.placeforstrays.de\/en\/our-proteges\/peaches\/\"]}]},{\"@type\":\"BreadcrumbList\",\"@id\":\"https:\/\/www.placeforstrays.de\/en\/our-proteges\/peaches\/#breadcrumb\",\"itemListElement\":[{\"@type\":\"ListItem\",\"position\":1,\"name\":\"Startseite\",\"item\":\"https:\/\/www.placeforstrays.de\/en\/\"},{\"@type\":\"ListItem\",\"position\":2,\"name\":\"Projects\",\"item\":\"https:\/\/www.placeforstrays.de\/en\/our-proteges\/\"},{\"@type\":\"ListItem\",\"position\":3,\"name\":\"Peaches\"}]},{\"@type\":\"WebSite\",\"@id\":\"https:\/\/www.placeforstrays.de\/en\/#website\",\"url\":\"https:\/\/www.placeforstrays.de\/en\/\",\"name\":\"PLACE for STRAYS Albufeira\",\"description\":\"Tierschutz\",\"publisher\":{\"@id\":\"https:\/\/www.placeforstrays.de\/en\/#organization\"},\"potentialAction\":[{\"@type\":\"SearchAction\",\"target\":{\"@type\":\"EntryPoint\",\"urlTemplate\":\"https:\/\/www.placeforstrays.de\/en\/?s={search_term_string}\"},\"query-input\":\"required name=search_term_string\"}],\"inLanguage\":\"en-US\"},{\"@type\":\"Organization\",\"@id\":\"https:\/\/www.placeforstrays.de\/en\/#organization\",\"name\":\"PLACE for STRAYS\",\"url\":\"https:\/\/www.placeforstrays.de\/en\/\",\"logo\":{\"@type\":\"ImageObject\",\"inLanguage\":\"en-US\",\"@id\":\"https:\/\/www.placeforstrays.de\/en\/#\/schema\/logo\/image\/\",\"url\":\"https:\/\/www.placeforstrays.de\/wp-content\/uploads\/2019\/07\/Logo-mit-Hintergrund-Kopie.jpg\",\"contentUrl\":\"https:\/\/www.placeforstrays.de\/wp-content\/uploads\/2019\/07\/Logo-mit-Hintergrund-Kopie.jpg\",\"width\":277,\"height\":291,\"caption\":\"PLACE for STRAYS\"},\"image\":{\"@id\":\"https:\/\/www.placeforstrays.de\/en\/#\/schema\/logo\/image\/\"},\"sameAs\":[\"https:\/\/www.instagram.com\/placeforstraysalbufeira\/\",\"https:\/\/www.facebook.com\/groups\/1963615917246890\/\"]}]}<\/script>\n<!-- \/ Yoast SEO plugin. -->","yoast_head_json":{"title":"Peaches fand ein liebevolles Zuhause - PLACE for STRAYS Albufeira","description":"Peaches lebte in schlechten Verh\u00e4ltnissen in einem Lager, wo sie von Tiersch\u00fctzern herausgeholt wurde. Nun ist sie im PLACE for STRAYS.","robots":{"index":"index","follow":"follow","max-snippet":"max-snippet:-1","max-image-preview":"max-image-preview:large","max-video-preview":"max-video-preview:-1"},"canonical":"https:\/\/www.placeforstrays.de\/en\/our-proteges\/peaches\/","og_locale":"en_US","og_type":"article","og_title":"Peaches fand ein liebevolles Zuhause - PLACE for STRAYS Albufeira","og_description":"Peaches lebte in schlechten Verh\u00e4ltnissen in einem Lager, wo sie von Tiersch\u00fctzern herausgeholt wurde. Nun ist sie im PLACE for STRAYS.","og_url":"https:\/\/www.placeforstrays.de\/en\/our-proteges\/peaches\/","og_site_name":"PLACE for STRAYS Albufeira","article_publisher":"https:\/\/www.facebook.com\/groups\/1963615917246890\/","article_modified_time":"2023-09-15T11:10:16+00:00","og_image":[{"width":693,"height":729,"url":"https:\/\/www.placeforstrays.de\/wp-content\/uploads\/2023\/07\/peaches-adotped-e1694776063261.jpg","type":"image\/jpeg"}],"twitter_card":"summary_large_image","twitter_misc":{"Est. reading time":"1 minute"},"schema":{"@context":"https:\/\/schema.org","@graph":[{"@type":"WebPage","@id":"https:\/\/www.placeforstrays.de\/en\/our-proteges\/peaches\/","url":"https:\/\/www.placeforstrays.de\/en\/our-proteges\/peaches\/","name":"Peaches fand ein liebevolles Zuhause - PLACE for STRAYS Albufeira","isPartOf":{"@id":"https:\/\/www.placeforstrays.de\/en\/#website"},"datePublished":"2023-07-31T12:59:25+00:00","dateModified":"2023-09-15T11:10:16+00:00","description":"Peaches lebte in schlechten Verh\u00e4ltnissen in einem Lager, wo sie von Tiersch\u00fctzern herausgeholt wurde. Nun ist sie im PLACE for STRAYS.","breadcrumb":{"@id":"https:\/\/www.placeforstrays.de\/en\/our-proteges\/peaches\/#breadcrumb"},"inLanguage":"en-US","potentialAction":[{"@type":"ReadAction","target":["https:\/\/www.placeforstrays.de\/en\/our-proteges\/peaches\/"]}]},{"@type":"BreadcrumbList","@id":"https:\/\/www.placeforstrays.de\/en\/our-proteges\/peaches\/#breadcrumb","itemListElement":[{"@type":"ListItem","position":1,"name":"Startseite","item":"https:\/\/www.placeforstrays.de\/en\/"},{"@type":"ListItem","position":2,"name":"Projects","item":"https:\/\/www.placeforstrays.de\/en\/our-proteges\/"},{"@type":"ListItem","position":3,"name":"Peaches"}]},{"@type":"WebSite","@id":"https:\/\/www.placeforstrays.de\/en\/#website","url":"https:\/\/www.placeforstrays.de\/en\/","name":"PLACE for STRAYS Albufeira","description":"Tierschutz","publisher":{"@id":"https:\/\/www.placeforstrays.de\/en\/#organization"},"potentialAction":[{"@type":"SearchAction","target":{"@type":"EntryPoint","urlTemplate":"https:\/\/www.placeforstrays.de\/en\/?s={search_term_string}"},"query-input":"required name=search_term_string"}],"inLanguage":"en-US"},{"@type":"Organization","@id":"https:\/\/www.placeforstrays.de\/en\/#organization","name":"PLACE for STRAYS","url":"https:\/\/www.placeforstrays.de\/en\/","logo":{"@type":"ImageObject","inLanguage":"en-US","@id":"https:\/\/www.placeforstrays.de\/en\/#\/schema\/logo\/image\/","url":"https:\/\/www.placeforstrays.de\/wp-content\/uploads\/2019\/07\/Logo-mit-Hintergrund-Kopie.jpg","contentUrl":"https:\/\/www.placeforstrays.de\/wp-content\/uploads\/2019\/07\/Logo-mit-Hintergrund-Kopie.jpg","width":277,"height":291,"caption":"PLACE for STRAYS"},"image":{"@id":"https:\/\/www.placeforstrays.de\/en\/#\/schema\/logo\/image\/"},"sameAs":["https:\/\/www.instagram.com\/placeforstraysalbufeira\/","https:\/\/www.facebook.com\/groups\/1963615917246890\/"]}]}},"_links":{"self":[{"href":"https:\/\/www.placeforstrays.de\/en\/wp-json\/wp\/v2\/project\/43108"}],"collection":[{"href":"https:\/\/www.placeforstrays.de\/en\/wp-json\/wp\/v2\/project"}],"about":[{"href":"https:\/\/www.placeforstrays.de\/en\/wp-json\/wp\/v2\/types\/project"}],"author":[{"embeddable":true,"href":"https:\/\/www.placeforstrays.de\/en\/wp-json\/wp\/v2\/users\/21"}],"replies":[{"embeddable":true,"href":"https:\/\/www.placeforstrays.de\/en\/wp-json\/wp\/v2\/comments?post=43108"}],"version-history":[{"count":5,"href":"https:\/\/www.placeforstrays.de\/en\/wp-json\/wp\/v2\/project\/43108\/revisions"}],"predecessor-version":[{"id":52758,"href":"https:\/\/www.placeforstrays.de\/en\/wp-json\/wp\/v2\/project\/43108\/revisions\/52758"}],"wp:featuredmedia":[{"embeddable":true,"href":"https:\/\/www.placeforstrays.de\/en\/wp-json\/wp\/v2\/media\/43564"}],"wp:attachment":[{"href":"https:\/\/www.placeforstrays.de\/en\/wp-json\/wp\/v2\/media?parent=43108"}],"wp:term":[{"taxonomy":"pj-categs","embeddable":true,"href":"https:\/\/www.placeforstrays.de\/en\/wp-json\/wp\/v2\/pj-categs?post=43108"},{"taxonomy":"pj-tags","embeddable":true,"href":"https:\/\/www.placeforstrays.de\/en\/wp-json\/wp\/v2\/pj-tags?post=43108"}],"curies":[{"name":"wp","href":"https:\/\/api.w.org\/{rel}","templated":true}]}}