{"id":43343,"date":"2023-09-26T20:37:27","date_gmt":"2023-09-26T18:37:27","guid":{"rendered":"https:\/\/www.placeforstrays.de\/?post_type=project&#038;p=43343"},"modified":"2024-02-11T12:54:28","modified_gmt":"2024-02-11T11:54:28","slug":"maya-2","status":"publish","type":"project","link":"https:\/\/www.placeforstrays.de\/en\/our-proteges\/maya-2\/","title":{"rendered":"Maya"},"content":{"rendered":"<style type=\"text\/css\"><\/style><div>\n<h3>Geschichte<\/h3>\n<\/div>\n<div class=\"x1e56ztr\">\n<div class=\"x1e56ztr\">\n<p>Vor kurzem haben wir einen Hilferuf erhalten, denn schon wieder wurden Welpen im M\u00fcll gefunden und zwar ganze 10 St\u00fcck! Eine echte Mammutsaufgabe, denn die gerade mal 48h-alten Welpen m\u00fcssen rund um die Uhr versorgt werden. Aus diesem Grund haben unsere Volunteers die Welpen unter 4 Haushalten aufgeteilt. Wir hoffen sehr, dass alle 10 Welpen es \u00fcber den Berg schaffen und nun wohl beh\u00fctet bei uns aufwachsen k\u00f6nnen &#8211; und dann durch uns ihre eigenen Familien finden werden.<\/p>\n<p>&nbsp;<\/p>\n<\/div>\n<h3>Charakter<\/h3>\n<p><span class=\"x193iq5w xeuugli x13faqbe x1vvkbs x1xmvt09 x6prxxf xvq8zen xo1l8bm xzsf02u\"><strong><span title=\"Le\u00f3n neu \">Maya<\/span><\/strong><\/span> ist gerade erst bei uns eingezogen und noch sehr jung. Wir werden euch hier weiterhin auf dem Laufenden halten.<\/p>\n<div id='gallery-1' class='gallery galleryid-43343 gallery-columns-2 gallery-size-thumbnail'><figure class='gallery-item'>\n\t\t\t<div class='gallery-icon portrait'>\n\t\t\t\t<a href='https:\/\/www.placeforstrays.de\/en\/maya-3-2\/'><img width=\"150\" height=\"150\" src=\"https:\/\/www.placeforstrays.de\/wp-content\/uploads\/2023\/09\/maya-150x150.jpg\" class=\"attachment-thumbnail size-thumbnail\" alt=\"\" srcset=\"https:\/\/www.placeforstrays.de\/wp-content\/uploads\/2023\/09\/maya-150x150.jpg 150w, https:\/\/www.placeforstrays.de\/wp-content\/uploads\/2023\/09\/maya-55x55.jpg 55w, https:\/\/www.placeforstrays.de\/wp-content\/uploads\/2023\/09\/maya-250x250.jpg 250w\" sizes=\"(max-width: 150px) 100vw, 150px\" \/><\/a>\n\t\t\t<\/div><\/figure><figure class='gallery-item'>\n\t\t\t<div class='gallery-icon portrait'>\n\t\t\t\t<a href='https:\/\/www.placeforstrays.de\/en\/maya2-4-2\/'><img width=\"150\" height=\"150\" src=\"https:\/\/www.placeforstrays.de\/wp-content\/uploads\/2023\/09\/maya2-2-150x150.jpg\" class=\"attachment-thumbnail size-thumbnail\" alt=\"\" srcset=\"https:\/\/www.placeforstrays.de\/wp-content\/uploads\/2023\/09\/maya2-2-150x150.jpg 150w, https:\/\/www.placeforstrays.de\/wp-content\/uploads\/2023\/09\/maya2-2-55x55.jpg 55w, https:\/\/www.placeforstrays.de\/wp-content\/uploads\/2023\/09\/maya2-2-250x250.jpg 250w\" sizes=\"(max-width: 150px) 100vw, 150px\" \/><\/a>\n\t\t\t<\/div><\/figure><figure class='gallery-item'>\n\t\t\t<div class='gallery-icon portrait'>\n\t\t\t\t<a href='https:\/\/www.placeforstrays.de\/en\/maya1-5-2\/'><img width=\"150\" height=\"150\" src=\"https:\/\/www.placeforstrays.de\/wp-content\/uploads\/2023\/09\/maya1-3-150x150.jpg\" class=\"attachment-thumbnail size-thumbnail\" alt=\"\" srcset=\"https:\/\/www.placeforstrays.de\/wp-content\/uploads\/2023\/09\/maya1-3-150x150.jpg 150w, https:\/\/www.placeforstrays.de\/wp-content\/uploads\/2023\/09\/maya1-3-55x55.jpg 55w, https:\/\/www.placeforstrays.de\/wp-content\/uploads\/2023\/09\/maya1-3-250x250.jpg 250w\" sizes=\"(max-width: 150px) 100vw, 150px\" \/><\/a>\n\t\t\t<\/div><\/figure><figure class='gallery-item'>\n\t\t\t<div class='gallery-icon portrait'>\n\t\t\t\t<a href='https:\/\/www.placeforstrays.de\/en\/maya1-4-2\/'><img width=\"150\" height=\"150\" src=\"https:\/\/www.placeforstrays.de\/wp-content\/uploads\/2023\/09\/maya1-2-150x150.jpg\" class=\"attachment-thumbnail size-thumbnail\" alt=\"\" srcset=\"https:\/\/www.placeforstrays.de\/wp-content\/uploads\/2023\/09\/maya1-2-150x150.jpg 150w, https:\/\/www.placeforstrays.de\/wp-content\/uploads\/2023\/09\/maya1-2-55x55.jpg 55w, https:\/\/www.placeforstrays.de\/wp-content\/uploads\/2023\/09\/maya1-2-250x250.jpg 250w\" sizes=\"(max-width: 150px) 100vw, 150px\" \/><\/a>\n\t\t\t<\/div><\/figure><figure class='gallery-item'>\n\t\t\t<div class='gallery-icon portrait'>\n\t\t\t\t<a href='https:\/\/www.placeforstrays.de\/en\/maya1-3-2\/'><img width=\"150\" height=\"150\" src=\"https:\/\/www.placeforstrays.de\/wp-content\/uploads\/2023\/09\/maya1-1-150x150.jpg\" class=\"attachment-thumbnail size-thumbnail\" alt=\"\" srcset=\"https:\/\/www.placeforstrays.de\/wp-content\/uploads\/2023\/09\/maya1-1-150x150.jpg 150w, https:\/\/www.placeforstrays.de\/wp-content\/uploads\/2023\/09\/maya1-1-55x55.jpg 55w, https:\/\/www.placeforstrays.de\/wp-content\/uploads\/2023\/09\/maya1-1-250x250.jpg 250w\" sizes=\"(max-width: 150px) 100vw, 150px\" \/><\/a>\n\t\t\t<\/div><\/figure><figure class='gallery-item'>\n\t\t\t<div class='gallery-icon portrait'>\n\t\t\t\t<a href='https:\/\/www.placeforstrays.de\/en\/maya3-3-2\/'><img width=\"150\" height=\"150\" src=\"https:\/\/www.placeforstrays.de\/wp-content\/uploads\/2023\/09\/maya3-1-150x150.jpg\" class=\"attachment-thumbnail size-thumbnail\" alt=\"\" srcset=\"https:\/\/www.placeforstrays.de\/wp-content\/uploads\/2023\/09\/maya3-1-150x150.jpg 150w, https:\/\/www.placeforstrays.de\/wp-content\/uploads\/2023\/09\/maya3-1-55x55.jpg 55w, https:\/\/www.placeforstrays.de\/wp-content\/uploads\/2023\/09\/maya3-1-250x250.jpg 250w\" sizes=\"(max-width: 150px) 100vw, 150px\" \/><\/a>\n\t\t\t<\/div><\/figure><figure class='gallery-item'>\n\t\t\t<div class='gallery-icon portrait'>\n\t\t\t\t<a href='https:\/\/www.placeforstrays.de\/en\/maya2-3-2\/'><img width=\"150\" height=\"150\" src=\"https:\/\/www.placeforstrays.de\/wp-content\/uploads\/2023\/09\/maya2-1-150x150.jpg\" class=\"attachment-thumbnail size-thumbnail\" alt=\"\" srcset=\"https:\/\/www.placeforstrays.de\/wp-content\/uploads\/2023\/09\/maya2-1-150x150.jpg 150w, https:\/\/www.placeforstrays.de\/wp-content\/uploads\/2023\/09\/maya2-1-55x55.jpg 55w, https:\/\/www.placeforstrays.de\/wp-content\/uploads\/2023\/09\/maya2-1-250x250.jpg 250w\" sizes=\"(max-width: 150px) 100vw, 150px\" \/><\/a>\n\t\t\t<\/div><\/figure><figure class='gallery-item'>\n\t\t\t<div class='gallery-icon portrait'>\n\t\t\t\t<a href='https:\/\/www.placeforstrays.de\/en\/maya8-2\/'><img width=\"150\" height=\"150\" src=\"https:\/\/www.placeforstrays.de\/wp-content\/uploads\/2023\/09\/maya8-150x150.jpg\" class=\"attachment-thumbnail size-thumbnail\" alt=\"\" srcset=\"https:\/\/www.placeforstrays.de\/wp-content\/uploads\/2023\/09\/maya8-150x150.jpg 150w, https:\/\/www.placeforstrays.de\/wp-content\/uploads\/2023\/09\/maya8-55x55.jpg 55w, https:\/\/www.placeforstrays.de\/wp-content\/uploads\/2023\/09\/maya8-250x250.jpg 250w\" sizes=\"(max-width: 150px) 100vw, 150px\" \/><\/a>\n\t\t\t<\/div><\/figure><figure class='gallery-item'>\n\t\t\t<div class='gallery-icon portrait'>\n\t\t\t\t<a href='https:\/\/www.placeforstrays.de\/en\/maya7-2\/'><img width=\"150\" height=\"150\" src=\"https:\/\/www.placeforstrays.de\/wp-content\/uploads\/2023\/09\/maya7-150x150.jpg\" class=\"attachment-thumbnail size-thumbnail\" alt=\"\" srcset=\"https:\/\/www.placeforstrays.de\/wp-content\/uploads\/2023\/09\/maya7-150x150.jpg 150w, https:\/\/www.placeforstrays.de\/wp-content\/uploads\/2023\/09\/maya7-55x55.jpg 55w, https:\/\/www.placeforstrays.de\/wp-content\/uploads\/2023\/09\/maya7-250x250.jpg 250w\" sizes=\"(max-width: 150px) 100vw, 150px\" \/><\/a>\n\t\t\t<\/div><\/figure><figure class='gallery-item'>\n\t\t\t<div class='gallery-icon portrait'>\n\t\t\t\t<a href='https:\/\/www.placeforstrays.de\/en\/maya6-2\/'><img width=\"150\" height=\"150\" src=\"https:\/\/www.placeforstrays.de\/wp-content\/uploads\/2023\/09\/maya6-150x150.jpg\" class=\"attachment-thumbnail size-thumbnail\" alt=\"\" srcset=\"https:\/\/www.placeforstrays.de\/wp-content\/uploads\/2023\/09\/maya6-150x150.jpg 150w, https:\/\/www.placeforstrays.de\/wp-content\/uploads\/2023\/09\/maya6-55x55.jpg 55w, https:\/\/www.placeforstrays.de\/wp-content\/uploads\/2023\/09\/maya6-250x250.jpg 250w\" sizes=\"(max-width: 150px) 100vw, 150px\" \/><\/a>\n\t\t\t<\/div><\/figure><figure class='gallery-item'>\n\t\t\t<div class='gallery-icon landscape'>\n\t\t\t\t<a href='https:\/\/www.placeforstrays.de\/en\/maya5-3-2\/'><img width=\"150\" height=\"150\" src=\"https:\/\/www.placeforstrays.de\/wp-content\/uploads\/2023\/09\/maya5-150x150.jpg\" class=\"attachment-thumbnail size-thumbnail\" alt=\"\" srcset=\"https:\/\/www.placeforstrays.de\/wp-content\/uploads\/2023\/09\/maya5-150x150.jpg 150w, https:\/\/www.placeforstrays.de\/wp-content\/uploads\/2023\/09\/maya5-55x55.jpg 55w, https:\/\/www.placeforstrays.de\/wp-content\/uploads\/2023\/09\/maya5-250x250.jpg 250w\" sizes=\"(max-width: 150px) 100vw, 150px\" \/><\/a>\n\t\t\t<\/div><\/figure><figure class='gallery-item'>\n\t\t\t<div class='gallery-icon portrait'>\n\t\t\t\t<a href='https:\/\/www.placeforstrays.de\/en\/maya4-2-2\/'><img width=\"150\" height=\"150\" src=\"https:\/\/www.placeforstrays.de\/wp-content\/uploads\/2023\/09\/maya4-150x150.jpg\" class=\"attachment-thumbnail size-thumbnail\" alt=\"\" srcset=\"https:\/\/www.placeforstrays.de\/wp-content\/uploads\/2023\/09\/maya4-150x150.jpg 150w, https:\/\/www.placeforstrays.de\/wp-content\/uploads\/2023\/09\/maya4-55x55.jpg 55w, https:\/\/www.placeforstrays.de\/wp-content\/uploads\/2023\/09\/maya4-250x250.jpg 250w\" sizes=\"(max-width: 150px) 100vw, 150px\" \/><\/a>\n\t\t\t<\/div><\/figure><figure class='gallery-item'>\n\t\t\t<div class='gallery-icon portrait'>\n\t\t\t\t<a href='https:\/\/www.placeforstrays.de\/en\/maya3-2-2\/'><img width=\"150\" height=\"150\" src=\"https:\/\/www.placeforstrays.de\/wp-content\/uploads\/2023\/09\/maya3-150x150.jpg\" class=\"attachment-thumbnail size-thumbnail\" alt=\"\" srcset=\"https:\/\/www.placeforstrays.de\/wp-content\/uploads\/2023\/09\/maya3-150x150.jpg 150w, https:\/\/www.placeforstrays.de\/wp-content\/uploads\/2023\/09\/maya3-55x55.jpg 55w, https:\/\/www.placeforstrays.de\/wp-content\/uploads\/2023\/09\/maya3-250x250.jpg 250w\" sizes=\"(max-width: 150px) 100vw, 150px\" \/><\/a>\n\t\t\t<\/div><\/figure><figure class='gallery-item'>\n\t\t\t<div class='gallery-icon portrait'>\n\t\t\t\t<a href='https:\/\/www.placeforstrays.de\/en\/maya2-2-2\/'><img width=\"150\" height=\"150\" src=\"https:\/\/www.placeforstrays.de\/wp-content\/uploads\/2023\/09\/maya2-150x150.jpg\" class=\"attachment-thumbnail size-thumbnail\" alt=\"\" srcset=\"https:\/\/www.placeforstrays.de\/wp-content\/uploads\/2023\/09\/maya2-150x150.jpg 150w, https:\/\/www.placeforstrays.de\/wp-content\/uploads\/2023\/09\/maya2-55x55.jpg 55w, https:\/\/www.placeforstrays.de\/wp-content\/uploads\/2023\/09\/maya2-250x250.jpg 250w\" sizes=\"(max-width: 150px) 100vw, 150px\" \/><\/a>\n\t\t\t<\/div><\/figure><figure class='gallery-item'>\n\t\t\t<div class='gallery-icon portrait'>\n\t\t\t\t<a href='https:\/\/www.placeforstrays.de\/en\/maya1-2-2\/'><img width=\"150\" height=\"150\" src=\"https:\/\/www.placeforstrays.de\/wp-content\/uploads\/2023\/09\/maya1-150x150.jpg\" class=\"attachment-thumbnail size-thumbnail\" alt=\"\" srcset=\"https:\/\/www.placeforstrays.de\/wp-content\/uploads\/2023\/09\/maya1-150x150.jpg 150w, https:\/\/www.placeforstrays.de\/wp-content\/uploads\/2023\/09\/maya1-55x55.jpg 55w, https:\/\/www.placeforstrays.de\/wp-content\/uploads\/2023\/09\/maya1-250x250.jpg 250w\" sizes=\"(max-width: 150px) 100vw, 150px\" \/><\/a>\n\t\t\t<\/div><\/figure><figure class='gallery-item'>\n\t\t\t<div class='gallery-icon portrait'>\n\t\t\t\t<a href='https:\/\/www.placeforstrays.de\/en\/maya1-2\/'><img width=\"150\" height=\"150\" src=\"https:\/\/www.placeforstrays.de\/wp-content\/uploads\/2023\/08\/maya1-150x150.jpg\" class=\"attachment-thumbnail size-thumbnail\" alt=\"\" srcset=\"https:\/\/www.placeforstrays.de\/wp-content\/uploads\/2023\/08\/maya1-150x150.jpg 150w, https:\/\/www.placeforstrays.de\/wp-content\/uploads\/2023\/08\/maya1-55x55.jpg 55w, https:\/\/www.placeforstrays.de\/wp-content\/uploads\/2023\/08\/maya1-250x250.jpg 250w\" sizes=\"(max-width: 150px) 100vw, 150px\" \/><\/a>\n\t\t\t<\/div><\/figure><figure class='gallery-item'>\n\t\t\t<div class='gallery-icon landscape'>\n\t\t\t\t<a href='https:\/\/www.placeforstrays.de\/en\/maya-3\/'><img width=\"150\" height=\"150\" src=\"https:\/\/www.placeforstrays.de\/wp-content\/uploads\/2023\/08\/maya-150x150.jpg\" class=\"attachment-thumbnail size-thumbnail\" alt=\"\" srcset=\"https:\/\/www.placeforstrays.de\/wp-content\/uploads\/2023\/08\/maya-150x150.jpg 150w, https:\/\/www.placeforstrays.de\/wp-content\/uploads\/2023\/08\/maya-55x55.jpg 55w, https:\/\/www.placeforstrays.de\/wp-content\/uploads\/2023\/08\/maya-250x250.jpg 250w\" sizes=\"(max-width: 150px) 100vw, 150px\" \/><\/a>\n\t\t\t<\/div><\/figure><figure class='gallery-item'>\n\t\t\t<div class='gallery-icon landscape'>\n\t\t\t\t<a href='https:\/\/www.placeforstrays.de\/en\/maya2-2\/'><img width=\"150\" height=\"150\" src=\"https:\/\/www.placeforstrays.de\/wp-content\/uploads\/2023\/08\/maya2-150x150.jpg\" class=\"attachment-thumbnail size-thumbnail\" alt=\"\" srcset=\"https:\/\/www.placeforstrays.de\/wp-content\/uploads\/2023\/08\/maya2-150x150.jpg 150w, https:\/\/www.placeforstrays.de\/wp-content\/uploads\/2023\/08\/maya2-55x55.jpg 55w, https:\/\/www.placeforstrays.de\/wp-content\/uploads\/2023\/08\/maya2-250x250.jpg 250w\" sizes=\"(max-width: 150px) 100vw, 150px\" \/><\/a>\n\t\t\t<\/div><\/figure><figure class='gallery-item'>\n\t\t\t<div class='gallery-icon portrait'>\n\t\t\t\t<a href='https:\/\/www.placeforstrays.de\/en\/maya3-2\/'><img width=\"150\" height=\"150\" src=\"https:\/\/www.placeforstrays.de\/wp-content\/uploads\/2023\/08\/maya3-150x150.jpg\" class=\"attachment-thumbnail size-thumbnail\" alt=\"\" srcset=\"https:\/\/www.placeforstrays.de\/wp-content\/uploads\/2023\/08\/maya3-150x150.jpg 150w, https:\/\/www.placeforstrays.de\/wp-content\/uploads\/2023\/08\/maya3-55x55.jpg 55w, https:\/\/www.placeforstrays.de\/wp-content\/uploads\/2023\/08\/maya3-250x250.jpg 250w\" sizes=\"(max-width: 150px) 100vw, 150px\" \/><\/a>\n\t\t\t<\/div><\/figure><figure class='gallery-item'>\n\t\t\t<div class='gallery-icon portrait'>\n\t\t\t\t<a href='https:\/\/www.placeforstrays.de\/en\/maya4-2\/'><img width=\"150\" height=\"150\" src=\"https:\/\/www.placeforstrays.de\/wp-content\/uploads\/2023\/08\/maya4-150x150.jpg\" class=\"attachment-thumbnail size-thumbnail\" alt=\"\" srcset=\"https:\/\/www.placeforstrays.de\/wp-content\/uploads\/2023\/08\/maya4-150x150.jpg 150w, https:\/\/www.placeforstrays.de\/wp-content\/uploads\/2023\/08\/maya4-55x55.jpg 55w, https:\/\/www.placeforstrays.de\/wp-content\/uploads\/2023\/08\/maya4-250x250.jpg 250w\" sizes=\"(max-width: 150px) 100vw, 150px\" \/><\/a>\n\t\t\t<\/div><\/figure><figure class='gallery-item'>\n\t\t\t<div class='gallery-icon portrait'>\n\t\t\t\t<a href='https:\/\/www.placeforstrays.de\/en\/maya5-2\/'><img width=\"150\" height=\"150\" src=\"https:\/\/www.placeforstrays.de\/wp-content\/uploads\/2023\/08\/maya5-150x150.jpg\" class=\"attachment-thumbnail size-thumbnail\" alt=\"\" srcset=\"https:\/\/www.placeforstrays.de\/wp-content\/uploads\/2023\/08\/maya5-150x150.jpg 150w, https:\/\/www.placeforstrays.de\/wp-content\/uploads\/2023\/08\/maya5-55x55.jpg 55w, https:\/\/www.placeforstrays.de\/wp-content\/uploads\/2023\/08\/maya5-250x250.jpg 250w\" sizes=\"(max-width: 150px) 100vw, 150px\" \/><\/a>\n\t\t\t<\/div><\/figure>\n\t\t<\/div>\n\n<\/div>\n","protected":false},"excerpt":{"rendered":"<p>Geschichte Vor kurzem haben wir einen Hilferuf erhalten, denn schon wieder wurden Welpen im M\u00fcll gefunden und zwar ganze 10 St\u00fcck! Eine echte Mammutsaufgabe, denn die gerade mal 48h-alten Welpen m\u00fcssen rund um die Uhr versorgt werden. Aus diesem Grund haben unsere Volunteers die Welpen unter 4 Haushalten aufgeteilt. Wir hoffen sehr, dass alle 10&#8230;<\/p>\n","protected":false},"author":22,"featured_media":45101,"menu_order":0,"comment_status":"closed","ping_status":"closed","template":"","format":"standard","meta":[],"pj-categs":[14,16,19,37],"pj-tags":[],"yoast_head":"<!-- This site is optimized with the Yoast SEO plugin v19.13 - https:\/\/yoast.com\/wordpress\/plugins\/seo\/ -->\n<title>Maya - PLACE for STRAYS Albufeira<\/title>\n<meta name=\"description\" content=\"Vor kurzem haben wir einen Hilferuf erhalten, denn schon wieder wurden Welpen im M\u00fcll gefunden und zwar ganze 10 St\u00fcck! Eine echte Mammutsaufgabe, denn die gerade mal 48h-alten Welpen m\u00fcssen rund um die Uhr versorgt werden.\" \/>\n<meta name=\"robots\" content=\"index, follow, max-snippet:-1, max-image-preview:large, max-video-preview:-1\" \/>\n<link rel=\"canonical\" href=\"https:\/\/www.placeforstrays.de\/en\/our-proteges\/maya-2\/\" \/>\n<meta property=\"og:locale\" content=\"en_US\" \/>\n<meta property=\"og:type\" content=\"article\" \/>\n<meta property=\"og:title\" content=\"Maya - PLACE for STRAYS Albufeira\" \/>\n<meta property=\"og:description\" content=\"Vor kurzem haben wir einen Hilferuf erhalten, denn schon wieder wurden Welpen im M\u00fcll gefunden und zwar ganze 10 St\u00fcck! Eine echte Mammutsaufgabe, denn die gerade mal 48h-alten Welpen m\u00fcssen rund um die Uhr versorgt werden.\" \/>\n<meta property=\"og:url\" content=\"https:\/\/www.placeforstrays.de\/en\/our-proteges\/maya-2\/\" \/>\n<meta property=\"og:site_name\" content=\"PLACE for STRAYS Albufeira\" \/>\n<meta property=\"article:publisher\" content=\"https:\/\/www.facebook.com\/groups\/1963615917246890\/\" \/>\n<meta property=\"article:modified_time\" content=\"2024-02-11T11:54:28+00:00\" \/>\n<meta property=\"og:image\" content=\"https:\/\/www.placeforstrays.de\/wp-content\/uploads\/2023\/09\/image0-e1707652442258.jpeg\" \/>\n\t<meta property=\"og:image:width\" content=\"797\" \/>\n\t<meta property=\"og:image:height\" content=\"971\" \/>\n\t<meta property=\"og:image:type\" content=\"image\/jpeg\" \/>\n<meta name=\"twitter:card\" content=\"summary_large_image\" \/>\n<meta name=\"twitter:label1\" content=\"Est. reading time\" \/>\n\t<meta name=\"twitter:data1\" content=\"1 minute\" \/>\n<script type=\"application\/ld+json\" class=\"yoast-schema-graph\">{\"@context\":\"https:\/\/schema.org\",\"@graph\":[{\"@type\":\"WebPage\",\"@id\":\"https:\/\/www.placeforstrays.de\/en\/our-proteges\/maya-2\/\",\"url\":\"https:\/\/www.placeforstrays.de\/en\/our-proteges\/maya-2\/\",\"name\":\"Maya - PLACE for STRAYS Albufeira\",\"isPartOf\":{\"@id\":\"https:\/\/www.placeforstrays.de\/en\/#website\"},\"datePublished\":\"2023-09-26T18:37:27+00:00\",\"dateModified\":\"2024-02-11T11:54:28+00:00\",\"description\":\"Vor kurzem haben wir einen Hilferuf erhalten, denn schon wieder wurden Welpen im M\u00fcll gefunden und zwar ganze 10 St\u00fcck! Eine echte Mammutsaufgabe, denn die gerade mal 48h-alten Welpen m\u00fcssen rund um die Uhr versorgt werden.\",\"breadcrumb\":{\"@id\":\"https:\/\/www.placeforstrays.de\/en\/our-proteges\/maya-2\/#breadcrumb\"},\"inLanguage\":\"en-US\",\"potentialAction\":[{\"@type\":\"ReadAction\",\"target\":[\"https:\/\/www.placeforstrays.de\/en\/our-proteges\/maya-2\/\"]}]},{\"@type\":\"BreadcrumbList\",\"@id\":\"https:\/\/www.placeforstrays.de\/en\/our-proteges\/maya-2\/#breadcrumb\",\"itemListElement\":[{\"@type\":\"ListItem\",\"position\":1,\"name\":\"Startseite\",\"item\":\"https:\/\/www.placeforstrays.de\/en\/\"},{\"@type\":\"ListItem\",\"position\":2,\"name\":\"Projects\",\"item\":\"https:\/\/www.placeforstrays.de\/en\/our-proteges\/\"},{\"@type\":\"ListItem\",\"position\":3,\"name\":\"Maya\"}]},{\"@type\":\"WebSite\",\"@id\":\"https:\/\/www.placeforstrays.de\/en\/#website\",\"url\":\"https:\/\/www.placeforstrays.de\/en\/\",\"name\":\"PLACE for STRAYS Albufeira\",\"description\":\"Tierschutz\",\"publisher\":{\"@id\":\"https:\/\/www.placeforstrays.de\/en\/#organization\"},\"potentialAction\":[{\"@type\":\"SearchAction\",\"target\":{\"@type\":\"EntryPoint\",\"urlTemplate\":\"https:\/\/www.placeforstrays.de\/en\/?s={search_term_string}\"},\"query-input\":\"required name=search_term_string\"}],\"inLanguage\":\"en-US\"},{\"@type\":\"Organization\",\"@id\":\"https:\/\/www.placeforstrays.de\/en\/#organization\",\"name\":\"PLACE for STRAYS\",\"url\":\"https:\/\/www.placeforstrays.de\/en\/\",\"logo\":{\"@type\":\"ImageObject\",\"inLanguage\":\"en-US\",\"@id\":\"https:\/\/www.placeforstrays.de\/en\/#\/schema\/logo\/image\/\",\"url\":\"https:\/\/www.placeforstrays.de\/wp-content\/uploads\/2019\/07\/Logo-mit-Hintergrund-Kopie.jpg\",\"contentUrl\":\"https:\/\/www.placeforstrays.de\/wp-content\/uploads\/2019\/07\/Logo-mit-Hintergrund-Kopie.jpg\",\"width\":277,\"height\":291,\"caption\":\"PLACE for STRAYS\"},\"image\":{\"@id\":\"https:\/\/www.placeforstrays.de\/en\/#\/schema\/logo\/image\/\"},\"sameAs\":[\"https:\/\/www.instagram.com\/placeforstraysalbufeira\/\",\"https:\/\/www.facebook.com\/groups\/1963615917246890\/\"]}]}<\/script>\n<!-- \/ Yoast SEO plugin. -->","yoast_head_json":{"title":"Maya - PLACE for STRAYS Albufeira","description":"Vor kurzem haben wir einen Hilferuf erhalten, denn schon wieder wurden Welpen im M\u00fcll gefunden und zwar ganze 10 St\u00fcck! Eine echte Mammutsaufgabe, denn die gerade mal 48h-alten Welpen m\u00fcssen rund um die Uhr versorgt werden.","robots":{"index":"index","follow":"follow","max-snippet":"max-snippet:-1","max-image-preview":"max-image-preview:large","max-video-preview":"max-video-preview:-1"},"canonical":"https:\/\/www.placeforstrays.de\/en\/our-proteges\/maya-2\/","og_locale":"en_US","og_type":"article","og_title":"Maya - PLACE for STRAYS Albufeira","og_description":"Vor kurzem haben wir einen Hilferuf erhalten, denn schon wieder wurden Welpen im M\u00fcll gefunden und zwar ganze 10 St\u00fcck! Eine echte Mammutsaufgabe, denn die gerade mal 48h-alten Welpen m\u00fcssen rund um die Uhr versorgt werden.","og_url":"https:\/\/www.placeforstrays.de\/en\/our-proteges\/maya-2\/","og_site_name":"PLACE for STRAYS Albufeira","article_publisher":"https:\/\/www.facebook.com\/groups\/1963615917246890\/","article_modified_time":"2024-02-11T11:54:28+00:00","og_image":[{"width":797,"height":971,"url":"https:\/\/www.placeforstrays.de\/wp-content\/uploads\/2023\/09\/image0-e1707652442258.jpeg","type":"image\/jpeg"}],"twitter_card":"summary_large_image","twitter_misc":{"Est. reading time":"1 minute"},"schema":{"@context":"https:\/\/schema.org","@graph":[{"@type":"WebPage","@id":"https:\/\/www.placeforstrays.de\/en\/our-proteges\/maya-2\/","url":"https:\/\/www.placeforstrays.de\/en\/our-proteges\/maya-2\/","name":"Maya - PLACE for STRAYS Albufeira","isPartOf":{"@id":"https:\/\/www.placeforstrays.de\/en\/#website"},"datePublished":"2023-09-26T18:37:27+00:00","dateModified":"2024-02-11T11:54:28+00:00","description":"Vor kurzem haben wir einen Hilferuf erhalten, denn schon wieder wurden Welpen im M\u00fcll gefunden und zwar ganze 10 St\u00fcck! Eine echte Mammutsaufgabe, denn die gerade mal 48h-alten Welpen m\u00fcssen rund um die Uhr versorgt werden.","breadcrumb":{"@id":"https:\/\/www.placeforstrays.de\/en\/our-proteges\/maya-2\/#breadcrumb"},"inLanguage":"en-US","potentialAction":[{"@type":"ReadAction","target":["https:\/\/www.placeforstrays.de\/en\/our-proteges\/maya-2\/"]}]},{"@type":"BreadcrumbList","@id":"https:\/\/www.placeforstrays.de\/en\/our-proteges\/maya-2\/#breadcrumb","itemListElement":[{"@type":"ListItem","position":1,"name":"Startseite","item":"https:\/\/www.placeforstrays.de\/en\/"},{"@type":"ListItem","position":2,"name":"Projects","item":"https:\/\/www.placeforstrays.de\/en\/our-proteges\/"},{"@type":"ListItem","position":3,"name":"Maya"}]},{"@type":"WebSite","@id":"https:\/\/www.placeforstrays.de\/en\/#website","url":"https:\/\/www.placeforstrays.de\/en\/","name":"PLACE for STRAYS Albufeira","description":"Tierschutz","publisher":{"@id":"https:\/\/www.placeforstrays.de\/en\/#organization"},"potentialAction":[{"@type":"SearchAction","target":{"@type":"EntryPoint","urlTemplate":"https:\/\/www.placeforstrays.de\/en\/?s={search_term_string}"},"query-input":"required name=search_term_string"}],"inLanguage":"en-US"},{"@type":"Organization","@id":"https:\/\/www.placeforstrays.de\/en\/#organization","name":"PLACE for STRAYS","url":"https:\/\/www.placeforstrays.de\/en\/","logo":{"@type":"ImageObject","inLanguage":"en-US","@id":"https:\/\/www.placeforstrays.de\/en\/#\/schema\/logo\/image\/","url":"https:\/\/www.placeforstrays.de\/wp-content\/uploads\/2019\/07\/Logo-mit-Hintergrund-Kopie.jpg","contentUrl":"https:\/\/www.placeforstrays.de\/wp-content\/uploads\/2019\/07\/Logo-mit-Hintergrund-Kopie.jpg","width":277,"height":291,"caption":"PLACE for STRAYS"},"image":{"@id":"https:\/\/www.placeforstrays.de\/en\/#\/schema\/logo\/image\/"},"sameAs":["https:\/\/www.instagram.com\/placeforstraysalbufeira\/","https:\/\/www.facebook.com\/groups\/1963615917246890\/"]}]}},"_links":{"self":[{"href":"https:\/\/www.placeforstrays.de\/en\/wp-json\/wp\/v2\/project\/43343"}],"collection":[{"href":"https:\/\/www.placeforstrays.de\/en\/wp-json\/wp\/v2\/project"}],"about":[{"href":"https:\/\/www.placeforstrays.de\/en\/wp-json\/wp\/v2\/types\/project"}],"author":[{"embeddable":true,"href":"https:\/\/www.placeforstrays.de\/en\/wp-json\/wp\/v2\/users\/22"}],"replies":[{"embeddable":true,"href":"https:\/\/www.placeforstrays.de\/en\/wp-json\/wp\/v2\/comments?post=43343"}],"version-history":[{"count":7,"href":"https:\/\/www.placeforstrays.de\/en\/wp-json\/wp\/v2\/project\/43343\/revisions"}],"predecessor-version":[{"id":44856,"href":"https:\/\/www.placeforstrays.de\/en\/wp-json\/wp\/v2\/project\/43343\/revisions\/44856"}],"wp:featuredmedia":[{"embeddable":true,"href":"https:\/\/www.placeforstrays.de\/en\/wp-json\/wp\/v2\/media\/45101"}],"wp:attachment":[{"href":"https:\/\/www.placeforstrays.de\/en\/wp-json\/wp\/v2\/media?parent=43343"}],"wp:term":[{"taxonomy":"pj-categs","embeddable":true,"href":"https:\/\/www.placeforstrays.de\/en\/wp-json\/wp\/v2\/pj-categs?post=43343"},{"taxonomy":"pj-tags","embeddable":true,"href":"https:\/\/www.placeforstrays.de\/en\/wp-json\/wp\/v2\/pj-tags?post=43343"}],"curies":[{"name":"wp","href":"https:\/\/api.w.org\/{rel}","templated":true}]}}