{"id":43383,"date":"2023-08-25T11:10:52","date_gmt":"2023-08-25T09:10:52","guid":{"rendered":"https:\/\/www.placeforstrays.de\/?post_type=project&#038;p=43383"},"modified":"2026-01-06T09:10:59","modified_gmt":"2026-01-06T08:10:59","slug":"valerian","status":"publish","type":"project","link":"https:\/\/www.placeforstrays.de\/en\/our-proteges\/valerian\/","title":{"rendered":"Henry"},"content":{"rendered":"<style type=\"text\/css\"><\/style><div>\n<h3>Geschichte<\/h3>\n<\/div>\n<div class=\"x1e56ztr\">\n<div class=\"x1e56ztr\">\n<p>Als die Volunteers zur Morgensschicht an den Shelter gefahren kamen, stand eine Pappbox vor dem Zaun. Den Inhalt der Box k\u00f6nnt ihr euch bestimmt schon denken: Es waren genau 6 kleine Welpen, kaum \u00e4lter als ein Monat. Die Besitzer wussten sich wohl nicht anders zu helfen, und haben sie deshalb mit einem Futtersack davor abgestellt. Bei den Welpen handelt es sich um 4 M\u00e4dchen und 2 Jungen. Eigentlich hatte Henry schon das gro\u00dfe Los gezogen und ein eigenes Zuhause gefunden, aber leider haben sich die Lebensumst\u00e4nde der ehemaligen Besitzer so ge\u00e4ndert, das wir ein neues Zuhause f\u00fcr den jungen R\u00fcden suchen.<\/p>\n<\/div>\n<div>\n<h3>Charakter<\/h3>\n<\/div>\n<div><strong>Henry<\/strong> stammt urspr\u00fcnglich aus unserem Shelter\u00a0 in Portugal. Von dort wurde er vermittelt und ist sp\u00e4ter mit seiner Besitzerin nach Deutschland gezogen. Aufgrund pers\u00f6nlicher Umst\u00e4nde konnte sie ihm nun jedoch nicht l\u00e4nger gerecht werden und hat uns daher um Unterst\u00fctzung gebeten.<\/div>\n<div id=\"AppleMailSignature\">\n<p><strong>Henry<\/strong> kam zuerst bei einer Pflegestelle unter, wo es jedoch leider nicht gepasst hat, und er nach 2 N\u00e4chten wieder ausziehen musste. Aufgrund der Dringlichkeit haben wir <strong>Henry<\/strong> vor\u00fcbergehend bei einer hauptberuflichen Hundebetreuung untergebracht, wo er nach dem erlebten Stress liebevoll aufgefangen wurde. Hier konnte er schnell ankommen &#8211; Sein Aufenthalt hier ist jedoch mit gro\u00dfen Kosten f\u00fcr uns verbunden, weshalb wir sobald wie m\u00f6glich nach einer dauerhaften Pflegestelle f\u00fcr ihn suchen.<\/p>\n<p><strong>Henry<\/strong> zeigt sich hier ausgeglichen und lauft gut mit. Er kennt das Zusammenleben mit Hunden und Katzen.<\/p>\n<p>Fremden Menschen begegnet er zu Beginn mit etwas Unsicherheit, taut jedoch schnell auf und sucht gerne N\u00e4he und Kontakt. Auf Spazierg\u00e4ngen l\u00e4uft er zuverl\u00e4ssig mit und bleibt auch bei vorhandenem Jagdverhalten ansprechbar. Alleine bleiben kann <strong>Henry<\/strong> derzeit noch nicht.<\/p>\n<p>F\u00fcr<strong> Henry<\/strong> w\u00fcnschen wir uns eine souver\u00e4ne Pflegestelle, die ihm weiterhin Sicherheit gibt und ihn geduldig begleitet.<\/p>\n<\/div>\n<p><span class=\"x193iq5w xeuugli x13faqbe x1vvkbs x1xmvt09 x6prxxf xvq8zen xo1l8bm xzsf02u\"><span title=\"Le\u00f3n neu \">F\u00fcr mehr<\/span><\/span>\u00a0Informationen wendet Euch bitte an das\u00a0<a href=\"https:\/\/www.placeforstrays.de\/adoption-info\/\">Vermittlungsteam<\/a>.<\/p>\n<div><\/div>\n<\/div>\n<div id='gallery-1' class='gallery galleryid-43383 gallery-columns-2 gallery-size-thumbnail'><figure class='gallery-item'>\n\t\t\t<div class='gallery-icon landscape'>\n\t\t\t\t<a href='https:\/\/www.placeforstrays.de\/en\/our-proteges\/valerian\/f0a7ab42-1525-4e80-85de-d3e58d4610f5-2\/'><img width=\"150\" height=\"150\" src=\"https:\/\/www.placeforstrays.de\/wp-content\/uploads\/2023\/08\/f0a7ab42-1525-4e80-85de-d3e58d4610f5-150x150.jpg\" class=\"attachment-thumbnail size-thumbnail\" alt=\"\" srcset=\"https:\/\/www.placeforstrays.de\/wp-content\/uploads\/2023\/08\/f0a7ab42-1525-4e80-85de-d3e58d4610f5-150x150.jpg 150w, https:\/\/www.placeforstrays.de\/wp-content\/uploads\/2023\/08\/f0a7ab42-1525-4e80-85de-d3e58d4610f5-55x55.jpg 55w, https:\/\/www.placeforstrays.de\/wp-content\/uploads\/2023\/08\/f0a7ab42-1525-4e80-85de-d3e58d4610f5-250x250.jpg 250w\" sizes=\"(max-width: 150px) 100vw, 150px\" \/><\/a>\n\t\t\t<\/div><\/figure><figure class='gallery-item'>\n\t\t\t<div class='gallery-icon portrait'>\n\t\t\t\t<a href='https:\/\/www.placeforstrays.de\/en\/our-proteges\/valerian\/b0014f49-c775-476a-bb46-4efddef6f425-2\/'><img width=\"150\" height=\"150\" src=\"https:\/\/www.placeforstrays.de\/wp-content\/uploads\/2023\/08\/b0014f49-c775-476a-bb46-4efddef6f425-150x150.jpg\" class=\"attachment-thumbnail size-thumbnail\" alt=\"\" srcset=\"https:\/\/www.placeforstrays.de\/wp-content\/uploads\/2023\/08\/b0014f49-c775-476a-bb46-4efddef6f425-150x150.jpg 150w, https:\/\/www.placeforstrays.de\/wp-content\/uploads\/2023\/08\/b0014f49-c775-476a-bb46-4efddef6f425-55x55.jpg 55w, https:\/\/www.placeforstrays.de\/wp-content\/uploads\/2023\/08\/b0014f49-c775-476a-bb46-4efddef6f425-250x250.jpg 250w\" sizes=\"(max-width: 150px) 100vw, 150px\" \/><\/a>\n\t\t\t<\/div><\/figure><figure class='gallery-item'>\n\t\t\t<div class='gallery-icon landscape'>\n\t\t\t\t<a href='https:\/\/www.placeforstrays.de\/en\/our-proteges\/valerian\/6043533b-ca9d-47b5-bd84-20e928f71cb2-2\/'><img width=\"150\" height=\"150\" src=\"https:\/\/www.placeforstrays.de\/wp-content\/uploads\/2023\/08\/6043533b-ca9d-47b5-bd84-20e928f71cb2-150x150.jpg\" class=\"attachment-thumbnail size-thumbnail\" alt=\"\" srcset=\"https:\/\/www.placeforstrays.de\/wp-content\/uploads\/2023\/08\/6043533b-ca9d-47b5-bd84-20e928f71cb2-150x150.jpg 150w, https:\/\/www.placeforstrays.de\/wp-content\/uploads\/2023\/08\/6043533b-ca9d-47b5-bd84-20e928f71cb2-55x55.jpg 55w, https:\/\/www.placeforstrays.de\/wp-content\/uploads\/2023\/08\/6043533b-ca9d-47b5-bd84-20e928f71cb2-250x250.jpg 250w\" sizes=\"(max-width: 150px) 100vw, 150px\" \/><\/a>\n\t\t\t<\/div><\/figure><figure class='gallery-item'>\n\t\t\t<div class='gallery-icon landscape'>\n\t\t\t\t<a href='https:\/\/www.placeforstrays.de\/en\/our-proteges\/valerian\/d0805919-adc8-400c-aa85-c29d78857862-2\/'><img width=\"150\" height=\"150\" src=\"https:\/\/www.placeforstrays.de\/wp-content\/uploads\/2023\/08\/d0805919-adc8-400c-aa85-c29d78857862-150x150.jpg\" class=\"attachment-thumbnail size-thumbnail\" alt=\"\" srcset=\"https:\/\/www.placeforstrays.de\/wp-content\/uploads\/2023\/08\/d0805919-adc8-400c-aa85-c29d78857862-150x150.jpg 150w, https:\/\/www.placeforstrays.de\/wp-content\/uploads\/2023\/08\/d0805919-adc8-400c-aa85-c29d78857862-55x55.jpg 55w, https:\/\/www.placeforstrays.de\/wp-content\/uploads\/2023\/08\/d0805919-adc8-400c-aa85-c29d78857862-250x250.jpg 250w\" sizes=\"(max-width: 150px) 100vw, 150px\" \/><\/a>\n\t\t\t<\/div><\/figure><figure class='gallery-item'>\n\t\t\t<div class='gallery-icon portrait'>\n\t\t\t\t<a href='https:\/\/www.placeforstrays.de\/en\/our-proteges\/valerian\/c00c14e0-ccb5-4b60-b2a4-26e1ba9c7fb1-2\/'><img width=\"150\" height=\"150\" src=\"https:\/\/www.placeforstrays.de\/wp-content\/uploads\/2023\/08\/c00c14e0-ccb5-4b60-b2a4-26e1ba9c7fb1-150x150.jpg\" class=\"attachment-thumbnail size-thumbnail\" alt=\"\" srcset=\"https:\/\/www.placeforstrays.de\/wp-content\/uploads\/2023\/08\/c00c14e0-ccb5-4b60-b2a4-26e1ba9c7fb1-150x150.jpg 150w, https:\/\/www.placeforstrays.de\/wp-content\/uploads\/2023\/08\/c00c14e0-ccb5-4b60-b2a4-26e1ba9c7fb1-55x55.jpg 55w, https:\/\/www.placeforstrays.de\/wp-content\/uploads\/2023\/08\/c00c14e0-ccb5-4b60-b2a4-26e1ba9c7fb1-250x250.jpg 250w\" sizes=\"(max-width: 150px) 100vw, 150px\" \/><\/a>\n\t\t\t<\/div><\/figure><figure class='gallery-item'>\n\t\t\t<div class='gallery-icon landscape'>\n\t\t\t\t<a href='https:\/\/www.placeforstrays.de\/en\/our-proteges\/valerian\/d498c7bb-4d4f-4d2d-a52e-08e25f0c0a37-2\/'><img width=\"150\" height=\"150\" src=\"https:\/\/www.placeforstrays.de\/wp-content\/uploads\/2023\/08\/d498c7bb-4d4f-4d2d-a52e-08e25f0c0a37-150x150.jpg\" class=\"attachment-thumbnail size-thumbnail\" alt=\"\" srcset=\"https:\/\/www.placeforstrays.de\/wp-content\/uploads\/2023\/08\/d498c7bb-4d4f-4d2d-a52e-08e25f0c0a37-150x150.jpg 150w, https:\/\/www.placeforstrays.de\/wp-content\/uploads\/2023\/08\/d498c7bb-4d4f-4d2d-a52e-08e25f0c0a37-55x55.jpg 55w, https:\/\/www.placeforstrays.de\/wp-content\/uploads\/2023\/08\/d498c7bb-4d4f-4d2d-a52e-08e25f0c0a37-250x250.jpg 250w\" sizes=\"(max-width: 150px) 100vw, 150px\" \/><\/a>\n\t\t\t<\/div><\/figure><figure class='gallery-item'>\n\t\t\t<div class='gallery-icon portrait'>\n\t\t\t\t<a href='https:\/\/www.placeforstrays.de\/en\/our-proteges\/valerian\/5718d0cc-481d-4fc3-bb37-b472023b9955-2\/'><img width=\"150\" height=\"150\" src=\"https:\/\/www.placeforstrays.de\/wp-content\/uploads\/2023\/08\/5718d0cc-481d-4fc3-bb37-b472023b9955-150x150.jpg\" class=\"attachment-thumbnail size-thumbnail\" alt=\"\" srcset=\"https:\/\/www.placeforstrays.de\/wp-content\/uploads\/2023\/08\/5718d0cc-481d-4fc3-bb37-b472023b9955-150x150.jpg 150w, https:\/\/www.placeforstrays.de\/wp-content\/uploads\/2023\/08\/5718d0cc-481d-4fc3-bb37-b472023b9955-55x55.jpg 55w, https:\/\/www.placeforstrays.de\/wp-content\/uploads\/2023\/08\/5718d0cc-481d-4fc3-bb37-b472023b9955-250x250.jpg 250w\" sizes=\"(max-width: 150px) 100vw, 150px\" \/><\/a>\n\t\t\t<\/div><\/figure><figure class='gallery-item'>\n\t\t\t<div class='gallery-icon portrait'>\n\t\t\t\t<a href='https:\/\/www.placeforstrays.de\/en\/valerian1-2-2\/'><img width=\"150\" height=\"150\" src=\"https:\/\/www.placeforstrays.de\/wp-content\/uploads\/2023\/08\/valerian1-1-150x150.jpg\" class=\"attachment-thumbnail size-thumbnail\" alt=\"\" srcset=\"https:\/\/www.placeforstrays.de\/wp-content\/uploads\/2023\/08\/valerian1-1-150x150.jpg 150w, https:\/\/www.placeforstrays.de\/wp-content\/uploads\/2023\/08\/valerian1-1-55x55.jpg 55w, https:\/\/www.placeforstrays.de\/wp-content\/uploads\/2023\/08\/valerian1-1-250x250.jpg 250w\" sizes=\"(max-width: 150px) 100vw, 150px\" \/><\/a>\n\t\t\t<\/div><\/figure><figure class='gallery-item'>\n\t\t\t<div class='gallery-icon portrait'>\n\t\t\t\t<a href='https:\/\/www.placeforstrays.de\/en\/valerian2-3-2\/'><img width=\"150\" height=\"150\" src=\"https:\/\/www.placeforstrays.de\/wp-content\/uploads\/2023\/08\/valerian2-2-150x150.jpg\" class=\"attachment-thumbnail size-thumbnail\" alt=\"\" srcset=\"https:\/\/www.placeforstrays.de\/wp-content\/uploads\/2023\/08\/valerian2-2-150x150.jpg 150w, https:\/\/www.placeforstrays.de\/wp-content\/uploads\/2023\/08\/valerian2-2-55x55.jpg 55w, https:\/\/www.placeforstrays.de\/wp-content\/uploads\/2023\/08\/valerian2-2-250x250.jpg 250w\" sizes=\"(max-width: 150px) 100vw, 150px\" \/><\/a>\n\t\t\t<\/div><\/figure><figure class='gallery-item'>\n\t\t\t<div class='gallery-icon portrait'>\n\t\t\t\t<a href='https:\/\/www.placeforstrays.de\/en\/valerian-3-2\/'><img width=\"150\" height=\"150\" src=\"https:\/\/www.placeforstrays.de\/wp-content\/uploads\/2023\/08\/valerian-1-150x150.jpg\" class=\"attachment-thumbnail size-thumbnail\" alt=\"\" srcset=\"https:\/\/www.placeforstrays.de\/wp-content\/uploads\/2023\/08\/valerian-1-150x150.jpg 150w, https:\/\/www.placeforstrays.de\/wp-content\/uploads\/2023\/08\/valerian-1-55x55.jpg 55w, https:\/\/www.placeforstrays.de\/wp-content\/uploads\/2023\/08\/valerian-1-250x250.jpg 250w\" sizes=\"(max-width: 150px) 100vw, 150px\" \/><\/a>\n\t\t\t<\/div><\/figure><figure class='gallery-item'>\n\t\t\t<div class='gallery-icon portrait'>\n\t\t\t\t<a href='https:\/\/www.placeforstrays.de\/en\/valerian1-2\/'><img width=\"150\" height=\"150\" src=\"https:\/\/www.placeforstrays.de\/wp-content\/uploads\/2023\/08\/valerian1-150x150.jpg\" class=\"attachment-thumbnail size-thumbnail\" alt=\"\" srcset=\"https:\/\/www.placeforstrays.de\/wp-content\/uploads\/2023\/08\/valerian1-150x150.jpg 150w, https:\/\/www.placeforstrays.de\/wp-content\/uploads\/2023\/08\/valerian1-55x55.jpg 55w, https:\/\/www.placeforstrays.de\/wp-content\/uploads\/2023\/08\/valerian1-250x250.jpg 250w\" sizes=\"(max-width: 150px) 100vw, 150px\" \/><\/a>\n\t\t\t<\/div><\/figure><figure class='gallery-item'>\n\t\t\t<div class='gallery-icon portrait'>\n\t\t\t\t<a href='https:\/\/www.placeforstrays.de\/en\/valerian2-2-2\/'><img width=\"150\" height=\"150\" src=\"https:\/\/www.placeforstrays.de\/wp-content\/uploads\/2023\/08\/valerian2-1-150x150.jpg\" class=\"attachment-thumbnail size-thumbnail\" alt=\"\" srcset=\"https:\/\/www.placeforstrays.de\/wp-content\/uploads\/2023\/08\/valerian2-1-150x150.jpg 150w, https:\/\/www.placeforstrays.de\/wp-content\/uploads\/2023\/08\/valerian2-1-55x55.jpg 55w, https:\/\/www.placeforstrays.de\/wp-content\/uploads\/2023\/08\/valerian2-1-250x250.jpg 250w\" sizes=\"(max-width: 150px) 100vw, 150px\" \/><\/a>\n\t\t\t<\/div><\/figure><figure class='gallery-item'>\n\t\t\t<div class='gallery-icon portrait'>\n\t\t\t\t<a href='https:\/\/www.placeforstrays.de\/en\/valeria1-2\/'><img width=\"150\" height=\"150\" src=\"https:\/\/www.placeforstrays.de\/wp-content\/uploads\/2023\/08\/valeria1-150x150.jpg\" class=\"attachment-thumbnail size-thumbnail\" alt=\"\" srcset=\"https:\/\/www.placeforstrays.de\/wp-content\/uploads\/2023\/08\/valeria1-150x150.jpg 150w, https:\/\/www.placeforstrays.de\/wp-content\/uploads\/2023\/08\/valeria1-55x55.jpg 55w, https:\/\/www.placeforstrays.de\/wp-content\/uploads\/2023\/08\/valeria1-250x250.jpg 250w\" sizes=\"(max-width: 150px) 100vw, 150px\" \/><\/a>\n\t\t\t<\/div><\/figure><figure class='gallery-item'>\n\t\t\t<div class='gallery-icon portrait'>\n\t\t\t\t<a href='https:\/\/www.placeforstrays.de\/en\/valerian2-2\/'><img width=\"150\" height=\"150\" src=\"https:\/\/www.placeforstrays.de\/wp-content\/uploads\/2023\/08\/valerian2-150x150.jpg\" class=\"attachment-thumbnail size-thumbnail\" alt=\"\" srcset=\"https:\/\/www.placeforstrays.de\/wp-content\/uploads\/2023\/08\/valerian2-150x150.jpg 150w, https:\/\/www.placeforstrays.de\/wp-content\/uploads\/2023\/08\/valerian2-55x55.jpg 55w, https:\/\/www.placeforstrays.de\/wp-content\/uploads\/2023\/08\/valerian2-250x250.jpg 250w\" sizes=\"(max-width: 150px) 100vw, 150px\" \/><\/a>\n\t\t\t<\/div><\/figure><figure class='gallery-item'>\n\t\t\t<div class='gallery-icon portrait'>\n\t\t\t\t<a href='https:\/\/www.placeforstrays.de\/en\/valerian11-2\/'><img width=\"150\" height=\"150\" src=\"https:\/\/www.placeforstrays.de\/wp-content\/uploads\/2023\/08\/Valerian11-150x150.jpg\" class=\"attachment-thumbnail size-thumbnail\" alt=\"\" srcset=\"https:\/\/www.placeforstrays.de\/wp-content\/uploads\/2023\/08\/Valerian11-150x150.jpg 150w, https:\/\/www.placeforstrays.de\/wp-content\/uploads\/2023\/08\/Valerian11-55x55.jpg 55w, https:\/\/www.placeforstrays.de\/wp-content\/uploads\/2023\/08\/Valerian11-250x250.jpg 250w\" sizes=\"(max-width: 150px) 100vw, 150px\" \/><\/a>\n\t\t\t<\/div><\/figure><figure class='gallery-item'>\n\t\t\t<div class='gallery-icon portrait'>\n\t\t\t\t<a href='https:\/\/www.placeforstrays.de\/en\/valerian3-2\/'><img width=\"150\" height=\"150\" src=\"https:\/\/www.placeforstrays.de\/wp-content\/uploads\/2023\/08\/valerian3-150x150.jpg\" class=\"attachment-thumbnail size-thumbnail\" alt=\"\" srcset=\"https:\/\/www.placeforstrays.de\/wp-content\/uploads\/2023\/08\/valerian3-150x150.jpg 150w, https:\/\/www.placeforstrays.de\/wp-content\/uploads\/2023\/08\/valerian3-55x55.jpg 55w, https:\/\/www.placeforstrays.de\/wp-content\/uploads\/2023\/08\/valerian3-250x250.jpg 250w\" sizes=\"(max-width: 150px) 100vw, 150px\" \/><\/a>\n\t\t\t<\/div><\/figure><figure class='gallery-item'>\n\t\t\t<div class='gallery-icon portrait'>\n\t\t\t\t<a href='https:\/\/www.placeforstrays.de\/en\/valerian-2-2\/'><img width=\"150\" height=\"150\" src=\"https:\/\/www.placeforstrays.de\/wp-content\/uploads\/2023\/08\/valerian-2-150x150.jpg\" class=\"attachment-thumbnail size-thumbnail\" alt=\"\" srcset=\"https:\/\/www.placeforstrays.de\/wp-content\/uploads\/2023\/08\/valerian-2-150x150.jpg 150w, https:\/\/www.placeforstrays.de\/wp-content\/uploads\/2023\/08\/valerian-2-55x55.jpg 55w, https:\/\/www.placeforstrays.de\/wp-content\/uploads\/2023\/08\/valerian-2-250x250.jpg 250w\" sizes=\"(max-width: 150px) 100vw, 150px\" \/><\/a>\n\t\t\t<\/div><\/figure><figure class='gallery-item'>\n\t\t\t<div class='gallery-icon portrait'>\n\t\t\t\t<a href='https:\/\/www.placeforstrays.de\/en\/valerian-3\/'><img width=\"150\" height=\"150\" src=\"https:\/\/www.placeforstrays.de\/wp-content\/uploads\/2023\/08\/Valerian-150x150.jpg\" class=\"attachment-thumbnail size-thumbnail\" alt=\"\" srcset=\"https:\/\/www.placeforstrays.de\/wp-content\/uploads\/2023\/08\/Valerian-150x150.jpg 150w, https:\/\/www.placeforstrays.de\/wp-content\/uploads\/2023\/08\/Valerian-55x55.jpg 55w, https:\/\/www.placeforstrays.de\/wp-content\/uploads\/2023\/08\/Valerian-250x250.jpg 250w\" sizes=\"(max-width: 150px) 100vw, 150px\" \/><\/a>\n\t\t\t<\/div><\/figure>\n\t\t<\/div>\n\n","protected":false},"excerpt":{"rendered":"<p>Geschichte Als die Volunteers zur Morgensschicht an den Shelter gefahren kamen, stand eine Pappbox vor dem Zaun. Den Inhalt der Box k\u00f6nnt ihr euch bestimmt schon denken: Es waren genau 6 kleine Welpen, kaum \u00e4lter als ein Monat. Die Besitzer wussten sich wohl nicht anders zu helfen, und haben sie deshalb mit einem Futtersack davor&#8230;<\/p>\n","protected":false},"author":22,"featured_media":51745,"menu_order":0,"comment_status":"closed","ping_status":"closed","template":"","format":"standard","meta":[],"pj-categs":[14,17,37],"pj-tags":[],"yoast_head":"<!-- This site is optimized with the Yoast SEO plugin v19.13 - https:\/\/yoast.com\/wordpress\/plugins\/seo\/ -->\n<title>Henry sucht ein liebevolles Zuhause - PLACE for STRAYS Albufeira<\/title>\n<meta name=\"description\" content=\"Als die Volunteers zur Morgensschicht an den Shelter gefahren kamen, stand eine Pappbox vor dem Zaun. Den Inhalt der Box k\u00f6nnt ihr euch bestimmt schon denken: Es waren genau 6 kleine Welpen, kaum \u00e4lter als ein Monat.\" \/>\n<meta name=\"robots\" content=\"index, follow, max-snippet:-1, max-image-preview:large, max-video-preview:-1\" \/>\n<link rel=\"canonical\" href=\"https:\/\/www.placeforstrays.de\/en\/our-proteges\/valerian\/\" \/>\n<meta property=\"og:locale\" content=\"en_US\" \/>\n<meta property=\"og:type\" content=\"article\" \/>\n<meta property=\"og:title\" content=\"Henry sucht ein liebevolles Zuhause - PLACE for STRAYS Albufeira\" \/>\n<meta property=\"og:description\" content=\"Als die Volunteers zur Morgensschicht an den Shelter gefahren kamen, stand eine Pappbox vor dem Zaun. Den Inhalt der Box k\u00f6nnt ihr euch bestimmt schon denken: Es waren genau 6 kleine Welpen, kaum \u00e4lter als ein Monat.\" \/>\n<meta property=\"og:url\" content=\"https:\/\/www.placeforstrays.de\/en\/our-proteges\/valerian\/\" \/>\n<meta property=\"og:site_name\" content=\"PLACE for STRAYS Albufeira\" \/>\n<meta property=\"article:publisher\" content=\"https:\/\/www.facebook.com\/groups\/1963615917246890\/\" \/>\n<meta property=\"article:modified_time\" content=\"2026-01-06T08:10:59+00:00\" \/>\n<meta property=\"og:image\" content=\"https:\/\/www.placeforstrays.de\/wp-content\/uploads\/2023\/08\/363ce7d9-1f9e-48b0-8e84-f15963c86506-e1764748942934.jpg\" \/>\n\t<meta property=\"og:image:width\" content=\"542\" \/>\n\t<meta property=\"og:image:height\" content=\"441\" \/>\n\t<meta property=\"og:image:type\" content=\"image\/jpeg\" \/>\n<meta name=\"twitter:card\" content=\"summary_large_image\" \/>\n<meta name=\"twitter:label1\" content=\"Est. reading time\" \/>\n\t<meta name=\"twitter:data1\" content=\"2 minutes\" \/>\n<script type=\"application\/ld+json\" class=\"yoast-schema-graph\">{\"@context\":\"https:\/\/schema.org\",\"@graph\":[{\"@type\":\"WebPage\",\"@id\":\"https:\/\/www.placeforstrays.de\/en\/our-proteges\/valerian\/\",\"url\":\"https:\/\/www.placeforstrays.de\/en\/our-proteges\/valerian\/\",\"name\":\"Henry sucht ein liebevolles Zuhause - PLACE for STRAYS Albufeira\",\"isPartOf\":{\"@id\":\"https:\/\/www.placeforstrays.de\/en\/#website\"},\"datePublished\":\"2023-08-25T09:10:52+00:00\",\"dateModified\":\"2026-01-06T08:10:59+00:00\",\"description\":\"Als die Volunteers zur Morgensschicht an den Shelter gefahren kamen, stand eine Pappbox vor dem Zaun. Den Inhalt der Box k\u00f6nnt ihr euch bestimmt schon denken: Es waren genau 6 kleine Welpen, kaum \u00e4lter als ein Monat.\",\"breadcrumb\":{\"@id\":\"https:\/\/www.placeforstrays.de\/en\/our-proteges\/valerian\/#breadcrumb\"},\"inLanguage\":\"en-US\",\"potentialAction\":[{\"@type\":\"ReadAction\",\"target\":[\"https:\/\/www.placeforstrays.de\/en\/our-proteges\/valerian\/\"]}]},{\"@type\":\"BreadcrumbList\",\"@id\":\"https:\/\/www.placeforstrays.de\/en\/our-proteges\/valerian\/#breadcrumb\",\"itemListElement\":[{\"@type\":\"ListItem\",\"position\":1,\"name\":\"Startseite\",\"item\":\"https:\/\/www.placeforstrays.de\/en\/\"},{\"@type\":\"ListItem\",\"position\":2,\"name\":\"Projects\",\"item\":\"https:\/\/www.placeforstrays.de\/en\/our-proteges\/\"},{\"@type\":\"ListItem\",\"position\":3,\"name\":\"Henry\"}]},{\"@type\":\"WebSite\",\"@id\":\"https:\/\/www.placeforstrays.de\/en\/#website\",\"url\":\"https:\/\/www.placeforstrays.de\/en\/\",\"name\":\"PLACE for STRAYS Albufeira\",\"description\":\"Tierschutz\",\"publisher\":{\"@id\":\"https:\/\/www.placeforstrays.de\/en\/#organization\"},\"potentialAction\":[{\"@type\":\"SearchAction\",\"target\":{\"@type\":\"EntryPoint\",\"urlTemplate\":\"https:\/\/www.placeforstrays.de\/en\/?s={search_term_string}\"},\"query-input\":\"required name=search_term_string\"}],\"inLanguage\":\"en-US\"},{\"@type\":\"Organization\",\"@id\":\"https:\/\/www.placeforstrays.de\/en\/#organization\",\"name\":\"PLACE for STRAYS\",\"url\":\"https:\/\/www.placeforstrays.de\/en\/\",\"logo\":{\"@type\":\"ImageObject\",\"inLanguage\":\"en-US\",\"@id\":\"https:\/\/www.placeforstrays.de\/en\/#\/schema\/logo\/image\/\",\"url\":\"https:\/\/www.placeforstrays.de\/wp-content\/uploads\/2019\/07\/Logo-mit-Hintergrund-Kopie.jpg\",\"contentUrl\":\"https:\/\/www.placeforstrays.de\/wp-content\/uploads\/2019\/07\/Logo-mit-Hintergrund-Kopie.jpg\",\"width\":277,\"height\":291,\"caption\":\"PLACE for STRAYS\"},\"image\":{\"@id\":\"https:\/\/www.placeforstrays.de\/en\/#\/schema\/logo\/image\/\"},\"sameAs\":[\"https:\/\/www.instagram.com\/placeforstraysalbufeira\/\",\"https:\/\/www.facebook.com\/groups\/1963615917246890\/\"]}]}<\/script>\n<!-- \/ Yoast SEO plugin. -->","yoast_head_json":{"title":"Henry sucht ein liebevolles Zuhause - PLACE for STRAYS Albufeira","description":"Als die Volunteers zur Morgensschicht an den Shelter gefahren kamen, stand eine Pappbox vor dem Zaun. Den Inhalt der Box k\u00f6nnt ihr euch bestimmt schon denken: Es waren genau 6 kleine Welpen, kaum \u00e4lter als ein Monat.","robots":{"index":"index","follow":"follow","max-snippet":"max-snippet:-1","max-image-preview":"max-image-preview:large","max-video-preview":"max-video-preview:-1"},"canonical":"https:\/\/www.placeforstrays.de\/en\/our-proteges\/valerian\/","og_locale":"en_US","og_type":"article","og_title":"Henry sucht ein liebevolles Zuhause - PLACE for STRAYS Albufeira","og_description":"Als die Volunteers zur Morgensschicht an den Shelter gefahren kamen, stand eine Pappbox vor dem Zaun. Den Inhalt der Box k\u00f6nnt ihr euch bestimmt schon denken: Es waren genau 6 kleine Welpen, kaum \u00e4lter als ein Monat.","og_url":"https:\/\/www.placeforstrays.de\/en\/our-proteges\/valerian\/","og_site_name":"PLACE for STRAYS Albufeira","article_publisher":"https:\/\/www.facebook.com\/groups\/1963615917246890\/","article_modified_time":"2026-01-06T08:10:59+00:00","og_image":[{"width":542,"height":441,"url":"https:\/\/www.placeforstrays.de\/wp-content\/uploads\/2023\/08\/363ce7d9-1f9e-48b0-8e84-f15963c86506-e1764748942934.jpg","type":"image\/jpeg"}],"twitter_card":"summary_large_image","twitter_misc":{"Est. reading time":"2 minutes"},"schema":{"@context":"https:\/\/schema.org","@graph":[{"@type":"WebPage","@id":"https:\/\/www.placeforstrays.de\/en\/our-proteges\/valerian\/","url":"https:\/\/www.placeforstrays.de\/en\/our-proteges\/valerian\/","name":"Henry sucht ein liebevolles Zuhause - PLACE for STRAYS Albufeira","isPartOf":{"@id":"https:\/\/www.placeforstrays.de\/en\/#website"},"datePublished":"2023-08-25T09:10:52+00:00","dateModified":"2026-01-06T08:10:59+00:00","description":"Als die Volunteers zur Morgensschicht an den Shelter gefahren kamen, stand eine Pappbox vor dem Zaun. Den Inhalt der Box k\u00f6nnt ihr euch bestimmt schon denken: Es waren genau 6 kleine Welpen, kaum \u00e4lter als ein Monat.","breadcrumb":{"@id":"https:\/\/www.placeforstrays.de\/en\/our-proteges\/valerian\/#breadcrumb"},"inLanguage":"en-US","potentialAction":[{"@type":"ReadAction","target":["https:\/\/www.placeforstrays.de\/en\/our-proteges\/valerian\/"]}]},{"@type":"BreadcrumbList","@id":"https:\/\/www.placeforstrays.de\/en\/our-proteges\/valerian\/#breadcrumb","itemListElement":[{"@type":"ListItem","position":1,"name":"Startseite","item":"https:\/\/www.placeforstrays.de\/en\/"},{"@type":"ListItem","position":2,"name":"Projects","item":"https:\/\/www.placeforstrays.de\/en\/our-proteges\/"},{"@type":"ListItem","position":3,"name":"Henry"}]},{"@type":"WebSite","@id":"https:\/\/www.placeforstrays.de\/en\/#website","url":"https:\/\/www.placeforstrays.de\/en\/","name":"PLACE for STRAYS Albufeira","description":"Tierschutz","publisher":{"@id":"https:\/\/www.placeforstrays.de\/en\/#organization"},"potentialAction":[{"@type":"SearchAction","target":{"@type":"EntryPoint","urlTemplate":"https:\/\/www.placeforstrays.de\/en\/?s={search_term_string}"},"query-input":"required name=search_term_string"}],"inLanguage":"en-US"},{"@type":"Organization","@id":"https:\/\/www.placeforstrays.de\/en\/#organization","name":"PLACE for STRAYS","url":"https:\/\/www.placeforstrays.de\/en\/","logo":{"@type":"ImageObject","inLanguage":"en-US","@id":"https:\/\/www.placeforstrays.de\/en\/#\/schema\/logo\/image\/","url":"https:\/\/www.placeforstrays.de\/wp-content\/uploads\/2019\/07\/Logo-mit-Hintergrund-Kopie.jpg","contentUrl":"https:\/\/www.placeforstrays.de\/wp-content\/uploads\/2019\/07\/Logo-mit-Hintergrund-Kopie.jpg","width":277,"height":291,"caption":"PLACE for STRAYS"},"image":{"@id":"https:\/\/www.placeforstrays.de\/en\/#\/schema\/logo\/image\/"},"sameAs":["https:\/\/www.instagram.com\/placeforstraysalbufeira\/","https:\/\/www.facebook.com\/groups\/1963615917246890\/"]}]}},"_links":{"self":[{"href":"https:\/\/www.placeforstrays.de\/en\/wp-json\/wp\/v2\/project\/43383"}],"collection":[{"href":"https:\/\/www.placeforstrays.de\/en\/wp-json\/wp\/v2\/project"}],"about":[{"href":"https:\/\/www.placeforstrays.de\/en\/wp-json\/wp\/v2\/types\/project"}],"author":[{"embeddable":true,"href":"https:\/\/www.placeforstrays.de\/en\/wp-json\/wp\/v2\/users\/22"}],"replies":[{"embeddable":true,"href":"https:\/\/www.placeforstrays.de\/en\/wp-json\/wp\/v2\/comments?post=43383"}],"version-history":[{"count":15,"href":"https:\/\/www.placeforstrays.de\/en\/wp-json\/wp\/v2\/project\/43383\/revisions"}],"predecessor-version":[{"id":51763,"href":"https:\/\/www.placeforstrays.de\/en\/wp-json\/wp\/v2\/project\/43383\/revisions\/51763"}],"wp:featuredmedia":[{"embeddable":true,"href":"https:\/\/www.placeforstrays.de\/en\/wp-json\/wp\/v2\/media\/51745"}],"wp:attachment":[{"href":"https:\/\/www.placeforstrays.de\/en\/wp-json\/wp\/v2\/media?parent=43383"}],"wp:term":[{"taxonomy":"pj-categs","embeddable":true,"href":"https:\/\/www.placeforstrays.de\/en\/wp-json\/wp\/v2\/pj-categs?post=43383"},{"taxonomy":"pj-tags","embeddable":true,"href":"https:\/\/www.placeforstrays.de\/en\/wp-json\/wp\/v2\/pj-tags?post=43383"}],"curies":[{"name":"wp","href":"https:\/\/api.w.org\/{rel}","templated":true}]}}