{"id":46552,"date":"2024-09-04T19:55:08","date_gmt":"2024-09-04T17:55:08","guid":{"rendered":"https:\/\/www.placeforstrays.de\/?post_type=project&#038;p=46552"},"modified":"2025-06-08T16:16:51","modified_gmt":"2025-06-08T14:16:51","slug":"colette","status":"publish","type":"project","link":"https:\/\/www.placeforstrays.de\/en\/our-proteges\/colette\/","title":{"rendered":"Colette"},"content":{"rendered":"<style type=\"text\/css\"><\/style><div>\n<h3>Geschichte<\/h3>\n<\/div>\n<div class=\"x1e56ztr\">\n<div class=\"x1e56ztr\">\n<p>Eine befreundete Tiersch\u00fctzerin entdeckte leider wieder einmal eine arme Fellnase in einem Lager. Die junge H\u00fcndin <strong>Colette <\/strong>hatte zu diesem Zeitpunkt den ganzen K\u00f6rper \u00fcberseht mit Zecken und war deutlich unterern\u00e4hrt. Nachdem sie mitgenommen werden konnte, wurden wir leider dar\u00fcber informiert, dass die Mama und Geschwisterchen verschwunden sind. Die kleine Maus war sch\u00e4tzungsweise f\u00fcnf Monate alt als sie gefunden wurde und war durch ihre schlechte, bisherige Ern\u00e4hrung ziemlich klein. Im PLACE for STRAYS wurde sie deshalb erstmal aufgep\u00e4ppelt und hat die notwendige medizinische Versorgung erhalten, die sie braucht.<\/p>\n<h3>Charakter<\/h3>\n<p><strong>Colette\u00a0<\/strong>hat sich schnell im Shelter eingelebt. Sie macht eine tolle Entwicklung, zeigt sich als sehr menschenbezogen und freundlich. Sie ist ein typischer vergn\u00fcgter Welpe, freut sich \u00fcber Menschen, Spiel- und Krauleinheiten. Auch die Integration ins Rudel hat sehr gut funktioniert, weil sie sich gut mit anderen Hunden versteht. Welpentypisch ist sie noch sehr verspielt und liebt das Wasser. Sie w\u00fcrde am liebsten den ganzen Tag lang planschen. Sie hat viel Energie und manchmal auch Quatsch im Kopf. Sie zeigt sich als Hund der viel ausgelastet werden m\u00f6chte, Dinge erleben will und gerne dabei ist. F\u00fcr ihre verschiedenen Gesundheitstest, kennt sie mittlerweile auch den Tierarzt und zeigt sich dort ebenfalls freundlich, wenn auch ein bisschen nerv\u00f6s. Sie l\u00e4sst sich aber gut beruhigen, auch beim Autofahren kommt sie schnell zur Ruhe und macht es sich bequem. Bei einem ersten Ausflug am Strand hat sie sich zwar sch\u00fcchtern, aber sehr sozial gezeigt. Auch mit Kindern hat sie das sehr gut gemacht. Colette hat generell sehr viel Energie und verspr\u00fcht eine Menge Lebensfreude. Bei normalen Spazierg\u00e4ngen an der Leine fehlt ihr noch ein bisschen der Fokus, die vielen \u00e4u\u00dferen Eindr\u00fccke machen sie ein bisschen aufgeregt. Sie l\u00e4sst sich aber trotzdem gut managen und zeigt sich als sehr neugierig und unerschrocken.Auch bei Besuch im Shelter ist Colette meistens die erste im Begr\u00fc\u00dfungskomittee und zeigt sich als sehr offen gegen\u00fcber fremden Menschen.<\/p>\n<div id='gallery-1' class='gallery galleryid-46552 gallery-columns-2 gallery-size-thumbnail'><figure class='gallery-item'>\n\t\t\t<div class='gallery-icon portrait'>\n\t\t\t\t<a href='https:\/\/www.placeforstrays.de\/en\/colette-spielzeug-2\/'><img width=\"150\" height=\"150\" src=\"https:\/\/www.placeforstrays.de\/wp-content\/uploads\/2024\/09\/colette-spielzeug-150x150.jpg\" class=\"attachment-thumbnail size-thumbnail\" alt=\"\" srcset=\"https:\/\/www.placeforstrays.de\/wp-content\/uploads\/2024\/09\/colette-spielzeug-150x150.jpg 150w, https:\/\/www.placeforstrays.de\/wp-content\/uploads\/2024\/09\/colette-spielzeug-55x55.jpg 55w, https:\/\/www.placeforstrays.de\/wp-content\/uploads\/2024\/09\/colette-spielzeug-250x250.jpg 250w\" sizes=\"(max-width: 150px) 100vw, 150px\" \/><\/a>\n\t\t\t<\/div><\/figure><figure class='gallery-item'>\n\t\t\t<div class='gallery-icon portrait'>\n\t\t\t\t<a href='https:\/\/www.placeforstrays.de\/en\/colettefun-2\/'><img width=\"150\" height=\"150\" src=\"https:\/\/www.placeforstrays.de\/wp-content\/uploads\/2024\/09\/colettefun-150x150.jpg\" class=\"attachment-thumbnail size-thumbnail\" alt=\"\" srcset=\"https:\/\/www.placeforstrays.de\/wp-content\/uploads\/2024\/09\/colettefun-150x150.jpg 150w, https:\/\/www.placeforstrays.de\/wp-content\/uploads\/2024\/09\/colettefun-55x55.jpg 55w, https:\/\/www.placeforstrays.de\/wp-content\/uploads\/2024\/09\/colettefun-250x250.jpg 250w\" sizes=\"(max-width: 150px) 100vw, 150px\" \/><\/a>\n\t\t\t<\/div><\/figure><figure class='gallery-item'>\n\t\t\t<div class='gallery-icon landscape'>\n\t\t\t\t<a href='https:\/\/www.placeforstrays.de\/en\/spaziergang-colette-2\/'><img width=\"150\" height=\"150\" src=\"https:\/\/www.placeforstrays.de\/wp-content\/uploads\/2024\/09\/spaziergang-colette-150x150.jpg\" class=\"attachment-thumbnail size-thumbnail\" alt=\"\" srcset=\"https:\/\/www.placeforstrays.de\/wp-content\/uploads\/2024\/09\/spaziergang-colette-150x150.jpg 150w, https:\/\/www.placeforstrays.de\/wp-content\/uploads\/2024\/09\/spaziergang-colette-55x55.jpg 55w, https:\/\/www.placeforstrays.de\/wp-content\/uploads\/2024\/09\/spaziergang-colette-250x250.jpg 250w\" sizes=\"(max-width: 150px) 100vw, 150px\" \/><\/a>\n\t\t\t<\/div><\/figure><figure class='gallery-item'>\n\t\t\t<div class='gallery-icon landscape'>\n\t\t\t\t<a href='https:\/\/www.placeforstrays.de\/en\/colette-2\/'><img width=\"150\" height=\"150\" src=\"https:\/\/www.placeforstrays.de\/wp-content\/uploads\/2024\/09\/colette-150x150.jpg\" class=\"attachment-thumbnail size-thumbnail\" alt=\"\" srcset=\"https:\/\/www.placeforstrays.de\/wp-content\/uploads\/2024\/09\/colette-150x150.jpg 150w, https:\/\/www.placeforstrays.de\/wp-content\/uploads\/2024\/09\/colette-55x55.jpg 55w, https:\/\/www.placeforstrays.de\/wp-content\/uploads\/2024\/09\/colette-250x250.jpg 250w\" sizes=\"(max-width: 150px) 100vw, 150px\" \/><\/a>\n\t\t\t<\/div><\/figure><figure class='gallery-item'>\n\t\t\t<div class='gallery-icon landscape'>\n\t\t\t\t<a href='https:\/\/www.placeforstrays.de\/en\/37cc1f86-14a7-4369-bdff-ce4df8f1f8c6-2\/'><img width=\"150\" height=\"150\" src=\"https:\/\/www.placeforstrays.de\/wp-content\/uploads\/2024\/09\/37cc1f86-14a7-4369-bdff-ce4df8f1f8c6-150x150.jpg\" class=\"attachment-thumbnail size-thumbnail\" alt=\"\" srcset=\"https:\/\/www.placeforstrays.de\/wp-content\/uploads\/2024\/09\/37cc1f86-14a7-4369-bdff-ce4df8f1f8c6-150x150.jpg 150w, https:\/\/www.placeforstrays.de\/wp-content\/uploads\/2024\/09\/37cc1f86-14a7-4369-bdff-ce4df8f1f8c6-55x55.jpg 55w, https:\/\/www.placeforstrays.de\/wp-content\/uploads\/2024\/09\/37cc1f86-14a7-4369-bdff-ce4df8f1f8c6-250x250.jpg 250w\" sizes=\"(max-width: 150px) 100vw, 150px\" \/><\/a>\n\t\t\t<\/div><\/figure><figure class='gallery-item'>\n\t\t\t<div class='gallery-icon portrait'>\n\t\t\t\t<a href='https:\/\/www.placeforstrays.de\/en\/4d319947-e2a3-4d3e-a31d-6476db5def4f-2\/'><img width=\"150\" height=\"150\" src=\"https:\/\/www.placeforstrays.de\/wp-content\/uploads\/2024\/09\/4d319947-e2a3-4d3e-a31d-6476db5def4f-150x150.jpg\" class=\"attachment-thumbnail size-thumbnail\" alt=\"\" srcset=\"https:\/\/www.placeforstrays.de\/wp-content\/uploads\/2024\/09\/4d319947-e2a3-4d3e-a31d-6476db5def4f-150x150.jpg 150w, https:\/\/www.placeforstrays.de\/wp-content\/uploads\/2024\/09\/4d319947-e2a3-4d3e-a31d-6476db5def4f-55x55.jpg 55w, https:\/\/www.placeforstrays.de\/wp-content\/uploads\/2024\/09\/4d319947-e2a3-4d3e-a31d-6476db5def4f-250x250.jpg 250w\" sizes=\"(max-width: 150px) 100vw, 150px\" \/><\/a>\n\t\t\t<\/div><\/figure><figure class='gallery-item'>\n\t\t\t<div class='gallery-icon landscape'>\n\t\t\t\t<a href='https:\/\/www.placeforstrays.de\/en\/7cbfd24c-085f-4ee3-af9c-60b23f4a6eb1-2\/'><img width=\"150\" height=\"150\" src=\"https:\/\/www.placeforstrays.de\/wp-content\/uploads\/2024\/09\/7cbfd24c-085f-4ee3-af9c-60b23f4a6eb1-150x150.jpg\" class=\"attachment-thumbnail size-thumbnail\" alt=\"\" srcset=\"https:\/\/www.placeforstrays.de\/wp-content\/uploads\/2024\/09\/7cbfd24c-085f-4ee3-af9c-60b23f4a6eb1-150x150.jpg 150w, https:\/\/www.placeforstrays.de\/wp-content\/uploads\/2024\/09\/7cbfd24c-085f-4ee3-af9c-60b23f4a6eb1-55x55.jpg 55w, https:\/\/www.placeforstrays.de\/wp-content\/uploads\/2024\/09\/7cbfd24c-085f-4ee3-af9c-60b23f4a6eb1-250x250.jpg 250w\" sizes=\"(max-width: 150px) 100vw, 150px\" \/><\/a>\n\t\t\t<\/div><\/figure><figure class='gallery-item'>\n\t\t\t<div class='gallery-icon portrait'>\n\t\t\t\t<a href='https:\/\/www.placeforstrays.de\/en\/colette-vet2-2\/'><img width=\"150\" height=\"150\" src=\"https:\/\/www.placeforstrays.de\/wp-content\/uploads\/2024\/09\/colette-vet2-150x150.jpg\" class=\"attachment-thumbnail size-thumbnail\" alt=\"\" srcset=\"https:\/\/www.placeforstrays.de\/wp-content\/uploads\/2024\/09\/colette-vet2-150x150.jpg 150w, https:\/\/www.placeforstrays.de\/wp-content\/uploads\/2024\/09\/colette-vet2-55x55.jpg 55w, https:\/\/www.placeforstrays.de\/wp-content\/uploads\/2024\/09\/colette-vet2-250x250.jpg 250w\" sizes=\"(max-width: 150px) 100vw, 150px\" \/><\/a>\n\t\t\t<\/div><\/figure><figure class='gallery-item'>\n\t\t\t<div class='gallery-icon portrait'>\n\t\t\t\t<a href='https:\/\/www.placeforstrays.de\/en\/colette-vet-2\/'><img width=\"150\" height=\"150\" src=\"https:\/\/www.placeforstrays.de\/wp-content\/uploads\/2024\/09\/colette-vet-150x150.jpg\" class=\"attachment-thumbnail size-thumbnail\" alt=\"\" srcset=\"https:\/\/www.placeforstrays.de\/wp-content\/uploads\/2024\/09\/colette-vet-150x150.jpg 150w, https:\/\/www.placeforstrays.de\/wp-content\/uploads\/2024\/09\/colette-vet-55x55.jpg 55w, https:\/\/www.placeforstrays.de\/wp-content\/uploads\/2024\/09\/colette-vet-250x250.jpg 250w\" sizes=\"(max-width: 150px) 100vw, 150px\" \/><\/a>\n\t\t\t<\/div><\/figure><figure class='gallery-item'>\n\t\t\t<div class='gallery-icon portrait'>\n\t\t\t\t<a href='https:\/\/www.placeforstrays.de\/en\/colette-car-2\/'><img width=\"150\" height=\"150\" src=\"https:\/\/www.placeforstrays.de\/wp-content\/uploads\/2024\/09\/colette-car-150x150.jpg\" class=\"attachment-thumbnail size-thumbnail\" alt=\"\" srcset=\"https:\/\/www.placeforstrays.de\/wp-content\/uploads\/2024\/09\/colette-car-150x150.jpg 150w, https:\/\/www.placeforstrays.de\/wp-content\/uploads\/2024\/09\/colette-car-55x55.jpg 55w, https:\/\/www.placeforstrays.de\/wp-content\/uploads\/2024\/09\/colette-car-250x250.jpg 250w\" sizes=\"(max-width: 150px) 100vw, 150px\" \/><\/a>\n\t\t\t<\/div><\/figure><figure class='gallery-item'>\n\t\t\t<div class='gallery-icon portrait'>\n\t\t\t\t<a href='https:\/\/www.placeforstrays.de\/en\/colette-aline-2\/'><img width=\"150\" height=\"150\" src=\"https:\/\/www.placeforstrays.de\/wp-content\/uploads\/2024\/09\/colette-aline-150x150.jpg\" class=\"attachment-thumbnail size-thumbnail\" alt=\"\" srcset=\"https:\/\/www.placeforstrays.de\/wp-content\/uploads\/2024\/09\/colette-aline-150x150.jpg 150w, https:\/\/www.placeforstrays.de\/wp-content\/uploads\/2024\/09\/colette-aline-55x55.jpg 55w, https:\/\/www.placeforstrays.de\/wp-content\/uploads\/2024\/09\/colette-aline-250x250.jpg 250w\" sizes=\"(max-width: 150px) 100vw, 150px\" \/><\/a>\n\t\t\t<\/div><\/figure><figure class='gallery-item'>\n\t\t\t<div class='gallery-icon portrait'>\n\t\t\t\t<a href='https:\/\/www.placeforstrays.de\/en\/colette-run-2\/'><img width=\"150\" height=\"150\" src=\"https:\/\/www.placeforstrays.de\/wp-content\/uploads\/2024\/09\/Colette-Run-150x150.jpg\" class=\"attachment-thumbnail size-thumbnail\" alt=\"\" srcset=\"https:\/\/www.placeforstrays.de\/wp-content\/uploads\/2024\/09\/Colette-Run-150x150.jpg 150w, https:\/\/www.placeforstrays.de\/wp-content\/uploads\/2024\/09\/Colette-Run-55x55.jpg 55w, https:\/\/www.placeforstrays.de\/wp-content\/uploads\/2024\/09\/Colette-Run-250x250.jpg 250w\" sizes=\"(max-width: 150px) 100vw, 150px\" \/><\/a>\n\t\t\t<\/div><\/figure><figure class='gallery-item'>\n\t\t\t<div class='gallery-icon landscape'>\n\t\t\t\t<a href='https:\/\/www.placeforstrays.de\/en\/colette-profil-2\/'><img width=\"150\" height=\"150\" src=\"https:\/\/www.placeforstrays.de\/wp-content\/uploads\/2024\/09\/Colette-Profil-150x150.jpg\" class=\"attachment-thumbnail size-thumbnail\" alt=\"\" srcset=\"https:\/\/www.placeforstrays.de\/wp-content\/uploads\/2024\/09\/Colette-Profil-150x150.jpg 150w, https:\/\/www.placeforstrays.de\/wp-content\/uploads\/2024\/09\/Colette-Profil-55x55.jpg 55w, https:\/\/www.placeforstrays.de\/wp-content\/uploads\/2024\/09\/Colette-Profil-250x250.jpg 250w\" sizes=\"(max-width: 150px) 100vw, 150px\" \/><\/a>\n\t\t\t<\/div><\/figure><figure class='gallery-item'>\n\t\t\t<div class='gallery-icon portrait'>\n\t\t\t\t<a href='https:\/\/www.placeforstrays.de\/en\/colette7-2\/'><img width=\"150\" height=\"150\" src=\"https:\/\/www.placeforstrays.de\/wp-content\/uploads\/2024\/09\/Colette7-150x150.jpg\" class=\"attachment-thumbnail size-thumbnail\" alt=\"\" srcset=\"https:\/\/www.placeforstrays.de\/wp-content\/uploads\/2024\/09\/Colette7-150x150.jpg 150w, https:\/\/www.placeforstrays.de\/wp-content\/uploads\/2024\/09\/Colette7-55x55.jpg 55w, https:\/\/www.placeforstrays.de\/wp-content\/uploads\/2024\/09\/Colette7-250x250.jpg 250w\" sizes=\"(max-width: 150px) 100vw, 150px\" \/><\/a>\n\t\t\t<\/div><\/figure><figure class='gallery-item'>\n\t\t\t<div class='gallery-icon portrait'>\n\t\t\t\t<a href='https:\/\/www.placeforstrays.de\/en\/colette6-2\/'><img width=\"150\" height=\"150\" src=\"https:\/\/www.placeforstrays.de\/wp-content\/uploads\/2024\/09\/Colette6-150x150.jpg\" class=\"attachment-thumbnail size-thumbnail\" alt=\"\" srcset=\"https:\/\/www.placeforstrays.de\/wp-content\/uploads\/2024\/09\/Colette6-150x150.jpg 150w, https:\/\/www.placeforstrays.de\/wp-content\/uploads\/2024\/09\/Colette6-55x55.jpg 55w, https:\/\/www.placeforstrays.de\/wp-content\/uploads\/2024\/09\/Colette6-250x250.jpg 250w\" sizes=\"(max-width: 150px) 100vw, 150px\" \/><\/a>\n\t\t\t<\/div><\/figure><figure class='gallery-item'>\n\t\t\t<div class='gallery-icon portrait'>\n\t\t\t\t<a href='https:\/\/www.placeforstrays.de\/en\/collete3-2\/'><img width=\"150\" height=\"150\" src=\"https:\/\/www.placeforstrays.de\/wp-content\/uploads\/2024\/09\/Collete3-150x150.jpg\" class=\"attachment-thumbnail size-thumbnail\" alt=\"\" srcset=\"https:\/\/www.placeforstrays.de\/wp-content\/uploads\/2024\/09\/Collete3-150x150.jpg 150w, https:\/\/www.placeforstrays.de\/wp-content\/uploads\/2024\/09\/Collete3-55x55.jpg 55w, https:\/\/www.placeforstrays.de\/wp-content\/uploads\/2024\/09\/Collete3-250x250.jpg 250w\" sizes=\"(max-width: 150px) 100vw, 150px\" \/><\/a>\n\t\t\t<\/div><\/figure><figure class='gallery-item'>\n\t\t\t<div class='gallery-icon portrait'>\n\t\t\t\t<a href='https:\/\/www.placeforstrays.de\/en\/colette5-2\/'><img width=\"150\" height=\"150\" src=\"https:\/\/www.placeforstrays.de\/wp-content\/uploads\/2024\/09\/Colette5-150x150.jpg\" class=\"attachment-thumbnail size-thumbnail\" alt=\"\" srcset=\"https:\/\/www.placeforstrays.de\/wp-content\/uploads\/2024\/09\/Colette5-150x150.jpg 150w, https:\/\/www.placeforstrays.de\/wp-content\/uploads\/2024\/09\/Colette5-55x55.jpg 55w, https:\/\/www.placeforstrays.de\/wp-content\/uploads\/2024\/09\/Colette5-250x250.jpg 250w\" sizes=\"(max-width: 150px) 100vw, 150px\" \/><\/a>\n\t\t\t<\/div><\/figure><figure class='gallery-item'>\n\t\t\t<div class='gallery-icon portrait'>\n\t\t\t\t<a href='https:\/\/www.placeforstrays.de\/en\/colette4-2\/'><img width=\"150\" height=\"150\" src=\"https:\/\/www.placeforstrays.de\/wp-content\/uploads\/2024\/09\/Colette4-150x150.jpg\" class=\"attachment-thumbnail size-thumbnail\" alt=\"\" srcset=\"https:\/\/www.placeforstrays.de\/wp-content\/uploads\/2024\/09\/Colette4-150x150.jpg 150w, https:\/\/www.placeforstrays.de\/wp-content\/uploads\/2024\/09\/Colette4-55x55.jpg 55w, https:\/\/www.placeforstrays.de\/wp-content\/uploads\/2024\/09\/Colette4-250x250.jpg 250w\" sizes=\"(max-width: 150px) 100vw, 150px\" \/><\/a>\n\t\t\t<\/div><\/figure><figure class='gallery-item'>\n\t\t\t<div class='gallery-icon portrait'>\n\t\t\t\t<a href='https:\/\/www.placeforstrays.de\/en\/colette2-2\/'><img width=\"150\" height=\"150\" src=\"https:\/\/www.placeforstrays.de\/wp-content\/uploads\/2024\/09\/Colette2-150x150.jpg\" class=\"attachment-thumbnail size-thumbnail\" alt=\"\" srcset=\"https:\/\/www.placeforstrays.de\/wp-content\/uploads\/2024\/09\/Colette2-150x150.jpg 150w, https:\/\/www.placeforstrays.de\/wp-content\/uploads\/2024\/09\/Colette2-55x55.jpg 55w, https:\/\/www.placeforstrays.de\/wp-content\/uploads\/2024\/09\/Colette2-250x250.jpg 250w\" sizes=\"(max-width: 150px) 100vw, 150px\" \/><\/a>\n\t\t\t<\/div><\/figure><figure class='gallery-item'>\n\t\t\t<div class='gallery-icon portrait'>\n\t\t\t\t<a href='https:\/\/www.placeforstrays.de\/en\/colette1-2\/'><img width=\"150\" height=\"150\" src=\"https:\/\/www.placeforstrays.de\/wp-content\/uploads\/2024\/09\/Colette1-150x150.jpg\" class=\"attachment-thumbnail size-thumbnail\" alt=\"\" srcset=\"https:\/\/www.placeforstrays.de\/wp-content\/uploads\/2024\/09\/Colette1-150x150.jpg 150w, https:\/\/www.placeforstrays.de\/wp-content\/uploads\/2024\/09\/Colette1-55x55.jpg 55w, https:\/\/www.placeforstrays.de\/wp-content\/uploads\/2024\/09\/Colette1-250x250.jpg 250w\" sizes=\"(max-width: 150px) 100vw, 150px\" \/><\/a>\n\t\t\t<\/div><\/figure><figure class='gallery-item'>\n\t\t\t<div class='gallery-icon portrait'>\n\t\t\t\t<a href='https:\/\/www.placeforstrays.de\/en\/9c5e014e-8251-4ac2-b921-6d2f48157783-2\/'><img width=\"150\" height=\"150\" src=\"https:\/\/www.placeforstrays.de\/wp-content\/uploads\/2024\/09\/9c5e014e-8251-4ac2-b921-6d2f48157783-150x150.jpg\" class=\"attachment-thumbnail size-thumbnail\" alt=\"\" srcset=\"https:\/\/www.placeforstrays.de\/wp-content\/uploads\/2024\/09\/9c5e014e-8251-4ac2-b921-6d2f48157783-150x150.jpg 150w, https:\/\/www.placeforstrays.de\/wp-content\/uploads\/2024\/09\/9c5e014e-8251-4ac2-b921-6d2f48157783-55x55.jpg 55w, https:\/\/www.placeforstrays.de\/wp-content\/uploads\/2024\/09\/9c5e014e-8251-4ac2-b921-6d2f48157783-250x250.jpg 250w\" sizes=\"(max-width: 150px) 100vw, 150px\" \/><\/a>\n\t\t\t<\/div><\/figure><figure class='gallery-item'>\n\t\t\t<div class='gallery-icon portrait'>\n\t\t\t\t<a href='https:\/\/www.placeforstrays.de\/en\/15d81532-bfcb-4813-90c8-13a4bf2e1e03-2\/'><img width=\"150\" height=\"150\" src=\"https:\/\/www.placeforstrays.de\/wp-content\/uploads\/2024\/09\/15d81532-bfcb-4813-90c8-13a4bf2e1e03-150x150.jpg\" class=\"attachment-thumbnail size-thumbnail\" alt=\"\" srcset=\"https:\/\/www.placeforstrays.de\/wp-content\/uploads\/2024\/09\/15d81532-bfcb-4813-90c8-13a4bf2e1e03-150x150.jpg 150w, https:\/\/www.placeforstrays.de\/wp-content\/uploads\/2024\/09\/15d81532-bfcb-4813-90c8-13a4bf2e1e03-55x55.jpg 55w, https:\/\/www.placeforstrays.de\/wp-content\/uploads\/2024\/09\/15d81532-bfcb-4813-90c8-13a4bf2e1e03-250x250.jpg 250w\" sizes=\"(max-width: 150px) 100vw, 150px\" \/><\/a>\n\t\t\t<\/div><\/figure><figure class='gallery-item'>\n\t\t\t<div class='gallery-icon portrait'>\n\t\t\t\t<a href='https:\/\/www.placeforstrays.de\/en\/63a75daa-585e-4f43-a55b-d0c601e5901a-2\/'><img width=\"150\" height=\"150\" src=\"https:\/\/www.placeforstrays.de\/wp-content\/uploads\/2024\/09\/63a75daa-585e-4f43-a55b-d0c601e5901a-150x150.jpg\" class=\"attachment-thumbnail size-thumbnail\" alt=\"\" srcset=\"https:\/\/www.placeforstrays.de\/wp-content\/uploads\/2024\/09\/63a75daa-585e-4f43-a55b-d0c601e5901a-150x150.jpg 150w, https:\/\/www.placeforstrays.de\/wp-content\/uploads\/2024\/09\/63a75daa-585e-4f43-a55b-d0c601e5901a-55x55.jpg 55w, https:\/\/www.placeforstrays.de\/wp-content\/uploads\/2024\/09\/63a75daa-585e-4f43-a55b-d0c601e5901a-250x250.jpg 250w\" sizes=\"(max-width: 150px) 100vw, 150px\" \/><\/a>\n\t\t\t<\/div><\/figure><figure class='gallery-item'>\n\t\t\t<div class='gallery-icon portrait'>\n\t\t\t\t<a href='https:\/\/www.placeforstrays.de\/en\/6548f6b0-1ef0-441b-93af-5cb5e79bbac7-2\/'><img width=\"150\" height=\"150\" src=\"https:\/\/www.placeforstrays.de\/wp-content\/uploads\/2024\/09\/6548f6b0-1ef0-441b-93af-5cb5e79bbac7-150x150.jpg\" class=\"attachment-thumbnail size-thumbnail\" alt=\"\" srcset=\"https:\/\/www.placeforstrays.de\/wp-content\/uploads\/2024\/09\/6548f6b0-1ef0-441b-93af-5cb5e79bbac7-150x150.jpg 150w, https:\/\/www.placeforstrays.de\/wp-content\/uploads\/2024\/09\/6548f6b0-1ef0-441b-93af-5cb5e79bbac7-55x55.jpg 55w, https:\/\/www.placeforstrays.de\/wp-content\/uploads\/2024\/09\/6548f6b0-1ef0-441b-93af-5cb5e79bbac7-250x250.jpg 250w\" sizes=\"(max-width: 150px) 100vw, 150px\" \/><\/a>\n\t\t\t<\/div><\/figure><figure class='gallery-item'>\n\t\t\t<div class='gallery-icon portrait'>\n\t\t\t\t<a href='https:\/\/www.placeforstrays.de\/en\/6cb79a77-13a4-48d5-a1e7-2566e59b3249-2\/'><img width=\"150\" height=\"150\" src=\"https:\/\/www.placeforstrays.de\/wp-content\/uploads\/2024\/09\/6cb79a77-13a4-48d5-a1e7-2566e59b3249-150x150.jpg\" class=\"attachment-thumbnail size-thumbnail\" alt=\"\" srcset=\"https:\/\/www.placeforstrays.de\/wp-content\/uploads\/2024\/09\/6cb79a77-13a4-48d5-a1e7-2566e59b3249-150x150.jpg 150w, https:\/\/www.placeforstrays.de\/wp-content\/uploads\/2024\/09\/6cb79a77-13a4-48d5-a1e7-2566e59b3249-55x55.jpg 55w, https:\/\/www.placeforstrays.de\/wp-content\/uploads\/2024\/09\/6cb79a77-13a4-48d5-a1e7-2566e59b3249-250x250.jpg 250w\" sizes=\"(max-width: 150px) 100vw, 150px\" \/><\/a>\n\t\t\t<\/div><\/figure><figure class='gallery-item'>\n\t\t\t<div class='gallery-icon portrait'>\n\t\t\t\t<a href='https:\/\/www.placeforstrays.de\/en\/0d3e43ad-1124-4b3f-b240-dccdd0d7d9eb-2\/'><img width=\"150\" height=\"150\" src=\"https:\/\/www.placeforstrays.de\/wp-content\/uploads\/2024\/09\/0d3e43ad-1124-4b3f-b240-dccdd0d7d9eb-150x150.jpg\" class=\"attachment-thumbnail size-thumbnail\" alt=\"\" srcset=\"https:\/\/www.placeforstrays.de\/wp-content\/uploads\/2024\/09\/0d3e43ad-1124-4b3f-b240-dccdd0d7d9eb-150x150.jpg 150w, https:\/\/www.placeforstrays.de\/wp-content\/uploads\/2024\/09\/0d3e43ad-1124-4b3f-b240-dccdd0d7d9eb-55x55.jpg 55w, https:\/\/www.placeforstrays.de\/wp-content\/uploads\/2024\/09\/0d3e43ad-1124-4b3f-b240-dccdd0d7d9eb-250x250.jpg 250w\" sizes=\"(max-width: 150px) 100vw, 150px\" \/><\/a>\n\t\t\t<\/div><\/figure>\n\t\t<\/div>\n\n<p>&nbsp;<\/p>\n<\/div>\n<\/div>\n","protected":false},"excerpt":{"rendered":"<p>Geschichte Eine befreundete Tiersch\u00fctzerin entdeckte leider wieder einmal eine arme Fellnase in einem Lager. Die junge H\u00fcndin Colette hatte zu diesem Zeitpunkt den ganzen K\u00f6rper \u00fcberseht mit Zecken und war deutlich unterern\u00e4hrt. Nachdem sie mitgenommen werden konnte, wurden wir leider dar\u00fcber informiert, dass die Mama und Geschwisterchen verschwunden sind. Die kleine Maus war sch\u00e4tzungsweise f\u00fcnf&#8230;<\/p>\n","protected":false},"author":23,"featured_media":49271,"menu_order":0,"comment_status":"closed","ping_status":"closed","template":"","format":"standard","meta":[],"pj-categs":[14,16,19,37],"pj-tags":[],"yoast_head":"<!-- This site is optimized with the Yoast SEO plugin v19.13 - https:\/\/yoast.com\/wordpress\/plugins\/seo\/ -->\n<title>Colette hat ein Zuhause gefunden - PLACE for STRAYS Albufeira<\/title>\n<meta name=\"description\" content=\"Eine befreundete Tiersch\u00fctzerin entdeckte leider wieder einmal eine arme Fellnasen in einem Lager. Die junge H\u00fcndin Colette hatte zu diesem Zeitpunkt den ganzen. K\u00f6rper \u00fcberseht mit Zecken und war deutlich unterern\u00e4hrt. Jetzt wird sie im PLACE for STRAYS erstmal aufgep\u00e4ppelt und erh\u00e4lt die notwendige medizinische Versorgung die sie braucht.\" \/>\n<meta name=\"robots\" content=\"index, follow, max-snippet:-1, max-image-preview:large, max-video-preview:-1\" \/>\n<link rel=\"canonical\" href=\"https:\/\/www.placeforstrays.de\/en\/our-proteges\/colette\/\" \/>\n<meta property=\"og:locale\" content=\"en_US\" \/>\n<meta property=\"og:type\" content=\"article\" \/>\n<meta property=\"og:title\" content=\"Colette hat ein Zuhause gefunden - PLACE for STRAYS Albufeira\" \/>\n<meta property=\"og:description\" content=\"Eine befreundete Tiersch\u00fctzerin entdeckte leider wieder einmal eine arme Fellnasen in einem Lager. Die junge H\u00fcndin Colette hatte zu diesem Zeitpunkt den ganzen. K\u00f6rper \u00fcberseht mit Zecken und war deutlich unterern\u00e4hrt. Jetzt wird sie im PLACE for STRAYS erstmal aufgep\u00e4ppelt und erh\u00e4lt die notwendige medizinische Versorgung die sie braucht.\" \/>\n<meta property=\"og:url\" content=\"https:\/\/www.placeforstrays.de\/en\/our-proteges\/colette\/\" \/>\n<meta property=\"og:site_name\" content=\"PLACE for STRAYS Albufeira\" \/>\n<meta property=\"article:publisher\" content=\"https:\/\/www.facebook.com\/groups\/1963615917246890\/\" \/>\n<meta property=\"article:modified_time\" content=\"2025-06-08T14:16:51+00:00\" \/>\n<meta property=\"og:image\" content=\"https:\/\/www.placeforstrays.de\/wp-content\/uploads\/2024\/09\/7e8e6234-1d63-4baf-bfed-4afd0726edd4-e1749392037970.jpeg\" \/>\n\t<meta property=\"og:image:width\" content=\"900\" \/>\n\t<meta property=\"og:image:height\" content=\"840\" \/>\n\t<meta property=\"og:image:type\" content=\"image\/jpeg\" \/>\n<meta name=\"twitter:card\" content=\"summary_large_image\" \/>\n<meta name=\"twitter:label1\" content=\"Est. reading time\" \/>\n\t<meta name=\"twitter:data1\" content=\"2 minutes\" \/>\n<script type=\"application\/ld+json\" class=\"yoast-schema-graph\">{\"@context\":\"https:\/\/schema.org\",\"@graph\":[{\"@type\":\"WebPage\",\"@id\":\"https:\/\/www.placeforstrays.de\/en\/our-proteges\/colette\/\",\"url\":\"https:\/\/www.placeforstrays.de\/en\/our-proteges\/colette\/\",\"name\":\"Colette hat ein Zuhause gefunden - PLACE for STRAYS Albufeira\",\"isPartOf\":{\"@id\":\"https:\/\/www.placeforstrays.de\/en\/#website\"},\"datePublished\":\"2024-09-04T17:55:08+00:00\",\"dateModified\":\"2025-06-08T14:16:51+00:00\",\"description\":\"Eine befreundete Tiersch\u00fctzerin entdeckte leider wieder einmal eine arme Fellnasen in einem Lager. Die junge H\u00fcndin Colette hatte zu diesem Zeitpunkt den ganzen. K\u00f6rper \u00fcberseht mit Zecken und war deutlich unterern\u00e4hrt. Jetzt wird sie im PLACE for STRAYS erstmal aufgep\u00e4ppelt und erh\u00e4lt die notwendige medizinische Versorgung die sie braucht.\",\"breadcrumb\":{\"@id\":\"https:\/\/www.placeforstrays.de\/en\/our-proteges\/colette\/#breadcrumb\"},\"inLanguage\":\"en-US\",\"potentialAction\":[{\"@type\":\"ReadAction\",\"target\":[\"https:\/\/www.placeforstrays.de\/en\/our-proteges\/colette\/\"]}]},{\"@type\":\"BreadcrumbList\",\"@id\":\"https:\/\/www.placeforstrays.de\/en\/our-proteges\/colette\/#breadcrumb\",\"itemListElement\":[{\"@type\":\"ListItem\",\"position\":1,\"name\":\"Startseite\",\"item\":\"https:\/\/www.placeforstrays.de\/en\/\"},{\"@type\":\"ListItem\",\"position\":2,\"name\":\"Projects\",\"item\":\"https:\/\/www.placeforstrays.de\/en\/our-proteges\/\"},{\"@type\":\"ListItem\",\"position\":3,\"name\":\"Colette\"}]},{\"@type\":\"WebSite\",\"@id\":\"https:\/\/www.placeforstrays.de\/en\/#website\",\"url\":\"https:\/\/www.placeforstrays.de\/en\/\",\"name\":\"PLACE for STRAYS Albufeira\",\"description\":\"Tierschutz\",\"publisher\":{\"@id\":\"https:\/\/www.placeforstrays.de\/en\/#organization\"},\"potentialAction\":[{\"@type\":\"SearchAction\",\"target\":{\"@type\":\"EntryPoint\",\"urlTemplate\":\"https:\/\/www.placeforstrays.de\/en\/?s={search_term_string}\"},\"query-input\":\"required name=search_term_string\"}],\"inLanguage\":\"en-US\"},{\"@type\":\"Organization\",\"@id\":\"https:\/\/www.placeforstrays.de\/en\/#organization\",\"name\":\"PLACE for STRAYS\",\"url\":\"https:\/\/www.placeforstrays.de\/en\/\",\"logo\":{\"@type\":\"ImageObject\",\"inLanguage\":\"en-US\",\"@id\":\"https:\/\/www.placeforstrays.de\/en\/#\/schema\/logo\/image\/\",\"url\":\"https:\/\/www.placeforstrays.de\/wp-content\/uploads\/2019\/07\/Logo-mit-Hintergrund-Kopie.jpg\",\"contentUrl\":\"https:\/\/www.placeforstrays.de\/wp-content\/uploads\/2019\/07\/Logo-mit-Hintergrund-Kopie.jpg\",\"width\":277,\"height\":291,\"caption\":\"PLACE for STRAYS\"},\"image\":{\"@id\":\"https:\/\/www.placeforstrays.de\/en\/#\/schema\/logo\/image\/\"},\"sameAs\":[\"https:\/\/www.instagram.com\/placeforstraysalbufeira\/\",\"https:\/\/www.facebook.com\/groups\/1963615917246890\/\"]}]}<\/script>\n<!-- \/ Yoast SEO plugin. -->","yoast_head_json":{"title":"Colette hat ein Zuhause gefunden - PLACE for STRAYS Albufeira","description":"Eine befreundete Tiersch\u00fctzerin entdeckte leider wieder einmal eine arme Fellnasen in einem Lager. Die junge H\u00fcndin Colette hatte zu diesem Zeitpunkt den ganzen. K\u00f6rper \u00fcberseht mit Zecken und war deutlich unterern\u00e4hrt. Jetzt wird sie im PLACE for STRAYS erstmal aufgep\u00e4ppelt und erh\u00e4lt die notwendige medizinische Versorgung die sie braucht.","robots":{"index":"index","follow":"follow","max-snippet":"max-snippet:-1","max-image-preview":"max-image-preview:large","max-video-preview":"max-video-preview:-1"},"canonical":"https:\/\/www.placeforstrays.de\/en\/our-proteges\/colette\/","og_locale":"en_US","og_type":"article","og_title":"Colette hat ein Zuhause gefunden - PLACE for STRAYS Albufeira","og_description":"Eine befreundete Tiersch\u00fctzerin entdeckte leider wieder einmal eine arme Fellnasen in einem Lager. Die junge H\u00fcndin Colette hatte zu diesem Zeitpunkt den ganzen. K\u00f6rper \u00fcberseht mit Zecken und war deutlich unterern\u00e4hrt. Jetzt wird sie im PLACE for STRAYS erstmal aufgep\u00e4ppelt und erh\u00e4lt die notwendige medizinische Versorgung die sie braucht.","og_url":"https:\/\/www.placeforstrays.de\/en\/our-proteges\/colette\/","og_site_name":"PLACE for STRAYS Albufeira","article_publisher":"https:\/\/www.facebook.com\/groups\/1963615917246890\/","article_modified_time":"2025-06-08T14:16:51+00:00","og_image":[{"width":900,"height":840,"url":"https:\/\/www.placeforstrays.de\/wp-content\/uploads\/2024\/09\/7e8e6234-1d63-4baf-bfed-4afd0726edd4-e1749392037970.jpeg","type":"image\/jpeg"}],"twitter_card":"summary_large_image","twitter_misc":{"Est. reading time":"2 minutes"},"schema":{"@context":"https:\/\/schema.org","@graph":[{"@type":"WebPage","@id":"https:\/\/www.placeforstrays.de\/en\/our-proteges\/colette\/","url":"https:\/\/www.placeforstrays.de\/en\/our-proteges\/colette\/","name":"Colette hat ein Zuhause gefunden - PLACE for STRAYS Albufeira","isPartOf":{"@id":"https:\/\/www.placeforstrays.de\/en\/#website"},"datePublished":"2024-09-04T17:55:08+00:00","dateModified":"2025-06-08T14:16:51+00:00","description":"Eine befreundete Tiersch\u00fctzerin entdeckte leider wieder einmal eine arme Fellnasen in einem Lager. Die junge H\u00fcndin Colette hatte zu diesem Zeitpunkt den ganzen. K\u00f6rper \u00fcberseht mit Zecken und war deutlich unterern\u00e4hrt. Jetzt wird sie im PLACE for STRAYS erstmal aufgep\u00e4ppelt und erh\u00e4lt die notwendige medizinische Versorgung die sie braucht.","breadcrumb":{"@id":"https:\/\/www.placeforstrays.de\/en\/our-proteges\/colette\/#breadcrumb"},"inLanguage":"en-US","potentialAction":[{"@type":"ReadAction","target":["https:\/\/www.placeforstrays.de\/en\/our-proteges\/colette\/"]}]},{"@type":"BreadcrumbList","@id":"https:\/\/www.placeforstrays.de\/en\/our-proteges\/colette\/#breadcrumb","itemListElement":[{"@type":"ListItem","position":1,"name":"Startseite","item":"https:\/\/www.placeforstrays.de\/en\/"},{"@type":"ListItem","position":2,"name":"Projects","item":"https:\/\/www.placeforstrays.de\/en\/our-proteges\/"},{"@type":"ListItem","position":3,"name":"Colette"}]},{"@type":"WebSite","@id":"https:\/\/www.placeforstrays.de\/en\/#website","url":"https:\/\/www.placeforstrays.de\/en\/","name":"PLACE for STRAYS Albufeira","description":"Tierschutz","publisher":{"@id":"https:\/\/www.placeforstrays.de\/en\/#organization"},"potentialAction":[{"@type":"SearchAction","target":{"@type":"EntryPoint","urlTemplate":"https:\/\/www.placeforstrays.de\/en\/?s={search_term_string}"},"query-input":"required name=search_term_string"}],"inLanguage":"en-US"},{"@type":"Organization","@id":"https:\/\/www.placeforstrays.de\/en\/#organization","name":"PLACE for STRAYS","url":"https:\/\/www.placeforstrays.de\/en\/","logo":{"@type":"ImageObject","inLanguage":"en-US","@id":"https:\/\/www.placeforstrays.de\/en\/#\/schema\/logo\/image\/","url":"https:\/\/www.placeforstrays.de\/wp-content\/uploads\/2019\/07\/Logo-mit-Hintergrund-Kopie.jpg","contentUrl":"https:\/\/www.placeforstrays.de\/wp-content\/uploads\/2019\/07\/Logo-mit-Hintergrund-Kopie.jpg","width":277,"height":291,"caption":"PLACE for STRAYS"},"image":{"@id":"https:\/\/www.placeforstrays.de\/en\/#\/schema\/logo\/image\/"},"sameAs":["https:\/\/www.instagram.com\/placeforstraysalbufeira\/","https:\/\/www.facebook.com\/groups\/1963615917246890\/"]}]}},"_links":{"self":[{"href":"https:\/\/www.placeforstrays.de\/en\/wp-json\/wp\/v2\/project\/46552"}],"collection":[{"href":"https:\/\/www.placeforstrays.de\/en\/wp-json\/wp\/v2\/project"}],"about":[{"href":"https:\/\/www.placeforstrays.de\/en\/wp-json\/wp\/v2\/types\/project"}],"author":[{"embeddable":true,"href":"https:\/\/www.placeforstrays.de\/en\/wp-json\/wp\/v2\/users\/23"}],"replies":[{"embeddable":true,"href":"https:\/\/www.placeforstrays.de\/en\/wp-json\/wp\/v2\/comments?post=46552"}],"version-history":[{"count":11,"href":"https:\/\/www.placeforstrays.de\/en\/wp-json\/wp\/v2\/project\/46552\/revisions"}],"predecessor-version":[{"id":49137,"href":"https:\/\/www.placeforstrays.de\/en\/wp-json\/wp\/v2\/project\/46552\/revisions\/49137"}],"wp:featuredmedia":[{"embeddable":true,"href":"https:\/\/www.placeforstrays.de\/en\/wp-json\/wp\/v2\/media\/49271"}],"wp:attachment":[{"href":"https:\/\/www.placeforstrays.de\/en\/wp-json\/wp\/v2\/media?parent=46552"}],"wp:term":[{"taxonomy":"pj-categs","embeddable":true,"href":"https:\/\/www.placeforstrays.de\/en\/wp-json\/wp\/v2\/pj-categs?post=46552"},{"taxonomy":"pj-tags","embeddable":true,"href":"https:\/\/www.placeforstrays.de\/en\/wp-json\/wp\/v2\/pj-tags?post=46552"}],"curies":[{"name":"wp","href":"https:\/\/api.w.org\/{rel}","templated":true}]}}