{"id":47445,"date":"2024-12-20T14:56:06","date_gmt":"2024-12-20T13:56:06","guid":{"rendered":"https:\/\/www.placeforstrays.de\/?post_type=project&#038;p=47445"},"modified":"2025-06-07T14:42:08","modified_gmt":"2025-06-07T12:42:08","slug":"amber","status":"publish","type":"project","link":"https:\/\/www.placeforstrays.de\/en\/our-proteges\/amber\/","title":{"rendered":"Amber"},"content":{"rendered":"<style type=\"text\/css\"><\/style><h3>Geschichte<\/h3>\n<p>Durch eine bekannte Tiersch\u00fctzerin konnte die s\u00fc\u00dfe <strong>Amber<\/strong> aus einem Lager gerettet werden. Die junge H\u00fcndin ben\u00f6tigte umgehend tier\u00e4rztliche Hilfe und musste schnell operiert werden. Nachdem sie die Operation gut \u00fcberstanden hatte und sich in der Klinik erholen konnte, zog sie bei uns im PLACE for STRAYS ein. Hier bekommt sie die Sicherheit und Liebe, die sie verdient hat und kann die sch\u00f6nen Seiten des Hundelebens kennenlernen.<\/p>\n<h3><strong>Charakter<\/strong><\/h3>\n<p><strong>Amber <\/strong>wird im PLACE for STRAYS als wahres Herzst\u00fcck beschrieben \u2013 eine Seele, die sowohl Menschen als auch Hunde liebt. Sie ist sehr menschenbezogen und m\u00f6chte bei allem dabei sein. Au\u00dferdem ist sie super verkuschelt und m\u00f6chte dabei den Menschen auch immer ganz besonders nah sein. Die liebe Maus steckt aber auch voller Energie. Dabei spielt sie unglaublich gerne mit der ebenso energievollen <a href=\"https:\/\/www.placeforstrays.de\/our-proteges\/colette\/\">Colette<\/a>. Bei ihren Spielen mit den kleinen Welpen muss man allerdings aufpassen, dass sie ihnen nicht zu \u00fcberm\u00fctig wird. <span class=\"html-span xexx8yu x4uap5 x18d9i69 xkhd6sd x1hl2dhg x16tdsg8 x1vvkbs x3nfvp2 x1j61x8r x1fcty0u xdj266r xat24cr xgzva0m xhhsvwb xxymvpz xlup9mm x1kky2od\">Trotz ihrer schwierigen gesundheitlichen Situation l\u00e4sst sie sich ihre Lebensfreude nicht nehmen. Amber hat bereits eine Operation hinter sich und bisher ist der Heilungsprozess so gut, dass keine weitere Behandlung oder Operation notwendig ist. Bei Spazierg\u00e4ngen zeigt sich Amber von Anfang von ihrer besten Seite. Abgesehen davon, dass sie sehr viel Freude an den Ausfl\u00fcgen hat und diese kaum erwarten kann, ist sie dabei auch stets auf ihren Menschen bedacht und benimmt sich vorbildlich. Stadtl\u00e4rm und Autos machen ihr dabei nichts aus und sie zeigt sich sehr neugierig. <\/span>Wir werden weiterhin ein Auge auf ihre Gesundheit haben und sie mit Liebe und F\u00fcrsorge begleiten.<\/p>\n<p><span class=\"x193iq5w xeuugli x13faqbe x1vvkbs x1xmvt09 x6prxxf xvq8zen xo1l8bm xzsf02u\"><span title=\"Le\u00f3n neu \">F\u00fcr mehr<\/span><\/span>\u00a0Informationen wendet Euch bitte an das\u00a0<a href=\"https:\/\/www.placeforstrays.de\/adoption-info\/\">Vermittlungsteam<\/a>.<\/p>\n<div id='gallery-1' class='gallery galleryid-47445 gallery-columns-2 gallery-size-thumbnail'><figure class='gallery-item'>\n\t\t\t<div class='gallery-icon portrait'>\n\t\t\t\t<a href='https:\/\/www.placeforstrays.de\/en\/amber-15-2\/'><img width=\"150\" height=\"150\" src=\"https:\/\/www.placeforstrays.de\/wp-content\/uploads\/2024\/12\/Amber-15-150x150.jpg\" class=\"attachment-thumbnail size-thumbnail\" alt=\"\" srcset=\"https:\/\/www.placeforstrays.de\/wp-content\/uploads\/2024\/12\/Amber-15-150x150.jpg 150w, https:\/\/www.placeforstrays.de\/wp-content\/uploads\/2024\/12\/Amber-15-55x55.jpg 55w, https:\/\/www.placeforstrays.de\/wp-content\/uploads\/2024\/12\/Amber-15-250x250.jpg 250w\" sizes=\"(max-width: 150px) 100vw, 150px\" \/><\/a>\n\t\t\t<\/div><\/figure><figure class='gallery-item'>\n\t\t\t<div class='gallery-icon portrait'>\n\t\t\t\t<a href='https:\/\/www.placeforstrays.de\/en\/amber-16-2\/'><img width=\"150\" height=\"150\" src=\"https:\/\/www.placeforstrays.de\/wp-content\/uploads\/2024\/12\/Amber-16-150x150.jpg\" class=\"attachment-thumbnail size-thumbnail\" alt=\"\" srcset=\"https:\/\/www.placeforstrays.de\/wp-content\/uploads\/2024\/12\/Amber-16-150x150.jpg 150w, https:\/\/www.placeforstrays.de\/wp-content\/uploads\/2024\/12\/Amber-16-55x55.jpg 55w, https:\/\/www.placeforstrays.de\/wp-content\/uploads\/2024\/12\/Amber-16-250x250.jpg 250w\" sizes=\"(max-width: 150px) 100vw, 150px\" \/><\/a>\n\t\t\t<\/div><\/figure><figure class='gallery-item'>\n\t\t\t<div class='gallery-icon landscape'>\n\t\t\t\t<a href='https:\/\/www.placeforstrays.de\/en\/amber-14-2\/'><img width=\"150\" height=\"150\" src=\"https:\/\/www.placeforstrays.de\/wp-content\/uploads\/2024\/12\/Amber-14-150x150.jpg\" class=\"attachment-thumbnail size-thumbnail\" alt=\"\" srcset=\"https:\/\/www.placeforstrays.de\/wp-content\/uploads\/2024\/12\/Amber-14-150x150.jpg 150w, https:\/\/www.placeforstrays.de\/wp-content\/uploads\/2024\/12\/Amber-14-55x55.jpg 55w, https:\/\/www.placeforstrays.de\/wp-content\/uploads\/2024\/12\/Amber-14-250x250.jpg 250w\" sizes=\"(max-width: 150px) 100vw, 150px\" \/><\/a>\n\t\t\t<\/div><\/figure><figure class='gallery-item'>\n\t\t\t<div class='gallery-icon portrait'>\n\t\t\t\t<a href='https:\/\/www.placeforstrays.de\/en\/amber-13-2\/'><img width=\"150\" height=\"150\" src=\"https:\/\/www.placeforstrays.de\/wp-content\/uploads\/2024\/12\/Amber-13-150x150.jpg\" class=\"attachment-thumbnail size-thumbnail\" alt=\"\" srcset=\"https:\/\/www.placeforstrays.de\/wp-content\/uploads\/2024\/12\/Amber-13-150x150.jpg 150w, https:\/\/www.placeforstrays.de\/wp-content\/uploads\/2024\/12\/Amber-13-55x55.jpg 55w, https:\/\/www.placeforstrays.de\/wp-content\/uploads\/2024\/12\/Amber-13-250x250.jpg 250w\" sizes=\"(max-width: 150px) 100vw, 150px\" \/><\/a>\n\t\t\t<\/div><\/figure><figure class='gallery-item'>\n\t\t\t<div class='gallery-icon portrait'>\n\t\t\t\t<a href='https:\/\/www.placeforstrays.de\/en\/amber-12-2\/'><img width=\"150\" height=\"150\" src=\"https:\/\/www.placeforstrays.de\/wp-content\/uploads\/2024\/12\/Amber-12-150x150.jpg\" class=\"attachment-thumbnail size-thumbnail\" alt=\"\" srcset=\"https:\/\/www.placeforstrays.de\/wp-content\/uploads\/2024\/12\/Amber-12-150x150.jpg 150w, https:\/\/www.placeforstrays.de\/wp-content\/uploads\/2024\/12\/Amber-12-55x55.jpg 55w, https:\/\/www.placeforstrays.de\/wp-content\/uploads\/2024\/12\/Amber-12-250x250.jpg 250w\" sizes=\"(max-width: 150px) 100vw, 150px\" \/><\/a>\n\t\t\t<\/div><\/figure><figure class='gallery-item'>\n\t\t\t<div class='gallery-icon portrait'>\n\t\t\t\t<a href='https:\/\/www.placeforstrays.de\/en\/amber-11-2\/'><img width=\"150\" height=\"150\" src=\"https:\/\/www.placeforstrays.de\/wp-content\/uploads\/2024\/12\/Amber-11-150x150.jpg\" class=\"attachment-thumbnail size-thumbnail\" alt=\"\" srcset=\"https:\/\/www.placeforstrays.de\/wp-content\/uploads\/2024\/12\/Amber-11-150x150.jpg 150w, https:\/\/www.placeforstrays.de\/wp-content\/uploads\/2024\/12\/Amber-11-55x55.jpg 55w, https:\/\/www.placeforstrays.de\/wp-content\/uploads\/2024\/12\/Amber-11-250x250.jpg 250w\" sizes=\"(max-width: 150px) 100vw, 150px\" \/><\/a>\n\t\t\t<\/div><\/figure><figure class='gallery-item'>\n\t\t\t<div class='gallery-icon portrait'>\n\t\t\t\t<a href='https:\/\/www.placeforstrays.de\/en\/amber-9-2\/'><img width=\"150\" height=\"150\" src=\"https:\/\/www.placeforstrays.de\/wp-content\/uploads\/2024\/12\/Amber-9-150x150.jpg\" class=\"attachment-thumbnail size-thumbnail\" alt=\"\" srcset=\"https:\/\/www.placeforstrays.de\/wp-content\/uploads\/2024\/12\/Amber-9-150x150.jpg 150w, https:\/\/www.placeforstrays.de\/wp-content\/uploads\/2024\/12\/Amber-9-55x55.jpg 55w, https:\/\/www.placeforstrays.de\/wp-content\/uploads\/2024\/12\/Amber-9-250x250.jpg 250w\" sizes=\"(max-width: 150px) 100vw, 150px\" \/><\/a>\n\t\t\t<\/div><\/figure><figure class='gallery-item'>\n\t\t\t<div class='gallery-icon portrait'>\n\t\t\t\t<a href='https:\/\/www.placeforstrays.de\/en\/amber-8-2\/'><img width=\"150\" height=\"150\" src=\"https:\/\/www.placeforstrays.de\/wp-content\/uploads\/2024\/12\/Amber-8-150x150.jpg\" class=\"attachment-thumbnail size-thumbnail\" alt=\"\" srcset=\"https:\/\/www.placeforstrays.de\/wp-content\/uploads\/2024\/12\/Amber-8-150x150.jpg 150w, https:\/\/www.placeforstrays.de\/wp-content\/uploads\/2024\/12\/Amber-8-55x55.jpg 55w, https:\/\/www.placeforstrays.de\/wp-content\/uploads\/2024\/12\/Amber-8-250x250.jpg 250w\" sizes=\"(max-width: 150px) 100vw, 150px\" \/><\/a>\n\t\t\t<\/div><\/figure><figure class='gallery-item'>\n\t\t\t<div class='gallery-icon portrait'>\n\t\t\t\t<a href='https:\/\/www.placeforstrays.de\/en\/amber-6-2\/'><img width=\"150\" height=\"150\" src=\"https:\/\/www.placeforstrays.de\/wp-content\/uploads\/2024\/12\/Amber-6-150x150.jpg\" class=\"attachment-thumbnail size-thumbnail\" alt=\"\" srcset=\"https:\/\/www.placeforstrays.de\/wp-content\/uploads\/2024\/12\/Amber-6-150x150.jpg 150w, https:\/\/www.placeforstrays.de\/wp-content\/uploads\/2024\/12\/Amber-6-55x55.jpg 55w, https:\/\/www.placeforstrays.de\/wp-content\/uploads\/2024\/12\/Amber-6-250x250.jpg 250w\" sizes=\"(max-width: 150px) 100vw, 150px\" \/><\/a>\n\t\t\t<\/div><\/figure><figure class='gallery-item'>\n\t\t\t<div class='gallery-icon portrait'>\n\t\t\t\t<a href='https:\/\/www.placeforstrays.de\/en\/amber-7-2\/'><img width=\"150\" height=\"150\" src=\"https:\/\/www.placeforstrays.de\/wp-content\/uploads\/2024\/12\/Amber-7-150x150.jpg\" class=\"attachment-thumbnail size-thumbnail\" alt=\"\" srcset=\"https:\/\/www.placeforstrays.de\/wp-content\/uploads\/2024\/12\/Amber-7-150x150.jpg 150w, https:\/\/www.placeforstrays.de\/wp-content\/uploads\/2024\/12\/Amber-7-55x55.jpg 55w, https:\/\/www.placeforstrays.de\/wp-content\/uploads\/2024\/12\/Amber-7-250x250.jpg 250w\" sizes=\"(max-width: 150px) 100vw, 150px\" \/><\/a>\n\t\t\t<\/div><\/figure><figure class='gallery-item'>\n\t\t\t<div class='gallery-icon landscape'>\n\t\t\t\t<a href='https:\/\/www.placeforstrays.de\/en\/amber-5-2\/'><img width=\"150\" height=\"150\" src=\"https:\/\/www.placeforstrays.de\/wp-content\/uploads\/2024\/12\/Amber-5-150x150.jpg\" class=\"attachment-thumbnail size-thumbnail\" alt=\"\" srcset=\"https:\/\/www.placeforstrays.de\/wp-content\/uploads\/2024\/12\/Amber-5-150x150.jpg 150w, https:\/\/www.placeforstrays.de\/wp-content\/uploads\/2024\/12\/Amber-5-55x55.jpg 55w, https:\/\/www.placeforstrays.de\/wp-content\/uploads\/2024\/12\/Amber-5-250x250.jpg 250w\" sizes=\"(max-width: 150px) 100vw, 150px\" \/><\/a>\n\t\t\t<\/div><\/figure><figure class='gallery-item'>\n\t\t\t<div class='gallery-icon portrait'>\n\t\t\t\t<a href='https:\/\/www.placeforstrays.de\/en\/amber-4-2\/'><img width=\"150\" height=\"150\" src=\"https:\/\/www.placeforstrays.de\/wp-content\/uploads\/2024\/12\/Amber-4-150x150.jpg\" class=\"attachment-thumbnail size-thumbnail\" alt=\"\" srcset=\"https:\/\/www.placeforstrays.de\/wp-content\/uploads\/2024\/12\/Amber-4-150x150.jpg 150w, https:\/\/www.placeforstrays.de\/wp-content\/uploads\/2024\/12\/Amber-4-55x55.jpg 55w, https:\/\/www.placeforstrays.de\/wp-content\/uploads\/2024\/12\/Amber-4-250x250.jpg 250w\" sizes=\"(max-width: 150px) 100vw, 150px\" \/><\/a>\n\t\t\t<\/div><\/figure><figure class='gallery-item'>\n\t\t\t<div class='gallery-icon portrait'>\n\t\t\t\t<a href='https:\/\/www.placeforstrays.de\/en\/amber-3-2\/'><img width=\"150\" height=\"150\" src=\"https:\/\/www.placeforstrays.de\/wp-content\/uploads\/2024\/12\/Amber-3-150x150.jpg\" class=\"attachment-thumbnail size-thumbnail\" alt=\"\" srcset=\"https:\/\/www.placeforstrays.de\/wp-content\/uploads\/2024\/12\/Amber-3-150x150.jpg 150w, https:\/\/www.placeforstrays.de\/wp-content\/uploads\/2024\/12\/Amber-3-55x55.jpg 55w, https:\/\/www.placeforstrays.de\/wp-content\/uploads\/2024\/12\/Amber-3-250x250.jpg 250w\" sizes=\"(max-width: 150px) 100vw, 150px\" \/><\/a>\n\t\t\t<\/div><\/figure><figure class='gallery-item'>\n\t\t\t<div class='gallery-icon portrait'>\n\t\t\t\t<a href='https:\/\/www.placeforstrays.de\/en\/amber-2-2\/'><img width=\"150\" height=\"150\" src=\"https:\/\/www.placeforstrays.de\/wp-content\/uploads\/2024\/12\/Amber-2-150x150.jpg\" class=\"attachment-thumbnail size-thumbnail\" alt=\"\" srcset=\"https:\/\/www.placeforstrays.de\/wp-content\/uploads\/2024\/12\/Amber-2-150x150.jpg 150w, https:\/\/www.placeforstrays.de\/wp-content\/uploads\/2024\/12\/Amber-2-55x55.jpg 55w, https:\/\/www.placeforstrays.de\/wp-content\/uploads\/2024\/12\/Amber-2-250x250.jpg 250w\" sizes=\"(max-width: 150px) 100vw, 150px\" \/><\/a>\n\t\t\t<\/div><\/figure><figure class='gallery-item'>\n\t\t\t<div class='gallery-icon portrait'>\n\t\t\t\t<a href='https:\/\/www.placeforstrays.de\/en\/amber-1-2\/'><img width=\"150\" height=\"150\" src=\"https:\/\/www.placeforstrays.de\/wp-content\/uploads\/2024\/12\/Amber-1-150x150.jpg\" class=\"attachment-thumbnail size-thumbnail\" alt=\"\" srcset=\"https:\/\/www.placeforstrays.de\/wp-content\/uploads\/2024\/12\/Amber-1-150x150.jpg 150w, https:\/\/www.placeforstrays.de\/wp-content\/uploads\/2024\/12\/Amber-1-55x55.jpg 55w, https:\/\/www.placeforstrays.de\/wp-content\/uploads\/2024\/12\/Amber-1-250x250.jpg 250w\" sizes=\"(max-width: 150px) 100vw, 150px\" \/><\/a>\n\t\t\t<\/div><\/figure>\n\t\t<\/div>\n\n<p>&nbsp;<\/p>\n","protected":false},"excerpt":{"rendered":"<p>Geschichte Durch eine bekannte Tiersch\u00fctzerin konnte die s\u00fc\u00dfe Amber aus einem Lager gerettet werden. Die junge H\u00fcndin ben\u00f6tigte umgehend tier\u00e4rztliche Hilfe und musste schnell operiert werden. Nachdem sie die Operation gut \u00fcberstanden hatte und sich in der Klinik erholen konnte, zog sie bei uns im PLACE for STRAYS ein. Hier bekommt sie die Sicherheit und&#8230;<\/p>\n","protected":false},"author":21,"featured_media":49266,"menu_order":0,"comment_status":"closed","ping_status":"closed","template":"","format":"standard","meta":[],"pj-categs":[14,16,37],"pj-tags":[],"yoast_head":"<!-- This site is optimized with the Yoast SEO plugin v19.13 - https:\/\/yoast.com\/wordpress\/plugins\/seo\/ -->\n<title>Amber fand ein liebevolles Zuhause - PLACE for STRAYS Albufeira<\/title>\n<meta name=\"description\" content=\"Durch eine bekannte Tiersch\u00fctzerin konnte die s\u00fc\u00dfe Amber aus einem Lager gerettet werden. Die junge H\u00fcndin ben\u00f6tigte umgehend tier\u00e4rztliche Hilfe und musste schnell operiert werden. Nachdem sie die Operation gut \u00fcberstanden hatte und sich in der Klinik erholen konnte, zog sie bei uns im PLACE for STRAYS ein.\" \/>\n<meta name=\"robots\" content=\"index, follow, max-snippet:-1, max-image-preview:large, max-video-preview:-1\" \/>\n<link rel=\"canonical\" href=\"https:\/\/www.placeforstrays.de\/en\/our-proteges\/amber\/\" \/>\n<meta property=\"og:locale\" content=\"en_US\" \/>\n<meta property=\"og:type\" content=\"article\" \/>\n<meta property=\"og:title\" content=\"Amber fand ein liebevolles Zuhause - PLACE for STRAYS Albufeira\" \/>\n<meta property=\"og:description\" content=\"Durch eine bekannte Tiersch\u00fctzerin konnte die s\u00fc\u00dfe Amber aus einem Lager gerettet werden. Die junge H\u00fcndin ben\u00f6tigte umgehend tier\u00e4rztliche Hilfe und musste schnell operiert werden. Nachdem sie die Operation gut \u00fcberstanden hatte und sich in der Klinik erholen konnte, zog sie bei uns im PLACE for STRAYS ein.\" \/>\n<meta property=\"og:url\" content=\"https:\/\/www.placeforstrays.de\/en\/our-proteges\/amber\/\" \/>\n<meta property=\"og:site_name\" content=\"PLACE for STRAYS Albufeira\" \/>\n<meta property=\"article:publisher\" content=\"https:\/\/www.facebook.com\/groups\/1963615917246890\/\" \/>\n<meta property=\"article:modified_time\" content=\"2025-06-07T12:42:08+00:00\" \/>\n<meta property=\"og:image\" content=\"https:\/\/www.placeforstrays.de\/wp-content\/uploads\/2024\/12\/Amber-adoptiert-e1749300076823.jpg\" \/>\n\t<meta property=\"og:image:width\" content=\"720\" \/>\n\t<meta property=\"og:image:height\" content=\"1284\" \/>\n\t<meta property=\"og:image:type\" content=\"image\/jpeg\" \/>\n<meta name=\"twitter:card\" content=\"summary_large_image\" \/>\n<meta name=\"twitter:label1\" content=\"Est. reading time\" \/>\n\t<meta name=\"twitter:data1\" content=\"2 minutes\" \/>\n<script type=\"application\/ld+json\" class=\"yoast-schema-graph\">{\"@context\":\"https:\/\/schema.org\",\"@graph\":[{\"@type\":\"WebPage\",\"@id\":\"https:\/\/www.placeforstrays.de\/en\/our-proteges\/amber\/\",\"url\":\"https:\/\/www.placeforstrays.de\/en\/our-proteges\/amber\/\",\"name\":\"Amber fand ein liebevolles Zuhause - PLACE for STRAYS Albufeira\",\"isPartOf\":{\"@id\":\"https:\/\/www.placeforstrays.de\/en\/#website\"},\"datePublished\":\"2024-12-20T13:56:06+00:00\",\"dateModified\":\"2025-06-07T12:42:08+00:00\",\"description\":\"Durch eine bekannte Tiersch\u00fctzerin konnte die s\u00fc\u00dfe Amber aus einem Lager gerettet werden. Die junge H\u00fcndin ben\u00f6tigte umgehend tier\u00e4rztliche Hilfe und musste schnell operiert werden. Nachdem sie die Operation gut \u00fcberstanden hatte und sich in der Klinik erholen konnte, zog sie bei uns im PLACE for STRAYS ein.\",\"breadcrumb\":{\"@id\":\"https:\/\/www.placeforstrays.de\/en\/our-proteges\/amber\/#breadcrumb\"},\"inLanguage\":\"en-US\",\"potentialAction\":[{\"@type\":\"ReadAction\",\"target\":[\"https:\/\/www.placeforstrays.de\/en\/our-proteges\/amber\/\"]}]},{\"@type\":\"BreadcrumbList\",\"@id\":\"https:\/\/www.placeforstrays.de\/en\/our-proteges\/amber\/#breadcrumb\",\"itemListElement\":[{\"@type\":\"ListItem\",\"position\":1,\"name\":\"Startseite\",\"item\":\"https:\/\/www.placeforstrays.de\/en\/\"},{\"@type\":\"ListItem\",\"position\":2,\"name\":\"Projects\",\"item\":\"https:\/\/www.placeforstrays.de\/en\/our-proteges\/\"},{\"@type\":\"ListItem\",\"position\":3,\"name\":\"Amber\"}]},{\"@type\":\"WebSite\",\"@id\":\"https:\/\/www.placeforstrays.de\/en\/#website\",\"url\":\"https:\/\/www.placeforstrays.de\/en\/\",\"name\":\"PLACE for STRAYS Albufeira\",\"description\":\"Tierschutz\",\"publisher\":{\"@id\":\"https:\/\/www.placeforstrays.de\/en\/#organization\"},\"potentialAction\":[{\"@type\":\"SearchAction\",\"target\":{\"@type\":\"EntryPoint\",\"urlTemplate\":\"https:\/\/www.placeforstrays.de\/en\/?s={search_term_string}\"},\"query-input\":\"required name=search_term_string\"}],\"inLanguage\":\"en-US\"},{\"@type\":\"Organization\",\"@id\":\"https:\/\/www.placeforstrays.de\/en\/#organization\",\"name\":\"PLACE for STRAYS\",\"url\":\"https:\/\/www.placeforstrays.de\/en\/\",\"logo\":{\"@type\":\"ImageObject\",\"inLanguage\":\"en-US\",\"@id\":\"https:\/\/www.placeforstrays.de\/en\/#\/schema\/logo\/image\/\",\"url\":\"https:\/\/www.placeforstrays.de\/wp-content\/uploads\/2019\/07\/Logo-mit-Hintergrund-Kopie.jpg\",\"contentUrl\":\"https:\/\/www.placeforstrays.de\/wp-content\/uploads\/2019\/07\/Logo-mit-Hintergrund-Kopie.jpg\",\"width\":277,\"height\":291,\"caption\":\"PLACE for STRAYS\"},\"image\":{\"@id\":\"https:\/\/www.placeforstrays.de\/en\/#\/schema\/logo\/image\/\"},\"sameAs\":[\"https:\/\/www.instagram.com\/placeforstraysalbufeira\/\",\"https:\/\/www.facebook.com\/groups\/1963615917246890\/\"]}]}<\/script>\n<!-- \/ Yoast SEO plugin. -->","yoast_head_json":{"title":"Amber fand ein liebevolles Zuhause - PLACE for STRAYS Albufeira","description":"Durch eine bekannte Tiersch\u00fctzerin konnte die s\u00fc\u00dfe Amber aus einem Lager gerettet werden. Die junge H\u00fcndin ben\u00f6tigte umgehend tier\u00e4rztliche Hilfe und musste schnell operiert werden. Nachdem sie die Operation gut \u00fcberstanden hatte und sich in der Klinik erholen konnte, zog sie bei uns im PLACE for STRAYS ein.","robots":{"index":"index","follow":"follow","max-snippet":"max-snippet:-1","max-image-preview":"max-image-preview:large","max-video-preview":"max-video-preview:-1"},"canonical":"https:\/\/www.placeforstrays.de\/en\/our-proteges\/amber\/","og_locale":"en_US","og_type":"article","og_title":"Amber fand ein liebevolles Zuhause - PLACE for STRAYS Albufeira","og_description":"Durch eine bekannte Tiersch\u00fctzerin konnte die s\u00fc\u00dfe Amber aus einem Lager gerettet werden. Die junge H\u00fcndin ben\u00f6tigte umgehend tier\u00e4rztliche Hilfe und musste schnell operiert werden. Nachdem sie die Operation gut \u00fcberstanden hatte und sich in der Klinik erholen konnte, zog sie bei uns im PLACE for STRAYS ein.","og_url":"https:\/\/www.placeforstrays.de\/en\/our-proteges\/amber\/","og_site_name":"PLACE for STRAYS Albufeira","article_publisher":"https:\/\/www.facebook.com\/groups\/1963615917246890\/","article_modified_time":"2025-06-07T12:42:08+00:00","og_image":[{"width":720,"height":1284,"url":"https:\/\/www.placeforstrays.de\/wp-content\/uploads\/2024\/12\/Amber-adoptiert-e1749300076823.jpg","type":"image\/jpeg"}],"twitter_card":"summary_large_image","twitter_misc":{"Est. reading time":"2 minutes"},"schema":{"@context":"https:\/\/schema.org","@graph":[{"@type":"WebPage","@id":"https:\/\/www.placeforstrays.de\/en\/our-proteges\/amber\/","url":"https:\/\/www.placeforstrays.de\/en\/our-proteges\/amber\/","name":"Amber fand ein liebevolles Zuhause - PLACE for STRAYS Albufeira","isPartOf":{"@id":"https:\/\/www.placeforstrays.de\/en\/#website"},"datePublished":"2024-12-20T13:56:06+00:00","dateModified":"2025-06-07T12:42:08+00:00","description":"Durch eine bekannte Tiersch\u00fctzerin konnte die s\u00fc\u00dfe Amber aus einem Lager gerettet werden. Die junge H\u00fcndin ben\u00f6tigte umgehend tier\u00e4rztliche Hilfe und musste schnell operiert werden. Nachdem sie die Operation gut \u00fcberstanden hatte und sich in der Klinik erholen konnte, zog sie bei uns im PLACE for STRAYS ein.","breadcrumb":{"@id":"https:\/\/www.placeforstrays.de\/en\/our-proteges\/amber\/#breadcrumb"},"inLanguage":"en-US","potentialAction":[{"@type":"ReadAction","target":["https:\/\/www.placeforstrays.de\/en\/our-proteges\/amber\/"]}]},{"@type":"BreadcrumbList","@id":"https:\/\/www.placeforstrays.de\/en\/our-proteges\/amber\/#breadcrumb","itemListElement":[{"@type":"ListItem","position":1,"name":"Startseite","item":"https:\/\/www.placeforstrays.de\/en\/"},{"@type":"ListItem","position":2,"name":"Projects","item":"https:\/\/www.placeforstrays.de\/en\/our-proteges\/"},{"@type":"ListItem","position":3,"name":"Amber"}]},{"@type":"WebSite","@id":"https:\/\/www.placeforstrays.de\/en\/#website","url":"https:\/\/www.placeforstrays.de\/en\/","name":"PLACE for STRAYS Albufeira","description":"Tierschutz","publisher":{"@id":"https:\/\/www.placeforstrays.de\/en\/#organization"},"potentialAction":[{"@type":"SearchAction","target":{"@type":"EntryPoint","urlTemplate":"https:\/\/www.placeforstrays.de\/en\/?s={search_term_string}"},"query-input":"required name=search_term_string"}],"inLanguage":"en-US"},{"@type":"Organization","@id":"https:\/\/www.placeforstrays.de\/en\/#organization","name":"PLACE for STRAYS","url":"https:\/\/www.placeforstrays.de\/en\/","logo":{"@type":"ImageObject","inLanguage":"en-US","@id":"https:\/\/www.placeforstrays.de\/en\/#\/schema\/logo\/image\/","url":"https:\/\/www.placeforstrays.de\/wp-content\/uploads\/2019\/07\/Logo-mit-Hintergrund-Kopie.jpg","contentUrl":"https:\/\/www.placeforstrays.de\/wp-content\/uploads\/2019\/07\/Logo-mit-Hintergrund-Kopie.jpg","width":277,"height":291,"caption":"PLACE for STRAYS"},"image":{"@id":"https:\/\/www.placeforstrays.de\/en\/#\/schema\/logo\/image\/"},"sameAs":["https:\/\/www.instagram.com\/placeforstraysalbufeira\/","https:\/\/www.facebook.com\/groups\/1963615917246890\/"]}]}},"_links":{"self":[{"href":"https:\/\/www.placeforstrays.de\/en\/wp-json\/wp\/v2\/project\/47445"}],"collection":[{"href":"https:\/\/www.placeforstrays.de\/en\/wp-json\/wp\/v2\/project"}],"about":[{"href":"https:\/\/www.placeforstrays.de\/en\/wp-json\/wp\/v2\/types\/project"}],"author":[{"embeddable":true,"href":"https:\/\/www.placeforstrays.de\/en\/wp-json\/wp\/v2\/users\/21"}],"replies":[{"embeddable":true,"href":"https:\/\/www.placeforstrays.de\/en\/wp-json\/wp\/v2\/comments?post=47445"}],"version-history":[{"count":9,"href":"https:\/\/www.placeforstrays.de\/en\/wp-json\/wp\/v2\/project\/47445\/revisions"}],"predecessor-version":[{"id":48776,"href":"https:\/\/www.placeforstrays.de\/en\/wp-json\/wp\/v2\/project\/47445\/revisions\/48776"}],"wp:featuredmedia":[{"embeddable":true,"href":"https:\/\/www.placeforstrays.de\/en\/wp-json\/wp\/v2\/media\/49266"}],"wp:attachment":[{"href":"https:\/\/www.placeforstrays.de\/en\/wp-json\/wp\/v2\/media?parent=47445"}],"wp:term":[{"taxonomy":"pj-categs","embeddable":true,"href":"https:\/\/www.placeforstrays.de\/en\/wp-json\/wp\/v2\/pj-categs?post=47445"},{"taxonomy":"pj-tags","embeddable":true,"href":"https:\/\/www.placeforstrays.de\/en\/wp-json\/wp\/v2\/pj-tags?post=47445"}],"curies":[{"name":"wp","href":"https:\/\/api.w.org\/{rel}","templated":true}]}}